{"id":1441,"date":"2025-03-21T21:00:12","date_gmt":"2025-03-21T19:00:12","guid":{"rendered":"http:\/\/tdi_1_770"},"modified":"2026-04-09T13:14:28","modified_gmt":"2026-04-09T11:14:28","slug":"home","status":"publish","type":"page","link":"https:\/\/photonet.hu\/online\/","title":{"rendered":"Home"},"content":{"rendered":"<div id=\"tdi_1\" class=\"tdc-zone\"><div class=\"tdc_zone tdi_2  wpb_row td-pb-row\"  >\n<style scoped>\n\/* custom css - generated by TagDiv Composer *\/\n\n\/* custom css - generated by TagDiv Composer *\/\n.tdi_2{\r\n                    min-height: 0;\r\n                }\n<\/style><div id=\"tdi_3\" class=\"tdc-row\"><div class=\"vc_row tdi_4  wpb_row td-pb-row\" >\n<style scoped>\n\/* custom css - generated by TagDiv Composer *\/\n\n\/* custom css - generated by TagDiv Composer *\/\n.tdi_4,\r\n                .tdi_4 .tdc-columns{\r\n                    min-height: 0;\r\n                }.tdi_4,\r\n\t\t\t\t.tdi_4 .tdc-columns{\r\n\t\t\t\t    display: block;\r\n\t\t\t\t}.tdi_4 .tdc-columns{\r\n\t\t\t\t    width: 100%;\r\n\t\t\t\t}.tdi_4:before,\r\n\t\t\t\t.tdi_4:after{\r\n\t\t\t\t    display: table;\r\n\t\t\t\t}\n<\/style><div class=\"vc_column tdi_6  wpb_column vc_column_container tdc-column td-pb-span12\">\n<style scoped>\n\/* custom css - generated by TagDiv Composer *\/\n\n\/* custom css - generated by TagDiv Composer *\/\n.tdi_6{\r\n                    vertical-align: baseline;\r\n                }.tdi_6 > .wpb_wrapper,\r\n\t\t\t\t.tdi_6 > .wpb_wrapper > .tdc-elements{\r\n\t\t\t\t    display: block;\r\n\t\t\t\t}.tdi_6 > .wpb_wrapper > .tdc-elements{\r\n\t\t\t\t    width: 100%;\r\n\t\t\t\t}.tdi_6 > .wpb_wrapper > .vc_row_inner{\r\n\t\t\t\t    width: auto;\r\n\t\t\t\t}.tdi_6 > .wpb_wrapper{\r\n\t\t\t\t    width: auto;\r\n\t\t\t\t    height: auto;\r\n\t\t\t\t}\n<\/style><div class=\"wpb_wrapper\" ><div class=\"td_block_wrap td_block_trending_now tdi_7 td-pb-border-top td_block_template_1\"  data-td-block-uid=\"tdi_7\" >\n<style>\n\/* custom css - generated by TagDiv Composer *\/\n.td_block_trending_now{\r\n                  padding: 0 18px;\r\n                }.td-trending-now-wrapper{\r\n                  display: flex;\r\n                  align-items: center;\r\n                  position: relative;\r\n                  -webkit-transform: translate3d(0px, 0px, 0px);\r\n                  transform: translate3d(0px, 0px, 0px);\r\n                  overflow: hidden;\r\n                }.td-trending-now-wrapper .td-next-prev-wrap{\r\n                  margin: 0 0 0 auto;\r\n                  z-index: 1;\r\n                }.td-trending-now-wrapper:hover .td-trending-now-title{\r\n                  background-color: var(--td_theme_color, #4db2ec);\r\n                }.td-trending-now-wrapper .td-trending-now-nav-right{\r\n                  padding-left: 2px;\r\n                }.td-trending-now-title{\r\n                  background-color: #222;\r\n                  font-family: var(--td_default_google_font_2, 'Roboto', sans-serif);\r\n                  font-size: 12px;\r\n                  text-transform: uppercase;\r\n                  color: #fff;\r\n                  padding: 2px 10px 1px;\r\n                  display: inline-block;\r\n                  line-height: 22px;\r\n                  -webkit-transition: background-color 0.3s;\r\n                  transition: background-color 0.3s;\r\n                  cursor: default;\r\n                  -webkit-user-select: none;\r\n                  user-select: none;\r\n                }@-moz-document url-prefix(){\r\n                  .td-trending-now-title {\r\n                    line-height: 21px;\r\n                  }}\r\n                .td-trending-now-display-area{\r\n                  display: flex;\r\n                  align-items: center;\r\n                  vertical-align: top;\r\n                  padding: 0 0 0 15px;\r\n                }.td-trending-now-display-area .entry-title{\r\n                  font-size: 15px;\r\n                  line-height: 25px;\r\n                  margin: 0;\r\n                }.td-trending-now-post{\r\n                  opacity: 0;\r\n                  position: absolute;\r\n                  top: 0;\r\n                  padding-right: 119px;\r\n                  overflow: hidden;\r\n                }.td-trending-now-post:first-child{\r\n                  opacity: 1;\r\n                  z-index: 1;\r\n                \r\n                  opacity: 1;\r\n                }.td-next-prev-wrap .td-trending-now-nav-right{\r\n                  margin-right: 0;\r\n                }.td_block_trending_now.td-trending-style2{\r\n                  border: 1px solid #eaeaea;\r\n                  padding-top: 20px;\r\n                  padding-bottom: 20px;\r\n                }body .tdi_7 .td-trending-now-title,\r\n\t\t\t\t.tdi_7 .td-trending-now-wrapper:hover .td-trending-now-title{\r\n\t\t\t\t\tbackground-color: #dd3333;\r\n\t\t\t\t}.tdi_7 .td-next-prev-wrap a:hover{\r\n\t\t\t\t    color: #fff;\r\n\t\t\t\t}.tdi_7 .td-trending-now-title{\r\n\t\t\t\t\tcolor: #ffffff;\r\n\t\t\t\t}@media (min-width: 768px) and (max-width: 1018px) {\r\n                  .td_block_trending_now {\r\n                    padding: 0 6px;\r\n                  }\r\n                }@media (min-width: 768px) and (max-width: 1018px) {\r\n                  .td-trending-now-post {\r\n                    padding-right: 107px;\r\n                  }\r\n                }@media (max-width: 767px) {\r\n                  .td_block_trending_now {\r\n                    padding: 0;\r\n                  }\r\n                  .td-trending-now-wrapper {\r\n                    flex-direction: column;\r\n                    text-align: center;\r\n                  }\r\n                  .td-trending-now-wrapper .td-next-prev-wrap {\r\n                    display: none;\r\n                  }\r\n                  .td-trending-now-title {\r\n                    padding: 2px 10px 1px;\r\n                  }\r\n                  .td-trending-now-display-area {\r\n                    width: 100%;\r\n                    padding: 0;\r\n                    display: block;\r\n                    height: 26px;\r\n                    position: relative;\r\n                    top: 10px;\r\n                  }\r\n                  .td-trending-now-display-area .td_module_trending_now .entry-title {\r\n                    font-size: 14px;\r\n                    line-height: 16px;\r\n                  }\r\n                  .td-trending-now-post {\r\n                    width: 100%;\r\n                    padding-right: 0;\r\n                  }\r\n                }\n<\/style><script>var block_tdi_7 = new tdBlock();\nblock_tdi_7.id = \"tdi_7\";\nblock_tdi_7.atts = '{\"header_text_color\":\"#ffffff\",\"header_color\":\"#dd3333\",\"block_type\":\"td_block_trending_now\",\"custom_title\":\"\",\"title_padding\":\"\",\"navigation\":\"\",\"timer\":3,\"style\":\"\",\"separator\":\"\",\"mt_tl\":\"\",\"mt_title_tag\":\"\",\"post_ids\":\"\",\"category_id\":\"\",\"taxonomies\":\"\",\"category_ids\":\"\",\"in_all_terms\":\"\",\"tag_slug\":\"\",\"autors_id\":\"\",\"installed_post_types\":\"\",\"include_cf_posts\":\"\",\"exclude_cf_posts\":\"\",\"sort\":\"\",\"popular_by_date\":\"\",\"linked_posts\":\"\",\"favourite_only\":\"\",\"limit\":\"5\",\"offset\":\"\",\"open_in_new_window\":\"\",\"review_source\":\"\",\"el_class\":\"\",\"articles_color\":\"\",\"next_prev_color\":\"\",\"next_prev_border_color\":\"\",\"next_prev_hover_color\":\"\",\"f_title_font_header\":\"\",\"f_title_font_title\":\"Block title\",\"f_title_font_settings\":\"\",\"f_title_font_family\":\"\",\"f_title_font_size\":\"\",\"f_title_font_line_height\":\"\",\"f_title_font_style\":\"\",\"f_title_font_weight\":\"\",\"f_title_font_transform\":\"\",\"f_title_font_spacing\":\"\",\"f_title_\":\"\",\"f_article_font_title\":\"Articles title\",\"f_article_font_settings\":\"\",\"f_article_font_family\":\"\",\"f_article_font_size\":\"\",\"f_article_font_line_height\":\"\",\"f_article_font_style\":\"\",\"f_article_font_weight\":\"\",\"f_article_font_transform\":\"\",\"f_article_font_spacing\":\"\",\"f_article_\":\"\",\"css\":\"\",\"tdc_css\":\"\",\"block_template_id\":\"\",\"td_column_number\":3,\"ajax_pagination_infinite_stop\":\"\",\"td_ajax_preloading\":\"\",\"td_ajax_filter_type\":\"\",\"td_filter_default_txt\":\"\",\"td_ajax_filter_ids\":\"\",\"color_preset\":\"\",\"ajax_pagination\":\"\",\"ajax_pagination_next_prev_swipe\":\"\",\"border_top\":\"\",\"class\":\"tdi_7\",\"tdc_css_class\":\"tdi_7\",\"tdc_css_class_style\":\"tdi_7_rand_style\"}';\nblock_tdi_7.td_column_number = \"3\";\nblock_tdi_7.block_type = \"td_block_trending_now\";\nblock_tdi_7.post_count = \"5\";\nblock_tdi_7.found_posts = \"352\";\nblock_tdi_7.header_color = \"#dd3333\";\nblock_tdi_7.ajax_pagination_infinite_stop = \"\";\nblock_tdi_7.max_num_pages = \"71\";\ntdBlocksArray.push(block_tdi_7);\n<\/script><div class=\"td_block_inner\"><div class=\"td-trending-now-wrapper\" id=\"tdi_7\" data-start=\"\" data-timer=\"\"><div class=\"td-trending-now-title\">Trending Now<\/div><div class=\"td-trending-now-display-area\">\r\n        <div class=\"td_module_trending_now td-trending-now-post-0 td-trending-now-post td-cpt-post\">\r\n\r\n            <h3 class=\"entry-title td-module-title\"><a href=\"https:\/\/photonet.hu\/online\/hirek\/kihirdettek-a-sony-world-photography-awards-2026-gyozteseit\/\"  rel=\"bookmark\" title=\"Kihirdett\u00e9k a Sony World Photography Awards 2026 gy\u0151zteseit\">Kihirdett\u00e9k a Sony World Photography Awards 2026 gy\u0151zteseit<\/a><\/h3>\r\n        <\/div>\r\n\r\n        \r\n        <div class=\"td_module_trending_now td-trending-now-post-1 td-trending-now-post td-cpt-post\">\r\n\r\n            <h3 class=\"entry-title td-module-title\"><a href=\"https:\/\/photonet.hu\/online\/magazin\/fotopalyazatok\/capa-nagydij-2026-palyazat\/\"  rel=\"bookmark\" title=\"Capa-nagyd\u00edj 2026 p\u00e1ly\u00e1zat\">Capa-nagyd\u00edj 2026 p\u00e1ly\u00e1zat<\/a><\/h3>\r\n        <\/div>\r\n\r\n        \r\n        <div class=\"td_module_trending_now td-trending-now-post-2 td-trending-now-post td-cpt-post\">\r\n\r\n            <h3 class=\"entry-title td-module-title\"><a href=\"https:\/\/photonet.hu\/online\/fotomuveszet\/mult-szazad\/robert-capa-a-haditudosito-aki-szemelyes-tortenetkent-fotozta-a-tortenelmet\/\"  rel=\"bookmark\" title=\"Robert Capa: a haditud\u00f3s\u00edt\u00f3, aki szem\u00e9lyes t\u00f6rt\u00e9netk\u00e9nt fot\u00f3zta a t\u00f6rt\u00e9nelmet\">Robert Capa: a haditud\u00f3s\u00edt\u00f3, aki szem\u00e9lyes t\u00f6rt\u00e9netk\u00e9nt fot\u00f3zta a t\u00f6rt\u00e9nelmet<\/a><\/h3>\r\n        <\/div>\r\n\r\n        \r\n        <div class=\"td_module_trending_now td-trending-now-post-3 td-trending-now-post td-cpt-post\">\r\n\r\n            <h3 class=\"entry-title td-module-title\"><a href=\"https:\/\/photonet.hu\/online\/magazin\/esemenyek\/robert-capa-magyar-riport-1948-fotokiallitas\/\"  rel=\"bookmark\" title=\"Robert Capa: Magyar riport, 1948 fot\u00f3ki\u00e1ll\u00edt\u00e1s\">Robert Capa: Magyar riport, 1948 fot\u00f3ki\u00e1ll\u00edt\u00e1s<\/a><\/h3>\r\n        <\/div>\r\n\r\n        \r\n        <div class=\"td_module_trending_now td-trending-now-post-4 td-trending-now-post td-cpt-post\">\r\n\r\n            <h3 class=\"entry-title td-module-title\"><a href=\"https:\/\/photonet.hu\/online\/magazin\/fotopalyazatok\/csodas-termeszet-a-termeszet-csodai-fotopalyazat-2026\/\"  rel=\"bookmark\" title=\"Csod\u00e1s term\u00e9szet, a term\u00e9szet csod\u00e1i fot\u00f3p\u00e1ly\u00e1zat 2026\">Csod\u00e1s term\u00e9szet, a term\u00e9szet csod\u00e1i fot\u00f3p\u00e1ly\u00e1zat 2026<\/a><\/h3>\r\n        <\/div>\r\n\r\n        <\/div><div class=\"td-next-prev-wrap\"><a href=\"#\"\r\n                                  class=\"td_ajax-prev-pagex td-trending-now-nav-left\" \r\n                                  aria-label=\"prev\" \r\n                                  data-block-id=\"tdi_7\"\r\n                                  data-moving=\"left\"\r\n                                  data-control-start=\"\"><i class=\"td-icon-menu-left\"><\/i><\/a><a href=\"#\"\r\n                                  class=\"td_ajax-next-pagex td-trending-now-nav-right\" \r\n                                  aria-label=\"next\"\r\n                                  data-block-id=\"tdi_7\"\r\n                                  data-moving=\"right\"\r\n                                  data-control-start=\"\"><i class=\"td-icon-menu-right\"><\/i><\/a><\/div><\/div><\/div><\/div><div class=\"td_block_wrap td_block_big_grid_1 tdi_8 td-grid-style-1 td-hover-1 td-big-grids td-pb-border-top td_block_template_1\"  data-td-block-uid=\"tdi_8\" ><div id=tdi_8 class=\"td_block_inner\"><div class=\"td-big-grid-wrapper\">\r\n        <div class=\"td_module_mx5 td-animation-stack td-big-grid-post-0 td-big-grid-post td-big-thumb\">\r\n            <div class=\"td-module-thumb\"><a href=\"https:\/\/photonet.hu\/online\/hirek\/kihirdettek-a-sony-world-photography-awards-2026-gyozteseit\/\"  rel=\"bookmark\" class=\"td-image-wrap \" title=\"Kihirdett\u00e9k a Sony World Photography Awards 2026 gy\u0151zteseit\" ><img decoding=\"async\" class=\"entry-thumb\" src=\"data:image\/png;base64,iVBORw0KGgoAAAANSUhEUgAAAhYAAAHOAQMAAAD+DNJPAAAAA1BMVEWurq51dlI4AAAAAXRSTlMmkutdmwAAADVJREFUeNrtwQENAAAAwiD7p7bHBwwAAAAAAAAAAAAAAAAAAAAAAAAAAAAAAAAAAAAAAICEA3q4AAGK1CNoAAAAAElFTkSuQmCC\" alt=\"\u00a9 Citlali Fabia\u0301n, Mexico, Photographer of the Year, Professional Competition, Creative kateg\u00f3ria gy\u0151ztese\" title=\"Kihirdett\u00e9k a Sony World Photography Awards 2026 gy\u0151zteseit\" data-type=\"image_tag\" data-img-url=\"https:\/\/photonet.hu\/online\/wp-content\/uploads\/2026\/04\/citlali_fabian_mexico_photographer_of_the_year_professional_creative_2026_1-534x462.webp\"  width=\"534\" height=\"462\" \/><\/a><\/div>            <div class=\"td-meta-info-container\">\r\n                <div class=\"td-meta-align\">\r\n                    <div class=\"td-big-grid-meta\">\r\n                                                <h3 class=\"entry-title td-module-title\"><a href=\"https:\/\/photonet.hu\/online\/hirek\/kihirdettek-a-sony-world-photography-awards-2026-gyozteseit\/\"  rel=\"bookmark\" title=\"Kihirdett\u00e9k a Sony World Photography Awards 2026 gy\u0151zteseit\">Kihirdett\u00e9k a Sony World Photography Awards 2026 gy\u0151zteseit<\/a><\/h3>                    <\/div>\r\n                    <div class=\"td-module-meta-info\">\r\n                        <span class=\"td-post-author-name\"><a href=\"https:\/\/photonet.hu\/online\/author\/photonet\/\">photonet<\/a> <span>-<\/span> <\/span>                        <span class=\"td-post-date\"><time class=\"entry-date updated td-module-date\" datetime=\"2026-04-22T19:07:51+02:00\" >2026. \u00e1prilis 22.<\/time><\/span>                    <\/div>\r\n                <\/div>\r\n            <\/div>\r\n\r\n        <\/div>\r\n\r\n        <div class=\"td-big-grid-scroll\">\r\n        <div class=\"td_module_mx6 td-animation-stack td-big-grid-post-1 td-big-grid-post td-small-thumb\">\r\n            <div class=\"td-module-thumb\"><a href=\"https:\/\/photonet.hu\/online\/magazin\/fotopalyazatok\/capa-nagydij-2026-palyazat\/\"  rel=\"bookmark\" class=\"td-image-wrap \" title=\"Capa-nagyd\u00edj 2026 p\u00e1ly\u00e1zat\" ><img decoding=\"async\" class=\"entry-thumb\" src=\"data:image\/png;base64,iVBORw0KGgoAAAANSUhEUgAAAQkAAADGAQMAAAD7b+fyAAAAA1BMVEWurq51dlI4AAAAAXRSTlMmkutdmwAAAB1JREFUWMPtwQENAAAAwiD7p7bHBwwAAAAAAADSDhsSAAGoWlW2AAAAAElFTkSuQmCC\" alt=\"Capa-nagyd\u00edj 2026 fot\u00f3p\u00e1ly\u00e1zat\" title=\"Capa-nagyd\u00edj 2026 p\u00e1ly\u00e1zat\" data-type=\"image_tag\" data-img-url=\"https:\/\/photonet.hu\/online\/wp-content\/uploads\/2026\/04\/capa_nagydij_foto_palyazat-265x198.webp\"  width=\"265\" height=\"198\" \/><\/a><\/div>            <div class=\"td-meta-info-container\">\r\n                <div class=\"td-meta-align\">\r\n                    <div class=\"td-big-grid-meta\">\r\n                                                <h3 class=\"entry-title td-module-title\"><a href=\"https:\/\/photonet.hu\/online\/magazin\/fotopalyazatok\/capa-nagydij-2026-palyazat\/\"  rel=\"bookmark\" title=\"Capa-nagyd\u00edj 2026 p\u00e1ly\u00e1zat\">Capa-nagyd\u00edj 2026 p\u00e1ly\u00e1zat<\/a><\/h3>                    <\/div>\r\n                <\/div>\r\n            <\/div>\r\n\r\n        <\/div>\r\n\r\n\r\n        \r\n        <div class=\"td_module_mx6 td-animation-stack td-big-grid-post-2 td-big-grid-post td-small-thumb\">\r\n            <div class=\"td-module-thumb\"><a href=\"https:\/\/photonet.hu\/online\/fotomuveszet\/mult-szazad\/robert-capa-a-haditudosito-aki-szemelyes-tortenetkent-fotozta-a-tortenelmet\/\"  rel=\"bookmark\" class=\"td-image-wrap \" title=\"Robert Capa: a haditud\u00f3s\u00edt\u00f3, aki szem\u00e9lyes t\u00f6rt\u00e9netk\u00e9nt fot\u00f3zta a t\u00f6rt\u00e9nelmet\" ><img decoding=\"async\" class=\"entry-thumb\" src=\"data:image\/png;base64,iVBORw0KGgoAAAANSUhEUgAAAQkAAADGAQMAAAD7b+fyAAAAA1BMVEWurq51dlI4AAAAAXRSTlMmkutdmwAAAB1JREFUWMPtwQENAAAAwiD7p7bHBwwAAAAAAADSDhsSAAGoWlW2AAAAAElFTkSuQmCC\" alt=\"Robert Capa fotogr\u00e1fus, haditud\u00f3s\u00edt\u00f3\" title=\"Robert Capa: a haditud\u00f3s\u00edt\u00f3, aki szem\u00e9lyes t\u00f6rt\u00e9netk\u00e9nt fot\u00f3zta a t\u00f6rt\u00e9nelmet\" data-type=\"image_tag\" data-img-url=\"https:\/\/photonet.hu\/online\/wp-content\/uploads\/2026\/04\/robert_capa_photographer_gerda_taro_photography-265x198.webp\"  width=\"265\" height=\"198\" \/><\/a><\/div>            <div class=\"td-meta-info-container\">\r\n                <div class=\"td-meta-align\">\r\n                    <div class=\"td-big-grid-meta\">\r\n                                                <h3 class=\"entry-title td-module-title\"><a href=\"https:\/\/photonet.hu\/online\/fotomuveszet\/mult-szazad\/robert-capa-a-haditudosito-aki-szemelyes-tortenetkent-fotozta-a-tortenelmet\/\"  rel=\"bookmark\" title=\"Robert Capa: a haditud\u00f3s\u00edt\u00f3, aki szem\u00e9lyes t\u00f6rt\u00e9netk\u00e9nt fot\u00f3zta a t\u00f6rt\u00e9nelmet\">Robert Capa: a haditud\u00f3s\u00edt\u00f3, aki szem\u00e9lyes t\u00f6rt\u00e9netk\u00e9nt fot\u00f3zta a t\u00f6rt\u00e9nelmet<\/a><\/h3>                    <\/div>\r\n                <\/div>\r\n            <\/div>\r\n\r\n        <\/div>\r\n\r\n\r\n        \r\n        <div class=\"td_module_mx6 td-animation-stack td-big-grid-post-3 td-big-grid-post td-small-thumb\">\r\n            <div class=\"td-module-thumb\"><a href=\"https:\/\/photonet.hu\/online\/magazin\/esemenyek\/robert-capa-magyar-riport-1948-fotokiallitas\/\"  rel=\"bookmark\" class=\"td-image-wrap \" title=\"Robert Capa: Magyar riport, 1948 fot\u00f3ki\u00e1ll\u00edt\u00e1s\" ><img decoding=\"async\" class=\"entry-thumb\" src=\"data:image\/png;base64,iVBORw0KGgoAAAANSUhEUgAAAQkAAADGAQMAAAD7b+fyAAAAA1BMVEWurq51dlI4AAAAAXRSTlMmkutdmwAAAB1JREFUWMPtwQENAAAAwiD7p7bHBwwAAAAAAADSDhsSAAGoWlW2AAAAAElFTkSuQmCC\" alt=\"Robert Capa: Magyar riport, 1948 fot\u00f3ki\u00e1ll\u00edt\u00e1s\" title=\"Robert Capa: Magyar riport, 1948 fot\u00f3ki\u00e1ll\u00edt\u00e1s\" data-type=\"image_tag\" data-img-url=\"https:\/\/photonet.hu\/online\/wp-content\/uploads\/2026\/04\/robert_capa_magyar_riport_1948_fotokiallitas-265x198.webp\"  width=\"265\" height=\"198\" \/><\/a><\/div>            <div class=\"td-meta-info-container\">\r\n                <div class=\"td-meta-align\">\r\n                    <div class=\"td-big-grid-meta\">\r\n                                                <h3 class=\"entry-title td-module-title\"><a href=\"https:\/\/photonet.hu\/online\/magazin\/esemenyek\/robert-capa-magyar-riport-1948-fotokiallitas\/\"  rel=\"bookmark\" title=\"Robert Capa: Magyar riport, 1948 fot\u00f3ki\u00e1ll\u00edt\u00e1s\">Robert Capa: Magyar riport, 1948 fot\u00f3ki\u00e1ll\u00edt\u00e1s<\/a><\/h3>                    <\/div>\r\n                <\/div>\r\n            <\/div>\r\n\r\n        <\/div>\r\n\r\n\r\n        \r\n        <div class=\"td_module_mx6 td-animation-stack td-big-grid-post-4 td-big-grid-post td-small-thumb\">\r\n            <div class=\"td-module-thumb\"><a href=\"https:\/\/photonet.hu\/online\/magazin\/fotopalyazatok\/csodas-termeszet-a-termeszet-csodai-fotopalyazat-2026\/\"  rel=\"bookmark\" class=\"td-image-wrap \" title=\"Csod\u00e1s term\u00e9szet, a term\u00e9szet csod\u00e1i fot\u00f3p\u00e1ly\u00e1zat 2026\" ><img decoding=\"async\" class=\"entry-thumb\" src=\"data:image\/png;base64,iVBORw0KGgoAAAANSUhEUgAAAQkAAADGAQMAAAD7b+fyAAAAA1BMVEWurq51dlI4AAAAAXRSTlMmkutdmwAAAB1JREFUWMPtwQENAAAAwiD7p7bHBwwAAAAAAADSDhsSAAGoWlW2AAAAAElFTkSuQmCC\" alt=\"Csod\u00e1s term\u00e9szet, a term\u00e9szet csod\u00e1i fot\u00f3p\u00e1ly\u00e1zat 2026\" title=\"Csod\u00e1s term\u00e9szet, a term\u00e9szet csod\u00e1i fot\u00f3p\u00e1ly\u00e1zat 2026\" data-type=\"image_tag\" data-img-url=\"https:\/\/photonet.hu\/online\/wp-content\/uploads\/2026\/04\/akademia_csodas_termeszet_termeszet_csodai_fotopalyazat_2026-265x198.webp\"  width=\"265\" height=\"198\" \/><\/a><\/div>            <div class=\"td-meta-info-container\">\r\n                <div class=\"td-meta-align\">\r\n                    <div class=\"td-big-grid-meta\">\r\n                                                <h3 class=\"entry-title td-module-title\"><a href=\"https:\/\/photonet.hu\/online\/magazin\/fotopalyazatok\/csodas-termeszet-a-termeszet-csodai-fotopalyazat-2026\/\"  rel=\"bookmark\" title=\"Csod\u00e1s term\u00e9szet, a term\u00e9szet csod\u00e1i fot\u00f3p\u00e1ly\u00e1zat 2026\">Csod\u00e1s term\u00e9szet, a term\u00e9szet csod\u00e1i fot\u00f3p\u00e1ly\u00e1zat 2026<\/a><\/h3>                    <\/div>\r\n                <\/div>\r\n            <\/div>\r\n\r\n        <\/div>\r\n\r\n\r\n        <\/div><\/div><div class=\"clearfix\"><\/div><\/div><\/div> <!-- .\/block --><\/div><\/div><\/div><\/div><div id=\"tdi_9\" class=\"tdc-row\"><div class=\"vc_row tdi_10 td-ss-row wpb_row td-pb-row\" >\n<style scoped>\n\/* custom css - generated by TagDiv Composer *\/\n\n\/* custom css - generated by TagDiv Composer *\/\n.tdi_10,\r\n                .tdi_10 .tdc-columns{\r\n                    min-height: 0;\r\n                }.tdi_10,\r\n\t\t\t\t.tdi_10 .tdc-columns{\r\n\t\t\t\t    display: block;\r\n\t\t\t\t}.tdi_10 .tdc-columns{\r\n\t\t\t\t    width: 100%;\r\n\t\t\t\t}.tdi_10:before,\r\n\t\t\t\t.tdi_10:after{\r\n\t\t\t\t    display: table;\r\n\t\t\t\t}\n<\/style><div class=\"vc_column tdi_12  wpb_column vc_column_container tdc-column td-pb-span8\">\n<style scoped>\n\/* custom css - generated by TagDiv Composer *\/\n\n\/* custom css - generated by TagDiv Composer *\/\n.tdi_12{\r\n                    vertical-align: baseline;\r\n                }.tdi_12 > .wpb_wrapper,\r\n\t\t\t\t.tdi_12 > .wpb_wrapper > .tdc-elements{\r\n\t\t\t\t    display: block;\r\n\t\t\t\t}.tdi_12 > .wpb_wrapper > .tdc-elements{\r\n\t\t\t\t    width: 100%;\r\n\t\t\t\t}.tdi_12 > .wpb_wrapper > .vc_row_inner{\r\n\t\t\t\t    width: auto;\r\n\t\t\t\t}.tdi_12 > .wpb_wrapper{\r\n\t\t\t\t    width: auto;\r\n\t\t\t\t    height: auto;\r\n\t\t\t\t}\n<\/style><div class=\"wpb_wrapper\" ><div class=\"td_block_wrap td_block_1 tdi_13 td-pb-border-top td_block_template_1 td_ajax_preloading_preload td-column-2\"  data-td-block-uid=\"tdi_13\" >\n<style>\n.td-block-title-wrap .td-wrapper-pulldown-filter {\r\n                    font-family: var(--td_default_google_font_2, 'Roboto', sans-serif);\r\n                    position: absolute;\r\n                    bottom: 0;\r\n                    right: 0;\r\n                    top: 0;\r\n                    margin: auto 0;\r\n                    z-index: 2;\r\n                    background-color: #fff;\r\n                    font-size: 13px;\r\n                    line-height: 1;\r\n                    color: #777;\r\n                    text-align: right;\r\n                }\r\n                .td-block-title-wrap .td-wrapper-pulldown-filter .td-pulldown-filter-display-option {\r\n                    cursor: pointer;\r\n                    white-space: nowrap;\r\n                    position: relative;\r\n                    line-height: 29px;\r\n                }\r\n                .td-block-title-wrap .td-wrapper-pulldown-filter .td-pulldown-filter-display-option i {\r\n                    font-size: 9px;\r\n                    color: #777;\r\n                    margin-left: 20px;\r\n                    margin-right: 10px;\r\n                }\r\n                .td-block-title-wrap .td-wrapper-pulldown-filter .td-pulldown-filter-display-option i:before {\r\n                    content: '\\e83d';\r\n                }\r\n                .td-block-title-wrap .td-wrapper-pulldown-filter .td-pulldown-filter-display-option span {\r\n                    padding-left: 20px;\r\n                    margin-right: -14px;\r\n                }\r\n                @media (max-width: 360px) {\r\n                    .td-block-title-wrap .td-wrapper-pulldown-filter .td-pulldown-filter-display-option span {\r\n                        display: none;\r\n                    }\r\n                }\r\n                .td-block-title-wrap .td-pulldown-filter-display-option:hover,\r\n                .td-block-title-wrap .td-pulldown-filter-display-option:hover i {\r\n                    color: #4db2ec;\r\n                }\r\n                .td-block-title-wrap .td-wrapper-pulldown-filter .td-pulldown-filter-display-option:hover ul {\r\n                    display: block;\r\n                }\r\n                .td-block-title-wrap .td-wrapper-pulldown-filter .td-pulldown-filter-list {\r\n                    list-style: none;\r\n                    position: absolute;\r\n                    right: 0;\r\n                    top: 100%;\r\n                    padding: 18px 0;\r\n                    background-color: rgb(255, 255, 255);\r\n                    background-color: rgba(255, 255, 255, 0.95);\r\n                    z-index: 999;\r\n                    border-width: 1px;\r\n                    border-color: #ededed;\r\n                    border-style: solid;\r\n                    display: none;\r\n                    margin: 0;\r\n                }\r\n                .td-block-title-wrap .td-wrapper-pulldown-filter .td-pulldown-filter-item {\r\n                    list-style: none;\r\n                    margin: 0;\r\n                }\r\n                .td-block-title-wrap .td-pulldown-filter-item .td-cur-simple-item {\r\n                    color: #4db2ec;\r\n                }\r\n                .td-block-title-wrap .td-wrapper-pulldown-filter .td-pulldown-more {\r\n                    padding-bottom: 10px;\r\n                }\r\n                .td-block-title-wrap .td-wrapper-pulldown-filter .td-pulldown-more:before {\r\n                    content: '';\r\n                    width: 70px;\r\n                    height: 100%;\r\n                    position: absolute;\r\n                    margin-top: 2px;\r\n                    top: 0;\r\n                    right: 0;\r\n                    z-index: 1;\r\n                    opacity: 0;\r\n                }\r\n                .td-block-title-wrap .td-wrapper-pulldown-filter .td-pulldown-filter-link {\r\n                    color: #777;\r\n                    white-space: nowrap;\r\n                    display: block;\r\n                    line-height: 26px;\r\n                    padding-left: 36px;\r\n                    padding-right: 27px;\r\n                }\r\n                .td-block-title-wrap .td-pulldown-filter-link:hover {\r\n                    color: #4db2ec;\r\n                }\r\n                @media (min-width: 768px) and (max-width: 1018px) {\r\n                    .td-pb-span4 .td-block-title-wrap .td-wrapper-pulldown-filter .td-pulldown-filter-display-option span {\r\n                        display: none;\r\n                    }\r\n                    .td-pb-span4 .td-block-title-wrap .td-wrapper-pulldown-filter .td-pulldown-filter-link {\r\n                        padding-left: 24px;\r\n                        padding-right: 20px !important;\r\n                    }\r\n                }\r\n                \r\n                \r\n            .td-theme-wrap .tdi_13 .td-pulldown-filter-link:hover,\r\n            .td-theme-wrap .tdi_13 .td-subcat-item a:hover,\r\n            .td-theme-wrap .tdi_13 .td-subcat-item .td-cur-simple-item {\r\n                color: #7f8fa9;\r\n            }\r\n\r\n            .td-theme-wrap .tdi_13 .block-title > *,\r\n            .td-theme-wrap .tdi_13 .td-subcat-dropdown:hover .td-subcat-more {\r\n                background-color: #7f8fa9;\r\n            }\r\n            .td-theme-wrap .td-footer-wrapper .tdi_13 .block-title > * {\r\n                padding: 6px 7px 5px;\r\n                line-height: 1;\r\n            }\r\n\r\n            .td-theme-wrap .tdi_13 .block-title {\r\n                border-color: #7f8fa9;\r\n            }\r\n\r\n            \r\n            .td-theme-wrap .tdi_13 .td_module_wrap:hover .entry-title a,\r\n            .td-theme-wrap .tdi_13 .td_quote_on_blocks,\r\n            .td-theme-wrap .tdi_13 .td-opacity-cat .td-post-category:hover,\r\n            .td-theme-wrap .tdi_13 .td-opacity-read .td-read-more a:hover,\r\n            .td-theme-wrap .tdi_13 .td-opacity-author .td-post-author-name a:hover,\r\n            .td-theme-wrap .tdi_13 .td-instagram-user a {\r\n                color: #7f8fa9;\r\n            }\r\n\r\n            .td-theme-wrap .tdi_13 .td-next-prev-wrap a:hover,\r\n            .td-theme-wrap .tdi_13 .td-load-more-wrap a:hover {\r\n                background-color: #7f8fa9;\r\n                border-color: #7f8fa9;\r\n            }\r\n\r\n            .td-theme-wrap .tdi_13 .td-read-more a,\r\n            .td-theme-wrap .tdi_13 .td-weather-information:before,\r\n            .td-theme-wrap .tdi_13 .td-weather-week:before,\r\n            .td-theme-wrap .tdi_13 .td-exchange-header:before,\r\n            .td-theme-wrap .td-footer-wrapper .tdi_13 .td-post-category,\r\n            .td-theme-wrap .tdi_13 .td-post-category:hover {\r\n                background-color: #7f8fa9;\r\n            }\n<\/style><script>var block_tdi_13 = new tdBlock();\nblock_tdi_13.id = \"tdi_13\";\nblock_tdi_13.atts = '{\"custom_title\":\"Magazin\",\"header_color\":\"#7f8fa9\",\"category_id\":\"\",\"td_ajax_filter_type\":\"td_category_ids_filter\",\"td_ajax_filter_ids\":\"\",\"td_filter_default_txt\":\"Magazin\",\"td_ajax_preloading\":\"preload\",\"sort\":\"\",\"limit\":\"6\",\"category_ids\":\"92,99,96,98,101,102,104,100\",\"block_type\":\"td_block_1\",\"separator\":\"\",\"custom_url\":\"\",\"block_template_id\":\"\",\"m4_tl\":\"\",\"m4_el\":\"\",\"m6_tl\":\"\",\"post_ids\":\"\",\"taxonomies\":\"\",\"in_all_terms\":\"\",\"tag_slug\":\"\",\"autors_id\":\"\",\"installed_post_types\":\"\",\"include_cf_posts\":\"\",\"exclude_cf_posts\":\"\",\"popular_by_date\":\"\",\"linked_posts\":\"\",\"favourite_only\":\"\",\"offset\":\"\",\"open_in_new_window\":\"\",\"show_modified_date\":\"\",\"time_ago\":\"\",\"time_ago_add_txt\":\"ago\",\"time_ago_txt_pos\":\"\",\"review_source\":\"\",\"el_class\":\"\",\"f_header_font_header\":\"\",\"f_header_font_title\":\"Block header\",\"f_header_font_settings\":\"\",\"f_header_font_family\":\"\",\"f_header_font_size\":\"\",\"f_header_font_line_height\":\"\",\"f_header_font_style\":\"\",\"f_header_font_weight\":\"\",\"f_header_font_transform\":\"\",\"f_header_font_spacing\":\"\",\"f_header_\":\"\",\"f_ajax_font_title\":\"Ajax categories\",\"f_ajax_font_settings\":\"\",\"f_ajax_font_family\":\"\",\"f_ajax_font_size\":\"\",\"f_ajax_font_line_height\":\"\",\"f_ajax_font_style\":\"\",\"f_ajax_font_weight\":\"\",\"f_ajax_font_transform\":\"\",\"f_ajax_font_spacing\":\"\",\"f_ajax_\":\"\",\"f_more_font_title\":\"Load more button\",\"f_more_font_settings\":\"\",\"f_more_font_family\":\"\",\"f_more_font_size\":\"\",\"f_more_font_line_height\":\"\",\"f_more_font_style\":\"\",\"f_more_font_weight\":\"\",\"f_more_font_transform\":\"\",\"f_more_font_spacing\":\"\",\"f_more_\":\"\",\"m4f_title_font_header\":\"\",\"m4f_title_font_title\":\"Article title\",\"m4f_title_font_settings\":\"\",\"m4f_title_font_family\":\"\",\"m4f_title_font_size\":\"\",\"m4f_title_font_line_height\":\"\",\"m4f_title_font_style\":\"\",\"m4f_title_font_weight\":\"\",\"m4f_title_font_transform\":\"\",\"m4f_title_font_spacing\":\"\",\"m4f_title_\":\"\",\"m4f_cat_font_title\":\"Article category tag\",\"m4f_cat_font_settings\":\"\",\"m4f_cat_font_family\":\"\",\"m4f_cat_font_size\":\"\",\"m4f_cat_font_line_height\":\"\",\"m4f_cat_font_style\":\"\",\"m4f_cat_font_weight\":\"\",\"m4f_cat_font_transform\":\"\",\"m4f_cat_font_spacing\":\"\",\"m4f_cat_\":\"\",\"m4f_meta_font_title\":\"Article meta info\",\"m4f_meta_font_settings\":\"\",\"m4f_meta_font_family\":\"\",\"m4f_meta_font_size\":\"\",\"m4f_meta_font_line_height\":\"\",\"m4f_meta_font_style\":\"\",\"m4f_meta_font_weight\":\"\",\"m4f_meta_font_transform\":\"\",\"m4f_meta_font_spacing\":\"\",\"m4f_meta_\":\"\",\"m4f_ex_font_title\":\"Article excerpt\",\"m4f_ex_font_settings\":\"\",\"m4f_ex_font_family\":\"\",\"m4f_ex_font_size\":\"\",\"m4f_ex_font_line_height\":\"\",\"m4f_ex_font_style\":\"\",\"m4f_ex_font_weight\":\"\",\"m4f_ex_font_transform\":\"\",\"m4f_ex_font_spacing\":\"\",\"m4f_ex_\":\"\",\"m6f_title_font_header\":\"\",\"m6f_title_font_title\":\"Article title\",\"m6f_title_font_settings\":\"\",\"m6f_title_font_family\":\"\",\"m6f_title_font_size\":\"\",\"m6f_title_font_line_height\":\"\",\"m6f_title_font_style\":\"\",\"m6f_title_font_weight\":\"\",\"m6f_title_font_transform\":\"\",\"m6f_title_font_spacing\":\"\",\"m6f_title_\":\"\",\"m6f_cat_font_title\":\"Article category tag\",\"m6f_cat_font_settings\":\"\",\"m6f_cat_font_family\":\"\",\"m6f_cat_font_size\":\"\",\"m6f_cat_font_line_height\":\"\",\"m6f_cat_font_style\":\"\",\"m6f_cat_font_weight\":\"\",\"m6f_cat_font_transform\":\"\",\"m6f_cat_font_spacing\":\"\",\"m6f_cat_\":\"\",\"m6f_meta_font_title\":\"Article meta info\",\"m6f_meta_font_settings\":\"\",\"m6f_meta_font_family\":\"\",\"m6f_meta_font_size\":\"\",\"m6f_meta_font_line_height\":\"\",\"m6f_meta_font_style\":\"\",\"m6f_meta_font_weight\":\"\",\"m6f_meta_font_transform\":\"\",\"m6f_meta_font_spacing\":\"\",\"m6f_meta_\":\"\",\"ajax_pagination\":\"\",\"ajax_pagination_next_prev_swipe\":\"\",\"ajax_pagination_infinite_stop\":\"\",\"css\":\"\",\"tdc_css\":\"\",\"td_column_number\":2,\"color_preset\":\"\",\"border_top\":\"\",\"class\":\"tdi_13\",\"tdc_css_class\":\"tdi_13\",\"tdc_css_class_style\":\"tdi_13_rand_style\"}';\nblock_tdi_13.td_column_number = \"2\";\nblock_tdi_13.block_type = \"td_block_1\";\nblock_tdi_13.post_count = \"6\";\nblock_tdi_13.found_posts = \"255\";\nblock_tdi_13.header_color = \"#7f8fa9\";\nblock_tdi_13.ajax_pagination_infinite_stop = \"\";\nblock_tdi_13.max_num_pages = \"43\";\ntdBlocksArray.push(block_tdi_13);\n<\/script>            <script>\r\n                var tmpObj = JSON.parse(JSON.stringify(block_tdi_13));\r\n                tmpObj.is_ajax_running = true;\r\n                var currentBlockObjSignature = JSON.stringify(tmpObj);\r\n                tdLocalCache.set(currentBlockObjSignature, JSON.stringify({\"td_data\":\"\\n\\n\\t<div class=\\\"td-block-row\\\">\\n\\n\\t<div class=\\\"td-block-span6\\\">\\n\\r\\n        <div class=\\\"td_module_4 td_module_wrap td-animation-stack\\\">\\r\\n            <div class=\\\"td-module-image\\\">\\r\\n                <div class=\\\"td-module-thumb\\\"><a href=\\\"https:\\\/\\\/photonet.hu\\\/online\\\/magazin\\\/fotopalyazatok\\\/capa-nagydij-2026-palyazat\\\/\\\"  rel=\\\"bookmark\\\" class=\\\"td-image-wrap \\\" title=\\\"Capa-nagyd\\u00edj 2026 p\\u00e1ly\\u00e1zat\\\" ><img width=\\\"324\\\" height=\\\"235\\\" class=\\\"entry-thumb\\\" src=\\\"https:\\\/\\\/photonet.hu\\\/online\\\/wp-content\\\/uploads\\\/2026\\\/04\\\/capa_nagydij_foto_palyazat-324x235.webp\\\"   alt=\\\"Capa-nagyd\\u00edj 2026 fot\\u00f3p\\u00e1ly\\u00e1zat\\\" title=\\\"Capa-nagyd\\u00edj 2026 p\\u00e1ly\\u00e1zat\\\" \\\/><\\\/a><\\\/div>                            <\\\/div>\\r\\n\\r\\n            <h3 class=\\\"entry-title td-module-title\\\"><a href=\\\"https:\\\/\\\/photonet.hu\\\/online\\\/magazin\\\/fotopalyazatok\\\/capa-nagydij-2026-palyazat\\\/\\\"  rel=\\\"bookmark\\\" title=\\\"Capa-nagyd\\u00edj 2026 p\\u00e1ly\\u00e1zat\\\">Capa-nagyd\\u00edj 2026 p\\u00e1ly\\u00e1zat<\\\/a><\\\/h3>\\r\\n            <div class=\\\"td-module-meta-info\\\">\\r\\n                <span class=\\\"td-post-author-name\\\"><a href=\\\"https:\\\/\\\/photonet.hu\\\/online\\\/author\\\/photonet\\\/\\\">photonet<\\\/a> <span>-<\\\/span> <\\\/span>                <span class=\\\"td-post-date\\\"><time class=\\\"entry-date updated td-module-date\\\" datetime=\\\"2026-04-21T16:04:58+02:00\\\" >2026. \\u00e1prilis 21.<\\\/time><\\\/span>                <span class=\\\"td-module-comments\\\"><a href=\\\"https:\\\/\\\/photonet.hu\\\/online\\\/magazin\\\/fotopalyazatok\\\/capa-nagydij-2026-palyazat\\\/#respond\\\">0<\\\/a><\\\/span>            <\\\/div>\\r\\n\\r\\n            <div class=\\\"td-excerpt\\\">\\r\\n                \\n\\u00daj lehet\\u0151s\\u00e9g a k\\u00f6z\\u00e9pgener\\u00e1ci\\u00f3s fotogr\\u00e1fusok sz\\u00e1m\\u00e1ra\\n\\n\\n\\nA Robert Capa Kort\\u00e1rs Fotogr\\u00e1fiai K\\u00f6zpont meghirdette a 2026. \\u00e9vi Capa-nagyd\\u00edj p\\u00e1ly\\u00e1zat\\u00e1t, amely a magyar fotogr\\u00e1fiai szc\\u00e9na egyik meghat\\u00e1roz\\u00f3...            <\\\/div>\\r\\n\\r\\n            \\r\\n        <\\\/div>\\r\\n\\r\\n        \\n\\t<\\\/div> <!-- .\\\/td-block-span6 -->\\n\\n\\t<div class=\\\"td-block-span6\\\">\\n\\r\\n        <div class=\\\"td_module_6 td_module_wrap td-animation-stack\\\">\\r\\n\\r\\n        <div class=\\\"td-module-thumb\\\"><a href=\\\"https:\\\/\\\/photonet.hu\\\/online\\\/magazin\\\/esemenyek\\\/robert-capa-magyar-riport-1948-fotokiallitas\\\/\\\"  rel=\\\"bookmark\\\" class=\\\"td-image-wrap \\\" title=\\\"Robert Capa: Magyar riport, 1948 fot\\u00f3ki\\u00e1ll\\u00edt\\u00e1s\\\" ><img width=\\\"100\\\" height=\\\"70\\\" class=\\\"entry-thumb\\\" src=\\\"https:\\\/\\\/photonet.hu\\\/online\\\/wp-content\\\/uploads\\\/2026\\\/04\\\/robert_capa_magyar_riport_1948_fotokiallitas-100x70.webp\\\"  srcset=\\\"https:\\\/\\\/photonet.hu\\\/online\\\/wp-content\\\/uploads\\\/2026\\\/04\\\/robert_capa_magyar_riport_1948_fotokiallitas-100x70.webp 100w, https:\\\/\\\/photonet.hu\\\/online\\\/wp-content\\\/uploads\\\/2026\\\/04\\\/robert_capa_magyar_riport_1948_fotokiallitas-218x150.webp 218w\\\" sizes=\\\"(max-width: 100px) 100vw, 100px\\\"  alt=\\\"Robert Capa: Magyar riport, 1948 fot\\u00f3ki\\u00e1ll\\u00edt\\u00e1s\\\" title=\\\"Robert Capa: Magyar riport, 1948 fot\\u00f3ki\\u00e1ll\\u00edt\\u00e1s\\\" \\\/><\\\/a><\\\/div>\\r\\n        <div class=\\\"item-details\\\">\\r\\n            <h3 class=\\\"entry-title td-module-title\\\"><a href=\\\"https:\\\/\\\/photonet.hu\\\/online\\\/magazin\\\/esemenyek\\\/robert-capa-magyar-riport-1948-fotokiallitas\\\/\\\"  rel=\\\"bookmark\\\" title=\\\"Robert Capa: Magyar riport, 1948 fot\\u00f3ki\\u00e1ll\\u00edt\\u00e1s\\\">Robert Capa: Magyar riport, 1948 fot\\u00f3ki\\u00e1ll\\u00edt\\u00e1s<\\\/a><\\\/h3>            <div class=\\\"td-module-meta-info\\\">\\r\\n                                                <span class=\\\"td-post-date\\\"><time class=\\\"entry-date updated td-module-date\\\" datetime=\\\"2026-04-08T16:10:22+02:00\\\" >2026. \\u00e1prilis 8.<\\\/time><\\\/span>                            <\\\/div>\\r\\n        <\\\/div>\\r\\n\\r\\n        <\\\/div>\\r\\n\\r\\n        \\r\\n        <div class=\\\"td_module_6 td_module_wrap td-animation-stack\\\">\\r\\n\\r\\n        <div class=\\\"td-module-thumb\\\"><a href=\\\"https:\\\/\\\/photonet.hu\\\/online\\\/magazin\\\/fotopalyazatok\\\/csodas-termeszet-a-termeszet-csodai-fotopalyazat-2026\\\/\\\"  rel=\\\"bookmark\\\" class=\\\"td-image-wrap \\\" title=\\\"Csod\\u00e1s term\\u00e9szet, a term\\u00e9szet csod\\u00e1i fot\\u00f3p\\u00e1ly\\u00e1zat 2026\\\" ><img width=\\\"100\\\" height=\\\"70\\\" class=\\\"entry-thumb\\\" src=\\\"https:\\\/\\\/photonet.hu\\\/online\\\/wp-content\\\/uploads\\\/2026\\\/04\\\/akademia_csodas_termeszet_termeszet_csodai_fotopalyazat_2026-100x70.webp\\\"  srcset=\\\"https:\\\/\\\/photonet.hu\\\/online\\\/wp-content\\\/uploads\\\/2026\\\/04\\\/akademia_csodas_termeszet_termeszet_csodai_fotopalyazat_2026-100x70.webp 100w, https:\\\/\\\/photonet.hu\\\/online\\\/wp-content\\\/uploads\\\/2026\\\/04\\\/akademia_csodas_termeszet_termeszet_csodai_fotopalyazat_2026-218x150.webp 218w\\\" sizes=\\\"(max-width: 100px) 100vw, 100px\\\"  alt=\\\"Csod\\u00e1s term\\u00e9szet, a term\\u00e9szet csod\\u00e1i fot\\u00f3p\\u00e1ly\\u00e1zat 2026\\\" title=\\\"Csod\\u00e1s term\\u00e9szet, a term\\u00e9szet csod\\u00e1i fot\\u00f3p\\u00e1ly\\u00e1zat 2026\\\" \\\/><\\\/a><\\\/div>\\r\\n        <div class=\\\"item-details\\\">\\r\\n            <h3 class=\\\"entry-title td-module-title\\\"><a href=\\\"https:\\\/\\\/photonet.hu\\\/online\\\/magazin\\\/fotopalyazatok\\\/csodas-termeszet-a-termeszet-csodai-fotopalyazat-2026\\\/\\\"  rel=\\\"bookmark\\\" title=\\\"Csod\\u00e1s term\\u00e9szet, a term\\u00e9szet csod\\u00e1i fot\\u00f3p\\u00e1ly\\u00e1zat 2026\\\">Csod\\u00e1s term\\u00e9szet, a term\\u00e9szet csod\\u00e1i fot\\u00f3p\\u00e1ly\\u00e1zat 2026<\\\/a><\\\/h3>            <div class=\\\"td-module-meta-info\\\">\\r\\n                                                <span class=\\\"td-post-date\\\"><time class=\\\"entry-date updated td-module-date\\\" datetime=\\\"2026-04-02T16:50:33+02:00\\\" >2026. \\u00e1prilis 2.<\\\/time><\\\/span>                            <\\\/div>\\r\\n        <\\\/div>\\r\\n\\r\\n        <\\\/div>\\r\\n\\r\\n        \\r\\n        <div class=\\\"td_module_6 td_module_wrap td-animation-stack\\\">\\r\\n\\r\\n        <div class=\\\"td-module-thumb\\\"><a href=\\\"https:\\\/\\\/photonet.hu\\\/online\\\/magazin\\\/esemenyek\\\/budapest-fotofesztival-10-2026\\\/\\\"  rel=\\\"bookmark\\\" class=\\\"td-image-wrap \\\" title=\\\"Budapest Fot\\u00f3Fesztiv\\u00e1l 10. 2026\\\" ><img width=\\\"100\\\" height=\\\"70\\\" class=\\\"entry-thumb\\\" src=\\\"https:\\\/\\\/photonet.hu\\\/online\\\/wp-content\\\/uploads\\\/2026\\\/03\\\/budapest_photo_fesztival_2026_kiallitas-100x70.webp\\\"  srcset=\\\"https:\\\/\\\/photonet.hu\\\/online\\\/wp-content\\\/uploads\\\/2026\\\/03\\\/budapest_photo_fesztival_2026_kiallitas-100x70.webp 100w, https:\\\/\\\/photonet.hu\\\/online\\\/wp-content\\\/uploads\\\/2026\\\/03\\\/budapest_photo_fesztival_2026_kiallitas-218x150.webp 218w\\\" sizes=\\\"(max-width: 100px) 100vw, 100px\\\"  alt=\\\"Budapest Fot\\u00f3Fesztiv\\u00e1l 2026 ki\\u00e1ll\\u00edt\\u00e1sok \\u00e9s esem\\u00e9nyek\\\" title=\\\"Budapest Fot\\u00f3Fesztiv\\u00e1l 10. 2026\\\" \\\/><\\\/a><\\\/div>\\r\\n        <div class=\\\"item-details\\\">\\r\\n            <h3 class=\\\"entry-title td-module-title\\\"><a href=\\\"https:\\\/\\\/photonet.hu\\\/online\\\/magazin\\\/esemenyek\\\/budapest-fotofesztival-10-2026\\\/\\\"  rel=\\\"bookmark\\\" title=\\\"Budapest Fot\\u00f3Fesztiv\\u00e1l 10. 2026\\\">Budapest Fot\\u00f3Fesztiv\\u00e1l 10. 2026<\\\/a><\\\/h3>            <div class=\\\"td-module-meta-info\\\">\\r\\n                                                <span class=\\\"td-post-date\\\"><time class=\\\"entry-date updated td-module-date\\\" datetime=\\\"2026-03-26T16:56:11+02:00\\\" >2026. m\\u00e1rcius 26.<\\\/time><\\\/span>                            <\\\/div>\\r\\n        <\\\/div>\\r\\n\\r\\n        <\\\/div>\\r\\n\\r\\n        \\r\\n        <div class=\\\"td_module_6 td_module_wrap td-animation-stack\\\">\\r\\n\\r\\n        <div class=\\\"td-module-thumb\\\"><a href=\\\"https:\\\/\\\/photonet.hu\\\/online\\\/magazin\\\/fotopalyazatok\\\/huawei-xmage-awards-2026-fotopalyazat\\\/\\\"  rel=\\\"bookmark\\\" class=\\\"td-image-wrap \\\" title=\\\"HUAWEI XMAGE Awards 2026 fot\\u00f3p\\u00e1ly\\u00e1zat\\\" ><img width=\\\"100\\\" height=\\\"70\\\" class=\\\"entry-thumb\\\" src=\\\"https:\\\/\\\/photonet.hu\\\/online\\\/wp-content\\\/uploads\\\/2026\\\/03\\\/huaweii_xmage_2026_fotopalyazat-100x70.webp\\\"  srcset=\\\"https:\\\/\\\/photonet.hu\\\/online\\\/wp-content\\\/uploads\\\/2026\\\/03\\\/huaweii_xmage_2026_fotopalyazat-100x70.webp 100w, https:\\\/\\\/photonet.hu\\\/online\\\/wp-content\\\/uploads\\\/2026\\\/03\\\/huaweii_xmage_2026_fotopalyazat-218x150.webp 218w\\\" sizes=\\\"(max-width: 100px) 100vw, 100px\\\"  alt=\\\"Huawei fot\\u00f3p\\u00e1ly\\u00e1zat 2026 - HUAWEI XMAGE\\\" title=\\\"HUAWEI XMAGE Awards 2026 fot\\u00f3p\\u00e1ly\\u00e1zat\\\" \\\/><\\\/a><\\\/div>\\r\\n        <div class=\\\"item-details\\\">\\r\\n            <h3 class=\\\"entry-title td-module-title\\\"><a href=\\\"https:\\\/\\\/photonet.hu\\\/online\\\/magazin\\\/fotopalyazatok\\\/huawei-xmage-awards-2026-fotopalyazat\\\/\\\"  rel=\\\"bookmark\\\" title=\\\"HUAWEI XMAGE Awards 2026 fot\\u00f3p\\u00e1ly\\u00e1zat\\\">HUAWEI XMAGE Awards 2026 fot\\u00f3p\\u00e1ly\\u00e1zat<\\\/a><\\\/h3>            <div class=\\\"td-module-meta-info\\\">\\r\\n                                                <span class=\\\"td-post-date\\\"><time class=\\\"entry-date updated td-module-date\\\" datetime=\\\"2026-03-25T13:00:00+02:00\\\" >2026. m\\u00e1rcius 25.<\\\/time><\\\/span>                            <\\\/div>\\r\\n        <\\\/div>\\r\\n\\r\\n        <\\\/div>\\r\\n\\r\\n        \\r\\n        <div class=\\\"td_module_6 td_module_wrap td-animation-stack\\\">\\r\\n\\r\\n        <div class=\\\"td-module-thumb\\\"><a href=\\\"https:\\\/\\\/photonet.hu\\\/online\\\/magazin\\\/a-divat-es-reklamfotozas-szerepe-a-tobbplatformos-vizualis-kommunikacioban\\\/\\\"  rel=\\\"bookmark\\\" class=\\\"td-image-wrap \\\" title=\\\"A divat- \\u00e9s rekl\\u00e1mfot\\u00f3z\\u00e1s szerepe a t\\u00f6bbplatformos vizu\\u00e1lis kommunik\\u00e1ci\\u00f3ban\\\" ><img width=\\\"100\\\" height=\\\"70\\\" class=\\\"entry-thumb\\\" src=\\\"https:\\\/\\\/photonet.hu\\\/online\\\/wp-content\\\/uploads\\\/2026\\\/03\\\/javier_laos_photography_targyfoto_005-100x70.jpg\\\"  srcset=\\\"https:\\\/\\\/photonet.hu\\\/online\\\/wp-content\\\/uploads\\\/2026\\\/03\\\/javier_laos_photography_targyfoto_005-100x70.jpg 100w, https:\\\/\\\/photonet.hu\\\/online\\\/wp-content\\\/uploads\\\/2026\\\/03\\\/javier_laos_photography_targyfoto_005-218x150.jpg 218w\\\" sizes=\\\"(max-width: 100px) 100vw, 100px\\\"  alt=\\\"Divat- \\u00e9s Rekl\\u00e1mfot\\u00f3z\\u00e1s - Javier Laos fotogr\\u00e1fus - fot\\u00f3m\\u0171v\\u00e9szet\\\" title=\\\"A divat- \\u00e9s rekl\\u00e1mfot\\u00f3z\\u00e1s szerepe a t\\u00f6bbplatformos vizu\\u00e1lis kommunik\\u00e1ci\\u00f3ban\\\" \\\/><\\\/a><\\\/div>\\r\\n        <div class=\\\"item-details\\\">\\r\\n            <h3 class=\\\"entry-title td-module-title\\\"><a href=\\\"https:\\\/\\\/photonet.hu\\\/online\\\/magazin\\\/a-divat-es-reklamfotozas-szerepe-a-tobbplatformos-vizualis-kommunikacioban\\\/\\\"  rel=\\\"bookmark\\\" title=\\\"A divat- \\u00e9s rekl\\u00e1mfot\\u00f3z\\u00e1s szerepe a t\\u00f6bbplatformos vizu\\u00e1lis kommunik\\u00e1ci\\u00f3ban\\\">A divat- \\u00e9s rekl\\u00e1mfot\\u00f3z\\u00e1s szerepe a t\\u00f6bbplatformos vizu\\u00e1lis kommunik\\u00e1ci\\u00f3ban<\\\/a><\\\/h3>            <div class=\\\"td-module-meta-info\\\">\\r\\n                                                <span class=\\\"td-post-date\\\"><time class=\\\"entry-date updated td-module-date\\\" datetime=\\\"2026-03-16T12:04:33+02:00\\\" >2026. m\\u00e1rcius 16.<\\\/time><\\\/span>                            <\\\/div>\\r\\n        <\\\/div>\\r\\n\\r\\n        <\\\/div>\\r\\n\\r\\n        \\n\\t<\\\/div> <!-- .\\\/td-block-span6 --><\\\/div><!--.\\\/row-fluid-->\",\"td_block_id\":\"tdi_13\",\"td_hide_prev\":true,\"td_hide_next\":false}));\r\n                                            tmpObj = JSON.parse(JSON.stringify(block_tdi_13));\r\n                            tmpObj.is_ajax_running = true;\r\n                            tmpObj.td_current_page = 1;\r\n                            tmpObj.td_filter_value = 177;\r\n                            var currentBlockObjSignature = JSON.stringify(tmpObj);\r\n                            tdLocalCache.set(currentBlockObjSignature, JSON.stringify({\"td_data\":\"\\n\\n\\t<div class=\\\"td-block-row\\\">\\n\\n\\t<div class=\\\"td-block-span6\\\">\\n\\r\\n        <div class=\\\"td_module_4 td_module_wrap td-animation-stack\\\">\\r\\n            <div class=\\\"td-module-image\\\">\\r\\n                <div class=\\\"td-module-thumb\\\"><a href=\\\"https:\\\/\\\/photonet.hu\\\/online\\\/archivum\\\/11-eves-pecsi-jozsef-fotografiai-szakkonyvtar\\\/\\\"  rel=\\\"bookmark\\\" class=\\\"td-image-wrap \\\" title=\\\"11 \\u00e9ves a P\\u00e9csi J\\u00f3zsef Fotogr\\u00e1fiai Szakk\\u00f6nyvt\\u00e1r\\\" ><img width=\\\"324\\\" height=\\\"235\\\" class=\\\"entry-thumb\\\" src=\\\"https:\\\/\\\/photonet.hu\\\/online\\\/wp-content\\\/plugins\\\/td-standard-pack\\\/Newspaper\\\/assets\\\/images\\\/no-thumb\\\/td_324x235.png\\\"  alt=\\\"\\\" \\\/><\\\/a><\\\/div>                            <\\\/div>\\r\\n\\r\\n            <h3 class=\\\"entry-title td-module-title\\\"><a href=\\\"https:\\\/\\\/photonet.hu\\\/online\\\/archivum\\\/11-eves-pecsi-jozsef-fotografiai-szakkonyvtar\\\/\\\"  rel=\\\"bookmark\\\" title=\\\"11 \\u00e9ves a P\\u00e9csi J\\u00f3zsef Fotogr\\u00e1fiai Szakk\\u00f6nyvt\\u00e1r\\\">11 \\u00e9ves a P\\u00e9csi J\\u00f3zsef Fotogr\\u00e1fiai Szakk\\u00f6nyvt\\u00e1r<\\\/a><\\\/h3>\\r\\n            <div class=\\\"td-module-meta-info\\\">\\r\\n                <span class=\\\"td-post-author-name\\\"><a href=\\\"https:\\\/\\\/photonet.hu\\\/online\\\/author\\\/photonet\\\/\\\">photonet<\\\/a> <span>-<\\\/span> <\\\/span>                <span class=\\\"td-post-date\\\"><time class=\\\"entry-date updated td-module-date\\\" datetime=\\\"2011-03-14T10:49:20+02:00\\\" >2011. m\\u00e1rcius 14.<\\\/time><\\\/span>                <span class=\\\"td-module-comments\\\"><a href=\\\"https:\\\/\\\/photonet.hu\\\/online\\\/archivum\\\/11-eves-pecsi-jozsef-fotografiai-szakkonyvtar\\\/#respond\\\">0<\\\/a><\\\/span>            <\\\/div>\\r\\n\\r\\n            <div class=\\\"td-excerpt\\\">\\r\\n                <p style=\\\"text-align: justify;\\\">Id\\u00e9n 11 \\u00e9ve, 1999. okt\\u00f3ber 15-\\u00e9n nyitotta meg kapuit Budapesten, a Ter\\u00e9zv\\u00e1rosban a Mai Man\\u00f3 H\\u00e1z harmadik emelet\\u00e9n tal\\u00e1lhat\\u00f3 szakk\\u00f6nyvt\\u00e1r, mely n\\u00e9vad\\u00f3j\\u00e1ul P\\u00e9csi J\\u00f3zsefet v\\u00e1lasztotta. P\\u00e9csi J\\u00f3zsef f\\u00e9nyk\\u00e9p\\u00e9sz, fot\\u00f3m\\u0171v\\u00e9sz, szak\\u00edr\\u00f3 \\u00e9s egyben tan\\u00e1r is volt, akinek nev\\u00e9t a rekl\\u00e1mfotogr\\u00e1fia legfontosabb magyar d\\u00edja, egy fiataloknak alap\\u00edtott \\u00e1llami \\u00f6szt\\u00f6nd\\u00edj, valamint a szakk\\u00f6nyvt\\u00e1r \\u0151rzi. Szervezeti fel\\u00e9p\\u00edt\\u00e9s\\u00e9t tekintve a szakk\\u00f6nyvt\\u00e1r  \\u2014 a Mai Man\\u00f3 H\\u00e1zban m\\u0171k\\u00f6d\\u0151 k\\u00f6nyvesbolttal \\u00e9s a ki\\u00e1ll\\u00edt\\u00f3i tev\\u00e9kenys\\u00e9ggel egy\\u00fctt \\u2014 a Magyar Fotogr\\u00e1fusok H\\u00e1za Nonprofit Kft. int\\u00e9zm\\u00e9ny\\u00e9nek r\\u00e9sz\\u00e9t k\\u00e9pezi.<\\\/p> <p style=\\\"text-align: center;\\\"><img title=\\\"11 \\u00e9ves a P\\u00e9csi J\\u00f3zsef Fotogr\\u00e1fiai Szakk\\u00f6nyvt\\u00e1r\\\" alt=\\\"Mai Man\\u00f3 H\\u00e1z - Nagymez\\u0151 utca 20.\\\" src=\\\"images\\\/stories\\\/Cikkek\\\/2011\\\/03\\\/pecsi_jozsef_fotografiai_szakkonyvtar.jpg\\\" \\\/>&nbsp;<\\\/p>             <\\\/div>\\r\\n\\r\\n            \\r\\n        <\\\/div>\\r\\n\\r\\n        \\n\\t<\\\/div> <!-- .\\\/td-block-span6 -->\\n\\n\\t<div class=\\\"td-block-span6\\\">\\n\\r\\n        <div class=\\\"td_module_6 td_module_wrap td-animation-stack\\\">\\r\\n\\r\\n        <div class=\\\"td-module-thumb\\\"><a href=\\\"https:\\\/\\\/photonet.hu\\\/online\\\/archivum\\\/ujra-indul-koo-adrien-fotos-workshopja\\\/\\\"  rel=\\\"bookmark\\\" class=\\\"td-image-wrap \\\" title=\\\"\\u00dajra indul K\\u00f6\\u0151 Adrien fot\\u00f3s workshopja\\\" ><img width=\\\"100\\\" height=\\\"70\\\" class=\\\"entry-thumb\\\" src=\\\"https:\\\/\\\/photonet.hu\\\/online\\\/wp-content\\\/uploads\\\/2010\\\/05\\\/koo_adrienn_majus_workshop-100x70.jpg\\\"  srcset=\\\"https:\\\/\\\/photonet.hu\\\/online\\\/wp-content\\\/uploads\\\/2010\\\/05\\\/koo_adrienn_majus_workshop-100x70.jpg 100w, https:\\\/\\\/photonet.hu\\\/online\\\/wp-content\\\/uploads\\\/2010\\\/05\\\/koo_adrienn_majus_workshop-218x150.jpg 218w\\\" sizes=\\\"(max-width: 100px) 100vw, 100px\\\"  alt=\\\"\\u00dajra indul K\\u00f6\\u0151 Adrien fot\\u00f3s workshopja\\\" title=\\\"\\u00dajra indul K\\u00f6\\u0151 Adrien fot\\u00f3s workshopja\\\" \\\/><\\\/a><\\\/div>\\r\\n        <div class=\\\"item-details\\\">\\r\\n            <h3 class=\\\"entry-title td-module-title\\\"><a href=\\\"https:\\\/\\\/photonet.hu\\\/online\\\/archivum\\\/ujra-indul-koo-adrien-fotos-workshopja\\\/\\\"  rel=\\\"bookmark\\\" title=\\\"\\u00dajra indul K\\u00f6\\u0151 Adrien fot\\u00f3s workshopja\\\">\\u00dajra indul K\\u00f6\\u0151 Adrien fot\\u00f3s workshopja<\\\/a><\\\/h3>            <div class=\\\"td-module-meta-info\\\">\\r\\n                                                <span class=\\\"td-post-date\\\"><time class=\\\"entry-date updated td-module-date\\\" datetime=\\\"2010-05-01T14:48:11+02:00\\\" >2010. m\\u00e1jus 1.<\\\/time><\\\/span>                            <\\\/div>\\r\\n        <\\\/div>\\r\\n\\r\\n        <\\\/div>\\r\\n\\r\\n        \\n\\t<\\\/div> <!-- .\\\/td-block-span6 --><\\\/div><!--.\\\/row-fluid-->\",\"td_block_id\":\"tdi_13\",\"td_hide_prev\":true,\"td_hide_next\":true}));\r\n                                                    tmpObj = JSON.parse(JSON.stringify(block_tdi_13));\r\n                            tmpObj.is_ajax_running = true;\r\n                            tmpObj.td_current_page = 1;\r\n                            tmpObj.td_filter_value = 256;\r\n                            var currentBlockObjSignature = JSON.stringify(tmpObj);\r\n                            tdLocalCache.set(currentBlockObjSignature, JSON.stringify({\"td_data\":\"\\n\\n\\t<div class=\\\"td-block-row\\\">\\n\\n\\t<div class=\\\"td-block-span6\\\">\\n\\r\\n        <div class=\\\"td_module_4 td_module_wrap td-animation-stack\\\">\\r\\n            <div class=\\\"td-module-image\\\">\\r\\n                <div class=\\\"td-module-thumb\\\"><a href=\\\"https:\\\/\\\/photonet.hu\\\/online\\\/fotomuveszet\\\/divat-reklamfoto\\\/javier-laos-reklamfotografus\\\/\\\"  rel=\\\"bookmark\\\" class=\\\"td-image-wrap \\\" title=\\\"Javier Laos rekl\\u00e1mfotogr\\u00e1fus\\\" ><img width=\\\"324\\\" height=\\\"235\\\" class=\\\"entry-thumb\\\" src=\\\"https:\\\/\\\/photonet.hu\\\/online\\\/wp-content\\\/uploads\\\/2026\\\/03\\\/javier_laos_photographer_divat_reklam_foto-324x235.webp\\\"   alt=\\\"Javier Laos photography - divat- \\u00e9s rekl\\u00e1mfot\\u00f3\\\" title=\\\"Javier Laos rekl\\u00e1mfotogr\\u00e1fus\\\" \\\/><\\\/a><\\\/div>                            <\\\/div>\\r\\n\\r\\n            <h3 class=\\\"entry-title td-module-title\\\"><a href=\\\"https:\\\/\\\/photonet.hu\\\/online\\\/fotomuveszet\\\/divat-reklamfoto\\\/javier-laos-reklamfotografus\\\/\\\"  rel=\\\"bookmark\\\" title=\\\"Javier Laos rekl\\u00e1mfotogr\\u00e1fus\\\">Javier Laos rekl\\u00e1mfotogr\\u00e1fus<\\\/a><\\\/h3>\\r\\n            <div class=\\\"td-module-meta-info\\\">\\r\\n                <span class=\\\"td-post-author-name\\\"><a href=\\\"https:\\\/\\\/photonet.hu\\\/online\\\/author\\\/photonet\\\/\\\">photonet<\\\/a> <span>-<\\\/span> <\\\/span>                <span class=\\\"td-post-date\\\"><time class=\\\"entry-date updated td-module-date\\\" datetime=\\\"2026-03-16T12:20:09+02:00\\\" >2026. m\\u00e1rcius 16.<\\\/time><\\\/span>                <span class=\\\"td-module-comments\\\"><a href=\\\"https:\\\/\\\/photonet.hu\\\/online\\\/fotomuveszet\\\/divat-reklamfoto\\\/javier-laos-reklamfotografus\\\/#comments\\\">1<\\\/a><\\\/span>            <\\\/div>\\r\\n\\r\\n            <div class=\\\"td-excerpt\\\">\\r\\n                \\nA San Dieg\\u00f3ban dolgoz\\u00f3 fotogr\\u00e1fus tapasztalatai a kereskedelmi fotogr\\u00e1fia vil\\u00e1g\\u00e1b\\u00f3l\\n\\n\\n\\nA kort\\u00e1rs kereskedelmi fotogr\\u00e1fia egyik saj\\u00e1toss\\u00e1ga, hogy a fotogr\\u00e1fusok munk\\u00e1ja egyre ink\\u00e1bb \\u00f6sszekapcsol\\u00f3dik a vizu\\u00e1lis...            <\\\/div>\\r\\n\\r\\n            \\r\\n        <\\\/div>\\r\\n\\r\\n        \\n\\t<\\\/div> <!-- .\\\/td-block-span6 --><\\\/div><!--.\\\/row-fluid-->\",\"td_block_id\":\"tdi_13\",\"td_hide_prev\":true,\"td_hide_next\":true}));\r\n                                                    tmpObj = JSON.parse(JSON.stringify(block_tdi_13));\r\n                            tmpObj.is_ajax_running = true;\r\n                            tmpObj.td_current_page = 1;\r\n                            tmpObj.td_filter_value = 99;\r\n                            var currentBlockObjSignature = JSON.stringify(tmpObj);\r\n                            tdLocalCache.set(currentBlockObjSignature, JSON.stringify({\"td_data\":\"\\n\\n\\t<div class=\\\"td-block-row\\\">\\n\\n\\t<div class=\\\"td-block-span6\\\">\\n\\r\\n        <div class=\\\"td_module_4 td_module_wrap td-animation-stack\\\">\\r\\n            <div class=\\\"td-module-image\\\">\\r\\n                <div class=\\\"td-module-thumb\\\"><a href=\\\"https:\\\/\\\/photonet.hu\\\/online\\\/magazin\\\/esemenyek\\\/robert-capa-magyar-riport-1948-fotokiallitas\\\/\\\"  rel=\\\"bookmark\\\" class=\\\"td-image-wrap \\\" title=\\\"Robert Capa: Magyar riport, 1948 fot\\u00f3ki\\u00e1ll\\u00edt\\u00e1s\\\" ><img width=\\\"324\\\" height=\\\"235\\\" class=\\\"entry-thumb\\\" src=\\\"https:\\\/\\\/photonet.hu\\\/online\\\/wp-content\\\/uploads\\\/2026\\\/04\\\/robert_capa_magyar_riport_1948_fotokiallitas-324x235.webp\\\"   alt=\\\"Robert Capa: Magyar riport, 1948 fot\\u00f3ki\\u00e1ll\\u00edt\\u00e1s\\\" title=\\\"Robert Capa: Magyar riport, 1948 fot\\u00f3ki\\u00e1ll\\u00edt\\u00e1s\\\" \\\/><\\\/a><\\\/div>                            <\\\/div>\\r\\n\\r\\n            <h3 class=\\\"entry-title td-module-title\\\"><a href=\\\"https:\\\/\\\/photonet.hu\\\/online\\\/magazin\\\/esemenyek\\\/robert-capa-magyar-riport-1948-fotokiallitas\\\/\\\"  rel=\\\"bookmark\\\" title=\\\"Robert Capa: Magyar riport, 1948 fot\\u00f3ki\\u00e1ll\\u00edt\\u00e1s\\\">Robert Capa: Magyar riport, 1948 fot\\u00f3ki\\u00e1ll\\u00edt\\u00e1s<\\\/a><\\\/h3>\\r\\n            <div class=\\\"td-module-meta-info\\\">\\r\\n                <span class=\\\"td-post-author-name\\\"><a href=\\\"https:\\\/\\\/photonet.hu\\\/online\\\/author\\\/photonet\\\/\\\">photonet<\\\/a> <span>-<\\\/span> <\\\/span>                <span class=\\\"td-post-date\\\"><time class=\\\"entry-date updated td-module-date\\\" datetime=\\\"2026-04-08T16:10:22+02:00\\\" >2026. \\u00e1prilis 8.<\\\/time><\\\/span>                <span class=\\\"td-module-comments\\\"><a href=\\\"https:\\\/\\\/photonet.hu\\\/online\\\/magazin\\\/esemenyek\\\/robert-capa-magyar-riport-1948-fotokiallitas\\\/#comments\\\">1<\\\/a><\\\/span>            <\\\/div>\\r\\n\\r\\n            <div class=\\\"td-excerpt\\\">\\r\\n                \\nRobert Capa eddig nem l\\u00e1tott magyarorsz\\u00e1gi fot\\u00f3i a Capa K\\u00f6zpont \\u00faj ki\\u00e1ll\\u00edt\\u00e1s\\u00e1n\\n\\n\\n\\n2026 \\u00e1prilis 9. \\u00e9s augusztus 23. k\\u00f6z\\u00f6tt l\\u00e1togathat\\u00f3 a \\u201eMagyar Riport, 1948\\u201d c\\u00edm\\u0171...            <\\\/div>\\r\\n\\r\\n            \\r\\n        <\\\/div>\\r\\n\\r\\n        \\n\\t<\\\/div> <!-- .\\\/td-block-span6 -->\\n\\n\\t<div class=\\\"td-block-span6\\\">\\n\\r\\n        <div class=\\\"td_module_6 td_module_wrap td-animation-stack\\\">\\r\\n\\r\\n        <div class=\\\"td-module-thumb\\\"><a href=\\\"https:\\\/\\\/photonet.hu\\\/online\\\/magazin\\\/esemenyek\\\/budapest-fotofesztival-10-2026\\\/\\\"  rel=\\\"bookmark\\\" class=\\\"td-image-wrap \\\" title=\\\"Budapest Fot\\u00f3Fesztiv\\u00e1l 10. 2026\\\" ><img width=\\\"100\\\" height=\\\"70\\\" class=\\\"entry-thumb\\\" src=\\\"https:\\\/\\\/photonet.hu\\\/online\\\/wp-content\\\/uploads\\\/2026\\\/03\\\/budapest_photo_fesztival_2026_kiallitas-100x70.webp\\\"  srcset=\\\"https:\\\/\\\/photonet.hu\\\/online\\\/wp-content\\\/uploads\\\/2026\\\/03\\\/budapest_photo_fesztival_2026_kiallitas-100x70.webp 100w, https:\\\/\\\/photonet.hu\\\/online\\\/wp-content\\\/uploads\\\/2026\\\/03\\\/budapest_photo_fesztival_2026_kiallitas-218x150.webp 218w\\\" sizes=\\\"(max-width: 100px) 100vw, 100px\\\"  alt=\\\"Budapest Fot\\u00f3Fesztiv\\u00e1l 2026 ki\\u00e1ll\\u00edt\\u00e1sok \\u00e9s esem\\u00e9nyek\\\" title=\\\"Budapest Fot\\u00f3Fesztiv\\u00e1l 10. 2026\\\" \\\/><\\\/a><\\\/div>\\r\\n        <div class=\\\"item-details\\\">\\r\\n            <h3 class=\\\"entry-title td-module-title\\\"><a href=\\\"https:\\\/\\\/photonet.hu\\\/online\\\/magazin\\\/esemenyek\\\/budapest-fotofesztival-10-2026\\\/\\\"  rel=\\\"bookmark\\\" title=\\\"Budapest Fot\\u00f3Fesztiv\\u00e1l 10. 2026\\\">Budapest Fot\\u00f3Fesztiv\\u00e1l 10. 2026<\\\/a><\\\/h3>            <div class=\\\"td-module-meta-info\\\">\\r\\n                                                <span class=\\\"td-post-date\\\"><time class=\\\"entry-date updated td-module-date\\\" datetime=\\\"2026-03-26T16:56:11+02:00\\\" >2026. m\\u00e1rcius 26.<\\\/time><\\\/span>                            <\\\/div>\\r\\n        <\\\/div>\\r\\n\\r\\n        <\\\/div>\\r\\n\\r\\n        \\r\\n        <div class=\\\"td_module_6 td_module_wrap td-animation-stack\\\">\\r\\n\\r\\n        <div class=\\\"td-module-thumb\\\"><a href=\\\"https:\\\/\\\/photonet.hu\\\/online\\\/magazin\\\/esemenyek\\\/mome-open-fotokiallitas-a-2025-oszi-fotografia-kepzesek-hallgatoinak-munkai-a-mome-campuson\\\/\\\"  rel=\\\"bookmark\\\" class=\\\"td-image-wrap \\\" title=\\\"MOME Open fot\\u00f3ki\\u00e1ll\\u00edt\\u00e1s: a 2025 \\u0151szi fotogr\\u00e1fia k\\u00e9pz\\u00e9sek hallgat\\u00f3inak munk\\u00e1i a MOME Campuson\\\" ><img width=\\\"100\\\" height=\\\"70\\\" class=\\\"entry-thumb\\\" src=\\\"https:\\\/\\\/photonet.hu\\\/online\\\/wp-content\\\/uploads\\\/2026\\\/03\\\/mome_open_kiallitas_zsengeller_miklos-100x70.jpg\\\"  srcset=\\\"https:\\\/\\\/photonet.hu\\\/online\\\/wp-content\\\/uploads\\\/2026\\\/03\\\/mome_open_kiallitas_zsengeller_miklos-100x70.jpg 100w, https:\\\/\\\/photonet.hu\\\/online\\\/wp-content\\\/uploads\\\/2026\\\/03\\\/mome_open_kiallitas_zsengeller_miklos-218x150.jpg 218w\\\" sizes=\\\"(max-width: 100px) 100vw, 100px\\\"  alt=\\\"MOME Open fot\\u00f3ki\\u00e1ll\\u00edt\\u00e1s - Zsengell\\u00e9r Mikl\\u00f3s\\\" title=\\\"MOME Open fot\\u00f3ki\\u00e1ll\\u00edt\\u00e1s: a 2025 \\u0151szi fotogr\\u00e1fia k\\u00e9pz\\u00e9sek hallgat\\u00f3inak munk\\u00e1i a MOME Campuson\\\" \\\/><\\\/a><\\\/div>\\r\\n        <div class=\\\"item-details\\\">\\r\\n            <h3 class=\\\"entry-title td-module-title\\\"><a href=\\\"https:\\\/\\\/photonet.hu\\\/online\\\/magazin\\\/esemenyek\\\/mome-open-fotokiallitas-a-2025-oszi-fotografia-kepzesek-hallgatoinak-munkai-a-mome-campuson\\\/\\\"  rel=\\\"bookmark\\\" title=\\\"MOME Open fot\\u00f3ki\\u00e1ll\\u00edt\\u00e1s: a 2025 \\u0151szi fotogr\\u00e1fia k\\u00e9pz\\u00e9sek hallgat\\u00f3inak munk\\u00e1i a MOME Campuson\\\">MOME Open fot\\u00f3ki\\u00e1ll\\u00edt\\u00e1s: a 2025 \\u0151szi fotogr\\u00e1fia k\\u00e9pz\\u00e9sek hallgat\\u00f3inak munk\\u00e1i a...<\\\/a><\\\/h3>            <div class=\\\"td-module-meta-info\\\">\\r\\n                                                <span class=\\\"td-post-date\\\"><time class=\\\"entry-date updated td-module-date\\\" datetime=\\\"2026-03-05T15:10:23+02:00\\\" >2026. m\\u00e1rcius 5.<\\\/time><\\\/span>                            <\\\/div>\\r\\n        <\\\/div>\\r\\n\\r\\n        <\\\/div>\\r\\n\\r\\n        \\r\\n        <div class=\\\"td_module_6 td_module_wrap td-animation-stack\\\">\\r\\n\\r\\n        <div class=\\\"td-module-thumb\\\"><a href=\\\"https:\\\/\\\/photonet.hu\\\/online\\\/magazin\\\/esemenyek\\\/tobb-fenyt-tobb-arnyekot-rogi-andre-fotokiallitasa-a-mai-mano-hazban\\\/\\\"  rel=\\\"bookmark\\\" class=\\\"td-image-wrap \\\" title=\\\"T\\u00f6bb f\\u00e9nyt, t\\u00f6bb \\u00e1rny\\u00e9kot \\u2013 Rogi Andr\\u00e9 fot\\u00f3ki\\u00e1ll\\u00edt\\u00e1sa a Mai Man\\u00f3 H\\u00e1zban\\\" ><img width=\\\"100\\\" height=\\\"70\\\" class=\\\"entry-thumb\\\" src=\\\"https:\\\/\\\/photonet.hu\\\/online\\\/wp-content\\\/uploads\\\/2025\\\/06\\\/more_light_more_shadow_rogi_andre_fotokialliatas-100x70.png\\\"  srcset=\\\"https:\\\/\\\/photonet.hu\\\/online\\\/wp-content\\\/uploads\\\/2025\\\/06\\\/more_light_more_shadow_rogi_andre_fotokialliatas-100x70.png 100w, https:\\\/\\\/photonet.hu\\\/online\\\/wp-content\\\/uploads\\\/2025\\\/06\\\/more_light_more_shadow_rogi_andre_fotokialliatas-218x150.png 218w\\\" sizes=\\\"(max-width: 100px) 100vw, 100px\\\"  alt=\\\"T\\u00f6bb f\\u00e9nyt, t\\u00f6bb \\u00e1rny\\u00e9kot - Rogi Andr\\u00e9 fot\\u00f3ki\\u00e1ll\\u00edt\\u00e1s a Mai Man\\u00f3 H\\u00e1zban\\\" title=\\\"T\\u00f6bb f\\u00e9nyt, t\\u00f6bb \\u00e1rny\\u00e9kot \\u2013 Rogi Andr\\u00e9 fot\\u00f3ki\\u00e1ll\\u00edt\\u00e1sa a Mai Man\\u00f3 H\\u00e1zban\\\" \\\/><\\\/a><\\\/div>\\r\\n        <div class=\\\"item-details\\\">\\r\\n            <h3 class=\\\"entry-title td-module-title\\\"><a href=\\\"https:\\\/\\\/photonet.hu\\\/online\\\/magazin\\\/esemenyek\\\/tobb-fenyt-tobb-arnyekot-rogi-andre-fotokiallitasa-a-mai-mano-hazban\\\/\\\"  rel=\\\"bookmark\\\" title=\\\"T\\u00f6bb f\\u00e9nyt, t\\u00f6bb \\u00e1rny\\u00e9kot \\u2013 Rogi Andr\\u00e9 fot\\u00f3ki\\u00e1ll\\u00edt\\u00e1sa a Mai Man\\u00f3 H\\u00e1zban\\\">T\\u00f6bb f\\u00e9nyt, t\\u00f6bb \\u00e1rny\\u00e9kot \\u2013 Rogi Andr\\u00e9 fot\\u00f3ki\\u00e1ll\\u00edt\\u00e1sa a Mai Man\\u00f3...<\\\/a><\\\/h3>            <div class=\\\"td-module-meta-info\\\">\\r\\n                                                <span class=\\\"td-post-date\\\"><time class=\\\"entry-date updated td-module-date\\\" datetime=\\\"2025-06-25T15:59:24+02:00\\\" >2025. j\\u00fanius 25.<\\\/time><\\\/span>                            <\\\/div>\\r\\n        <\\\/div>\\r\\n\\r\\n        <\\\/div>\\r\\n\\r\\n        \\r\\n        <div class=\\\"td_module_6 td_module_wrap td-animation-stack\\\">\\r\\n\\r\\n        <div class=\\\"td-module-thumb\\\"><a href=\\\"https:\\\/\\\/photonet.hu\\\/online\\\/magazin\\\/esemenyek\\\/magyar-sajtofoto-kiallitas-2025-megnyito-es-unnepelyes-dijatado\\\/\\\"  rel=\\\"bookmark\\\" class=\\\"td-image-wrap \\\" title=\\\"Magyar Sajt\\u00f3fot\\u00f3 Ki\\u00e1ll\\u00edt\\u00e1s 2025 megnyit\\u00f3 \\u00e9s \\u00fcnnep\\u00e9lyes d\\u00edj\\u00e1tad\\u00f3\\\" ><img width=\\\"100\\\" height=\\\"70\\\" class=\\\"entry-thumb\\\" src=\\\"https:\\\/\\\/photonet.hu\\\/online\\\/wp-content\\\/uploads\\\/2025\\\/05\\\/rubik_erno_sajtofoto_kiallitas_c_kovacs_attila-100x70.jpg\\\"  srcset=\\\"https:\\\/\\\/photonet.hu\\\/online\\\/wp-content\\\/uploads\\\/2025\\\/05\\\/rubik_erno_sajtofoto_kiallitas_c_kovacs_attila-100x70.jpg 100w, https:\\\/\\\/photonet.hu\\\/online\\\/wp-content\\\/uploads\\\/2025\\\/05\\\/rubik_erno_sajtofoto_kiallitas_c_kovacs_attila-218x150.jpg 218w\\\" sizes=\\\"(max-width: 100px) 100vw, 100px\\\"  alt=\\\"Rubik Ern\\u0151 - 43. Sajt\\u00f3fot\\u00f3 ki\\u00e1ll\\u00edt\\u00e1s\\\" title=\\\"Magyar Sajt\\u00f3fot\\u00f3 Ki\\u00e1ll\\u00edt\\u00e1s 2025 megnyit\\u00f3 \\u00e9s \\u00fcnnep\\u00e9lyes d\\u00edj\\u00e1tad\\u00f3\\\" \\\/><\\\/a><\\\/div>\\r\\n        <div class=\\\"item-details\\\">\\r\\n            <h3 class=\\\"entry-title td-module-title\\\"><a href=\\\"https:\\\/\\\/photonet.hu\\\/online\\\/magazin\\\/esemenyek\\\/magyar-sajtofoto-kiallitas-2025-megnyito-es-unnepelyes-dijatado\\\/\\\"  rel=\\\"bookmark\\\" title=\\\"Magyar Sajt\\u00f3fot\\u00f3 Ki\\u00e1ll\\u00edt\\u00e1s 2025 megnyit\\u00f3 \\u00e9s \\u00fcnnep\\u00e9lyes d\\u00edj\\u00e1tad\\u00f3\\\">Magyar Sajt\\u00f3fot\\u00f3 Ki\\u00e1ll\\u00edt\\u00e1s 2025 megnyit\\u00f3 \\u00e9s \\u00fcnnep\\u00e9lyes d\\u00edj\\u00e1tad\\u00f3<\\\/a><\\\/h3>            <div class=\\\"td-module-meta-info\\\">\\r\\n                                                <span class=\\\"td-post-date\\\"><time class=\\\"entry-date updated td-module-date\\\" datetime=\\\"2025-05-05T21:21:41+02:00\\\" >2025. m\\u00e1jus 5.<\\\/time><\\\/span>                            <\\\/div>\\r\\n        <\\\/div>\\r\\n\\r\\n        <\\\/div>\\r\\n\\r\\n        \\r\\n        <div class=\\\"td_module_6 td_module_wrap td-animation-stack\\\">\\r\\n\\r\\n        <div class=\\\"td-module-thumb\\\"><a href=\\\"https:\\\/\\\/photonet.hu\\\/online\\\/magazin\\\/esemenyek\\\/peter-lindbergh-fotokiallitas-a-mucsarnokban\\\/\\\"  rel=\\\"bookmark\\\" class=\\\"td-image-wrap \\\" title=\\\"Peter Lindbergh fot\\u00f3ki\\u00e1ll\\u00edt\\u00e1s a M\\u0171csarnokban\\\" ><img width=\\\"100\\\" height=\\\"70\\\" class=\\\"entry-thumb\\\" src=\\\"https:\\\/\\\/photonet.hu\\\/online\\\/wp-content\\\/uploads\\\/2025\\\/04\\\/peter_lindbergh_divatfoto_fotokiallitas_mucsarnok-100x70.jpg\\\"  srcset=\\\"https:\\\/\\\/photonet.hu\\\/online\\\/wp-content\\\/uploads\\\/2025\\\/04\\\/peter_lindbergh_divatfoto_fotokiallitas_mucsarnok-100x70.jpg 100w, https:\\\/\\\/photonet.hu\\\/online\\\/wp-content\\\/uploads\\\/2025\\\/04\\\/peter_lindbergh_divatfoto_fotokiallitas_mucsarnok-218x150.jpg 218w\\\" sizes=\\\"(max-width: 100px) 100vw, 100px\\\"  alt=\\\"Estelle Lefebure, Karen Alexander, Rachel Williams, Tatjana Patitz, Christy Turlington, Vogue Usa, Los Angeles, 1988. \\\/ Peter Lindbergh\\\" title=\\\"Peter Lindbergh fot\\u00f3ki\\u00e1ll\\u00edt\\u00e1s a M\\u0171csarnokban\\\" \\\/><\\\/a><\\\/div>\\r\\n        <div class=\\\"item-details\\\">\\r\\n            <h3 class=\\\"entry-title td-module-title\\\"><a href=\\\"https:\\\/\\\/photonet.hu\\\/online\\\/magazin\\\/esemenyek\\\/peter-lindbergh-fotokiallitas-a-mucsarnokban\\\/\\\"  rel=\\\"bookmark\\\" title=\\\"Peter Lindbergh fot\\u00f3ki\\u00e1ll\\u00edt\\u00e1s a M\\u0171csarnokban\\\">Peter Lindbergh fot\\u00f3ki\\u00e1ll\\u00edt\\u00e1s a M\\u0171csarnokban<\\\/a><\\\/h3>            <div class=\\\"td-module-meta-info\\\">\\r\\n                                                <span class=\\\"td-post-date\\\"><time class=\\\"entry-date updated td-module-date\\\" datetime=\\\"2025-04-16T18:33:20+02:00\\\" >2025. \\u00e1prilis 16.<\\\/time><\\\/span>                            <\\\/div>\\r\\n        <\\\/div>\\r\\n\\r\\n        <\\\/div>\\r\\n\\r\\n        \\n\\t<\\\/div> <!-- .\\\/td-block-span6 --><\\\/div><!--.\\\/row-fluid-->\",\"td_block_id\":\"tdi_13\",\"td_hide_prev\":true,\"td_hide_next\":false}));\r\n                                                    tmpObj = JSON.parse(JSON.stringify(block_tdi_13));\r\n                            tmpObj.is_ajax_running = true;\r\n                            tmpObj.td_current_page = 1;\r\n                            tmpObj.td_filter_value = 100;\r\n                            var currentBlockObjSignature = JSON.stringify(tmpObj);\r\n                            tdLocalCache.set(currentBlockObjSignature, JSON.stringify({\"td_data\":\"\\n\\n\\t<div class=\\\"td-block-row\\\">\\n\\n\\t<div class=\\\"td-block-span6\\\">\\n\\r\\n        <div class=\\\"td_module_4 td_module_wrap td-animation-stack\\\">\\r\\n            <div class=\\\"td-module-image\\\">\\r\\n                <div class=\\\"td-module-thumb\\\"><a href=\\\"https:\\\/\\\/photonet.hu\\\/online\\\/magazin\\\/fekete-lista\\\/2016-majus-5-en-elloptak\\\/\\\"  rel=\\\"bookmark\\\" class=\\\"td-image-wrap \\\" title=\\\"2016. m\\u00e1jus 5-\\u00e9n ellopt\\u00e1k\\\" ><img width=\\\"324\\\" height=\\\"235\\\" class=\\\"entry-thumb\\\" src=\\\"https:\\\/\\\/photonet.hu\\\/online\\\/wp-content\\\/uploads\\\/2016\\\/03\\\/fekete_lista_elloptak-324x235.jpg\\\"   alt=\\\"Fekete lista\\\" title=\\\"2016. m\\u00e1jus 5-\\u00e9n ellopt\\u00e1k\\\" \\\/><\\\/a><\\\/div>                            <\\\/div>\\r\\n\\r\\n            <h3 class=\\\"entry-title td-module-title\\\"><a href=\\\"https:\\\/\\\/photonet.hu\\\/online\\\/magazin\\\/fekete-lista\\\/2016-majus-5-en-elloptak\\\/\\\"  rel=\\\"bookmark\\\" title=\\\"2016. m\\u00e1jus 5-\\u00e9n ellopt\\u00e1k\\\">2016. m\\u00e1jus 5-\\u00e9n ellopt\\u00e1k<\\\/a><\\\/h3>\\r\\n            <div class=\\\"td-module-meta-info\\\">\\r\\n                <span class=\\\"td-post-author-name\\\"><a href=\\\"https:\\\/\\\/photonet.hu\\\/online\\\/author\\\/photonet\\\/\\\">photonet<\\\/a> <span>-<\\\/span> <\\\/span>                <span class=\\\"td-post-date\\\"><time class=\\\"entry-date updated td-module-date\\\" datetime=\\\"2016-05-06T15:07:55+02:00\\\" >2016. m\\u00e1jus 6.<\\\/time><\\\/span>                <span class=\\\"td-module-comments\\\"><a href=\\\"https:\\\/\\\/photonet.hu\\\/online\\\/magazin\\\/fekete-lista\\\/2016-majus-5-en-elloptak\\\/#respond\\\">0<\\\/a><\\\/span>            <\\\/div>\\r\\n\\r\\n            <div class=\\\"td-excerpt\\\">\\r\\n                Egy Facebook fot\\u00f3s csoportban tett\\u00e9k k\\u00f6zz\\u00e9 az al\\u00e1bbi felh\\u00edv\\u00e1st. Az esetleges nyomravezet\\u0151nek jutalmat aj\\u00e1nlanak.\\r\\n\\r\\nTisztelt csoporttagok!\\r\\n\\r\\nSzeretn\\u00e9m a seg\\u00edts\\u00e9geteket k\\u00e9rni.\\r\\nEgy hete felt\\u00f6rt\\u00e9k egyik j\\u00f3bar\\u00e1tom aut\\u00f3j\\u00e1t (\\u00e9s...            <\\\/div>\\r\\n\\r\\n            \\r\\n        <\\\/div>\\r\\n\\r\\n        \\n\\t<\\\/div> <!-- .\\\/td-block-span6 -->\\n\\n\\t<div class=\\\"td-block-span6\\\">\\n\\r\\n        <div class=\\\"td_module_6 td_module_wrap td-animation-stack\\\">\\r\\n\\r\\n        <div class=\\\"td-module-thumb\\\"><a href=\\\"https:\\\/\\\/photonet.hu\\\/online\\\/magazin\\\/fekete-lista\\\/eltulajdonitott-studiotechnikai-eszkozok\\\/\\\"  rel=\\\"bookmark\\\" class=\\\"td-image-wrap \\\" title=\\\"Eltulajdon\\u00edtott st\\u00fadi\\u00f3technikai eszk\\u00f6z\\u00f6k\\\" ><img width=\\\"100\\\" height=\\\"70\\\" class=\\\"entry-thumb\\\" src=\\\"https:\\\/\\\/photonet.hu\\\/online\\\/wp-content\\\/uploads\\\/2016\\\/03\\\/fekete_lista_elloptak-100x70.jpg\\\"  srcset=\\\"https:\\\/\\\/photonet.hu\\\/online\\\/wp-content\\\/uploads\\\/2016\\\/03\\\/fekete_lista_elloptak-100x70.jpg 100w, https:\\\/\\\/photonet.hu\\\/online\\\/wp-content\\\/uploads\\\/2016\\\/03\\\/fekete_lista_elloptak-218x150.jpg 218w, https:\\\/\\\/photonet.hu\\\/online\\\/wp-content\\\/uploads\\\/2016\\\/03\\\/fekete_lista_elloptak-700x486.jpg 700w\\\" sizes=\\\"(max-width: 100px) 100vw, 100px\\\"  alt=\\\"Fekete lista\\\" title=\\\"Eltulajdon\\u00edtott st\\u00fadi\\u00f3technikai eszk\\u00f6z\\u00f6k\\\" \\\/><\\\/a><\\\/div>\\r\\n        <div class=\\\"item-details\\\">\\r\\n            <h3 class=\\\"entry-title td-module-title\\\"><a href=\\\"https:\\\/\\\/photonet.hu\\\/online\\\/magazin\\\/fekete-lista\\\/eltulajdonitott-studiotechnikai-eszkozok\\\/\\\"  rel=\\\"bookmark\\\" title=\\\"Eltulajdon\\u00edtott st\\u00fadi\\u00f3technikai eszk\\u00f6z\\u00f6k\\\">Eltulajdon\\u00edtott st\\u00fadi\\u00f3technikai eszk\\u00f6z\\u00f6k<\\\/a><\\\/h3>            <div class=\\\"td-module-meta-info\\\">\\r\\n                                                <span class=\\\"td-post-date\\\"><time class=\\\"entry-date updated td-module-date\\\" datetime=\\\"2016-03-24T12:27:48+02:00\\\" >2016. m\\u00e1rcius 24.<\\\/time><\\\/span>                            <\\\/div>\\r\\n        <\\\/div>\\r\\n\\r\\n        <\\\/div>\\r\\n\\r\\n        \\r\\n        <div class=\\\"td_module_6 td_module_wrap td-animation-stack\\\">\\r\\n\\r\\n        <div class=\\\"td-module-thumb\\\"><a href=\\\"https:\\\/\\\/photonet.hu\\\/online\\\/magazin\\\/fekete-lista\\\/2016-marcius-21-en-elloptak\\\/\\\"  rel=\\\"bookmark\\\" class=\\\"td-image-wrap \\\" title=\\\"2016. m\\u00e1rcius 21-\\u00e9n ellopt\\u00e1k\\\" ><img width=\\\"100\\\" height=\\\"70\\\" class=\\\"entry-thumb\\\" src=\\\"https:\\\/\\\/photonet.hu\\\/online\\\/wp-content\\\/uploads\\\/2016\\\/03\\\/fekete_lista_elloptak-100x70.jpg\\\"  srcset=\\\"https:\\\/\\\/photonet.hu\\\/online\\\/wp-content\\\/uploads\\\/2016\\\/03\\\/fekete_lista_elloptak-100x70.jpg 100w, https:\\\/\\\/photonet.hu\\\/online\\\/wp-content\\\/uploads\\\/2016\\\/03\\\/fekete_lista_elloptak-218x150.jpg 218w, https:\\\/\\\/photonet.hu\\\/online\\\/wp-content\\\/uploads\\\/2016\\\/03\\\/fekete_lista_elloptak-700x486.jpg 700w\\\" sizes=\\\"(max-width: 100px) 100vw, 100px\\\"  alt=\\\"Fekete lista\\\" title=\\\"2016. m\\u00e1rcius 21-\\u00e9n ellopt\\u00e1k\\\" \\\/><\\\/a><\\\/div>\\r\\n        <div class=\\\"item-details\\\">\\r\\n            <h3 class=\\\"entry-title td-module-title\\\"><a href=\\\"https:\\\/\\\/photonet.hu\\\/online\\\/magazin\\\/fekete-lista\\\/2016-marcius-21-en-elloptak\\\/\\\"  rel=\\\"bookmark\\\" title=\\\"2016. m\\u00e1rcius 21-\\u00e9n ellopt\\u00e1k\\\">2016. m\\u00e1rcius 21-\\u00e9n ellopt\\u00e1k<\\\/a><\\\/h3>            <div class=\\\"td-module-meta-info\\\">\\r\\n                                                <span class=\\\"td-post-date\\\"><time class=\\\"entry-date updated td-module-date\\\" datetime=\\\"2016-03-22T15:17:49+02:00\\\" >2016. m\\u00e1rcius 22.<\\\/time><\\\/span>                            <\\\/div>\\r\\n        <\\\/div>\\r\\n\\r\\n        <\\\/div>\\r\\n\\r\\n        \\r\\n        <div class=\\\"td_module_6 td_module_wrap td-animation-stack\\\">\\r\\n\\r\\n        <div class=\\\"td-module-thumb\\\"><a href=\\\"https:\\\/\\\/photonet.hu\\\/online\\\/magazin\\\/fekete-lista\\\/elveszett-nikon-af-s-vr-objektiv\\\/\\\"  rel=\\\"bookmark\\\" class=\\\"td-image-wrap \\\" title=\\\"Elveszett Nikon AF-S VR objekt\\u00edv\\\" ><img width=\\\"100\\\" height=\\\"70\\\" class=\\\"entry-thumb\\\" src=\\\"https:\\\/\\\/photonet.hu\\\/online\\\/wp-content\\\/uploads\\\/2015\\\/04\\\/elveszett_nikon_afs_objektiv-100x70.jpg\\\"  srcset=\\\"https:\\\/\\\/photonet.hu\\\/online\\\/wp-content\\\/uploads\\\/2015\\\/04\\\/elveszett_nikon_afs_objektiv-100x70.jpg 100w, https:\\\/\\\/photonet.hu\\\/online\\\/wp-content\\\/uploads\\\/2015\\\/04\\\/elveszett_nikon_afs_objektiv-218x150.jpg 218w\\\" sizes=\\\"(max-width: 100px) 100vw, 100px\\\"  alt=\\\"\\\" title=\\\"Elveszett Nikon AF-S VR objekt\\u00edv\\\" \\\/><\\\/a><\\\/div>\\r\\n        <div class=\\\"item-details\\\">\\r\\n            <h3 class=\\\"entry-title td-module-title\\\"><a href=\\\"https:\\\/\\\/photonet.hu\\\/online\\\/magazin\\\/fekete-lista\\\/elveszett-nikon-af-s-vr-objektiv\\\/\\\"  rel=\\\"bookmark\\\" title=\\\"Elveszett Nikon AF-S VR objekt\\u00edv\\\">Elveszett Nikon AF-S VR objekt\\u00edv<\\\/a><\\\/h3>            <div class=\\\"td-module-meta-info\\\">\\r\\n                                                <span class=\\\"td-post-date\\\"><time class=\\\"entry-date updated td-module-date\\\" datetime=\\\"2015-04-03T12:22:47+02:00\\\" >2015. \\u00e1prilis 3.<\\\/time><\\\/span>                            <\\\/div>\\r\\n        <\\\/div>\\r\\n\\r\\n        <\\\/div>\\r\\n\\r\\n        \\r\\n        <div class=\\\"td_module_6 td_module_wrap td-animation-stack\\\">\\r\\n\\r\\n        <div class=\\\"td-module-thumb\\\"><a href=\\\"https:\\\/\\\/photonet.hu\\\/online\\\/magazin\\\/fekete-lista\\\/2014-november-19-en-elloptak\\\/\\\"  rel=\\\"bookmark\\\" class=\\\"td-image-wrap \\\" title=\\\"2014 november 19-\\u00e9n ellopt\\u00e1k\\\" ><img width=\\\"100\\\" height=\\\"70\\\" class=\\\"entry-thumb\\\" src=\\\"https:\\\/\\\/photonet.hu\\\/online\\\/wp-content\\\/plugins\\\/td-standard-pack\\\/Newspaper\\\/assets\\\/images\\\/no-thumb\\\/td_100x70.png\\\"  alt=\\\"\\\" \\\/><\\\/a><\\\/div>\\r\\n        <div class=\\\"item-details\\\">\\r\\n            <h3 class=\\\"entry-title td-module-title\\\"><a href=\\\"https:\\\/\\\/photonet.hu\\\/online\\\/magazin\\\/fekete-lista\\\/2014-november-19-en-elloptak\\\/\\\"  rel=\\\"bookmark\\\" title=\\\"2014 november 19-\\u00e9n ellopt\\u00e1k\\\">2014 november 19-\\u00e9n ellopt\\u00e1k<\\\/a><\\\/h3>            <div class=\\\"td-module-meta-info\\\">\\r\\n                                                <span class=\\\"td-post-date\\\"><time class=\\\"entry-date updated td-module-date\\\" datetime=\\\"2014-11-21T13:49:33+02:00\\\" >2014. november 21.<\\\/time><\\\/span>                            <\\\/div>\\r\\n        <\\\/div>\\r\\n\\r\\n        <\\\/div>\\r\\n\\r\\n        \\r\\n        <div class=\\\"td_module_6 td_module_wrap td-animation-stack\\\">\\r\\n\\r\\n        <div class=\\\"td-module-thumb\\\"><a href=\\\"https:\\\/\\\/photonet.hu\\\/online\\\/magazin\\\/fekete-lista\\\/2010junius-elloptak\\\/\\\"  rel=\\\"bookmark\\\" class=\\\"td-image-wrap \\\" title=\\\"2010. j\\u00fanius 11-\\u00e9n ellopt\\u00e1k\\\" ><img width=\\\"100\\\" height=\\\"70\\\" class=\\\"entry-thumb\\\" src=\\\"https:\\\/\\\/photonet.hu\\\/online\\\/wp-content\\\/plugins\\\/td-standard-pack\\\/Newspaper\\\/assets\\\/images\\\/no-thumb\\\/td_100x70.png\\\"  alt=\\\"\\\" \\\/><\\\/a><\\\/div>\\r\\n        <div class=\\\"item-details\\\">\\r\\n            <h3 class=\\\"entry-title td-module-title\\\"><a href=\\\"https:\\\/\\\/photonet.hu\\\/online\\\/magazin\\\/fekete-lista\\\/2010junius-elloptak\\\/\\\"  rel=\\\"bookmark\\\" title=\\\"2010. j\\u00fanius 11-\\u00e9n ellopt\\u00e1k\\\">2010. j\\u00fanius 11-\\u00e9n ellopt\\u00e1k<\\\/a><\\\/h3>            <div class=\\\"td-module-meta-info\\\">\\r\\n                                                <span class=\\\"td-post-date\\\"><time class=\\\"entry-date updated td-module-date\\\" datetime=\\\"2010-07-21T13:26:23+02:00\\\" >2010. j\\u00falius 21.<\\\/time><\\\/span>                            <\\\/div>\\r\\n        <\\\/div>\\r\\n\\r\\n        <\\\/div>\\r\\n\\r\\n        \\n\\t<\\\/div> <!-- .\\\/td-block-span6 --><\\\/div><!--.\\\/row-fluid-->\",\"td_block_id\":\"tdi_13\",\"td_hide_prev\":true,\"td_hide_next\":false}));\r\n                                                    tmpObj = JSON.parse(JSON.stringify(block_tdi_13));\r\n                            tmpObj.is_ajax_running = true;\r\n                            tmpObj.td_current_page = 1;\r\n                            tmpObj.td_filter_value = 101;\r\n                            var currentBlockObjSignature = JSON.stringify(tmpObj);\r\n                            tdLocalCache.set(currentBlockObjSignature, JSON.stringify({\"td_data\":\"\\n\\n\\t<div class=\\\"td-block-row\\\">\\n\\n\\t<div class=\\\"td-block-span6\\\">\\n\\r\\n        <div class=\\\"td_module_4 td_module_wrap td-animation-stack\\\">\\r\\n            <div class=\\\"td-module-image\\\">\\r\\n                <div class=\\\"td-module-thumb\\\"><a href=\\\"https:\\\/\\\/photonet.hu\\\/online\\\/magazin\\\/felszereles\\\/sony-fe-100-mm-f2-8-macro-gm-oss-objektiv\\\/\\\"  rel=\\\"bookmark\\\" class=\\\"td-image-wrap \\\" title=\\\"Sony FE 100 mm F2.8 Macro GM OSS objekt\\u00edv\\\" ><img width=\\\"324\\\" height=\\\"235\\\" class=\\\"entry-thumb\\\" src=\\\"https:\\\/\\\/photonet.hu\\\/online\\\/wp-content\\\/uploads\\\/2025\\\/11\\\/sony_fe100_mm_f28_macro_gm_oss_objektiv-324x235.jpg\\\"   alt=\\\"Sony FE 100 mm F2.8 Macro GM OSS objekt\\u00edv\\\" title=\\\"Sony FE 100 mm F2.8 Macro GM OSS objekt\\u00edv\\\" \\\/><\\\/a><\\\/div>                            <\\\/div>\\r\\n\\r\\n            <h3 class=\\\"entry-title td-module-title\\\"><a href=\\\"https:\\\/\\\/photonet.hu\\\/online\\\/magazin\\\/felszereles\\\/sony-fe-100-mm-f2-8-macro-gm-oss-objektiv\\\/\\\"  rel=\\\"bookmark\\\" title=\\\"Sony FE 100 mm F2.8 Macro GM OSS objekt\\u00edv\\\">Sony FE 100 mm F2.8 Macro GM OSS objekt\\u00edv<\\\/a><\\\/h3>\\r\\n            <div class=\\\"td-module-meta-info\\\">\\r\\n                <span class=\\\"td-post-author-name\\\"><a href=\\\"https:\\\/\\\/photonet.hu\\\/online\\\/author\\\/photonet\\\/\\\">photonet<\\\/a> <span>-<\\\/span> <\\\/span>                <span class=\\\"td-post-date\\\"><time class=\\\"entry-date updated td-module-date\\\" datetime=\\\"2025-10-01T11:11:36+02:00\\\" >2025. okt\\u00f3ber 1.<\\\/time><\\\/span>                <span class=\\\"td-module-comments\\\"><a href=\\\"https:\\\/\\\/photonet.hu\\\/online\\\/magazin\\\/felszereles\\\/sony-fe-100-mm-f2-8-macro-gm-oss-objektiv\\\/#respond\\\">0<\\\/a><\\\/span>            <\\\/div>\\r\\n\\r\\n            <div class=\\\"td-excerpt\\\">\\r\\n                \\nA Sony bemutatja az \\u00faj makr\\u00f3 objekt\\u00edvj\\u00e9t, mely \\u00faj dimenzi\\u00f3kat nyit a makrofot\\u00f3z\\u00e1s ter\\u00e9n\\n\\n\\n\\n2025 szeptember 30-\\u00e1n a Sony bejelentette leg\\u00fajabb objekt\\u00edvj\\u00e9t, a Sony FE...            <\\\/div>\\r\\n\\r\\n            \\r\\n        <\\\/div>\\r\\n\\r\\n        \\n\\t<\\\/div> <!-- .\\\/td-block-span6 -->\\n\\n\\t<div class=\\\"td-block-span6\\\">\\n\\r\\n        <div class=\\\"td_module_6 td_module_wrap td-animation-stack\\\">\\r\\n\\r\\n        <div class=\\\"td-module-thumb\\\"><a href=\\\"https:\\\/\\\/photonet.hu\\\/online\\\/magazin\\\/felszereles\\\/panasonic-lumix-s-100-500-mm-f5-7-1-o-i-s-objektiv\\\/\\\"  rel=\\\"bookmark\\\" class=\\\"td-image-wrap \\\" title=\\\"Panasonic LUMIX S 100\\u2013500 mm F5\\u20137.1 O.I.S. objekt\\u00edv\\\" ><img width=\\\"100\\\" height=\\\"70\\\" class=\\\"entry-thumb\\\" src=\\\"https:\\\/\\\/photonet.hu\\\/online\\\/wp-content\\\/uploads\\\/2025\\\/11\\\/panasonic_lumix_s100_500mm_f5_71_ois_objektiv-100x70.jpg\\\"  srcset=\\\"https:\\\/\\\/photonet.hu\\\/online\\\/wp-content\\\/uploads\\\/2025\\\/11\\\/panasonic_lumix_s100_500mm_f5_71_ois_objektiv-100x70.jpg 100w, https:\\\/\\\/photonet.hu\\\/online\\\/wp-content\\\/uploads\\\/2025\\\/11\\\/panasonic_lumix_s100_500mm_f5_71_ois_objektiv-218x150.jpg 218w\\\" sizes=\\\"(max-width: 100px) 100vw, 100px\\\"  alt=\\\"Panasonic LUMIX S 100-500 mm F5-7.1 O.I.S objektiv\\\" title=\\\"Panasonic LUMIX S 100\\u2013500 mm F5\\u20137.1 O.I.S. objekt\\u00edv\\\" \\\/><\\\/a><\\\/div>\\r\\n        <div class=\\\"item-details\\\">\\r\\n            <h3 class=\\\"entry-title td-module-title\\\"><a href=\\\"https:\\\/\\\/photonet.hu\\\/online\\\/magazin\\\/felszereles\\\/panasonic-lumix-s-100-500-mm-f5-7-1-o-i-s-objektiv\\\/\\\"  rel=\\\"bookmark\\\" title=\\\"Panasonic LUMIX S 100\\u2013500 mm F5\\u20137.1 O.I.S. objekt\\u00edv\\\">Panasonic LUMIX S 100\\u2013500 mm F5\\u20137.1 O.I.S. objekt\\u00edv<\\\/a><\\\/h3>            <div class=\\\"td-module-meta-info\\\">\\r\\n                                                <span class=\\\"td-post-date\\\"><time class=\\\"entry-date updated td-module-date\\\" datetime=\\\"2025-09-24T17:35:00+02:00\\\" >2025. szeptember 24.<\\\/time><\\\/span>                            <\\\/div>\\r\\n        <\\\/div>\\r\\n\\r\\n        <\\\/div>\\r\\n\\r\\n        \\r\\n        <div class=\\\"td_module_6 td_module_wrap td-animation-stack\\\">\\r\\n\\r\\n        <div class=\\\"td-module-thumb\\\"><a href=\\\"https:\\\/\\\/photonet.hu\\\/online\\\/magazin\\\/felszereles\\\/uj-sigma-art-28-105mm-f2-8-dg-dn-zoom-objektiv\\\/\\\"  rel=\\\"bookmark\\\" class=\\\"td-image-wrap \\\" title=\\\"\\u00daj Sigma Art 28-105mm F2.8 DG DN zoom objekt\\u00edv\\\" ><img width=\\\"100\\\" height=\\\"70\\\" class=\\\"entry-thumb\\\" src=\\\"https:\\\/\\\/photonet.hu\\\/online\\\/wp-content\\\/uploads\\\/2025\\\/06\\\/sigma_art_24_70_f28_dg_dn_objektiv_foto-100x70.jpg\\\"  srcset=\\\"https:\\\/\\\/photonet.hu\\\/online\\\/wp-content\\\/uploads\\\/2025\\\/06\\\/sigma_art_24_70_f28_dg_dn_objektiv_foto-100x70.jpg 100w, https:\\\/\\\/photonet.hu\\\/online\\\/wp-content\\\/uploads\\\/2025\\\/06\\\/sigma_art_24_70_f28_dg_dn_objektiv_foto-218x150.jpg 218w\\\" sizes=\\\"(max-width: 100px) 100vw, 100px\\\"  alt=\\\"Sigma Art 28-105mm F2.8 DG DN zoom objekt\\u00edv - photonet\\\" title=\\\"\\u00daj Sigma Art 28-105mm F2.8 DG DN zoom objekt\\u00edv\\\" \\\/><\\\/a><\\\/div>\\r\\n        <div class=\\\"item-details\\\">\\r\\n            <h3 class=\\\"entry-title td-module-title\\\"><a href=\\\"https:\\\/\\\/photonet.hu\\\/online\\\/magazin\\\/felszereles\\\/uj-sigma-art-28-105mm-f2-8-dg-dn-zoom-objektiv\\\/\\\"  rel=\\\"bookmark\\\" title=\\\"\\u00daj Sigma Art 28-105mm F2.8 DG DN zoom objekt\\u00edv\\\">\\u00daj Sigma Art 28-105mm F2.8 DG DN zoom objekt\\u00edv<\\\/a><\\\/h3>            <div class=\\\"td-module-meta-info\\\">\\r\\n                                                <span class=\\\"td-post-date\\\"><time class=\\\"entry-date updated td-module-date\\\" datetime=\\\"2025-06-17T16:33:31+02:00\\\" >2025. j\\u00fanius 17.<\\\/time><\\\/span>                            <\\\/div>\\r\\n        <\\\/div>\\r\\n\\r\\n        <\\\/div>\\r\\n\\r\\n        \\r\\n        <div class=\\\"td_module_6 td_module_wrap td-animation-stack\\\">\\r\\n\\r\\n        <div class=\\\"td-module-thumb\\\"><a href=\\\"https:\\\/\\\/photonet.hu\\\/online\\\/magazin\\\/felszereles\\\/uj-sony-gp-vpt3-es-rmt-vp2-harom-az-egyben-vezetek-nelkuli-markolat-es-tavvezerlo\\\/\\\"  rel=\\\"bookmark\\\" class=\\\"td-image-wrap \\\" title=\\\"\\u00daj Sony GP-VPT3 \\u00e9s RMT-VP2 h\\u00e1rom az egyben vezet\\u00e9k n\\u00e9lk\\u00fcli markolat \\u00e9s t\\u00e1vvez\\u00e9rl\\u0151\\\" ><img width=\\\"100\\\" height=\\\"70\\\" class=\\\"entry-thumb\\\" src=\\\"https:\\\/\\\/photonet.hu\\\/online\\\/wp-content\\\/uploads\\\/2025\\\/05\\\/sony_rmt_vp2_tavvezerlo_bluetooth_fenykepezes-100x70.jpg\\\"  srcset=\\\"https:\\\/\\\/photonet.hu\\\/online\\\/wp-content\\\/uploads\\\/2025\\\/05\\\/sony_rmt_vp2_tavvezerlo_bluetooth_fenykepezes-100x70.jpg 100w, https:\\\/\\\/photonet.hu\\\/online\\\/wp-content\\\/uploads\\\/2025\\\/05\\\/sony_rmt_vp2_tavvezerlo_bluetooth_fenykepezes-218x150.jpg 218w\\\" sizes=\\\"(max-width: 100px) 100vw, 100px\\\"  alt=\\\"Sony GP-VPT3 \\u00e9s RMT-VP2 h\\u00e1rom az egyben vezet\\u00e9k n\\u00e9lk\\u00fcli markolat \\u00e9s t\\u00e1vvez\\u00e9rl\\u0151\\\" title=\\\"\\u00daj Sony GP-VPT3 \\u00e9s RMT-VP2 h\\u00e1rom az egyben vezet\\u00e9k n\\u00e9lk\\u00fcli markolat \\u00e9s t\\u00e1vvez\\u00e9rl\\u0151\\\" \\\/><\\\/a><\\\/div>\\r\\n        <div class=\\\"item-details\\\">\\r\\n            <h3 class=\\\"entry-title td-module-title\\\"><a href=\\\"https:\\\/\\\/photonet.hu\\\/online\\\/magazin\\\/felszereles\\\/uj-sony-gp-vpt3-es-rmt-vp2-harom-az-egyben-vezetek-nelkuli-markolat-es-tavvezerlo\\\/\\\"  rel=\\\"bookmark\\\" title=\\\"\\u00daj Sony GP-VPT3 \\u00e9s RMT-VP2 h\\u00e1rom az egyben vezet\\u00e9k n\\u00e9lk\\u00fcli markolat \\u00e9s t\\u00e1vvez\\u00e9rl\\u0151\\\">\\u00daj Sony GP-VPT3 \\u00e9s RMT-VP2 h\\u00e1rom az egyben vezet\\u00e9k n\\u00e9lk\\u00fcli markolat...<\\\/a><\\\/h3>            <div class=\\\"td-module-meta-info\\\">\\r\\n                                                <span class=\\\"td-post-date\\\"><time class=\\\"entry-date updated td-module-date\\\" datetime=\\\"2025-05-22T17:36:00+02:00\\\" >2025. m\\u00e1jus 22.<\\\/time><\\\/span>                            <\\\/div>\\r\\n        <\\\/div>\\r\\n\\r\\n        <\\\/div>\\r\\n\\r\\n        \\r\\n        <div class=\\\"td_module_6 td_module_wrap td-animation-stack\\\">\\r\\n\\r\\n        <div class=\\\"td-module-thumb\\\"><a href=\\\"https:\\\/\\\/photonet.hu\\\/online\\\/magazin\\\/felszereles\\\/uj-lumix-s-24-60mm-f2-8-objektiv-a-panasonic-tol\\\/\\\"  rel=\\\"bookmark\\\" class=\\\"td-image-wrap \\\" title=\\\"\\u00daj LUMIX S 24-60mm F2.8 objekt\\u00edv a Panasonic-t\\u00f3l\\\" ><img width=\\\"100\\\" height=\\\"70\\\" class=\\\"entry-thumb\\\" src=\\\"https:\\\/\\\/photonet.hu\\\/online\\\/wp-content\\\/uploads\\\/2025\\\/05\\\/panasonic_lumix_s_24_60_zoom_obejktiv_photonet-100x70.jpg\\\"  srcset=\\\"https:\\\/\\\/photonet.hu\\\/online\\\/wp-content\\\/uploads\\\/2025\\\/05\\\/panasonic_lumix_s_24_60_zoom_obejktiv_photonet-100x70.jpg 100w, https:\\\/\\\/photonet.hu\\\/online\\\/wp-content\\\/uploads\\\/2025\\\/05\\\/panasonic_lumix_s_24_60_zoom_obejktiv_photonet-218x150.jpg 218w\\\" sizes=\\\"(max-width: 100px) 100vw, 100px\\\"  alt=\\\"Panasonic LUMIX S 24-60mm F2.8 standard zoom objekt\\u00edv\\\" title=\\\"\\u00daj LUMIX S 24-60mm F2.8 objekt\\u00edv a Panasonic-t\\u00f3l\\\" \\\/><\\\/a><\\\/div>\\r\\n        <div class=\\\"item-details\\\">\\r\\n            <h3 class=\\\"entry-title td-module-title\\\"><a href=\\\"https:\\\/\\\/photonet.hu\\\/online\\\/magazin\\\/felszereles\\\/uj-lumix-s-24-60mm-f2-8-objektiv-a-panasonic-tol\\\/\\\"  rel=\\\"bookmark\\\" title=\\\"\\u00daj LUMIX S 24-60mm F2.8 objekt\\u00edv a Panasonic-t\\u00f3l\\\">\\u00daj LUMIX S 24-60mm F2.8 objekt\\u00edv a Panasonic-t\\u00f3l<\\\/a><\\\/h3>            <div class=\\\"td-module-meta-info\\\">\\r\\n                                                <span class=\\\"td-post-date\\\"><time class=\\\"entry-date updated td-module-date\\\" datetime=\\\"2025-05-13T18:55:25+02:00\\\" >2025. m\\u00e1jus 13.<\\\/time><\\\/span>                            <\\\/div>\\r\\n        <\\\/div>\\r\\n\\r\\n        <\\\/div>\\r\\n\\r\\n        \\r\\n        <div class=\\\"td_module_6 td_module_wrap td-animation-stack\\\">\\r\\n\\r\\n        <div class=\\\"td-module-thumb\\\"><a href=\\\"https:\\\/\\\/photonet.hu\\\/online\\\/magazin\\\/felszereles\\\/panasonic-lumix-s1ii-es-s1iie-digitalis-fenykepezogep-bemutato\\\/\\\"  rel=\\\"bookmark\\\" class=\\\"td-image-wrap \\\" title=\\\"Panasonic LUMIX S1II \\u00e9s S1IIE digit\\u00e1lis f\\u00e9nyk\\u00e9pez\\u0151g\\u00e9p bemutat\\u00f3\\\" ><img width=\\\"100\\\" height=\\\"70\\\" class=\\\"entry-thumb\\\" src=\\\"https:\\\/\\\/photonet.hu\\\/online\\\/wp-content\\\/uploads\\\/2025\\\/05\\\/panasonic_lumix_s1ii_s1iie_digitalis_fenykepezogep_002-100x70.jpg\\\"  srcset=\\\"https:\\\/\\\/photonet.hu\\\/online\\\/wp-content\\\/uploads\\\/2025\\\/05\\\/panasonic_lumix_s1ii_s1iie_digitalis_fenykepezogep_002-100x70.jpg 100w, https:\\\/\\\/photonet.hu\\\/online\\\/wp-content\\\/uploads\\\/2025\\\/05\\\/panasonic_lumix_s1ii_s1iie_digitalis_fenykepezogep_002-218x150.jpg 218w\\\" sizes=\\\"(max-width: 100px) 100vw, 100px\\\"  alt=\\\"Panasonic LUMIX S1II \\u00e9s S1IIE digit\\u00e1lis f\\u00e9nyk\\u00e9pez\\u0151g\\u00e9p - photonet\\\" title=\\\"Panasonic LUMIX S1II \\u00e9s S1IIE digit\\u00e1lis f\\u00e9nyk\\u00e9pez\\u0151g\\u00e9p bemutat\\u00f3\\\" \\\/><\\\/a><\\\/div>\\r\\n        <div class=\\\"item-details\\\">\\r\\n            <h3 class=\\\"entry-title td-module-title\\\"><a href=\\\"https:\\\/\\\/photonet.hu\\\/online\\\/magazin\\\/felszereles\\\/panasonic-lumix-s1ii-es-s1iie-digitalis-fenykepezogep-bemutato\\\/\\\"  rel=\\\"bookmark\\\" title=\\\"Panasonic LUMIX S1II \\u00e9s S1IIE digit\\u00e1lis f\\u00e9nyk\\u00e9pez\\u0151g\\u00e9p bemutat\\u00f3\\\">Panasonic LUMIX S1II \\u00e9s S1IIE digit\\u00e1lis f\\u00e9nyk\\u00e9pez\\u0151g\\u00e9p bemutat\\u00f3<\\\/a><\\\/h3>            <div class=\\\"td-module-meta-info\\\">\\r\\n                                                <span class=\\\"td-post-date\\\"><time class=\\\"entry-date updated td-module-date\\\" datetime=\\\"2025-05-13T16:58:06+02:00\\\" >2025. m\\u00e1jus 13.<\\\/time><\\\/span>                            <\\\/div>\\r\\n        <\\\/div>\\r\\n\\r\\n        <\\\/div>\\r\\n\\r\\n        \\n\\t<\\\/div> <!-- .\\\/td-block-span6 --><\\\/div><!--.\\\/row-fluid-->\",\"td_block_id\":\"tdi_13\",\"td_hide_prev\":true,\"td_hide_next\":false}));\r\n                                                    tmpObj = JSON.parse(JSON.stringify(block_tdi_13));\r\n                            tmpObj.is_ajax_running = true;\r\n                            tmpObj.td_current_page = 1;\r\n                            tmpObj.td_filter_value = 90;\r\n                            var currentBlockObjSignature = JSON.stringify(tmpObj);\r\n                            tdLocalCache.set(currentBlockObjSignature, JSON.stringify({\"td_data\":\"\\n\\n\\t<div class=\\\"td-block-row\\\">\\n\\n\\t<div class=\\\"td-block-span6\\\">\\n\\r\\n        <div class=\\\"td_module_4 td_module_wrap td-animation-stack\\\">\\r\\n            <div class=\\\"td-module-image\\\">\\r\\n                <div class=\\\"td-module-thumb\\\"><a href=\\\"https:\\\/\\\/photonet.hu\\\/online\\\/fotomuveszet\\\/mult-szazad\\\/robert-capa-a-haditudosito-aki-szemelyes-tortenetkent-fotozta-a-tortenelmet\\\/\\\"  rel=\\\"bookmark\\\" class=\\\"td-image-wrap \\\" title=\\\"Robert Capa: a haditud\\u00f3s\\u00edt\\u00f3, aki szem\\u00e9lyes t\\u00f6rt\\u00e9netk\\u00e9nt fot\\u00f3zta a t\\u00f6rt\\u00e9nelmet\\\" ><img width=\\\"324\\\" height=\\\"235\\\" class=\\\"entry-thumb\\\" src=\\\"https:\\\/\\\/photonet.hu\\\/online\\\/wp-content\\\/uploads\\\/2026\\\/04\\\/robert_capa_photographer_gerda_taro_photography-324x235.webp\\\"   alt=\\\"Robert Capa fotogr\\u00e1fus, haditud\\u00f3s\\u00edt\\u00f3\\\" title=\\\"Robert Capa: a haditud\\u00f3s\\u00edt\\u00f3, aki szem\\u00e9lyes t\\u00f6rt\\u00e9netk\\u00e9nt fot\\u00f3zta a t\\u00f6rt\\u00e9nelmet\\\" \\\/><\\\/a><\\\/div>                            <\\\/div>\\r\\n\\r\\n            <h3 class=\\\"entry-title td-module-title\\\"><a href=\\\"https:\\\/\\\/photonet.hu\\\/online\\\/fotomuveszet\\\/mult-szazad\\\/robert-capa-a-haditudosito-aki-szemelyes-tortenetkent-fotozta-a-tortenelmet\\\/\\\"  rel=\\\"bookmark\\\" title=\\\"Robert Capa: a haditud\\u00f3s\\u00edt\\u00f3, aki szem\\u00e9lyes t\\u00f6rt\\u00e9netk\\u00e9nt fot\\u00f3zta a t\\u00f6rt\\u00e9nelmet\\\">Robert Capa: a haditud\\u00f3s\\u00edt\\u00f3, aki szem\\u00e9lyes t\\u00f6rt\\u00e9netk\\u00e9nt fot\\u00f3zta a t\\u00f6rt\\u00e9nelmet<\\\/a><\\\/h3>\\r\\n            <div class=\\\"td-module-meta-info\\\">\\r\\n                <span class=\\\"td-post-author-name\\\"><a href=\\\"https:\\\/\\\/photonet.hu\\\/online\\\/author\\\/photonet\\\/\\\">photonet<\\\/a> <span>-<\\\/span> <\\\/span>                <span class=\\\"td-post-date\\\"><time class=\\\"entry-date updated td-module-date\\\" datetime=\\\"2026-04-09T13:00:33+02:00\\\" >2026. \\u00e1prilis 9.<\\\/time><\\\/span>                <span class=\\\"td-module-comments\\\"><a href=\\\"https:\\\/\\\/photonet.hu\\\/online\\\/fotomuveszet\\\/mult-szazad\\\/robert-capa-a-haditudosito-aki-szemelyes-tortenetkent-fotozta-a-tortenelmet\\\/#respond\\\">0<\\\/a><\\\/span>            <\\\/div>\\r\\n\\r\\n            <div class=\\\"td-excerpt\\\">\\r\\n                \\nEgy magyar sz\\u00e1rmaz\\u00e1s\\u00fa fotogr\\u00e1fus nemzetk\\u00f6zi p\\u00e1ly\\u00e1ja\\n\\n\\n\\nRobert Capa a 20. sz\\u00e1zadi fot\\u00f3t\\u00f6rt\\u00e9net egyik meghat\\u00e1roz\\u00f3 alakja, aki haditud\\u00f3s\\u00edt\\u00f3k\\u00e9nt v\\u00e1lt vil\\u00e1gh\\u00edr\\u0171v\\u00e9. Polg\\u00e1ri nev\\u00e9n Friedmann Endre 1913-ban sz\\u00fcletett...            <\\\/div>\\r\\n\\r\\n            \\r\\n        <\\\/div>\\r\\n\\r\\n        \\n\\t<\\\/div> <!-- .\\\/td-block-span6 -->\\n\\n\\t<div class=\\\"td-block-span6\\\">\\n\\r\\n        <div class=\\\"td_module_6 td_module_wrap td-animation-stack\\\">\\r\\n\\r\\n        <div class=\\\"td-module-thumb\\\"><a href=\\\"https:\\\/\\\/photonet.hu\\\/online\\\/fotomuveszet\\\/fotoriporter\\\/rene-burri-utopia-modern-epiteszet-es-fotoriport\\\/\\\"  rel=\\\"bookmark\\\" class=\\\"td-image-wrap \\\" title=\\\"Ren\\u00e9 Burri: Ut\\u00f3pia \\u2013 modern \\u00e9p\\u00edt\\u00e9szet \\u00e9s fot\\u00f3riport\\\" ><img width=\\\"100\\\" height=\\\"70\\\" class=\\\"entry-thumb\\\" src=\\\"https:\\\/\\\/photonet.hu\\\/online\\\/wp-content\\\/uploads\\\/2026\\\/03\\\/rene_burri_utopia_photography_exhibition_mucsarnok-100x70.webp\\\"  srcset=\\\"https:\\\/\\\/photonet.hu\\\/online\\\/wp-content\\\/uploads\\\/2026\\\/03\\\/rene_burri_utopia_photography_exhibition_mucsarnok-100x70.webp 100w, https:\\\/\\\/photonet.hu\\\/online\\\/wp-content\\\/uploads\\\/2026\\\/03\\\/rene_burri_utopia_photography_exhibition_mucsarnok-218x150.webp 218w\\\" sizes=\\\"(max-width: 100px) 100vw, 100px\\\"  alt=\\\"Ren\\u00e9 Burri Ut\\u00f3pia ki\\u00e1ll\\u00edt\\u00e1s\\\" title=\\\"Ren\\u00e9 Burri: Ut\\u00f3pia \\u2013 modern \\u00e9p\\u00edt\\u00e9szet \\u00e9s fot\\u00f3riport\\\" \\\/><\\\/a><\\\/div>\\r\\n        <div class=\\\"item-details\\\">\\r\\n            <h3 class=\\\"entry-title td-module-title\\\"><a href=\\\"https:\\\/\\\/photonet.hu\\\/online\\\/fotomuveszet\\\/fotoriporter\\\/rene-burri-utopia-modern-epiteszet-es-fotoriport\\\/\\\"  rel=\\\"bookmark\\\" title=\\\"Ren\\u00e9 Burri: Ut\\u00f3pia \\u2013 modern \\u00e9p\\u00edt\\u00e9szet \\u00e9s fot\\u00f3riport\\\">Ren\\u00e9 Burri: Ut\\u00f3pia \\u2013 modern \\u00e9p\\u00edt\\u00e9szet \\u00e9s fot\\u00f3riport<\\\/a><\\\/h3>            <div class=\\\"td-module-meta-info\\\">\\r\\n                                                <span class=\\\"td-post-date\\\"><time class=\\\"entry-date updated td-module-date\\\" datetime=\\\"2026-03-29T11:35:52+02:00\\\" >2026. m\\u00e1rcius 29.<\\\/time><\\\/span>                            <\\\/div>\\r\\n        <\\\/div>\\r\\n\\r\\n        <\\\/div>\\r\\n\\r\\n        \\r\\n        <div class=\\\"td_module_6 td_module_wrap td-animation-stack\\\">\\r\\n\\r\\n        <div class=\\\"td-module-thumb\\\"><a href=\\\"https:\\\/\\\/photonet.hu\\\/online\\\/fotomuveszet\\\/divat-reklamfoto\\\/javier-laos-reklamfotografus\\\/\\\"  rel=\\\"bookmark\\\" class=\\\"td-image-wrap \\\" title=\\\"Javier Laos rekl\\u00e1mfotogr\\u00e1fus\\\" ><img width=\\\"100\\\" height=\\\"70\\\" class=\\\"entry-thumb\\\" src=\\\"https:\\\/\\\/photonet.hu\\\/online\\\/wp-content\\\/uploads\\\/2026\\\/03\\\/javier_laos_photographer_divat_reklam_foto-100x70.webp\\\"  srcset=\\\"https:\\\/\\\/photonet.hu\\\/online\\\/wp-content\\\/uploads\\\/2026\\\/03\\\/javier_laos_photographer_divat_reklam_foto-100x70.webp 100w, https:\\\/\\\/photonet.hu\\\/online\\\/wp-content\\\/uploads\\\/2026\\\/03\\\/javier_laos_photographer_divat_reklam_foto-218x150.webp 218w, https:\\\/\\\/photonet.hu\\\/online\\\/wp-content\\\/uploads\\\/2026\\\/03\\\/javier_laos_photographer_divat_reklam_foto-825x580.webp 825w\\\" sizes=\\\"(max-width: 100px) 100vw, 100px\\\"  alt=\\\"Javier Laos photography - divat- \\u00e9s rekl\\u00e1mfot\\u00f3\\\" title=\\\"Javier Laos rekl\\u00e1mfotogr\\u00e1fus\\\" \\\/><\\\/a><\\\/div>\\r\\n        <div class=\\\"item-details\\\">\\r\\n            <h3 class=\\\"entry-title td-module-title\\\"><a href=\\\"https:\\\/\\\/photonet.hu\\\/online\\\/fotomuveszet\\\/divat-reklamfoto\\\/javier-laos-reklamfotografus\\\/\\\"  rel=\\\"bookmark\\\" title=\\\"Javier Laos rekl\\u00e1mfotogr\\u00e1fus\\\">Javier Laos rekl\\u00e1mfotogr\\u00e1fus<\\\/a><\\\/h3>            <div class=\\\"td-module-meta-info\\\">\\r\\n                                                <span class=\\\"td-post-date\\\"><time class=\\\"entry-date updated td-module-date\\\" datetime=\\\"2026-03-16T12:20:09+02:00\\\" >2026. m\\u00e1rcius 16.<\\\/time><\\\/span>                            <\\\/div>\\r\\n        <\\\/div>\\r\\n\\r\\n        <\\\/div>\\r\\n\\r\\n        \\r\\n        <div class=\\\"td_module_6 td_module_wrap td-animation-stack\\\">\\r\\n\\r\\n        <div class=\\\"td-module-thumb\\\"><a href=\\\"https:\\\/\\\/photonet.hu\\\/online\\\/fotomuveszet\\\/portre-emberek\\\/mathieu-bitton-a-fotomuveszet-sokoldalu-mestere\\\/\\\"  rel=\\\"bookmark\\\" class=\\\"td-image-wrap \\\" title=\\\"Mathieu Bitton a fot\\u00f3m\\u0171v\\u00e9szet sokoldal\\u00fa mestere\\\" ><img width=\\\"100\\\" height=\\\"70\\\" class=\\\"entry-thumb\\\" src=\\\"https:\\\/\\\/photonet.hu\\\/online\\\/wp-content\\\/uploads\\\/2025\\\/03\\\/mathieu_bitton_portrait_by_jason_roman_825-100x70.jpg\\\"  srcset=\\\"https:\\\/\\\/photonet.hu\\\/online\\\/wp-content\\\/uploads\\\/2025\\\/03\\\/mathieu_bitton_portrait_by_jason_roman_825-100x70.jpg 100w, https:\\\/\\\/photonet.hu\\\/online\\\/wp-content\\\/uploads\\\/2025\\\/03\\\/mathieu_bitton_portrait_by_jason_roman_825-218x150.jpg 218w\\\" sizes=\\\"(max-width: 100px) 100vw, 100px\\\"  alt=\\\"Mathieu Bitton by Jason Roman - fot\\u00f3m\\u0171v\\u00e9szet\\\" title=\\\"Mathieu Bitton a fot\\u00f3m\\u0171v\\u00e9szet sokoldal\\u00fa mestere\\\" \\\/><\\\/a><\\\/div>\\r\\n        <div class=\\\"item-details\\\">\\r\\n            <h3 class=\\\"entry-title td-module-title\\\"><a href=\\\"https:\\\/\\\/photonet.hu\\\/online\\\/fotomuveszet\\\/portre-emberek\\\/mathieu-bitton-a-fotomuveszet-sokoldalu-mestere\\\/\\\"  rel=\\\"bookmark\\\" title=\\\"Mathieu Bitton a fot\\u00f3m\\u0171v\\u00e9szet sokoldal\\u00fa mestere\\\">Mathieu Bitton a fot\\u00f3m\\u0171v\\u00e9szet sokoldal\\u00fa mestere<\\\/a><\\\/h3>            <div class=\\\"td-module-meta-info\\\">\\r\\n                                                <span class=\\\"td-post-date\\\"><time class=\\\"entry-date updated td-module-date\\\" datetime=\\\"2025-03-25T17:22:47+02:00\\\" >2025. m\\u00e1rcius 25.<\\\/time><\\\/span>                            <\\\/div>\\r\\n        <\\\/div>\\r\\n\\r\\n        <\\\/div>\\r\\n\\r\\n        \\r\\n        <div class=\\\"td_module_6 td_module_wrap td-animation-stack\\\">\\r\\n\\r\\n        <div class=\\\"td-module-thumb\\\"><a href=\\\"https:\\\/\\\/photonet.hu\\\/online\\\/fotomuveszet\\\/portre-emberek\\\/meghalt-szipal-marton-fotomuvesz\\\/\\\"  rel=\\\"bookmark\\\" class=\\\"td-image-wrap \\\" title=\\\"Meghalt Szip\\u00e1l M\\u00e1rton fot\\u00f3m\\u0171v\\u00e9sz\\\" ><img width=\\\"100\\\" height=\\\"70\\\" class=\\\"entry-thumb\\\" src=\\\"https:\\\/\\\/photonet.hu\\\/online\\\/wp-content\\\/uploads\\\/2016\\\/05\\\/szipal_marton-100x70.jpg\\\"  srcset=\\\"https:\\\/\\\/photonet.hu\\\/online\\\/wp-content\\\/uploads\\\/2016\\\/05\\\/szipal_marton-100x70.jpg 100w, https:\\\/\\\/photonet.hu\\\/online\\\/wp-content\\\/uploads\\\/2016\\\/05\\\/szipal_marton-218x150.jpg 218w\\\" sizes=\\\"(max-width: 100px) 100vw, 100px\\\"  alt=\\\"Meghalt Szip\\u00e1l M\\u00e1rton fot\\u00f3m\\u0171v\\u00e9sz\\\" title=\\\"Meghalt Szip\\u00e1l M\\u00e1rton fot\\u00f3m\\u0171v\\u00e9sz\\\" \\\/><\\\/a><\\\/div>\\r\\n        <div class=\\\"item-details\\\">\\r\\n            <h3 class=\\\"entry-title td-module-title\\\"><a href=\\\"https:\\\/\\\/photonet.hu\\\/online\\\/fotomuveszet\\\/portre-emberek\\\/meghalt-szipal-marton-fotomuvesz\\\/\\\"  rel=\\\"bookmark\\\" title=\\\"Meghalt Szip\\u00e1l M\\u00e1rton fot\\u00f3m\\u0171v\\u00e9sz\\\">Meghalt Szip\\u00e1l M\\u00e1rton fot\\u00f3m\\u0171v\\u00e9sz<\\\/a><\\\/h3>            <div class=\\\"td-module-meta-info\\\">\\r\\n                                                <span class=\\\"td-post-date\\\"><time class=\\\"entry-date updated td-module-date\\\" datetime=\\\"2016-04-27T13:05:38+02:00\\\" >2016. \\u00e1prilis 27.<\\\/time><\\\/span>                            <\\\/div>\\r\\n        <\\\/div>\\r\\n\\r\\n        <\\\/div>\\r\\n\\r\\n        \\r\\n        <div class=\\\"td_module_6 td_module_wrap td-animation-stack\\\">\\r\\n\\r\\n        <div class=\\\"td-module-thumb\\\"><a href=\\\"https:\\\/\\\/photonet.hu\\\/online\\\/fotomuveszet\\\/mult-szazad\\\/fanto-bernat-fenykepesz-a-kossuth-radio-musoran\\\/\\\"  rel=\\\"bookmark\\\" class=\\\"td-image-wrap \\\" title=\\\"Fanto Bern\\u00e1t f\\u00e9nyk\\u00e9p\\u00e9sz a Kossuth R\\u00e1di\\u00f3 m\\u0171sor\\u00e1n\\\" ><img width=\\\"100\\\" height=\\\"70\\\" class=\\\"entry-thumb\\\" src=\\\"https:\\\/\\\/photonet.hu\\\/online\\\/wp-content\\\/uploads\\\/2016\\\/03\\\/fanto_bernat_fenykepesz_kecsekemet-100x70.jpg\\\"  srcset=\\\"https:\\\/\\\/photonet.hu\\\/online\\\/wp-content\\\/uploads\\\/2016\\\/03\\\/fanto_bernat_fenykepesz_kecsekemet-100x70.jpg 100w, https:\\\/\\\/photonet.hu\\\/online\\\/wp-content\\\/uploads\\\/2016\\\/03\\\/fanto_bernat_fenykepesz_kecsekemet-218x150.jpg 218w\\\" sizes=\\\"(max-width: 100px) 100vw, 100px\\\"  alt=\\\"Reg\\u00e9nyes t\\u00f6rt\\u00e9nelem: Fanto Bern\\u00e1t a Kossuth R\\u00e1di\\u00f3 m\\u0171sor\\u00e1n\\\" title=\\\"Fanto Bern\\u00e1t f\\u00e9nyk\\u00e9p\\u00e9sz a Kossuth R\\u00e1di\\u00f3 m\\u0171sor\\u00e1n\\\" \\\/><\\\/a><\\\/div>\\r\\n        <div class=\\\"item-details\\\">\\r\\n            <h3 class=\\\"entry-title td-module-title\\\"><a href=\\\"https:\\\/\\\/photonet.hu\\\/online\\\/fotomuveszet\\\/mult-szazad\\\/fanto-bernat-fenykepesz-a-kossuth-radio-musoran\\\/\\\"  rel=\\\"bookmark\\\" title=\\\"Fanto Bern\\u00e1t f\\u00e9nyk\\u00e9p\\u00e9sz a Kossuth R\\u00e1di\\u00f3 m\\u0171sor\\u00e1n\\\">Fanto Bern\\u00e1t f\\u00e9nyk\\u00e9p\\u00e9sz a Kossuth R\\u00e1di\\u00f3 m\\u0171sor\\u00e1n<\\\/a><\\\/h3>            <div class=\\\"td-module-meta-info\\\">\\r\\n                                                <span class=\\\"td-post-date\\\"><time class=\\\"entry-date updated td-module-date\\\" datetime=\\\"2016-03-10T11:12:59+02:00\\\" >2016. m\\u00e1rcius 10.<\\\/time><\\\/span>                            <\\\/div>\\r\\n        <\\\/div>\\r\\n\\r\\n        <\\\/div>\\r\\n\\r\\n        \\n\\t<\\\/div> <!-- .\\\/td-block-span6 --><\\\/div><!--.\\\/row-fluid-->\",\"td_block_id\":\"tdi_13\",\"td_hide_prev\":true,\"td_hide_next\":false}));\r\n                                    <\/script>\r\n            <div class=\"td-block-title-wrap\"><h4 class=\"block-title td-block-title\"><span class=\"td-pulldown-size\">Magazin<\/span><\/h4><div class=\"td-pulldown-syle-default td-subcat-filter\" id=\"td_pulldown_tdi_13\"><ul class=\"td-subcat-list\" id=\"td_pulldown_tdi_13_list\"><li class=\"td-subcat-item\"><a class=\"td-subcat-link\" id=\"tdi_14\" data-td_filter_value=\"\" data-td_block_id=\"tdi_13\" href=\"#\">Magazin<\/a><\/li><li class=\"td-subcat-item\"><a class=\"td-subcat-link\" id=\"tdi_15\" data-td_filter_value=\"177\" data-td_block_id=\"tdi_13\" href=\"#\">Arch\u00edvum<\/a><\/li><li class=\"td-subcat-item\"><a class=\"td-subcat-link\" id=\"tdi_16\" data-td_filter_value=\"256\" data-td_block_id=\"tdi_13\" href=\"#\">Divat &amp; Rekl\u00e1mfot\u00f3<\/a><\/li><li class=\"td-subcat-item\"><a class=\"td-subcat-link\" id=\"tdi_17\" data-td_filter_value=\"99\" data-td_block_id=\"tdi_13\" href=\"#\">Esem\u00e9nyek<\/a><\/li><li class=\"td-subcat-item\"><a class=\"td-subcat-link\" id=\"tdi_18\" data-td_filter_value=\"100\" data-td_block_id=\"tdi_13\" href=\"#\">Fekete lista<\/a><\/li><li class=\"td-subcat-item\"><a class=\"td-subcat-link\" id=\"tdi_19\" data-td_filter_value=\"101\" data-td_block_id=\"tdi_13\" href=\"#\">Felszerel\u00e9s<\/a><\/li><li class=\"td-subcat-item\"><a class=\"td-subcat-link\" id=\"tdi_20\" data-td_filter_value=\"90\" data-td_block_id=\"tdi_13\" href=\"#\">Fot\u00f3m\u0171v\u00e9szet<\/a><\/li><li class=\"td-subcat-item\"><a class=\"td-subcat-link\" id=\"tdi_21\" data-td_filter_value=\"102\" data-td_block_id=\"tdi_13\" href=\"#\">Fot\u00f3p\u00e1ly\u00e1zatok<\/a><\/li><li class=\"td-subcat-item\"><a class=\"td-subcat-link\" id=\"tdi_22\" data-td_filter_value=\"91\" data-td_block_id=\"tdi_13\" href=\"#\">Fot\u00f3riporter<\/a><\/li><li class=\"td-subcat-item\"><a class=\"td-subcat-link\" id=\"tdi_23\" data-td_filter_value=\"103\" data-td_block_id=\"tdi_13\" href=\"#\">H\u00edrek<\/a><\/li><li class=\"td-subcat-item\"><a class=\"td-subcat-link\" id=\"tdi_24\" data-td_filter_value=\"104\" data-td_block_id=\"tdi_13\" href=\"#\">K\u00f6nyvaj\u00e1nl\u00f3<\/a><\/li><li class=\"td-subcat-item\"><a class=\"td-subcat-link\" id=\"tdi_25\" data-td_filter_value=\"92\" data-td_block_id=\"tdi_13\" href=\"#\">Magazin<\/a><\/li><li class=\"td-subcat-item\"><a class=\"td-subcat-link\" id=\"tdi_26\" data-td_filter_value=\"93\" data-td_block_id=\"tdi_13\" href=\"#\">M\u00falt sz\u00e1zad<\/a><\/li><li class=\"td-subcat-item\"><a class=\"td-subcat-link\" id=\"tdi_27\" data-td_filter_value=\"94\" data-td_block_id=\"tdi_13\" href=\"#\">Portr\u00e9, emberek<\/a><\/li><li class=\"td-subcat-item\"><a class=\"td-subcat-link\" id=\"tdi_28\" data-td_filter_value=\"180\" data-td_block_id=\"tdi_13\" href=\"#\">T\u00e1jk\u00e9p<\/a><\/li><li class=\"td-subcat-item\"><a class=\"td-subcat-link\" id=\"tdi_29\" data-td_filter_value=\"95\" data-td_block_id=\"tdi_13\" href=\"#\">T\u00e1rgyfot\u00f3<\/a><\/li><li class=\"td-subcat-item\"><a class=\"td-subcat-link\" id=\"tdi_30\" data-td_filter_value=\"96\" data-td_block_id=\"tdi_13\" href=\"#\">Tech<\/a><\/li><li class=\"td-subcat-item\"><a class=\"td-subcat-link\" id=\"tdi_31\" data-td_filter_value=\"97\" data-td_block_id=\"tdi_13\" href=\"#\">Term\u00e9szetfot\u00f3<\/a><\/li><li class=\"td-subcat-item\"><a class=\"td-subcat-link\" id=\"tdi_32\" data-td_filter_value=\"98\" data-td_block_id=\"tdi_13\" href=\"#\">Tippek<\/a><\/li><\/ul><div class=\"td-subcat-dropdown\"><div class=\"td-subcat-more\" aria-haspopup=\"true\"><span>More<\/span><i class=\"td-icon-read-down\"><\/i><\/div><ul class=\"td-pulldown-filter-list\"><\/ul><\/div><\/div><\/div><div id=tdi_13 class=\"td_block_inner\">\n\n\t<div class=\"td-block-row\">\n\n\t<div class=\"td-block-span6\">\n\r\n        <div class=\"td_module_4 td_module_wrap td-animation-stack\">\r\n            <div class=\"td-module-image\">\r\n                <div class=\"td-module-thumb\"><a href=\"https:\/\/photonet.hu\/online\/magazin\/fotopalyazatok\/capa-nagydij-2026-palyazat\/\"  rel=\"bookmark\" class=\"td-image-wrap \" title=\"Capa-nagyd\u00edj 2026 p\u00e1ly\u00e1zat\" ><img decoding=\"async\" width=\"324\" height=\"235\" class=\"entry-thumb\" src=\"https:\/\/photonet.hu\/online\/wp-content\/uploads\/2026\/04\/capa_nagydij_foto_palyazat-324x235.webp\"   alt=\"Capa-nagyd\u00edj 2026 fot\u00f3p\u00e1ly\u00e1zat\" title=\"Capa-nagyd\u00edj 2026 p\u00e1ly\u00e1zat\" \/><\/a><\/div>                            <\/div>\r\n\r\n            <h3 class=\"entry-title td-module-title\"><a href=\"https:\/\/photonet.hu\/online\/magazin\/fotopalyazatok\/capa-nagydij-2026-palyazat\/\"  rel=\"bookmark\" title=\"Capa-nagyd\u00edj 2026 p\u00e1ly\u00e1zat\">Capa-nagyd\u00edj 2026 p\u00e1ly\u00e1zat<\/a><\/h3>\r\n            <div class=\"td-module-meta-info\">\r\n                <span class=\"td-post-author-name\"><a href=\"https:\/\/photonet.hu\/online\/author\/photonet\/\">photonet<\/a> <span>-<\/span> <\/span>                <span class=\"td-post-date\"><time class=\"entry-date updated td-module-date\" datetime=\"2026-04-21T16:04:58+02:00\" >2026. \u00e1prilis 21.<\/time><\/span>                <span class=\"td-module-comments\"><a href=\"https:\/\/photonet.hu\/online\/magazin\/fotopalyazatok\/capa-nagydij-2026-palyazat\/#respond\">0<\/a><\/span>            <\/div>\r\n\r\n            <div class=\"td-excerpt\">\r\n                \n\u00daj lehet\u0151s\u00e9g a k\u00f6z\u00e9pgener\u00e1ci\u00f3s fotogr\u00e1fusok sz\u00e1m\u00e1ra\n\n\n\nA Robert Capa Kort\u00e1rs Fotogr\u00e1fiai K\u00f6zpont meghirdette a 2026. \u00e9vi Capa-nagyd\u00edj p\u00e1ly\u00e1zat\u00e1t, amely a magyar fotogr\u00e1fiai szc\u00e9na egyik meghat\u00e1roz\u00f3...            <\/div>\r\n\r\n            \r\n        <\/div>\r\n\r\n        \n\t<\/div> <!-- .\/td-block-span6 -->\n\n\t<div class=\"td-block-span6\">\n\r\n        <div class=\"td_module_6 td_module_wrap td-animation-stack\">\r\n\r\n        <div class=\"td-module-thumb\"><a href=\"https:\/\/photonet.hu\/online\/magazin\/esemenyek\/robert-capa-magyar-riport-1948-fotokiallitas\/\"  rel=\"bookmark\" class=\"td-image-wrap \" title=\"Robert Capa: Magyar riport, 1948 fot\u00f3ki\u00e1ll\u00edt\u00e1s\" ><img decoding=\"async\" width=\"100\" height=\"70\" class=\"entry-thumb\" src=\"https:\/\/photonet.hu\/online\/wp-content\/uploads\/2026\/04\/robert_capa_magyar_riport_1948_fotokiallitas-100x70.webp\"  srcset=\"https:\/\/photonet.hu\/online\/wp-content\/uploads\/2026\/04\/robert_capa_magyar_riport_1948_fotokiallitas-100x70.webp 100w, https:\/\/photonet.hu\/online\/wp-content\/uploads\/2026\/04\/robert_capa_magyar_riport_1948_fotokiallitas-218x150.webp 218w\" sizes=\"(max-width: 100px) 100vw, 100px\"  alt=\"Robert Capa: Magyar riport, 1948 fot\u00f3ki\u00e1ll\u00edt\u00e1s\" title=\"Robert Capa: Magyar riport, 1948 fot\u00f3ki\u00e1ll\u00edt\u00e1s\" \/><\/a><\/div>\r\n        <div class=\"item-details\">\r\n            <h3 class=\"entry-title td-module-title\"><a href=\"https:\/\/photonet.hu\/online\/magazin\/esemenyek\/robert-capa-magyar-riport-1948-fotokiallitas\/\"  rel=\"bookmark\" title=\"Robert Capa: Magyar riport, 1948 fot\u00f3ki\u00e1ll\u00edt\u00e1s\">Robert Capa: Magyar riport, 1948 fot\u00f3ki\u00e1ll\u00edt\u00e1s<\/a><\/h3>            <div class=\"td-module-meta-info\">\r\n                                                <span class=\"td-post-date\"><time class=\"entry-date updated td-module-date\" datetime=\"2026-04-08T16:10:22+02:00\" >2026. \u00e1prilis 8.<\/time><\/span>                            <\/div>\r\n        <\/div>\r\n\r\n        <\/div>\r\n\r\n        \r\n        <div class=\"td_module_6 td_module_wrap td-animation-stack\">\r\n\r\n        <div class=\"td-module-thumb\"><a href=\"https:\/\/photonet.hu\/online\/magazin\/fotopalyazatok\/csodas-termeszet-a-termeszet-csodai-fotopalyazat-2026\/\"  rel=\"bookmark\" class=\"td-image-wrap \" title=\"Csod\u00e1s term\u00e9szet, a term\u00e9szet csod\u00e1i fot\u00f3p\u00e1ly\u00e1zat 2026\" ><img decoding=\"async\" width=\"100\" height=\"70\" class=\"entry-thumb\" src=\"https:\/\/photonet.hu\/online\/wp-content\/uploads\/2026\/04\/akademia_csodas_termeszet_termeszet_csodai_fotopalyazat_2026-100x70.webp\"  srcset=\"https:\/\/photonet.hu\/online\/wp-content\/uploads\/2026\/04\/akademia_csodas_termeszet_termeszet_csodai_fotopalyazat_2026-100x70.webp 100w, https:\/\/photonet.hu\/online\/wp-content\/uploads\/2026\/04\/akademia_csodas_termeszet_termeszet_csodai_fotopalyazat_2026-218x150.webp 218w\" sizes=\"(max-width: 100px) 100vw, 100px\"  alt=\"Csod\u00e1s term\u00e9szet, a term\u00e9szet csod\u00e1i fot\u00f3p\u00e1ly\u00e1zat 2026\" title=\"Csod\u00e1s term\u00e9szet, a term\u00e9szet csod\u00e1i fot\u00f3p\u00e1ly\u00e1zat 2026\" \/><\/a><\/div>\r\n        <div class=\"item-details\">\r\n            <h3 class=\"entry-title td-module-title\"><a href=\"https:\/\/photonet.hu\/online\/magazin\/fotopalyazatok\/csodas-termeszet-a-termeszet-csodai-fotopalyazat-2026\/\"  rel=\"bookmark\" title=\"Csod\u00e1s term\u00e9szet, a term\u00e9szet csod\u00e1i fot\u00f3p\u00e1ly\u00e1zat 2026\">Csod\u00e1s term\u00e9szet, a term\u00e9szet csod\u00e1i fot\u00f3p\u00e1ly\u00e1zat 2026<\/a><\/h3>            <div class=\"td-module-meta-info\">\r\n                                                <span class=\"td-post-date\"><time class=\"entry-date updated td-module-date\" datetime=\"2026-04-02T16:50:33+02:00\" >2026. \u00e1prilis 2.<\/time><\/span>                            <\/div>\r\n        <\/div>\r\n\r\n        <\/div>\r\n\r\n        \r\n        <div class=\"td_module_6 td_module_wrap td-animation-stack\">\r\n\r\n        <div class=\"td-module-thumb\"><a href=\"https:\/\/photonet.hu\/online\/magazin\/esemenyek\/budapest-fotofesztival-10-2026\/\"  rel=\"bookmark\" class=\"td-image-wrap \" title=\"Budapest Fot\u00f3Fesztiv\u00e1l 10. 2026\" ><img decoding=\"async\" width=\"100\" height=\"70\" class=\"entry-thumb\" src=\"https:\/\/photonet.hu\/online\/wp-content\/uploads\/2026\/03\/budapest_photo_fesztival_2026_kiallitas-100x70.webp\"  srcset=\"https:\/\/photonet.hu\/online\/wp-content\/uploads\/2026\/03\/budapest_photo_fesztival_2026_kiallitas-100x70.webp 100w, https:\/\/photonet.hu\/online\/wp-content\/uploads\/2026\/03\/budapest_photo_fesztival_2026_kiallitas-218x150.webp 218w\" sizes=\"(max-width: 100px) 100vw, 100px\"  alt=\"Budapest Fot\u00f3Fesztiv\u00e1l 2026 ki\u00e1ll\u00edt\u00e1sok \u00e9s esem\u00e9nyek\" title=\"Budapest Fot\u00f3Fesztiv\u00e1l 10. 2026\" \/><\/a><\/div>\r\n        <div class=\"item-details\">\r\n            <h3 class=\"entry-title td-module-title\"><a href=\"https:\/\/photonet.hu\/online\/magazin\/esemenyek\/budapest-fotofesztival-10-2026\/\"  rel=\"bookmark\" title=\"Budapest Fot\u00f3Fesztiv\u00e1l 10. 2026\">Budapest Fot\u00f3Fesztiv\u00e1l 10. 2026<\/a><\/h3>            <div class=\"td-module-meta-info\">\r\n                                                <span class=\"td-post-date\"><time class=\"entry-date updated td-module-date\" datetime=\"2026-03-26T16:56:11+02:00\" >2026. m\u00e1rcius 26.<\/time><\/span>                            <\/div>\r\n        <\/div>\r\n\r\n        <\/div>\r\n\r\n        \r\n        <div class=\"td_module_6 td_module_wrap td-animation-stack\">\r\n\r\n        <div class=\"td-module-thumb\"><a href=\"https:\/\/photonet.hu\/online\/magazin\/fotopalyazatok\/huawei-xmage-awards-2026-fotopalyazat\/\"  rel=\"bookmark\" class=\"td-image-wrap \" title=\"HUAWEI XMAGE Awards 2026 fot\u00f3p\u00e1ly\u00e1zat\" ><img decoding=\"async\" width=\"100\" height=\"70\" class=\"entry-thumb\" src=\"https:\/\/photonet.hu\/online\/wp-content\/uploads\/2026\/03\/huaweii_xmage_2026_fotopalyazat-100x70.webp\"  srcset=\"https:\/\/photonet.hu\/online\/wp-content\/uploads\/2026\/03\/huaweii_xmage_2026_fotopalyazat-100x70.webp 100w, https:\/\/photonet.hu\/online\/wp-content\/uploads\/2026\/03\/huaweii_xmage_2026_fotopalyazat-218x150.webp 218w\" sizes=\"(max-width: 100px) 100vw, 100px\"  alt=\"Huawei fot\u00f3p\u00e1ly\u00e1zat 2026 - HUAWEI XMAGE\" title=\"HUAWEI XMAGE Awards 2026 fot\u00f3p\u00e1ly\u00e1zat\" \/><\/a><\/div>\r\n        <div class=\"item-details\">\r\n            <h3 class=\"entry-title td-module-title\"><a href=\"https:\/\/photonet.hu\/online\/magazin\/fotopalyazatok\/huawei-xmage-awards-2026-fotopalyazat\/\"  rel=\"bookmark\" title=\"HUAWEI XMAGE Awards 2026 fot\u00f3p\u00e1ly\u00e1zat\">HUAWEI XMAGE Awards 2026 fot\u00f3p\u00e1ly\u00e1zat<\/a><\/h3>            <div class=\"td-module-meta-info\">\r\n                                                <span class=\"td-post-date\"><time class=\"entry-date updated td-module-date\" datetime=\"2026-03-25T13:00:00+02:00\" >2026. m\u00e1rcius 25.<\/time><\/span>                            <\/div>\r\n        <\/div>\r\n\r\n        <\/div>\r\n\r\n        \r\n        <div class=\"td_module_6 td_module_wrap td-animation-stack\">\r\n\r\n        <div class=\"td-module-thumb\"><a href=\"https:\/\/photonet.hu\/online\/magazin\/a-divat-es-reklamfotozas-szerepe-a-tobbplatformos-vizualis-kommunikacioban\/\"  rel=\"bookmark\" class=\"td-image-wrap \" title=\"A divat- \u00e9s rekl\u00e1mfot\u00f3z\u00e1s szerepe a t\u00f6bbplatformos vizu\u00e1lis kommunik\u00e1ci\u00f3ban\" ><img decoding=\"async\" width=\"100\" height=\"70\" class=\"entry-thumb\" src=\"https:\/\/photonet.hu\/online\/wp-content\/uploads\/2026\/03\/javier_laos_photography_targyfoto_005-100x70.jpg\"  srcset=\"https:\/\/photonet.hu\/online\/wp-content\/uploads\/2026\/03\/javier_laos_photography_targyfoto_005-100x70.jpg 100w, https:\/\/photonet.hu\/online\/wp-content\/uploads\/2026\/03\/javier_laos_photography_targyfoto_005-218x150.jpg 218w\" sizes=\"(max-width: 100px) 100vw, 100px\"  alt=\"Divat- \u00e9s Rekl\u00e1mfot\u00f3z\u00e1s - Javier Laos fotogr\u00e1fus - fot\u00f3m\u0171v\u00e9szet\" title=\"A divat- \u00e9s rekl\u00e1mfot\u00f3z\u00e1s szerepe a t\u00f6bbplatformos vizu\u00e1lis kommunik\u00e1ci\u00f3ban\" \/><\/a><\/div>\r\n        <div class=\"item-details\">\r\n            <h3 class=\"entry-title td-module-title\"><a href=\"https:\/\/photonet.hu\/online\/magazin\/a-divat-es-reklamfotozas-szerepe-a-tobbplatformos-vizualis-kommunikacioban\/\"  rel=\"bookmark\" title=\"A divat- \u00e9s rekl\u00e1mfot\u00f3z\u00e1s szerepe a t\u00f6bbplatformos vizu\u00e1lis kommunik\u00e1ci\u00f3ban\">A divat- \u00e9s rekl\u00e1mfot\u00f3z\u00e1s szerepe a t\u00f6bbplatformos vizu\u00e1lis kommunik\u00e1ci\u00f3ban<\/a><\/h3>            <div class=\"td-module-meta-info\">\r\n                                                <span class=\"td-post-date\"><time class=\"entry-date updated td-module-date\" datetime=\"2026-03-16T12:04:33+02:00\" >2026. m\u00e1rcius 16.<\/time><\/span>                            <\/div>\r\n        <\/div>\r\n\r\n        <\/div>\r\n\r\n        \n\t<\/div> <!-- .\/td-block-span6 --><\/div><!--.\/row-fluid--><\/div><\/div> <!-- .\/block --><div class=\"td_block_wrap td_block_15 tdi_33 td_with_ajax_pagination td-pb-border-top td_block_template_1 td-column-2 td_block_padding\"  data-td-block-uid=\"tdi_33\" >\n<style>\n.td-theme-wrap .tdi_33 .td-pulldown-filter-link:hover,\r\n            .td-theme-wrap .tdi_33 .td-subcat-item a:hover,\r\n            .td-theme-wrap .tdi_33 .td-subcat-item .td-cur-simple-item {\r\n                color: #66bb6a;\r\n            }\r\n\r\n            .td-theme-wrap .tdi_33 .block-title > *,\r\n            .td-theme-wrap .tdi_33 .td-subcat-dropdown:hover .td-subcat-more {\r\n                background-color: #66bb6a;\r\n            }\r\n            .td-theme-wrap .td-footer-wrapper .tdi_33 .block-title > * {\r\n                padding: 6px 7px 5px;\r\n                line-height: 1;\r\n            }\r\n\r\n            .td-theme-wrap .tdi_33 .block-title {\r\n                border-color: #66bb6a;\r\n            }\r\n\r\n            \r\n            .td-theme-wrap .tdi_33 .td_module_wrap:hover .entry-title a,\r\n            .td-theme-wrap .tdi_33 .td_quote_on_blocks,\r\n            .td-theme-wrap .tdi_33 .td-opacity-cat .td-post-category:hover,\r\n            .td-theme-wrap .tdi_33 .td-opacity-read .td-read-more a:hover,\r\n            .td-theme-wrap .tdi_33 .td-opacity-author .td-post-author-name a:hover,\r\n            .td-theme-wrap .tdi_33 .td-instagram-user a {\r\n                color: #66bb6a;\r\n            }\r\n\r\n            .td-theme-wrap .tdi_33 .td-next-prev-wrap a:hover,\r\n            .td-theme-wrap .tdi_33 .td-load-more-wrap a:hover {\r\n                background-color: #66bb6a;\r\n                border-color: #66bb6a;\r\n            }\r\n\r\n            .td-theme-wrap .tdi_33 .td-read-more a,\r\n            .td-theme-wrap .tdi_33 .td-weather-information:before,\r\n            .td-theme-wrap .tdi_33 .td-weather-week:before,\r\n            .td-theme-wrap .tdi_33 .td-exchange-header:before,\r\n            .td-theme-wrap .td-footer-wrapper .tdi_33 .td-post-category,\r\n            .td-theme-wrap .tdi_33 .td-post-category:hover {\r\n                background-color: #66bb6a;\r\n            }\n<\/style><script>var block_tdi_33 = new tdBlock();\nblock_tdi_33.id = \"tdi_33\";\nblock_tdi_33.atts = '{\"custom_title\":\"Fot\\u00f3m\\u0171v\\u00e9szet\",\"header_color\":\"#66bb6a\",\"category_id\":\"90\",\"limit\":\"6\",\"ajax_pagination\":\"next_prev\",\"sort\":\"\",\"custom_url\":\"https:\\\/\\\/photonet.hu\\\/online\\\/fotomuveszet\\\/\",\"block_type\":\"td_block_15\",\"separator\":\"\",\"block_template_id\":\"\",\"mx4_tl\":\"\",\"post_ids\":\"\",\"taxonomies\":\"\",\"category_ids\":\"\",\"in_all_terms\":\"\",\"tag_slug\":\"\",\"autors_id\":\"\",\"installed_post_types\":\"\",\"include_cf_posts\":\"\",\"exclude_cf_posts\":\"\",\"popular_by_date\":\"\",\"linked_posts\":\"\",\"favourite_only\":\"\",\"offset\":\"\",\"open_in_new_window\":\"\",\"show_modified_date\":\"\",\"time_ago\":\"\",\"time_ago_add_txt\":\"ago\",\"time_ago_txt_pos\":\"\",\"review_source\":\"\",\"el_class\":\"\",\"td_ajax_filter_type\":\"\",\"td_ajax_filter_ids\":\"\",\"td_filter_default_txt\":\"All\",\"td_ajax_preloading\":\"\",\"f_header_font_header\":\"\",\"f_header_font_title\":\"Block header\",\"f_header_font_settings\":\"\",\"f_header_font_family\":\"\",\"f_header_font_size\":\"\",\"f_header_font_line_height\":\"\",\"f_header_font_style\":\"\",\"f_header_font_weight\":\"\",\"f_header_font_transform\":\"\",\"f_header_font_spacing\":\"\",\"f_header_\":\"\",\"f_ajax_font_title\":\"Ajax categories\",\"f_ajax_font_settings\":\"\",\"f_ajax_font_family\":\"\",\"f_ajax_font_size\":\"\",\"f_ajax_font_line_height\":\"\",\"f_ajax_font_style\":\"\",\"f_ajax_font_weight\":\"\",\"f_ajax_font_transform\":\"\",\"f_ajax_font_spacing\":\"\",\"f_ajax_\":\"\",\"f_more_font_title\":\"Load more button\",\"f_more_font_settings\":\"\",\"f_more_font_family\":\"\",\"f_more_font_size\":\"\",\"f_more_font_line_height\":\"\",\"f_more_font_style\":\"\",\"f_more_font_weight\":\"\",\"f_more_font_transform\":\"\",\"f_more_font_spacing\":\"\",\"f_more_\":\"\",\"mx4f_title_font_header\":\"\",\"mx4f_title_font_title\":\"Article title\",\"mx4f_title_font_settings\":\"\",\"mx4f_title_font_family\":\"\",\"mx4f_title_font_size\":\"\",\"mx4f_title_font_line_height\":\"\",\"mx4f_title_font_style\":\"\",\"mx4f_title_font_weight\":\"\",\"mx4f_title_font_transform\":\"\",\"mx4f_title_font_spacing\":\"\",\"mx4f_title_\":\"\",\"mx4f_cat_font_title\":\"Article category tag\",\"mx4f_cat_font_settings\":\"\",\"mx4f_cat_font_family\":\"\",\"mx4f_cat_font_size\":\"\",\"mx4f_cat_font_line_height\":\"\",\"mx4f_cat_font_style\":\"\",\"mx4f_cat_font_weight\":\"\",\"mx4f_cat_font_transform\":\"\",\"mx4f_cat_font_spacing\":\"\",\"mx4f_cat_\":\"\",\"ajax_pagination_next_prev_swipe\":\"\",\"ajax_pagination_infinite_stop\":\"\",\"css\":\"\",\"tdc_css\":\"\",\"td_column_number\":2,\"color_preset\":\"\",\"border_top\":\"\",\"class\":\"tdi_33\",\"tdc_css_class\":\"tdi_33\",\"tdc_css_class_style\":\"tdi_33_rand_style\"}';\nblock_tdi_33.td_column_number = \"2\";\nblock_tdi_33.block_type = \"td_block_15\";\nblock_tdi_33.post_count = \"6\";\nblock_tdi_33.found_posts = \"24\";\nblock_tdi_33.header_color = \"#66bb6a\";\nblock_tdi_33.ajax_pagination_infinite_stop = \"\";\nblock_tdi_33.max_num_pages = \"4\";\ntdBlocksArray.push(block_tdi_33);\n<\/script><div class=\"td-block-title-wrap\"><h4 class=\"block-title td-block-title\"><a href=\"https:\/\/photonet.hu\/online\/fotomuveszet\/\" class=\"td-pulldown-size\">Fot\u00f3m\u0171v\u00e9szet<\/a><\/h4><\/div><div id=tdi_33 class=\"td_block_inner td-column-2\">\n\n\t<div class=\"td-block-row\">\n\n\t<div class=\"td-block-span4\">\n\r\n        <div class=\"td_module_mx4 td_module_wrap td-animation-stack\">\r\n            <div class=\"td-module-image\">\r\n                <div class=\"td-module-thumb\"><a href=\"https:\/\/photonet.hu\/online\/fotomuveszet\/mult-szazad\/robert-capa-a-haditudosito-aki-szemelyes-tortenetkent-fotozta-a-tortenelmet\/\"  rel=\"bookmark\" class=\"td-image-wrap \" title=\"Robert Capa: a haditud\u00f3s\u00edt\u00f3, aki szem\u00e9lyes t\u00f6rt\u00e9netk\u00e9nt fot\u00f3zta a t\u00f6rt\u00e9nelmet\" ><img decoding=\"async\" class=\"entry-thumb\" src=\"data:image\/png;base64,iVBORw0KGgoAAAANSUhEUgAAANoAAACWAQMAAACCSQSPAAAAA1BMVEWurq51dlI4AAAAAXRSTlMmkutdmwAAABpJREFUWMPtwQENAAAAwiD7p7bHBwwAAAAg7RD+AAGXD7BoAAAAAElFTkSuQmCC\" alt=\"Robert Capa fotogr\u00e1fus, haditud\u00f3s\u00edt\u00f3\" title=\"Robert Capa: a haditud\u00f3s\u00edt\u00f3, aki szem\u00e9lyes t\u00f6rt\u00e9netk\u00e9nt fot\u00f3zta a t\u00f6rt\u00e9nelmet\" data-type=\"image_tag\" data-img-url=\"https:\/\/photonet.hu\/online\/wp-content\/uploads\/2026\/04\/robert_capa_photographer_gerda_taro_photography-218x150.webp\"  width=\"218\" height=\"150\" \/><\/a><\/div>                            <\/div>\r\n\r\n            <h3 class=\"entry-title td-module-title\"><a href=\"https:\/\/photonet.hu\/online\/fotomuveszet\/mult-szazad\/robert-capa-a-haditudosito-aki-szemelyes-tortenetkent-fotozta-a-tortenelmet\/\"  rel=\"bookmark\" title=\"Robert Capa: a haditud\u00f3s\u00edt\u00f3, aki szem\u00e9lyes t\u00f6rt\u00e9netk\u00e9nt fot\u00f3zta a t\u00f6rt\u00e9nelmet\">Robert Capa: a haditud\u00f3s\u00edt\u00f3, aki szem\u00e9lyes t\u00f6rt\u00e9netk\u00e9nt fot\u00f3zta a t\u00f6rt\u00e9nelmet<\/a><\/h3>\r\n        <\/div>\r\n\r\n        \n\t<\/div> <!-- .\/td-block-span4 -->\n\n\t<div class=\"td-block-span4\">\n\r\n        <div class=\"td_module_mx4 td_module_wrap td-animation-stack\">\r\n            <div class=\"td-module-image\">\r\n                <div class=\"td-module-thumb\"><a href=\"https:\/\/photonet.hu\/online\/fotomuveszet\/fotoriporter\/rene-burri-utopia-modern-epiteszet-es-fotoriport\/\"  rel=\"bookmark\" class=\"td-image-wrap \" title=\"Ren\u00e9 Burri: Ut\u00f3pia \u2013 modern \u00e9p\u00edt\u00e9szet \u00e9s fot\u00f3riport\" ><img decoding=\"async\" class=\"entry-thumb\" src=\"data:image\/png;base64,iVBORw0KGgoAAAANSUhEUgAAANoAAACWAQMAAACCSQSPAAAAA1BMVEWurq51dlI4AAAAAXRSTlMmkutdmwAAABpJREFUWMPtwQENAAAAwiD7p7bHBwwAAAAg7RD+AAGXD7BoAAAAAElFTkSuQmCC\" alt=\"Ren\u00e9 Burri Ut\u00f3pia ki\u00e1ll\u00edt\u00e1s\" title=\"Ren\u00e9 Burri: Ut\u00f3pia \u2013 modern \u00e9p\u00edt\u00e9szet \u00e9s fot\u00f3riport\" data-type=\"image_tag\" data-img-url=\"https:\/\/photonet.hu\/online\/wp-content\/uploads\/2026\/03\/rene_burri_utopia_photography_exhibition_mucsarnok-218x150.webp\"  width=\"218\" height=\"150\" \/><\/a><\/div>                            <\/div>\r\n\r\n            <h3 class=\"entry-title td-module-title\"><a href=\"https:\/\/photonet.hu\/online\/fotomuveszet\/fotoriporter\/rene-burri-utopia-modern-epiteszet-es-fotoriport\/\"  rel=\"bookmark\" title=\"Ren\u00e9 Burri: Ut\u00f3pia \u2013 modern \u00e9p\u00edt\u00e9szet \u00e9s fot\u00f3riport\">Ren\u00e9 Burri: Ut\u00f3pia \u2013 modern \u00e9p\u00edt\u00e9szet \u00e9s fot\u00f3riport<\/a><\/h3>\r\n        <\/div>\r\n\r\n        \n\t<\/div> <!-- .\/td-block-span4 -->\n\n\t<div class=\"td-block-span4\">\n\r\n        <div class=\"td_module_mx4 td_module_wrap td-animation-stack\">\r\n            <div class=\"td-module-image\">\r\n                <div class=\"td-module-thumb\"><a href=\"https:\/\/photonet.hu\/online\/fotomuveszet\/divat-reklamfoto\/javier-laos-reklamfotografus\/\"  rel=\"bookmark\" class=\"td-image-wrap \" title=\"Javier Laos rekl\u00e1mfotogr\u00e1fus\" ><img decoding=\"async\" class=\"entry-thumb\" src=\"data:image\/png;base64,iVBORw0KGgoAAAANSUhEUgAAANoAAACWAQMAAACCSQSPAAAAA1BMVEWurq51dlI4AAAAAXRSTlMmkutdmwAAABpJREFUWMPtwQENAAAAwiD7p7bHBwwAAAAg7RD+AAGXD7BoAAAAAElFTkSuQmCC\" alt=\"Javier Laos photography - divat- \u00e9s rekl\u00e1mfot\u00f3\" title=\"Javier Laos rekl\u00e1mfotogr\u00e1fus\" data-type=\"image_tag\" data-img-url=\"https:\/\/photonet.hu\/online\/wp-content\/uploads\/2026\/03\/javier_laos_photographer_divat_reklam_foto-218x150.webp\"  width=\"218\" height=\"150\" \/><\/a><\/div>                            <\/div>\r\n\r\n            <h3 class=\"entry-title td-module-title\"><a href=\"https:\/\/photonet.hu\/online\/fotomuveszet\/divat-reklamfoto\/javier-laos-reklamfotografus\/\"  rel=\"bookmark\" title=\"Javier Laos rekl\u00e1mfotogr\u00e1fus\">Javier Laos rekl\u00e1mfotogr\u00e1fus<\/a><\/h3>\r\n        <\/div>\r\n\r\n        \n\t<\/div> <!-- .\/td-block-span4 --><\/div><!--.\/row-fluid-->\n\n\t<div class=\"td-block-row\">\n\n\t<div class=\"td-block-span4\">\n\r\n        <div class=\"td_module_mx4 td_module_wrap td-animation-stack\">\r\n            <div class=\"td-module-image\">\r\n                <div class=\"td-module-thumb\"><a href=\"https:\/\/photonet.hu\/online\/fotomuveszet\/portre-emberek\/mathieu-bitton-a-fotomuveszet-sokoldalu-mestere\/\"  rel=\"bookmark\" class=\"td-image-wrap \" title=\"Mathieu Bitton a fot\u00f3m\u0171v\u00e9szet sokoldal\u00fa mestere\" ><img decoding=\"async\" class=\"entry-thumb\" src=\"data:image\/png;base64,iVBORw0KGgoAAAANSUhEUgAAANoAAACWAQMAAACCSQSPAAAAA1BMVEWurq51dlI4AAAAAXRSTlMmkutdmwAAABpJREFUWMPtwQENAAAAwiD7p7bHBwwAAAAg7RD+AAGXD7BoAAAAAElFTkSuQmCC\" alt=\"Mathieu Bitton by Jason Roman - fot\u00f3m\u0171v\u00e9szet\" title=\"Mathieu Bitton a fot\u00f3m\u0171v\u00e9szet sokoldal\u00fa mestere\" data-type=\"image_tag\" data-img-url=\"https:\/\/photonet.hu\/online\/wp-content\/uploads\/2025\/03\/mathieu_bitton_portrait_by_jason_roman_825-218x150.jpg\"  width=\"218\" height=\"150\" \/><\/a><\/div>                            <\/div>\r\n\r\n            <h3 class=\"entry-title td-module-title\"><a href=\"https:\/\/photonet.hu\/online\/fotomuveszet\/portre-emberek\/mathieu-bitton-a-fotomuveszet-sokoldalu-mestere\/\"  rel=\"bookmark\" title=\"Mathieu Bitton a fot\u00f3m\u0171v\u00e9szet sokoldal\u00fa mestere\">Mathieu Bitton a fot\u00f3m\u0171v\u00e9szet sokoldal\u00fa mestere<\/a><\/h3>\r\n        <\/div>\r\n\r\n        \n\t<\/div> <!-- .\/td-block-span4 -->\n\n\t<div class=\"td-block-span4\">\n\r\n        <div class=\"td_module_mx4 td_module_wrap td-animation-stack\">\r\n            <div class=\"td-module-image\">\r\n                <div class=\"td-module-thumb\"><a href=\"https:\/\/photonet.hu\/online\/fotomuveszet\/portre-emberek\/meghalt-szipal-marton-fotomuvesz\/\"  rel=\"bookmark\" class=\"td-image-wrap \" title=\"Meghalt Szip\u00e1l M\u00e1rton fot\u00f3m\u0171v\u00e9sz\" ><img decoding=\"async\" class=\"entry-thumb\" src=\"data:image\/png;base64,iVBORw0KGgoAAAANSUhEUgAAANoAAACWAQMAAACCSQSPAAAAA1BMVEWurq51dlI4AAAAAXRSTlMmkutdmwAAABpJREFUWMPtwQENAAAAwiD7p7bHBwwAAAAg7RD+AAGXD7BoAAAAAElFTkSuQmCC\" alt=\"Meghalt Szip\u00e1l M\u00e1rton fot\u00f3m\u0171v\u00e9sz\" title=\"Meghalt Szip\u00e1l M\u00e1rton fot\u00f3m\u0171v\u00e9sz\" data-type=\"image_tag\" data-img-url=\"https:\/\/photonet.hu\/online\/wp-content\/uploads\/2016\/05\/szipal_marton-218x150.jpg\"  width=\"218\" height=\"150\" \/><\/a><\/div>                            <\/div>\r\n\r\n            <h3 class=\"entry-title td-module-title\"><a href=\"https:\/\/photonet.hu\/online\/fotomuveszet\/portre-emberek\/meghalt-szipal-marton-fotomuvesz\/\"  rel=\"bookmark\" title=\"Meghalt Szip\u00e1l M\u00e1rton fot\u00f3m\u0171v\u00e9sz\">Meghalt Szip\u00e1l M\u00e1rton fot\u00f3m\u0171v\u00e9sz<\/a><\/h3>\r\n        <\/div>\r\n\r\n        \n\t<\/div> <!-- .\/td-block-span4 -->\n\n\t<div class=\"td-block-span4\">\n\r\n        <div class=\"td_module_mx4 td_module_wrap td-animation-stack\">\r\n            <div class=\"td-module-image\">\r\n                <div class=\"td-module-thumb\"><a href=\"https:\/\/photonet.hu\/online\/fotomuveszet\/mult-szazad\/fanto-bernat-fenykepesz-a-kossuth-radio-musoran\/\"  rel=\"bookmark\" class=\"td-image-wrap \" title=\"Fanto Bern\u00e1t f\u00e9nyk\u00e9p\u00e9sz a Kossuth R\u00e1di\u00f3 m\u0171sor\u00e1n\" ><img decoding=\"async\" class=\"entry-thumb\" src=\"data:image\/png;base64,iVBORw0KGgoAAAANSUhEUgAAANoAAACWAQMAAACCSQSPAAAAA1BMVEWurq51dlI4AAAAAXRSTlMmkutdmwAAABpJREFUWMPtwQENAAAAwiD7p7bHBwwAAAAg7RD+AAGXD7BoAAAAAElFTkSuQmCC\" alt=\"Reg\u00e9nyes t\u00f6rt\u00e9nelem: Fanto Bern\u00e1t a Kossuth R\u00e1di\u00f3 m\u0171sor\u00e1n\" title=\"Fanto Bern\u00e1t f\u00e9nyk\u00e9p\u00e9sz a Kossuth R\u00e1di\u00f3 m\u0171sor\u00e1n\" data-type=\"image_tag\" data-img-url=\"https:\/\/photonet.hu\/online\/wp-content\/uploads\/2016\/03\/fanto_bernat_fenykepesz_kecsekemet-218x150.jpg\"  width=\"218\" height=\"150\" \/><\/a><\/div>                            <\/div>\r\n\r\n            <h3 class=\"entry-title td-module-title\"><a href=\"https:\/\/photonet.hu\/online\/fotomuveszet\/mult-szazad\/fanto-bernat-fenykepesz-a-kossuth-radio-musoran\/\"  rel=\"bookmark\" title=\"Fanto Bern\u00e1t f\u00e9nyk\u00e9p\u00e9sz a Kossuth R\u00e1di\u00f3 m\u0171sor\u00e1n\">Fanto Bern\u00e1t f\u00e9nyk\u00e9p\u00e9sz a Kossuth R\u00e1di\u00f3 m\u0171sor\u00e1n<\/a><\/h3>\r\n        <\/div>\r\n\r\n        \n\t<\/div> <!-- .\/td-block-span4 --><\/div><!--.\/row-fluid--><\/div><div class=\"td-next-prev-wrap\"><a href=\"#\" class=\"td-ajax-prev-page ajax-page-disabled\" aria-label=\"prev-page\" id=\"prev-page-tdi_33\" data-td_block_id=\"tdi_33\"><i class=\"td-next-prev-icon td-icon-font td-icon-menu-left\"><\/i><\/a><a href=\"#\"  class=\"td-ajax-next-page\" aria-label=\"next-page\" id=\"next-page-tdi_33\" data-td_block_id=\"tdi_33\"><i class=\"td-next-prev-icon td-icon-font td-icon-menu-right\"><\/i><\/a><\/div><\/div> <!-- .\/block --><div class=\"clearfix\"><\/div><div class=\"vc_row_inner tdi_35  vc_row vc_inner wpb_row td-pb-row\" >\n<style scoped>\n\/* custom css - generated by TagDiv Composer *\/\n\n\/* custom css - generated by TagDiv Composer *\/\n.tdi_35{\r\n                    position: relative !important;\r\n                    top: 0;\r\n                    transform: none;\r\n                    -webkit-transform: none;\r\n                }.tdi_35,\r\n\t\t\t\t.tdi_35 .tdc-inner-columns{\r\n\t\t\t\t    display: block;\r\n\t\t\t\t}.tdi_35 .tdc-inner-columns{\r\n\t\t\t\t    width: 100%;\r\n\t\t\t\t}\n<\/style><div class=\"vc_column_inner tdi_37  wpb_column vc_column_container tdc-inner-column td-pb-span6\">\n<style scoped>\n\/* custom css - generated by TagDiv Composer *\/\n\n\/* custom css - generated by TagDiv Composer *\/\n.tdi_37{\r\n                    vertical-align: baseline;\r\n                }.tdi_37 .vc_column-inner > .wpb_wrapper,\r\n\t\t\t\t.tdi_37 .vc_column-inner > .wpb_wrapper .tdc-elements{\r\n\t\t\t\t    display: block;\r\n\t\t\t\t}.tdi_37 .vc_column-inner > .wpb_wrapper .tdc-elements{\r\n\t\t\t\t    width: 100%;\r\n\t\t\t\t}\n<\/style><div class=\"vc_column-inner\"><div class=\"wpb_wrapper\" ><div class=\"td_block_wrap td_block_2 tdi_38 td_with_ajax_pagination td-pb-border-top td_block_template_1 td-column-1 td_block_padding\"  data-td-block-uid=\"tdi_38\" >\n<style>\n.td-theme-wrap .tdi_38 .td-pulldown-filter-link:hover,\r\n            .td-theme-wrap .tdi_38 .td-subcat-item a:hover,\r\n            .td-theme-wrap .tdi_38 .td-subcat-item .td-cur-simple-item {\r\n                color: #3f51b5;\r\n            }\r\n\r\n            .td-theme-wrap .tdi_38 .block-title > *,\r\n            .td-theme-wrap .tdi_38 .td-subcat-dropdown:hover .td-subcat-more {\r\n                background-color: #3f51b5;\r\n            }\r\n            .td-theme-wrap .td-footer-wrapper .tdi_38 .block-title > * {\r\n                padding: 6px 7px 5px;\r\n                line-height: 1;\r\n            }\r\n\r\n            .td-theme-wrap .tdi_38 .block-title {\r\n                border-color: #3f51b5;\r\n            }\r\n\r\n            \r\n            .td-theme-wrap .tdi_38 .td_module_wrap:hover .entry-title a,\r\n            .td-theme-wrap .tdi_38 .td_quote_on_blocks,\r\n            .td-theme-wrap .tdi_38 .td-opacity-cat .td-post-category:hover,\r\n            .td-theme-wrap .tdi_38 .td-opacity-read .td-read-more a:hover,\r\n            .td-theme-wrap .tdi_38 .td-opacity-author .td-post-author-name a:hover,\r\n            .td-theme-wrap .tdi_38 .td-instagram-user a {\r\n                color: #3f51b5;\r\n            }\r\n\r\n            .td-theme-wrap .tdi_38 .td-next-prev-wrap a:hover,\r\n            .td-theme-wrap .tdi_38 .td-load-more-wrap a:hover {\r\n                background-color: #3f51b5;\r\n                border-color: #3f51b5;\r\n            }\r\n\r\n            .td-theme-wrap .tdi_38 .td-read-more a,\r\n            .td-theme-wrap .tdi_38 .td-weather-information:before,\r\n            .td-theme-wrap .tdi_38 .td-weather-week:before,\r\n            .td-theme-wrap .tdi_38 .td-exchange-header:before,\r\n            .td-theme-wrap .td-footer-wrapper .tdi_38 .td-post-category,\r\n            .td-theme-wrap .tdi_38 .td-post-category:hover {\r\n                background-color: #3f51b5;\r\n            }\n<\/style><script>var block_tdi_38 = new tdBlock();\nblock_tdi_38.id = \"tdi_38\";\nblock_tdi_38.atts = '{\"custom_title\":\"Esem\\u00e9nyek\",\"header_color\":\"#3f51b5\",\"category_id\":\"99\",\"limit\":\"3\",\"ajax_pagination\":\"next_prev\",\"sort\":\"\",\"block_template_id\":\"\",\"custom_url\":\"https:\\\/\\\/photonet.hu\\\/online\\\/magazin\\\/esemenyek\\\/\",\"block_type\":\"td_block_2\",\"separator\":\"\",\"m2_tl\":\"\",\"m2_el\":\"\",\"m6_tl\":\"\",\"post_ids\":\"\",\"taxonomies\":\"\",\"category_ids\":\"\",\"in_all_terms\":\"\",\"tag_slug\":\"\",\"autors_id\":\"\",\"installed_post_types\":\"\",\"include_cf_posts\":\"\",\"exclude_cf_posts\":\"\",\"popular_by_date\":\"\",\"linked_posts\":\"\",\"favourite_only\":\"\",\"offset\":\"\",\"open_in_new_window\":\"\",\"show_modified_date\":\"\",\"time_ago\":\"\",\"time_ago_add_txt\":\"ago\",\"time_ago_txt_pos\":\"\",\"review_source\":\"\",\"el_class\":\"\",\"td_ajax_filter_type\":\"\",\"td_ajax_filter_ids\":\"\",\"td_filter_default_txt\":\"All\",\"td_ajax_preloading\":\"\",\"f_header_font_header\":\"\",\"f_header_font_title\":\"Block header\",\"f_header_font_settings\":\"\",\"f_header_font_family\":\"\",\"f_header_font_size\":\"\",\"f_header_font_line_height\":\"\",\"f_header_font_style\":\"\",\"f_header_font_weight\":\"\",\"f_header_font_transform\":\"\",\"f_header_font_spacing\":\"\",\"f_header_\":\"\",\"f_ajax_font_title\":\"Ajax categories\",\"f_ajax_font_settings\":\"\",\"f_ajax_font_family\":\"\",\"f_ajax_font_size\":\"\",\"f_ajax_font_line_height\":\"\",\"f_ajax_font_style\":\"\",\"f_ajax_font_weight\":\"\",\"f_ajax_font_transform\":\"\",\"f_ajax_font_spacing\":\"\",\"f_ajax_\":\"\",\"f_more_font_title\":\"Load more button\",\"f_more_font_settings\":\"\",\"f_more_font_family\":\"\",\"f_more_font_size\":\"\",\"f_more_font_line_height\":\"\",\"f_more_font_style\":\"\",\"f_more_font_weight\":\"\",\"f_more_font_transform\":\"\",\"f_more_font_spacing\":\"\",\"f_more_\":\"\",\"m2f_title_font_header\":\"\",\"m2f_title_font_title\":\"Article title\",\"m2f_title_font_settings\":\"\",\"m2f_title_font_family\":\"\",\"m2f_title_font_size\":\"\",\"m2f_title_font_line_height\":\"\",\"m2f_title_font_style\":\"\",\"m2f_title_font_weight\":\"\",\"m2f_title_font_transform\":\"\",\"m2f_title_font_spacing\":\"\",\"m2f_title_\":\"\",\"m2f_cat_font_title\":\"Article category tag\",\"m2f_cat_font_settings\":\"\",\"m2f_cat_font_family\":\"\",\"m2f_cat_font_size\":\"\",\"m2f_cat_font_line_height\":\"\",\"m2f_cat_font_style\":\"\",\"m2f_cat_font_weight\":\"\",\"m2f_cat_font_transform\":\"\",\"m2f_cat_font_spacing\":\"\",\"m2f_cat_\":\"\",\"m2f_meta_font_title\":\"Article meta info\",\"m2f_meta_font_settings\":\"\",\"m2f_meta_font_family\":\"\",\"m2f_meta_font_size\":\"\",\"m2f_meta_font_line_height\":\"\",\"m2f_meta_font_style\":\"\",\"m2f_meta_font_weight\":\"\",\"m2f_meta_font_transform\":\"\",\"m2f_meta_font_spacing\":\"\",\"m2f_meta_\":\"\",\"m2f_ex_font_title\":\"Article excerpt\",\"m2f_ex_font_settings\":\"\",\"m2f_ex_font_family\":\"\",\"m2f_ex_font_size\":\"\",\"m2f_ex_font_line_height\":\"\",\"m2f_ex_font_style\":\"\",\"m2f_ex_font_weight\":\"\",\"m2f_ex_font_transform\":\"\",\"m2f_ex_font_spacing\":\"\",\"m2f_ex_\":\"\",\"m6f_title_font_header\":\"\",\"m6f_title_font_title\":\"Article title\",\"m6f_title_font_settings\":\"\",\"m6f_title_font_family\":\"\",\"m6f_title_font_size\":\"\",\"m6f_title_font_line_height\":\"\",\"m6f_title_font_style\":\"\",\"m6f_title_font_weight\":\"\",\"m6f_title_font_transform\":\"\",\"m6f_title_font_spacing\":\"\",\"m6f_title_\":\"\",\"m6f_cat_font_title\":\"Article category tag\",\"m6f_cat_font_settings\":\"\",\"m6f_cat_font_family\":\"\",\"m6f_cat_font_size\":\"\",\"m6f_cat_font_line_height\":\"\",\"m6f_cat_font_style\":\"\",\"m6f_cat_font_weight\":\"\",\"m6f_cat_font_transform\":\"\",\"m6f_cat_font_spacing\":\"\",\"m6f_cat_\":\"\",\"m6f_meta_font_title\":\"Article meta info\",\"m6f_meta_font_settings\":\"\",\"m6f_meta_font_family\":\"\",\"m6f_meta_font_size\":\"\",\"m6f_meta_font_line_height\":\"\",\"m6f_meta_font_style\":\"\",\"m6f_meta_font_weight\":\"\",\"m6f_meta_font_transform\":\"\",\"m6f_meta_font_spacing\":\"\",\"m6f_meta_\":\"\",\"ajax_pagination_next_prev_swipe\":\"\",\"ajax_pagination_infinite_stop\":\"\",\"css\":\"\",\"tdc_css\":\"\",\"td_column_number\":1,\"color_preset\":\"\",\"border_top\":\"\",\"class\":\"tdi_38\",\"tdc_css_class\":\"tdi_38\",\"tdc_css_class_style\":\"tdi_38_rand_style\"}';\nblock_tdi_38.td_column_number = \"1\";\nblock_tdi_38.block_type = \"td_block_2\";\nblock_tdi_38.post_count = \"3\";\nblock_tdi_38.found_posts = \"53\";\nblock_tdi_38.header_color = \"#3f51b5\";\nblock_tdi_38.ajax_pagination_infinite_stop = \"\";\nblock_tdi_38.max_num_pages = \"18\";\ntdBlocksArray.push(block_tdi_38);\n<\/script><div class=\"td-block-title-wrap\"><h4 class=\"block-title td-block-title\"><a href=\"https:\/\/photonet.hu\/online\/magazin\/esemenyek\/\" class=\"td-pulldown-size\">Esem\u00e9nyek<\/a><\/h4><\/div><div id=tdi_38 class=\"td_block_inner\">\n\n\t<div class=\"td-block-span12\">\n\r\n        <div class=\"td_module_2 td_module_wrap td-animation-stack\">\r\n            <div class=\"td-module-image\">\r\n                <div class=\"td-module-thumb\"><a href=\"https:\/\/photonet.hu\/online\/magazin\/esemenyek\/robert-capa-magyar-riport-1948-fotokiallitas\/\"  rel=\"bookmark\" class=\"td-image-wrap \" title=\"Robert Capa: Magyar riport, 1948 fot\u00f3ki\u00e1ll\u00edt\u00e1s\" ><img decoding=\"async\" class=\"entry-thumb\" src=\"data:image\/png;base64,iVBORw0KGgoAAAANSUhEUgAAAUQAAACgAQMAAABOhoelAAAAA1BMVEWurq51dlI4AAAAAXRSTlMmkutdmwAAAB1JREFUWMPtwTEBAAAAwiD7p\/ZdCGAAAAAAAAAQBxpAAAH8le3bAAAAAElFTkSuQmCC\" alt=\"Robert Capa: Magyar riport, 1948 fot\u00f3ki\u00e1ll\u00edt\u00e1s\" title=\"Robert Capa: Magyar riport, 1948 fot\u00f3ki\u00e1ll\u00edt\u00e1s\" data-type=\"image_tag\" data-img-url=\"https:\/\/photonet.hu\/online\/wp-content\/uploads\/2026\/04\/robert_capa_magyar_riport_1948_fotokiallitas-324x160.webp\"  width=\"324\" height=\"160\" \/><\/a><\/div>                            <\/div>\r\n            <h3 class=\"entry-title td-module-title\"><a href=\"https:\/\/photonet.hu\/online\/magazin\/esemenyek\/robert-capa-magyar-riport-1948-fotokiallitas\/\"  rel=\"bookmark\" title=\"Robert Capa: Magyar riport, 1948 fot\u00f3ki\u00e1ll\u00edt\u00e1s\">Robert Capa: Magyar riport, 1948 fot\u00f3ki\u00e1ll\u00edt\u00e1s<\/a><\/h3>\r\n\r\n            <div class=\"td-module-meta-info\">\r\n                <span class=\"td-post-author-name\"><a href=\"https:\/\/photonet.hu\/online\/author\/photonet\/\">photonet<\/a> <span>-<\/span> <\/span>                <span class=\"td-post-date\"><time class=\"entry-date updated td-module-date\" datetime=\"2026-04-08T16:10:22+02:00\" >2026. \u00e1prilis 8.<\/time><\/span>                <span class=\"td-module-comments\"><a href=\"https:\/\/photonet.hu\/online\/magazin\/esemenyek\/robert-capa-magyar-riport-1948-fotokiallitas\/#comments\">1<\/a><\/span>            <\/div>\r\n\r\n\r\n            <div class=\"td-excerpt\">\r\n                \nRobert Capa eddig nem l\u00e1tott magyarorsz\u00e1gi fot\u00f3i a Capa K\u00f6zpont \u00faj ki\u00e1ll\u00edt\u00e1s\u00e1n\n\n\n\n2026 \u00e1prilis 9. \u00e9s augusztus 23. k\u00f6z\u00f6tt l\u00e1togathat\u00f3 a \u201eMagyar Riport, 1948\u201d c\u00edm\u0171...            <\/div>\r\n\r\n            \r\n        <\/div>\r\n\r\n        \n\t<\/div> <!-- .\/td-block-span12 -->\n\n\t<div class=\"td-block-span12\">\n\r\n        <div class=\"td_module_6 td_module_wrap td-animation-stack\">\r\n\r\n        <div class=\"td-module-thumb\"><a href=\"https:\/\/photonet.hu\/online\/magazin\/esemenyek\/budapest-fotofesztival-10-2026\/\"  rel=\"bookmark\" class=\"td-image-wrap \" title=\"Budapest Fot\u00f3Fesztiv\u00e1l 10. 2026\" ><img decoding=\"async\" class=\"entry-thumb\" src=\"data:image\/png;base64,iVBORw0KGgoAAAANSUhEUgAAAGQAAABGAQMAAAAASKMqAAAAA1BMVEWurq51dlI4AAAAAXRSTlMmkutdmwAAABBJREFUKM9jGAWjYBQMKwAAA9QAAQWBn6cAAAAASUVORK5CYII=\" alt=\"Budapest Fot\u00f3Fesztiv\u00e1l 2026 ki\u00e1ll\u00edt\u00e1sok \u00e9s esem\u00e9nyek\" title=\"Budapest Fot\u00f3Fesztiv\u00e1l 10. 2026\" data-type=\"image_tag\" data-img-url=\"https:\/\/photonet.hu\/online\/wp-content\/uploads\/2026\/03\/budapest_photo_fesztival_2026_kiallitas-100x70.webp\"  width=\"100\" height=\"70\" \/><\/a><\/div>\r\n        <div class=\"item-details\">\r\n            <h3 class=\"entry-title td-module-title\"><a href=\"https:\/\/photonet.hu\/online\/magazin\/esemenyek\/budapest-fotofesztival-10-2026\/\"  rel=\"bookmark\" title=\"Budapest Fot\u00f3Fesztiv\u00e1l 10. 2026\">Budapest Fot\u00f3Fesztiv\u00e1l 10. 2026<\/a><\/h3>            <div class=\"td-module-meta-info\">\r\n                                                <span class=\"td-post-date\"><time class=\"entry-date updated td-module-date\" datetime=\"2026-03-26T16:56:11+02:00\" >2026. m\u00e1rcius 26.<\/time><\/span>                            <\/div>\r\n        <\/div>\r\n\r\n        <\/div>\r\n\r\n        \n\t<\/div> <!-- .\/td-block-span12 -->\n\n\t<div class=\"td-block-span12\">\n\r\n        <div class=\"td_module_6 td_module_wrap td-animation-stack\">\r\n\r\n        <div class=\"td-module-thumb\"><a href=\"https:\/\/photonet.hu\/online\/magazin\/esemenyek\/mome-open-fotokiallitas-a-2025-oszi-fotografia-kepzesek-hallgatoinak-munkai-a-mome-campuson\/\"  rel=\"bookmark\" class=\"td-image-wrap \" title=\"MOME Open fot\u00f3ki\u00e1ll\u00edt\u00e1s: a 2025 \u0151szi fotogr\u00e1fia k\u00e9pz\u00e9sek hallgat\u00f3inak munk\u00e1i a MOME Campuson\" ><img decoding=\"async\" class=\"entry-thumb\" src=\"data:image\/png;base64,iVBORw0KGgoAAAANSUhEUgAAAGQAAABGAQMAAAAASKMqAAAAA1BMVEWurq51dlI4AAAAAXRSTlMmkutdmwAAABBJREFUKM9jGAWjYBQMKwAAA9QAAQWBn6cAAAAASUVORK5CYII=\" alt=\"MOME Open fot\u00f3ki\u00e1ll\u00edt\u00e1s - Zsengell\u00e9r Mikl\u00f3s\" title=\"MOME Open fot\u00f3ki\u00e1ll\u00edt\u00e1s: a 2025 \u0151szi fotogr\u00e1fia k\u00e9pz\u00e9sek hallgat\u00f3inak munk\u00e1i a MOME Campuson\" data-type=\"image_tag\" data-img-url=\"https:\/\/photonet.hu\/online\/wp-content\/uploads\/2026\/03\/mome_open_kiallitas_zsengeller_miklos-100x70.jpg\"  width=\"100\" height=\"70\" \/><\/a><\/div>\r\n        <div class=\"item-details\">\r\n            <h3 class=\"entry-title td-module-title\"><a href=\"https:\/\/photonet.hu\/online\/magazin\/esemenyek\/mome-open-fotokiallitas-a-2025-oszi-fotografia-kepzesek-hallgatoinak-munkai-a-mome-campuson\/\"  rel=\"bookmark\" title=\"MOME Open fot\u00f3ki\u00e1ll\u00edt\u00e1s: a 2025 \u0151szi fotogr\u00e1fia k\u00e9pz\u00e9sek hallgat\u00f3inak munk\u00e1i a MOME Campuson\">MOME Open fot\u00f3ki\u00e1ll\u00edt\u00e1s: a 2025 \u0151szi fotogr\u00e1fia k\u00e9pz\u00e9sek hallgat\u00f3inak munk\u00e1i a...<\/a><\/h3>            <div class=\"td-module-meta-info\">\r\n                                                <span class=\"td-post-date\"><time class=\"entry-date updated td-module-date\" datetime=\"2026-03-05T15:10:23+02:00\" >2026. m\u00e1rcius 5.<\/time><\/span>                            <\/div>\r\n        <\/div>\r\n\r\n        <\/div>\r\n\r\n        \n\t<\/div> <!-- .\/td-block-span12 --><\/div><div class=\"td-next-prev-wrap\"><a href=\"#\" class=\"td-ajax-prev-page ajax-page-disabled\" aria-label=\"prev-page\" id=\"prev-page-tdi_38\" data-td_block_id=\"tdi_38\"><i class=\"td-next-prev-icon td-icon-font td-icon-menu-left\"><\/i><\/a><a href=\"#\"  class=\"td-ajax-next-page\" aria-label=\"next-page\" id=\"next-page-tdi_38\" data-td_block_id=\"tdi_38\"><i class=\"td-next-prev-icon td-icon-font td-icon-menu-right\"><\/i><\/a><\/div><\/div> <!-- .\/block --><\/div><\/div><\/div><div class=\"vc_column_inner tdi_40  wpb_column vc_column_container tdc-inner-column td-pb-span6\">\n<style scoped>\n\/* custom css - generated by TagDiv Composer *\/\n\n\/* custom css - generated by TagDiv Composer *\/\n.tdi_40{\r\n                    vertical-align: baseline;\r\n                }.tdi_40 .vc_column-inner > .wpb_wrapper,\r\n\t\t\t\t.tdi_40 .vc_column-inner > .wpb_wrapper .tdc-elements{\r\n\t\t\t\t    display: block;\r\n\t\t\t\t}.tdi_40 .vc_column-inner > .wpb_wrapper .tdc-elements{\r\n\t\t\t\t    width: 100%;\r\n\t\t\t\t}\n<\/style><div class=\"vc_column-inner\"><div class=\"wpb_wrapper\" ><div class=\"td_block_wrap td_block_2 tdi_41 td_with_ajax_pagination td-pb-border-top td_block_template_1 td-column-1 td_block_padding\"  data-td-block-uid=\"tdi_41\" >\n<style>\n.td-theme-wrap .tdi_41 .td-pulldown-filter-link:hover,\r\n            .td-theme-wrap .tdi_41 .td-subcat-item a:hover,\r\n            .td-theme-wrap .tdi_41 .td-subcat-item .td-cur-simple-item {\r\n                color: #e91e63;\r\n            }\r\n\r\n            .td-theme-wrap .tdi_41 .block-title > *,\r\n            .td-theme-wrap .tdi_41 .td-subcat-dropdown:hover .td-subcat-more {\r\n                background-color: #e91e63;\r\n            }\r\n            .td-theme-wrap .td-footer-wrapper .tdi_41 .block-title > * {\r\n                padding: 6px 7px 5px;\r\n                line-height: 1;\r\n            }\r\n\r\n            .td-theme-wrap .tdi_41 .block-title {\r\n                border-color: #e91e63;\r\n            }\r\n\r\n            \r\n            .td-theme-wrap .tdi_41 .td_module_wrap:hover .entry-title a,\r\n            .td-theme-wrap .tdi_41 .td_quote_on_blocks,\r\n            .td-theme-wrap .tdi_41 .td-opacity-cat .td-post-category:hover,\r\n            .td-theme-wrap .tdi_41 .td-opacity-read .td-read-more a:hover,\r\n            .td-theme-wrap .tdi_41 .td-opacity-author .td-post-author-name a:hover,\r\n            .td-theme-wrap .tdi_41 .td-instagram-user a {\r\n                color: #e91e63;\r\n            }\r\n\r\n            .td-theme-wrap .tdi_41 .td-next-prev-wrap a:hover,\r\n            .td-theme-wrap .tdi_41 .td-load-more-wrap a:hover {\r\n                background-color: #e91e63;\r\n                border-color: #e91e63;\r\n            }\r\n\r\n            .td-theme-wrap .tdi_41 .td-read-more a,\r\n            .td-theme-wrap .tdi_41 .td-weather-information:before,\r\n            .td-theme-wrap .tdi_41 .td-weather-week:before,\r\n            .td-theme-wrap .tdi_41 .td-exchange-header:before,\r\n            .td-theme-wrap .td-footer-wrapper .tdi_41 .td-post-category,\r\n            .td-theme-wrap .tdi_41 .td-post-category:hover {\r\n                background-color: #e91e63;\r\n            }\n<\/style><script>var block_tdi_41 = new tdBlock();\nblock_tdi_41.id = \"tdi_41\";\nblock_tdi_41.atts = '{\"custom_title\":\"K\\u00f6nyvaj\\u00e1nl\\u00f3\",\"header_color\":\"#e91e63\",\"category_id\":\"104\",\"limit\":\"3\",\"ajax_pagination\":\"next_prev\",\"sort\":\"random_posts\",\"custom_url\":\"https:\\\/\\\/photonet.hu\\\/online\\\/magazin\\\/konyvajanlo\\\/\",\"block_type\":\"td_block_2\",\"separator\":\"\",\"block_template_id\":\"\",\"m2_tl\":\"\",\"m2_el\":\"\",\"m6_tl\":\"\",\"post_ids\":\"\",\"taxonomies\":\"\",\"category_ids\":\"\",\"in_all_terms\":\"\",\"tag_slug\":\"\",\"autors_id\":\"\",\"installed_post_types\":\"\",\"include_cf_posts\":\"\",\"exclude_cf_posts\":\"\",\"popular_by_date\":\"\",\"linked_posts\":\"\",\"favourite_only\":\"\",\"offset\":\"\",\"open_in_new_window\":\"\",\"show_modified_date\":\"\",\"time_ago\":\"\",\"time_ago_add_txt\":\"ago\",\"time_ago_txt_pos\":\"\",\"review_source\":\"\",\"el_class\":\"\",\"td_ajax_filter_type\":\"\",\"td_ajax_filter_ids\":\"\",\"td_filter_default_txt\":\"All\",\"td_ajax_preloading\":\"\",\"f_header_font_header\":\"\",\"f_header_font_title\":\"Block header\",\"f_header_font_settings\":\"\",\"f_header_font_family\":\"\",\"f_header_font_size\":\"\",\"f_header_font_line_height\":\"\",\"f_header_font_style\":\"\",\"f_header_font_weight\":\"\",\"f_header_font_transform\":\"\",\"f_header_font_spacing\":\"\",\"f_header_\":\"\",\"f_ajax_font_title\":\"Ajax categories\",\"f_ajax_font_settings\":\"\",\"f_ajax_font_family\":\"\",\"f_ajax_font_size\":\"\",\"f_ajax_font_line_height\":\"\",\"f_ajax_font_style\":\"\",\"f_ajax_font_weight\":\"\",\"f_ajax_font_transform\":\"\",\"f_ajax_font_spacing\":\"\",\"f_ajax_\":\"\",\"f_more_font_title\":\"Load more button\",\"f_more_font_settings\":\"\",\"f_more_font_family\":\"\",\"f_more_font_size\":\"\",\"f_more_font_line_height\":\"\",\"f_more_font_style\":\"\",\"f_more_font_weight\":\"\",\"f_more_font_transform\":\"\",\"f_more_font_spacing\":\"\",\"f_more_\":\"\",\"m2f_title_font_header\":\"\",\"m2f_title_font_title\":\"Article title\",\"m2f_title_font_settings\":\"\",\"m2f_title_font_family\":\"\",\"m2f_title_font_size\":\"\",\"m2f_title_font_line_height\":\"\",\"m2f_title_font_style\":\"\",\"m2f_title_font_weight\":\"\",\"m2f_title_font_transform\":\"\",\"m2f_title_font_spacing\":\"\",\"m2f_title_\":\"\",\"m2f_cat_font_title\":\"Article category tag\",\"m2f_cat_font_settings\":\"\",\"m2f_cat_font_family\":\"\",\"m2f_cat_font_size\":\"\",\"m2f_cat_font_line_height\":\"\",\"m2f_cat_font_style\":\"\",\"m2f_cat_font_weight\":\"\",\"m2f_cat_font_transform\":\"\",\"m2f_cat_font_spacing\":\"\",\"m2f_cat_\":\"\",\"m2f_meta_font_title\":\"Article meta info\",\"m2f_meta_font_settings\":\"\",\"m2f_meta_font_family\":\"\",\"m2f_meta_font_size\":\"\",\"m2f_meta_font_line_height\":\"\",\"m2f_meta_font_style\":\"\",\"m2f_meta_font_weight\":\"\",\"m2f_meta_font_transform\":\"\",\"m2f_meta_font_spacing\":\"\",\"m2f_meta_\":\"\",\"m2f_ex_font_title\":\"Article excerpt\",\"m2f_ex_font_settings\":\"\",\"m2f_ex_font_family\":\"\",\"m2f_ex_font_size\":\"\",\"m2f_ex_font_line_height\":\"\",\"m2f_ex_font_style\":\"\",\"m2f_ex_font_weight\":\"\",\"m2f_ex_font_transform\":\"\",\"m2f_ex_font_spacing\":\"\",\"m2f_ex_\":\"\",\"m6f_title_font_header\":\"\",\"m6f_title_font_title\":\"Article title\",\"m6f_title_font_settings\":\"\",\"m6f_title_font_family\":\"\",\"m6f_title_font_size\":\"\",\"m6f_title_font_line_height\":\"\",\"m6f_title_font_style\":\"\",\"m6f_title_font_weight\":\"\",\"m6f_title_font_transform\":\"\",\"m6f_title_font_spacing\":\"\",\"m6f_title_\":\"\",\"m6f_cat_font_title\":\"Article category tag\",\"m6f_cat_font_settings\":\"\",\"m6f_cat_font_family\":\"\",\"m6f_cat_font_size\":\"\",\"m6f_cat_font_line_height\":\"\",\"m6f_cat_font_style\":\"\",\"m6f_cat_font_weight\":\"\",\"m6f_cat_font_transform\":\"\",\"m6f_cat_font_spacing\":\"\",\"m6f_cat_\":\"\",\"m6f_meta_font_title\":\"Article meta info\",\"m6f_meta_font_settings\":\"\",\"m6f_meta_font_family\":\"\",\"m6f_meta_font_size\":\"\",\"m6f_meta_font_line_height\":\"\",\"m6f_meta_font_style\":\"\",\"m6f_meta_font_weight\":\"\",\"m6f_meta_font_transform\":\"\",\"m6f_meta_font_spacing\":\"\",\"m6f_meta_\":\"\",\"ajax_pagination_next_prev_swipe\":\"\",\"ajax_pagination_infinite_stop\":\"\",\"css\":\"\",\"tdc_css\":\"\",\"td_column_number\":1,\"color_preset\":\"\",\"border_top\":\"\",\"class\":\"tdi_41\",\"tdc_css_class\":\"tdi_41\",\"tdc_css_class_style\":\"tdi_41_rand_style\"}';\nblock_tdi_41.td_column_number = \"1\";\nblock_tdi_41.block_type = \"td_block_2\";\nblock_tdi_41.post_count = \"3\";\nblock_tdi_41.found_posts = \"5\";\nblock_tdi_41.header_color = \"#e91e63\";\nblock_tdi_41.ajax_pagination_infinite_stop = \"\";\nblock_tdi_41.max_num_pages = \"2\";\ntdBlocksArray.push(block_tdi_41);\n<\/script><div class=\"td-block-title-wrap\"><h4 class=\"block-title td-block-title\"><a href=\"https:\/\/photonet.hu\/online\/magazin\/konyvajanlo\/\" class=\"td-pulldown-size\">K\u00f6nyvaj\u00e1nl\u00f3<\/a><\/h4><\/div><div id=tdi_41 class=\"td_block_inner\">\n\n\t<div class=\"td-block-span12\">\n\r\n        <div class=\"td_module_2 td_module_wrap td-animation-stack\">\r\n            <div class=\"td-module-image\">\r\n                <div class=\"td-module-thumb\"><a href=\"https:\/\/photonet.hu\/online\/magazin\/konyvajanlo\/digitalis-fotos-konyv\/\"  rel=\"bookmark\" class=\"td-image-wrap \" title=\"A digit\u00e1lis fot\u00f3s k\u00f6nyv\" ><img decoding=\"async\" class=\"entry-thumb\" src=\"data:image\/png;base64,iVBORw0KGgoAAAANSUhEUgAAAUQAAACgAQMAAABOhoelAAAAA1BMVEWurq51dlI4AAAAAXRSTlMmkutdmwAAAB1JREFUWMPtwTEBAAAAwiD7p\/ZdCGAAAAAAAAAQBxpAAAH8le3bAAAAAElFTkSuQmCC\" alt=\"Scott Kelby: A digit\u00e1lis fot\u00f3sk\u00f6nyv - k\u00f6nyvaj\u00e1nl\u00f3\" title=\"A digit\u00e1lis fot\u00f3s k\u00f6nyv\" data-type=\"image_tag\" data-img-url=\"https:\/\/photonet.hu\/online\/wp-content\/uploads\/2011\/09\/a_digitalis_fotoskonyv_scott_kelby_konyvajanlo-324x160.jpg\"  width=\"324\" height=\"160\" \/><\/a><\/div>                            <\/div>\r\n            <h3 class=\"entry-title td-module-title\"><a href=\"https:\/\/photonet.hu\/online\/magazin\/konyvajanlo\/digitalis-fotos-konyv\/\"  rel=\"bookmark\" title=\"A digit\u00e1lis fot\u00f3s k\u00f6nyv\">A digit\u00e1lis fot\u00f3s k\u00f6nyv<\/a><\/h3>\r\n\r\n            <div class=\"td-module-meta-info\">\r\n                <span class=\"td-post-author-name\"><a href=\"https:\/\/photonet.hu\/online\/author\/photonet\/\">photonet<\/a> <span>-<\/span> <\/span>                <span class=\"td-post-date\"><time class=\"entry-date updated td-module-date\" datetime=\"2011-09-12T11:27:16+02:00\" >2011. szeptember 12.<\/time><\/span>                <span class=\"td-module-comments\"><a href=\"https:\/\/photonet.hu\/online\/magazin\/konyvajanlo\/digitalis-fotos-konyv\/#respond\">0<\/a><\/span>            <\/div>\r\n\r\n\r\n            <div class=\"td-excerpt\">\r\n                <p style=\"text-align: justify;\">Scott Kelby, aki a Photoshop Digit\u00e1lis Fot\u00f3soknak c\u00edm\u0171 sikerlist\u00e1s, d\u00edjnyertes k\u00f6nyv\u00e9vel mind\u00f6r\u00f6kre megv\u00e1ltoztatta a \"digit\u00e1lis s\u00f6t\u00e9tkamr\u00e1t\", ez\u00fattal a digit\u00e1lis f\u00e9nyk\u00e9p\u00e9szet legfontosabb ter\u00fclet\u00e9vel k\u00fczd meg, \u00e9s megmutatja nek\u00fcnk, hogyan k\u00e9sz\u00edthet\u00fcnk profi min\u0151s\u00e9g\u0171 felv\u00e9teleket a legjobb digit\u00e1lis fot\u00f3sok tr\u00fckkjeit haszn\u00e1lva (amelyek mellesleg egyszer\u0171bbek, mintsem gondoln\u00e1nk).<\/p> <p style=\"text-align: center;\">&nbsp;<img decoding=\"async\" title=\"Scott Kelby: A digit\u00e1lis fot\u00f3s k\u00f6nyv\" alt=\"Photonet k\u00f6nyvaj\u00e1nl\u00f3\" src=\"images\/stories\/Cikkek\/2011\/10\/digitalis_fotos_konyv.jpg\" \/><\/p>             <\/div>\r\n\r\n            \r\n        <\/div>\r\n\r\n        \n\t<\/div> <!-- .\/td-block-span12 -->\n\n\t<div class=\"td-block-span12\">\n\r\n        <div class=\"td_module_6 td_module_wrap td-animation-stack\">\r\n\r\n        <div class=\"td-module-thumb\"><a href=\"https:\/\/photonet.hu\/online\/magazin\/konyvajanlo\/life-in-photographs\/\"  rel=\"bookmark\" class=\"td-image-wrap \" title=\"Life in Photographs\" ><img decoding=\"async\" class=\"entry-thumb\" src=\"data:image\/png;base64,iVBORw0KGgoAAAANSUhEUgAAAGQAAABGAQMAAAAASKMqAAAAA1BMVEWurq51dlI4AAAAAXRSTlMmkutdmwAAABBJREFUKM9jGAWjYBQMKwAAA9QAAQWBn6cAAAAASUVORK5CYII=\" alt=\"Linda McCartney: Life in Photographs album\" title=\"Life in Photographs\" data-type=\"image_tag\" data-img-url=\"https:\/\/photonet.hu\/online\/wp-content\/uploads\/2011\/09\/linda_mmcartney_life_in_photographs_konyvajanlo-100x70.jpg\"  width=\"100\" height=\"70\" \/><\/a><\/div>\r\n        <div class=\"item-details\">\r\n            <h3 class=\"entry-title td-module-title\"><a href=\"https:\/\/photonet.hu\/online\/magazin\/konyvajanlo\/life-in-photographs\/\"  rel=\"bookmark\" title=\"Life in Photographs\">Life in Photographs<\/a><\/h3>            <div class=\"td-module-meta-info\">\r\n                                                <span class=\"td-post-date\"><time class=\"entry-date updated td-module-date\" datetime=\"2011-09-02T09:47:15+02:00\" >2011. szeptember 2.<\/time><\/span>                            <\/div>\r\n        <\/div>\r\n\r\n        <\/div>\r\n\r\n        \n\t<\/div> <!-- .\/td-block-span12 -->\n\n\t<div class=\"td-block-span12\">\n\r\n        <div class=\"td_module_6 td_module_wrap td-animation-stack\">\r\n\r\n        <div class=\"td-module-thumb\"><a href=\"https:\/\/photonet.hu\/online\/magazin\/konyvajanlo\/honismereti-fotoalbum-marosszeki-mezosegrol\/\"  rel=\"bookmark\" class=\"td-image-wrap \" title=\"Honismereti fot\u00f3album a Marossz\u00e9ki-mez\u0151s\u00e9gr\u0151l\" ><img decoding=\"async\" class=\"entry-thumb\" src=\"data:image\/png;base64,iVBORw0KGgoAAAANSUhEUgAAAGQAAABGAQMAAAAASKMqAAAAA1BMVEWurq51dlI4AAAAAXRSTlMmkutdmwAAABBJREFUKM9jGAWjYBQMKwAAA9QAAQWBn6cAAAAASUVORK5CYII=\" alt=\"V\u00e1radi P\u00e9ter P\u00e1l - L\u0151wey Lilla: Marossz\u00e9ki-Mez\u0151s\u00e9g fot\u00f3album\" title=\"Honismereti fot\u00f3album a Marossz\u00e9ki-mez\u0151s\u00e9gr\u0151l\" data-type=\"image_tag\" data-img-url=\"https:\/\/photonet.hu\/online\/wp-content\/uploads\/2011\/10\/erdely_szekelyfold_marosszeki_mezoseg_konyvajanlo-100x70.jpg\"  width=\"100\" height=\"70\" \/><\/a><\/div>\r\n        <div class=\"item-details\">\r\n            <h3 class=\"entry-title td-module-title\"><a href=\"https:\/\/photonet.hu\/online\/magazin\/konyvajanlo\/honismereti-fotoalbum-marosszeki-mezosegrol\/\"  rel=\"bookmark\" title=\"Honismereti fot\u00f3album a Marossz\u00e9ki-mez\u0151s\u00e9gr\u0151l\">Honismereti fot\u00f3album a Marossz\u00e9ki-mez\u0151s\u00e9gr\u0151l<\/a><\/h3>            <div class=\"td-module-meta-info\">\r\n                                                <span class=\"td-post-date\"><time class=\"entry-date updated td-module-date\" datetime=\"2011-10-10T18:04:08+02:00\" >2011. okt\u00f3ber 10.<\/time><\/span>                            <\/div>\r\n        <\/div>\r\n\r\n        <\/div>\r\n\r\n        \n\t<\/div> <!-- .\/td-block-span12 --><\/div><div class=\"td-next-prev-wrap\"><a href=\"#\" class=\"td-ajax-prev-page ajax-page-disabled\" aria-label=\"prev-page\" id=\"prev-page-tdi_41\" data-td_block_id=\"tdi_41\"><i class=\"td-next-prev-icon td-icon-font td-icon-menu-left\"><\/i><\/a><a href=\"#\"  class=\"td-ajax-next-page\" aria-label=\"next-page\" id=\"next-page-tdi_41\" data-td_block_id=\"tdi_41\"><i class=\"td-next-prev-icon td-icon-font td-icon-menu-right\"><\/i><\/a><\/div><\/div> <!-- .\/block --><\/div><\/div><\/div><\/div><\/div><\/div><div class=\"vc_column tdi_43  wpb_column vc_column_container tdc-column td-pb-span4\">\n<style scoped>\n\/* custom css - generated by TagDiv Composer *\/\n\n\/* custom css - generated by TagDiv Composer *\/\n.tdi_43{\r\n                    vertical-align: baseline;\r\n                }.tdi_43 > .wpb_wrapper,\r\n\t\t\t\t.tdi_43 > .wpb_wrapper > .tdc-elements{\r\n\t\t\t\t    display: block;\r\n\t\t\t\t}.tdi_43 > .wpb_wrapper > .tdc-elements{\r\n\t\t\t\t    width: 100%;\r\n\t\t\t\t}.tdi_43 > .wpb_wrapper > .vc_row_inner{\r\n\t\t\t\t    width: auto;\r\n\t\t\t\t}.tdi_43 > .wpb_wrapper{\r\n\t\t\t\t    width: auto;\r\n\t\t\t\t    height: auto;\r\n\t\t\t\t}\n<\/style><div class=\"wpb_wrapper\" >\n <!-- A generated by theme --> \n\n<script async src=\"\/\/pagead2.googlesyndication.com\/pagead\/js\/adsbygoogle.js\"><\/script><div class=\"td-g-rec td-g-rec-id-sidebar tdi_44 td_block_template_1 \">\n\n<style>\n\/* custom css - generated by TagDiv Composer *\/\n.tdi_44.td-a-rec{\r\n\t\t\t\t\ttext-align: center;\r\n\t\t\t\t}.tdi_44.td-a-rec:not(.td-a-rec-no-translate){\r\n\t\t\t\t    transform: translateZ(0);\r\n\t\t\t\t}.tdi_44 .td-element-style{\r\n\t\t\t\t\tz-index: -1;\r\n\t\t\t\t}.tdi_44.td-a-rec-img{\r\n\t\t\t\t    text-align: left;\r\n\t\t\t\t}.tdi_44.td-a-rec-img img{\r\n                    margin: 0 auto 0 0;\r\n                }.tdi_44 .td_spot_img_all img,\r\n\t\t\t\t.tdi_44 .td_spot_img_tl img,\r\n\t\t\t\t.tdi_44 .td_spot_img_tp img,\r\n\t\t\t\t.tdi_44 .td_spot_img_mob img{\r\n\t\t\t\t    border-style: none;\r\n\t\t\t\t}@media (max-width: 767px) {\r\n\t\t\t\t    .tdi_44.td-a-rec-img {\r\n\t\t\t\t        text-align: center;\r\n\t\t\t\t    }\r\n                }\n<\/style><script type=\"text\/javascript\">\nvar td_screen_width = window.innerWidth;\nwindow.addEventListener(\"load\", function(){            \r\n\t            var placeAdEl = document.getElementById(\"td-ad-placeholder\");\r\n\t\t\t    if ( null !== placeAdEl && td_screen_width >= 1140 ) {\r\n\t\t\t        \r\n\t\t\t        \/* large monitors *\/\r\n\t\t\t        var adEl = document.createElement(\"ins\");\r\n\t\t            placeAdEl.replaceWith(adEl);\t\r\n\t\t            adEl.setAttribute(\"class\", \"adsbygoogle\");\r\n\t\t            adEl.setAttribute(\"style\", \"display:inline-block;width:300px;height:250px\");\t            \t\t                \r\n\t\t            adEl.setAttribute(\"data-ad-client\", \"ca-pub-9439316375194758\");\r\n\t\t            adEl.setAttribute(\"data-ad-slot\", \"3991564758\");\t            \r\n\t\t\t        (adsbygoogle = window.adsbygoogle || []).push({});\r\n\t\t\t    }\r\n\t\t\t});window.addEventListener(\"load\", function(){            \r\n\t            var placeAdEl = document.getElementById(\"td-ad-placeholder\");\r\n\t\t\t    if ( null !== placeAdEl && td_screen_width >= 1019  && td_screen_width < 1140 ) {\r\n\t\t\t    \r\n\t\t\t        \/* landscape tablets *\/\r\n\t\t\t        var adEl = document.createElement(\"ins\");\r\n\t\t            placeAdEl.replaceWith(adEl);\t\r\n\t\t            adEl.setAttribute(\"class\", \"adsbygoogle\");\r\n\t\t            adEl.setAttribute(\"style\", \"display:inline-block;width:300px;height:250px\");\t            \t\t                \r\n\t\t            adEl.setAttribute(\"data-ad-client\", \"ca-pub-9439316375194758\");\r\n\t\t            adEl.setAttribute(\"data-ad-slot\", \"3991564758\");\t            \r\n\t\t\t        (adsbygoogle = window.adsbygoogle || []).push({});\r\n\t\t\t    }\r\n\t\t\t});window.addEventListener(\"load\", function(){            \r\n\t            var placeAdEl = document.getElementById(\"td-ad-placeholder\");\r\n\t\t\t    if ( null !== placeAdEl && td_screen_width >= 768  && td_screen_width < 1019 ) {\r\n\t\t\t    \r\n\t\t\t        \/* portrait tablets *\/\r\n\t\t\t        var adEl = document.createElement(\"ins\");\r\n\t\t            placeAdEl.replaceWith(adEl);\t\r\n\t\t            adEl.setAttribute(\"class\", \"adsbygoogle\");\r\n\t\t            adEl.setAttribute(\"style\", \"display:inline-block;width:200px;height:200px\");\t            \t\t                \r\n\t\t            adEl.setAttribute(\"data-ad-client\", \"ca-pub-9439316375194758\");\r\n\t\t            adEl.setAttribute(\"data-ad-slot\", \"3991564758\");\t            \r\n\t\t\t        (adsbygoogle = window.adsbygoogle || []).push({});\r\n\t\t\t    }\r\n\t\t\t});window.addEventListener(\"load\", function(){            \r\n\t            var placeAdEl = document.getElementById(\"td-ad-placeholder\");\r\n\t\t\t    if ( null !== placeAdEl && td_screen_width < 768 ) {\r\n\t\t\t    \r\n\t\t\t        \/* Phones *\/\r\n\t\t\t        var adEl = document.createElement(\"ins\");\r\n\t\t            placeAdEl.replaceWith(adEl);\t\r\n\t\t            adEl.setAttribute(\"class\", \"adsbygoogle\");\r\n\t\t            adEl.setAttribute(\"style\", \"display:inline-block;width:300px;height:250px\");\t            \t\t                \r\n\t\t            adEl.setAttribute(\"data-ad-client\", \"ca-pub-9439316375194758\");\r\n\t\t            adEl.setAttribute(\"data-ad-slot\", \"3991564758\");\t            \r\n\t\t\t        (adsbygoogle = window.adsbygoogle || []).push({});\r\n\t\t\t    }\r\n\t\t\t});<\/script>\n<span class=\"td-adspot-title\">- Advertisement -<\/span><noscript id=\"td-ad-placeholder\"><\/noscript><\/div>\n\n <!-- end A --> \n\n<div class=\"td_block_wrap td_block_1 tdi_45 td_with_ajax_pagination td-pb-border-top td_block_template_1 td_ajax_preloading_preload td-column-1\"  data-td-block-uid=\"tdi_45\" ><script>var block_tdi_45 = new tdBlock();\nblock_tdi_45.id = \"tdi_45\";\nblock_tdi_45.atts = '{\"custom_title\":\"H\\u00edrek\",\"sort\":\"\",\"limit\":\"3\",\"td_ajax_filter_type\":\"td_category_ids_filter\",\"td_ajax_filter_ids\":\"\",\"td_ajax_preloading\":\"preload\",\"ajax_pagination\":\"next_prev\",\"category_id\":\"103\",\"block_type\":\"td_block_1\",\"separator\":\"\",\"custom_url\":\"\",\"block_template_id\":\"\",\"m4_tl\":\"\",\"m4_el\":\"\",\"m6_tl\":\"\",\"post_ids\":\"\",\"taxonomies\":\"\",\"category_ids\":\"\",\"in_all_terms\":\"\",\"tag_slug\":\"\",\"autors_id\":\"\",\"installed_post_types\":\"\",\"include_cf_posts\":\"\",\"exclude_cf_posts\":\"\",\"popular_by_date\":\"\",\"linked_posts\":\"\",\"favourite_only\":\"\",\"offset\":\"\",\"open_in_new_window\":\"\",\"show_modified_date\":\"\",\"time_ago\":\"\",\"time_ago_add_txt\":\"ago\",\"time_ago_txt_pos\":\"\",\"review_source\":\"\",\"el_class\":\"\",\"td_filter_default_txt\":\"All\",\"f_header_font_header\":\"\",\"f_header_font_title\":\"Block header\",\"f_header_font_settings\":\"\",\"f_header_font_family\":\"\",\"f_header_font_size\":\"\",\"f_header_font_line_height\":\"\",\"f_header_font_style\":\"\",\"f_header_font_weight\":\"\",\"f_header_font_transform\":\"\",\"f_header_font_spacing\":\"\",\"f_header_\":\"\",\"f_ajax_font_title\":\"Ajax categories\",\"f_ajax_font_settings\":\"\",\"f_ajax_font_family\":\"\",\"f_ajax_font_size\":\"\",\"f_ajax_font_line_height\":\"\",\"f_ajax_font_style\":\"\",\"f_ajax_font_weight\":\"\",\"f_ajax_font_transform\":\"\",\"f_ajax_font_spacing\":\"\",\"f_ajax_\":\"\",\"f_more_font_title\":\"Load more button\",\"f_more_font_settings\":\"\",\"f_more_font_family\":\"\",\"f_more_font_size\":\"\",\"f_more_font_line_height\":\"\",\"f_more_font_style\":\"\",\"f_more_font_weight\":\"\",\"f_more_font_transform\":\"\",\"f_more_font_spacing\":\"\",\"f_more_\":\"\",\"m4f_title_font_header\":\"\",\"m4f_title_font_title\":\"Article title\",\"m4f_title_font_settings\":\"\",\"m4f_title_font_family\":\"\",\"m4f_title_font_size\":\"\",\"m4f_title_font_line_height\":\"\",\"m4f_title_font_style\":\"\",\"m4f_title_font_weight\":\"\",\"m4f_title_font_transform\":\"\",\"m4f_title_font_spacing\":\"\",\"m4f_title_\":\"\",\"m4f_cat_font_title\":\"Article category tag\",\"m4f_cat_font_settings\":\"\",\"m4f_cat_font_family\":\"\",\"m4f_cat_font_size\":\"\",\"m4f_cat_font_line_height\":\"\",\"m4f_cat_font_style\":\"\",\"m4f_cat_font_weight\":\"\",\"m4f_cat_font_transform\":\"\",\"m4f_cat_font_spacing\":\"\",\"m4f_cat_\":\"\",\"m4f_meta_font_title\":\"Article meta info\",\"m4f_meta_font_settings\":\"\",\"m4f_meta_font_family\":\"\",\"m4f_meta_font_size\":\"\",\"m4f_meta_font_line_height\":\"\",\"m4f_meta_font_style\":\"\",\"m4f_meta_font_weight\":\"\",\"m4f_meta_font_transform\":\"\",\"m4f_meta_font_spacing\":\"\",\"m4f_meta_\":\"\",\"m4f_ex_font_title\":\"Article excerpt\",\"m4f_ex_font_settings\":\"\",\"m4f_ex_font_family\":\"\",\"m4f_ex_font_size\":\"\",\"m4f_ex_font_line_height\":\"\",\"m4f_ex_font_style\":\"\",\"m4f_ex_font_weight\":\"\",\"m4f_ex_font_transform\":\"\",\"m4f_ex_font_spacing\":\"\",\"m4f_ex_\":\"\",\"m6f_title_font_header\":\"\",\"m6f_title_font_title\":\"Article title\",\"m6f_title_font_settings\":\"\",\"m6f_title_font_family\":\"\",\"m6f_title_font_size\":\"\",\"m6f_title_font_line_height\":\"\",\"m6f_title_font_style\":\"\",\"m6f_title_font_weight\":\"\",\"m6f_title_font_transform\":\"\",\"m6f_title_font_spacing\":\"\",\"m6f_title_\":\"\",\"m6f_cat_font_title\":\"Article category tag\",\"m6f_cat_font_settings\":\"\",\"m6f_cat_font_family\":\"\",\"m6f_cat_font_size\":\"\",\"m6f_cat_font_line_height\":\"\",\"m6f_cat_font_style\":\"\",\"m6f_cat_font_weight\":\"\",\"m6f_cat_font_transform\":\"\",\"m6f_cat_font_spacing\":\"\",\"m6f_cat_\":\"\",\"m6f_meta_font_title\":\"Article meta info\",\"m6f_meta_font_settings\":\"\",\"m6f_meta_font_family\":\"\",\"m6f_meta_font_size\":\"\",\"m6f_meta_font_line_height\":\"\",\"m6f_meta_font_style\":\"\",\"m6f_meta_font_weight\":\"\",\"m6f_meta_font_transform\":\"\",\"m6f_meta_font_spacing\":\"\",\"m6f_meta_\":\"\",\"ajax_pagination_next_prev_swipe\":\"\",\"ajax_pagination_infinite_stop\":\"\",\"css\":\"\",\"tdc_css\":\"\",\"td_column_number\":1,\"header_color\":\"\",\"color_preset\":\"\",\"border_top\":\"\",\"class\":\"tdi_45\",\"tdc_css_class\":\"tdi_45\",\"tdc_css_class_style\":\"tdi_45_rand_style\"}';\nblock_tdi_45.td_column_number = \"1\";\nblock_tdi_45.block_type = \"td_block_1\";\nblock_tdi_45.post_count = \"3\";\nblock_tdi_45.found_posts = \"67\";\nblock_tdi_45.header_color = \"\";\nblock_tdi_45.ajax_pagination_infinite_stop = \"\";\nblock_tdi_45.max_num_pages = \"23\";\ntdBlocksArray.push(block_tdi_45);\n<\/script>            <script>\r\n                var tmpObj = JSON.parse(JSON.stringify(block_tdi_45));\r\n                tmpObj.is_ajax_running = true;\r\n                var currentBlockObjSignature = JSON.stringify(tmpObj);\r\n                tdLocalCache.set(currentBlockObjSignature, JSON.stringify({\"td_data\":\"\\n\\n\\t<div class=\\\"td-block-span12\\\">\\n\\r\\n        <div class=\\\"td_module_4 td_module_wrap td-animation-stack\\\">\\r\\n            <div class=\\\"td-module-image\\\">\\r\\n                <div class=\\\"td-module-thumb\\\"><a href=\\\"https:\\\/\\\/photonet.hu\\\/online\\\/hirek\\\/kihirdettek-a-sony-world-photography-awards-2026-gyozteseit\\\/\\\"  rel=\\\"bookmark\\\" class=\\\"td-image-wrap \\\" title=\\\"Kihirdett\\u00e9k a Sony World Photography Awards 2026 gy\\u0151zteseit\\\" ><img width=\\\"324\\\" height=\\\"235\\\" class=\\\"entry-thumb\\\" src=\\\"https:\\\/\\\/photonet.hu\\\/online\\\/wp-content\\\/uploads\\\/2026\\\/04\\\/citlali_fabian_mexico_photographer_of_the_year_professional_creative_2026_1-324x235.webp\\\"   alt=\\\"\\u00a9 Citlali Fabia\\u0301n, Mexico, Photographer of the Year, Professional Competition, Creative kateg\\u00f3ria gy\\u0151ztese\\\" title=\\\"Kihirdett\\u00e9k a Sony World Photography Awards 2026 gy\\u0151zteseit\\\" \\\/><\\\/a><\\\/div>                            <\\\/div>\\r\\n\\r\\n            <h3 class=\\\"entry-title td-module-title\\\"><a href=\\\"https:\\\/\\\/photonet.hu\\\/online\\\/hirek\\\/kihirdettek-a-sony-world-photography-awards-2026-gyozteseit\\\/\\\"  rel=\\\"bookmark\\\" title=\\\"Kihirdett\\u00e9k a Sony World Photography Awards 2026 gy\\u0151zteseit\\\">Kihirdett\\u00e9k a Sony World Photography Awards 2026 gy\\u0151zteseit<\\\/a><\\\/h3>\\r\\n            <div class=\\\"td-module-meta-info\\\">\\r\\n                <span class=\\\"td-post-author-name\\\"><a href=\\\"https:\\\/\\\/photonet.hu\\\/online\\\/author\\\/photonet\\\/\\\">photonet<\\\/a> <span>-<\\\/span> <\\\/span>                <span class=\\\"td-post-date\\\"><time class=\\\"entry-date updated td-module-date\\\" datetime=\\\"2026-04-22T19:07:51+02:00\\\" >2026. \\u00e1prilis 22.<\\\/time><\\\/span>                <span class=\\\"td-module-comments\\\"><a href=\\\"https:\\\/\\\/photonet.hu\\\/online\\\/hirek\\\/kihirdettek-a-sony-world-photography-awards-2026-gyozteseit\\\/#respond\\\">0<\\\/a><\\\/span>            <\\\/div>\\r\\n\\r\\n            <div class=\\\"td-excerpt\\\">\\r\\n                \\nLondoni g\\u00e1lam\\u0171sor keret\\u00e9ben \\u00fcnnepelt\\u00e9k a 2026-os SWPA verseny\\u00e9nek abszol\\u00fat nyerteseit\\n\\n\\n\\nA Sony World Photography Awards 2026-os kiad\\u00e1s\\u00e1nak abszol\\u00fat nyerteseit londoni g\\u00e1lam\\u0171sor keret\\u00e9ben jelentett\\u00e9k be, ahol...            <\\\/div>\\r\\n\\r\\n            \\r\\n        <\\\/div>\\r\\n\\r\\n        \\n\\t<\\\/div> <!-- .\\\/td-block-span12 -->\\n\\n\\t<div class=\\\"td-block-span12\\\">\\n\\r\\n        <div class=\\\"td_module_6 td_module_wrap td-animation-stack\\\">\\r\\n\\r\\n        <div class=\\\"td-module-thumb\\\"><a href=\\\"https:\\\/\\\/photonet.hu\\\/online\\\/hirek\\\/a-termeszetvedelem-fotos-nagykoveteit-unnepeltek-a-biodomban\\\/\\\"  rel=\\\"bookmark\\\" class=\\\"td-image-wrap \\\" title=\\\"A term\\u00e9szetv\\u00e9delem fot\\u00f3s nagyk\\u00f6veteit \\u00fcnnepelt\\u00e9k a Biod\\u00f3mban\\\" ><img width=\\\"100\\\" height=\\\"70\\\" class=\\\"entry-thumb\\\" src=\\\"https:\\\/\\\/photonet.hu\\\/online\\\/wp-content\\\/uploads\\\/2026\\\/03\\\/magyar_termeszetfoto_nagydij_kiallitas_palyazat_2025-100x70.jpg\\\"  srcset=\\\"https:\\\/\\\/photonet.hu\\\/online\\\/wp-content\\\/uploads\\\/2026\\\/03\\\/magyar_termeszetfoto_nagydij_kiallitas_palyazat_2025-100x70.jpg 100w, https:\\\/\\\/photonet.hu\\\/online\\\/wp-content\\\/uploads\\\/2026\\\/03\\\/magyar_termeszetfoto_nagydij_kiallitas_palyazat_2025-218x150.jpg 218w\\\" sizes=\\\"(max-width: 100px) 100vw, 100px\\\"  alt=\\\"Magyar Term\\u00e9szetfot\\u00f3 Nagyd\\u00edj d\\u00edj\\u00e1tad\\u00f3 \\u00e9s ki\\u00e1ll\\u00edt\\u00e1s\\\" title=\\\"A term\\u00e9szetv\\u00e9delem fot\\u00f3s nagyk\\u00f6veteit \\u00fcnnepelt\\u00e9k a Biod\\u00f3mban\\\" \\\/><\\\/a><\\\/div>\\r\\n        <div class=\\\"item-details\\\">\\r\\n            <h3 class=\\\"entry-title td-module-title\\\"><a href=\\\"https:\\\/\\\/photonet.hu\\\/online\\\/hirek\\\/a-termeszetvedelem-fotos-nagykoveteit-unnepeltek-a-biodomban\\\/\\\"  rel=\\\"bookmark\\\" title=\\\"A term\\u00e9szetv\\u00e9delem fot\\u00f3s nagyk\\u00f6veteit \\u00fcnnepelt\\u00e9k a Biod\\u00f3mban\\\">A term\\u00e9szetv\\u00e9delem fot\\u00f3s nagyk\\u00f6veteit \\u00fcnnepelt\\u00e9k a Biod\\u00f3mban<\\\/a><\\\/h3>            <div class=\\\"td-module-meta-info\\\">\\r\\n                                                <span class=\\\"td-post-date\\\"><time class=\\\"entry-date updated td-module-date\\\" datetime=\\\"2026-03-03T10:48:59+02:00\\\" >2026. m\\u00e1rcius 3.<\\\/time><\\\/span>                            <\\\/div>\\r\\n        <\\\/div>\\r\\n\\r\\n        <\\\/div>\\r\\n\\r\\n        \\n\\t<\\\/div> <!-- .\\\/td-block-span12 -->\\n\\n\\t<div class=\\\"td-block-span12\\\">\\n\\r\\n        <div class=\\\"td_module_6 td_module_wrap td-animation-stack\\\">\\r\\n\\r\\n        <div class=\\\"td-module-thumb\\\"><a href=\\\"https:\\\/\\\/photonet.hu\\\/online\\\/hirek\\\/a-sony-world-photography-awards-kihirdette-a-2026-os-nyilt-verseny-kategoriagyozteseit-es-dontoseit\\\/\\\"  rel=\\\"bookmark\\\" class=\\\"td-image-wrap \\\" title=\\\"A Sony World Photography Awards kihirdette a 2026-os Ny\\u00edlt verseny kateg\\u00f3riagy\\u0151zteseit \\u00e9s d\\u00f6nt\\u0151seit\\\" ><img width=\\\"100\\\" height=\\\"70\\\" class=\\\"entry-thumb\\\" src=\\\"https:\\\/\\\/photonet.hu\\\/online\\\/wp-content\\\/uploads\\\/2026\\\/02\\\/klaus_hellmich_winner_open_competition_natural_world_wildlife_sony_world_photography_awards_2026-100x70.jpg\\\"  srcset=\\\"https:\\\/\\\/photonet.hu\\\/online\\\/wp-content\\\/uploads\\\/2026\\\/02\\\/klaus_hellmich_winner_open_competition_natural_world_wildlife_sony_world_photography_awards_2026-100x70.jpg 100w, https:\\\/\\\/photonet.hu\\\/online\\\/wp-content\\\/uploads\\\/2026\\\/02\\\/klaus_hellmich_winner_open_competition_natural_world_wildlife_sony_world_photography_awards_2026-218x150.jpg 218w\\\" sizes=\\\"(max-width: 100px) 100vw, 100px\\\"  alt=\\\"TERM\\u00c9SZET \\u00c9S VADVIL\\u00c1G nyertese: Klaus Hellmich (N\\u00e9metorsz\\u00e1g) - Sony World Photography Awards 2026\\\" title=\\\"A Sony World Photography Awards kihirdette a 2026-os Ny\\u00edlt verseny kateg\\u00f3riagy\\u0151zteseit \\u00e9s d\\u00f6nt\\u0151seit\\\" \\\/><\\\/a><\\\/div>\\r\\n        <div class=\\\"item-details\\\">\\r\\n            <h3 class=\\\"entry-title td-module-title\\\"><a href=\\\"https:\\\/\\\/photonet.hu\\\/online\\\/hirek\\\/a-sony-world-photography-awards-kihirdette-a-2026-os-nyilt-verseny-kategoriagyozteseit-es-dontoseit\\\/\\\"  rel=\\\"bookmark\\\" title=\\\"A Sony World Photography Awards kihirdette a 2026-os Ny\\u00edlt verseny kateg\\u00f3riagy\\u0151zteseit \\u00e9s d\\u00f6nt\\u0151seit\\\">A Sony World Photography Awards kihirdette a 2026-os Ny\\u00edlt verseny kateg\\u00f3riagy\\u0151zteseit...<\\\/a><\\\/h3>            <div class=\\\"td-module-meta-info\\\">\\r\\n                                                <span class=\\\"td-post-date\\\"><time class=\\\"entry-date updated td-module-date\\\" datetime=\\\"2026-02-18T19:51:16+02:00\\\" >2026. febru\\u00e1r 18.<\\\/time><\\\/span>                            <\\\/div>\\r\\n        <\\\/div>\\r\\n\\r\\n        <\\\/div>\\r\\n\\r\\n        \\n\\t<\\\/div> <!-- .\\\/td-block-span12 -->\",\"td_block_id\":\"tdi_45\",\"td_hide_prev\":true,\"td_hide_next\":false}));\r\n                                            tmpObj = JSON.parse(JSON.stringify(block_tdi_45));\r\n                            tmpObj.is_ajax_running = true;\r\n                            tmpObj.td_current_page = 1;\r\n                            tmpObj.td_filter_value = 177;\r\n                            var currentBlockObjSignature = JSON.stringify(tmpObj);\r\n                            tdLocalCache.set(currentBlockObjSignature, JSON.stringify({\"td_data\":\"\\n\\n\\t<div class=\\\"td-block-span12\\\">\\n\\r\\n        <div class=\\\"td_module_4 td_module_wrap td-animation-stack\\\">\\r\\n            <div class=\\\"td-module-image\\\">\\r\\n                <div class=\\\"td-module-thumb\\\"><a href=\\\"https:\\\/\\\/photonet.hu\\\/online\\\/archivum\\\/11-eves-pecsi-jozsef-fotografiai-szakkonyvtar\\\/\\\"  rel=\\\"bookmark\\\" class=\\\"td-image-wrap \\\" title=\\\"11 \\u00e9ves a P\\u00e9csi J\\u00f3zsef Fotogr\\u00e1fiai Szakk\\u00f6nyvt\\u00e1r\\\" ><img width=\\\"324\\\" height=\\\"235\\\" class=\\\"entry-thumb\\\" src=\\\"https:\\\/\\\/photonet.hu\\\/online\\\/wp-content\\\/plugins\\\/td-standard-pack\\\/Newspaper\\\/assets\\\/images\\\/no-thumb\\\/td_324x235.png\\\"  alt=\\\"\\\" \\\/><\\\/a><\\\/div>                            <\\\/div>\\r\\n\\r\\n            <h3 class=\\\"entry-title td-module-title\\\"><a href=\\\"https:\\\/\\\/photonet.hu\\\/online\\\/archivum\\\/11-eves-pecsi-jozsef-fotografiai-szakkonyvtar\\\/\\\"  rel=\\\"bookmark\\\" title=\\\"11 \\u00e9ves a P\\u00e9csi J\\u00f3zsef Fotogr\\u00e1fiai Szakk\\u00f6nyvt\\u00e1r\\\">11 \\u00e9ves a P\\u00e9csi J\\u00f3zsef Fotogr\\u00e1fiai Szakk\\u00f6nyvt\\u00e1r<\\\/a><\\\/h3>\\r\\n            <div class=\\\"td-module-meta-info\\\">\\r\\n                <span class=\\\"td-post-author-name\\\"><a href=\\\"https:\\\/\\\/photonet.hu\\\/online\\\/author\\\/photonet\\\/\\\">photonet<\\\/a> <span>-<\\\/span> <\\\/span>                <span class=\\\"td-post-date\\\"><time class=\\\"entry-date updated td-module-date\\\" datetime=\\\"2011-03-14T10:49:20+02:00\\\" >2011. m\\u00e1rcius 14.<\\\/time><\\\/span>                <span class=\\\"td-module-comments\\\"><a href=\\\"https:\\\/\\\/photonet.hu\\\/online\\\/archivum\\\/11-eves-pecsi-jozsef-fotografiai-szakkonyvtar\\\/#respond\\\">0<\\\/a><\\\/span>            <\\\/div>\\r\\n\\r\\n            <div class=\\\"td-excerpt\\\">\\r\\n                <p style=\\\"text-align: justify;\\\">Id\\u00e9n 11 \\u00e9ve, 1999. okt\\u00f3ber 15-\\u00e9n nyitotta meg kapuit Budapesten, a Ter\\u00e9zv\\u00e1rosban a Mai Man\\u00f3 H\\u00e1z harmadik emelet\\u00e9n tal\\u00e1lhat\\u00f3 szakk\\u00f6nyvt\\u00e1r, mely n\\u00e9vad\\u00f3j\\u00e1ul P\\u00e9csi J\\u00f3zsefet v\\u00e1lasztotta. P\\u00e9csi J\\u00f3zsef f\\u00e9nyk\\u00e9p\\u00e9sz, fot\\u00f3m\\u0171v\\u00e9sz, szak\\u00edr\\u00f3 \\u00e9s egyben tan\\u00e1r is volt, akinek nev\\u00e9t a rekl\\u00e1mfotogr\\u00e1fia legfontosabb magyar d\\u00edja, egy fiataloknak alap\\u00edtott \\u00e1llami \\u00f6szt\\u00f6nd\\u00edj, valamint a szakk\\u00f6nyvt\\u00e1r \\u0151rzi. Szervezeti fel\\u00e9p\\u00edt\\u00e9s\\u00e9t tekintve a szakk\\u00f6nyvt\\u00e1r  \\u2014 a Mai Man\\u00f3 H\\u00e1zban m\\u0171k\\u00f6d\\u0151 k\\u00f6nyvesbolttal \\u00e9s a ki\\u00e1ll\\u00edt\\u00f3i tev\\u00e9kenys\\u00e9ggel egy\\u00fctt \\u2014 a Magyar Fotogr\\u00e1fusok H\\u00e1za Nonprofit Kft. int\\u00e9zm\\u00e9ny\\u00e9nek r\\u00e9sz\\u00e9t k\\u00e9pezi.<\\\/p> <p style=\\\"text-align: center;\\\"><img title=\\\"11 \\u00e9ves a P\\u00e9csi J\\u00f3zsef Fotogr\\u00e1fiai Szakk\\u00f6nyvt\\u00e1r\\\" alt=\\\"Mai Man\\u00f3 H\\u00e1z - Nagymez\\u0151 utca 20.\\\" src=\\\"images\\\/stories\\\/Cikkek\\\/2011\\\/03\\\/pecsi_jozsef_fotografiai_szakkonyvtar.jpg\\\" \\\/>&nbsp;<\\\/p>             <\\\/div>\\r\\n\\r\\n            \\r\\n        <\\\/div>\\r\\n\\r\\n        \\n\\t<\\\/div> <!-- .\\\/td-block-span12 -->\\n\\n\\t<div class=\\\"td-block-span12\\\">\\n\\r\\n        <div class=\\\"td_module_6 td_module_wrap td-animation-stack\\\">\\r\\n\\r\\n        <div class=\\\"td-module-thumb\\\"><a href=\\\"https:\\\/\\\/photonet.hu\\\/online\\\/archivum\\\/ujra-indul-koo-adrien-fotos-workshopja\\\/\\\"  rel=\\\"bookmark\\\" class=\\\"td-image-wrap \\\" title=\\\"\\u00dajra indul K\\u00f6\\u0151 Adrien fot\\u00f3s workshopja\\\" ><img width=\\\"100\\\" height=\\\"70\\\" class=\\\"entry-thumb\\\" src=\\\"https:\\\/\\\/photonet.hu\\\/online\\\/wp-content\\\/uploads\\\/2010\\\/05\\\/koo_adrienn_majus_workshop-100x70.jpg\\\"  srcset=\\\"https:\\\/\\\/photonet.hu\\\/online\\\/wp-content\\\/uploads\\\/2010\\\/05\\\/koo_adrienn_majus_workshop-100x70.jpg 100w, https:\\\/\\\/photonet.hu\\\/online\\\/wp-content\\\/uploads\\\/2010\\\/05\\\/koo_adrienn_majus_workshop-218x150.jpg 218w\\\" sizes=\\\"(max-width: 100px) 100vw, 100px\\\"  alt=\\\"\\u00dajra indul K\\u00f6\\u0151 Adrien fot\\u00f3s workshopja\\\" title=\\\"\\u00dajra indul K\\u00f6\\u0151 Adrien fot\\u00f3s workshopja\\\" \\\/><\\\/a><\\\/div>\\r\\n        <div class=\\\"item-details\\\">\\r\\n            <h3 class=\\\"entry-title td-module-title\\\"><a href=\\\"https:\\\/\\\/photonet.hu\\\/online\\\/archivum\\\/ujra-indul-koo-adrien-fotos-workshopja\\\/\\\"  rel=\\\"bookmark\\\" title=\\\"\\u00dajra indul K\\u00f6\\u0151 Adrien fot\\u00f3s workshopja\\\">\\u00dajra indul K\\u00f6\\u0151 Adrien fot\\u00f3s workshopja<\\\/a><\\\/h3>            <div class=\\\"td-module-meta-info\\\">\\r\\n                                                <span class=\\\"td-post-date\\\"><time class=\\\"entry-date updated td-module-date\\\" datetime=\\\"2010-05-01T14:48:11+02:00\\\" >2010. m\\u00e1jus 1.<\\\/time><\\\/span>                            <\\\/div>\\r\\n        <\\\/div>\\r\\n\\r\\n        <\\\/div>\\r\\n\\r\\n        \\n\\t<\\\/div> <!-- .\\\/td-block-span12 -->\",\"td_block_id\":\"tdi_45\",\"td_hide_prev\":true,\"td_hide_next\":true}));\r\n                                                    tmpObj = JSON.parse(JSON.stringify(block_tdi_45));\r\n                            tmpObj.is_ajax_running = true;\r\n                            tmpObj.td_current_page = 1;\r\n                            tmpObj.td_filter_value = 256;\r\n                            var currentBlockObjSignature = JSON.stringify(tmpObj);\r\n                            tdLocalCache.set(currentBlockObjSignature, JSON.stringify({\"td_data\":\"\\n\\n\\t<div class=\\\"td-block-span12\\\">\\n\\r\\n        <div class=\\\"td_module_4 td_module_wrap td-animation-stack\\\">\\r\\n            <div class=\\\"td-module-image\\\">\\r\\n                <div class=\\\"td-module-thumb\\\"><a href=\\\"https:\\\/\\\/photonet.hu\\\/online\\\/fotomuveszet\\\/divat-reklamfoto\\\/javier-laos-reklamfotografus\\\/\\\"  rel=\\\"bookmark\\\" class=\\\"td-image-wrap \\\" title=\\\"Javier Laos rekl\\u00e1mfotogr\\u00e1fus\\\" ><img width=\\\"324\\\" height=\\\"235\\\" class=\\\"entry-thumb\\\" src=\\\"https:\\\/\\\/photonet.hu\\\/online\\\/wp-content\\\/uploads\\\/2026\\\/03\\\/javier_laos_photographer_divat_reklam_foto-324x235.webp\\\"   alt=\\\"Javier Laos photography - divat- \\u00e9s rekl\\u00e1mfot\\u00f3\\\" title=\\\"Javier Laos rekl\\u00e1mfotogr\\u00e1fus\\\" \\\/><\\\/a><\\\/div>                            <\\\/div>\\r\\n\\r\\n            <h3 class=\\\"entry-title td-module-title\\\"><a href=\\\"https:\\\/\\\/photonet.hu\\\/online\\\/fotomuveszet\\\/divat-reklamfoto\\\/javier-laos-reklamfotografus\\\/\\\"  rel=\\\"bookmark\\\" title=\\\"Javier Laos rekl\\u00e1mfotogr\\u00e1fus\\\">Javier Laos rekl\\u00e1mfotogr\\u00e1fus<\\\/a><\\\/h3>\\r\\n            <div class=\\\"td-module-meta-info\\\">\\r\\n                <span class=\\\"td-post-author-name\\\"><a href=\\\"https:\\\/\\\/photonet.hu\\\/online\\\/author\\\/photonet\\\/\\\">photonet<\\\/a> <span>-<\\\/span> <\\\/span>                <span class=\\\"td-post-date\\\"><time class=\\\"entry-date updated td-module-date\\\" datetime=\\\"2026-03-16T12:20:09+02:00\\\" >2026. m\\u00e1rcius 16.<\\\/time><\\\/span>                <span class=\\\"td-module-comments\\\"><a href=\\\"https:\\\/\\\/photonet.hu\\\/online\\\/fotomuveszet\\\/divat-reklamfoto\\\/javier-laos-reklamfotografus\\\/#comments\\\">1<\\\/a><\\\/span>            <\\\/div>\\r\\n\\r\\n            <div class=\\\"td-excerpt\\\">\\r\\n                \\nA San Dieg\\u00f3ban dolgoz\\u00f3 fotogr\\u00e1fus tapasztalatai a kereskedelmi fotogr\\u00e1fia vil\\u00e1g\\u00e1b\\u00f3l\\n\\n\\n\\nA kort\\u00e1rs kereskedelmi fotogr\\u00e1fia egyik saj\\u00e1toss\\u00e1ga, hogy a fotogr\\u00e1fusok munk\\u00e1ja egyre ink\\u00e1bb \\u00f6sszekapcsol\\u00f3dik a vizu\\u00e1lis...            <\\\/div>\\r\\n\\r\\n            \\r\\n        <\\\/div>\\r\\n\\r\\n        \\n\\t<\\\/div> <!-- .\\\/td-block-span12 -->\",\"td_block_id\":\"tdi_45\",\"td_hide_prev\":true,\"td_hide_next\":true}));\r\n                                                    tmpObj = JSON.parse(JSON.stringify(block_tdi_45));\r\n                            tmpObj.is_ajax_running = true;\r\n                            tmpObj.td_current_page = 1;\r\n                            tmpObj.td_filter_value = 99;\r\n                            var currentBlockObjSignature = JSON.stringify(tmpObj);\r\n                            tdLocalCache.set(currentBlockObjSignature, JSON.stringify({\"td_data\":\"\\n\\n\\t<div class=\\\"td-block-span12\\\">\\n\\r\\n        <div class=\\\"td_module_4 td_module_wrap td-animation-stack\\\">\\r\\n            <div class=\\\"td-module-image\\\">\\r\\n                <div class=\\\"td-module-thumb\\\"><a href=\\\"https:\\\/\\\/photonet.hu\\\/online\\\/magazin\\\/esemenyek\\\/robert-capa-magyar-riport-1948-fotokiallitas\\\/\\\"  rel=\\\"bookmark\\\" class=\\\"td-image-wrap \\\" title=\\\"Robert Capa: Magyar riport, 1948 fot\\u00f3ki\\u00e1ll\\u00edt\\u00e1s\\\" ><img width=\\\"324\\\" height=\\\"235\\\" class=\\\"entry-thumb\\\" src=\\\"https:\\\/\\\/photonet.hu\\\/online\\\/wp-content\\\/uploads\\\/2026\\\/04\\\/robert_capa_magyar_riport_1948_fotokiallitas-324x235.webp\\\"   alt=\\\"Robert Capa: Magyar riport, 1948 fot\\u00f3ki\\u00e1ll\\u00edt\\u00e1s\\\" title=\\\"Robert Capa: Magyar riport, 1948 fot\\u00f3ki\\u00e1ll\\u00edt\\u00e1s\\\" \\\/><\\\/a><\\\/div>                            <\\\/div>\\r\\n\\r\\n            <h3 class=\\\"entry-title td-module-title\\\"><a href=\\\"https:\\\/\\\/photonet.hu\\\/online\\\/magazin\\\/esemenyek\\\/robert-capa-magyar-riport-1948-fotokiallitas\\\/\\\"  rel=\\\"bookmark\\\" title=\\\"Robert Capa: Magyar riport, 1948 fot\\u00f3ki\\u00e1ll\\u00edt\\u00e1s\\\">Robert Capa: Magyar riport, 1948 fot\\u00f3ki\\u00e1ll\\u00edt\\u00e1s<\\\/a><\\\/h3>\\r\\n            <div class=\\\"td-module-meta-info\\\">\\r\\n                <span class=\\\"td-post-author-name\\\"><a href=\\\"https:\\\/\\\/photonet.hu\\\/online\\\/author\\\/photonet\\\/\\\">photonet<\\\/a> <span>-<\\\/span> <\\\/span>                <span class=\\\"td-post-date\\\"><time class=\\\"entry-date updated td-module-date\\\" datetime=\\\"2026-04-08T16:10:22+02:00\\\" >2026. \\u00e1prilis 8.<\\\/time><\\\/span>                <span class=\\\"td-module-comments\\\"><a href=\\\"https:\\\/\\\/photonet.hu\\\/online\\\/magazin\\\/esemenyek\\\/robert-capa-magyar-riport-1948-fotokiallitas\\\/#comments\\\">1<\\\/a><\\\/span>            <\\\/div>\\r\\n\\r\\n            <div class=\\\"td-excerpt\\\">\\r\\n                \\nRobert Capa eddig nem l\\u00e1tott magyarorsz\\u00e1gi fot\\u00f3i a Capa K\\u00f6zpont \\u00faj ki\\u00e1ll\\u00edt\\u00e1s\\u00e1n\\n\\n\\n\\n2026 \\u00e1prilis 9. \\u00e9s augusztus 23. k\\u00f6z\\u00f6tt l\\u00e1togathat\\u00f3 a \\u201eMagyar Riport, 1948\\u201d c\\u00edm\\u0171...            <\\\/div>\\r\\n\\r\\n            \\r\\n        <\\\/div>\\r\\n\\r\\n        \\n\\t<\\\/div> <!-- .\\\/td-block-span12 -->\\n\\n\\t<div class=\\\"td-block-span12\\\">\\n\\r\\n        <div class=\\\"td_module_6 td_module_wrap td-animation-stack\\\">\\r\\n\\r\\n        <div class=\\\"td-module-thumb\\\"><a href=\\\"https:\\\/\\\/photonet.hu\\\/online\\\/magazin\\\/esemenyek\\\/budapest-fotofesztival-10-2026\\\/\\\"  rel=\\\"bookmark\\\" class=\\\"td-image-wrap \\\" title=\\\"Budapest Fot\\u00f3Fesztiv\\u00e1l 10. 2026\\\" ><img width=\\\"100\\\" height=\\\"70\\\" class=\\\"entry-thumb\\\" src=\\\"https:\\\/\\\/photonet.hu\\\/online\\\/wp-content\\\/uploads\\\/2026\\\/03\\\/budapest_photo_fesztival_2026_kiallitas-100x70.webp\\\"  srcset=\\\"https:\\\/\\\/photonet.hu\\\/online\\\/wp-content\\\/uploads\\\/2026\\\/03\\\/budapest_photo_fesztival_2026_kiallitas-100x70.webp 100w, https:\\\/\\\/photonet.hu\\\/online\\\/wp-content\\\/uploads\\\/2026\\\/03\\\/budapest_photo_fesztival_2026_kiallitas-218x150.webp 218w\\\" sizes=\\\"(max-width: 100px) 100vw, 100px\\\"  alt=\\\"Budapest Fot\\u00f3Fesztiv\\u00e1l 2026 ki\\u00e1ll\\u00edt\\u00e1sok \\u00e9s esem\\u00e9nyek\\\" title=\\\"Budapest Fot\\u00f3Fesztiv\\u00e1l 10. 2026\\\" \\\/><\\\/a><\\\/div>\\r\\n        <div class=\\\"item-details\\\">\\r\\n            <h3 class=\\\"entry-title td-module-title\\\"><a href=\\\"https:\\\/\\\/photonet.hu\\\/online\\\/magazin\\\/esemenyek\\\/budapest-fotofesztival-10-2026\\\/\\\"  rel=\\\"bookmark\\\" title=\\\"Budapest Fot\\u00f3Fesztiv\\u00e1l 10. 2026\\\">Budapest Fot\\u00f3Fesztiv\\u00e1l 10. 2026<\\\/a><\\\/h3>            <div class=\\\"td-module-meta-info\\\">\\r\\n                                                <span class=\\\"td-post-date\\\"><time class=\\\"entry-date updated td-module-date\\\" datetime=\\\"2026-03-26T16:56:11+02:00\\\" >2026. m\\u00e1rcius 26.<\\\/time><\\\/span>                            <\\\/div>\\r\\n        <\\\/div>\\r\\n\\r\\n        <\\\/div>\\r\\n\\r\\n        \\n\\t<\\\/div> <!-- .\\\/td-block-span12 -->\\n\\n\\t<div class=\\\"td-block-span12\\\">\\n\\r\\n        <div class=\\\"td_module_6 td_module_wrap td-animation-stack\\\">\\r\\n\\r\\n        <div class=\\\"td-module-thumb\\\"><a href=\\\"https:\\\/\\\/photonet.hu\\\/online\\\/magazin\\\/esemenyek\\\/mome-open-fotokiallitas-a-2025-oszi-fotografia-kepzesek-hallgatoinak-munkai-a-mome-campuson\\\/\\\"  rel=\\\"bookmark\\\" class=\\\"td-image-wrap \\\" title=\\\"MOME Open fot\\u00f3ki\\u00e1ll\\u00edt\\u00e1s: a 2025 \\u0151szi fotogr\\u00e1fia k\\u00e9pz\\u00e9sek hallgat\\u00f3inak munk\\u00e1i a MOME Campuson\\\" ><img width=\\\"100\\\" height=\\\"70\\\" class=\\\"entry-thumb\\\" src=\\\"https:\\\/\\\/photonet.hu\\\/online\\\/wp-content\\\/uploads\\\/2026\\\/03\\\/mome_open_kiallitas_zsengeller_miklos-100x70.jpg\\\"  srcset=\\\"https:\\\/\\\/photonet.hu\\\/online\\\/wp-content\\\/uploads\\\/2026\\\/03\\\/mome_open_kiallitas_zsengeller_miklos-100x70.jpg 100w, https:\\\/\\\/photonet.hu\\\/online\\\/wp-content\\\/uploads\\\/2026\\\/03\\\/mome_open_kiallitas_zsengeller_miklos-218x150.jpg 218w\\\" sizes=\\\"(max-width: 100px) 100vw, 100px\\\"  alt=\\\"MOME Open fot\\u00f3ki\\u00e1ll\\u00edt\\u00e1s - Zsengell\\u00e9r Mikl\\u00f3s\\\" title=\\\"MOME Open fot\\u00f3ki\\u00e1ll\\u00edt\\u00e1s: a 2025 \\u0151szi fotogr\\u00e1fia k\\u00e9pz\\u00e9sek hallgat\\u00f3inak munk\\u00e1i a MOME Campuson\\\" \\\/><\\\/a><\\\/div>\\r\\n        <div class=\\\"item-details\\\">\\r\\n            <h3 class=\\\"entry-title td-module-title\\\"><a href=\\\"https:\\\/\\\/photonet.hu\\\/online\\\/magazin\\\/esemenyek\\\/mome-open-fotokiallitas-a-2025-oszi-fotografia-kepzesek-hallgatoinak-munkai-a-mome-campuson\\\/\\\"  rel=\\\"bookmark\\\" title=\\\"MOME Open fot\\u00f3ki\\u00e1ll\\u00edt\\u00e1s: a 2025 \\u0151szi fotogr\\u00e1fia k\\u00e9pz\\u00e9sek hallgat\\u00f3inak munk\\u00e1i a MOME Campuson\\\">MOME Open fot\\u00f3ki\\u00e1ll\\u00edt\\u00e1s: a 2025 \\u0151szi fotogr\\u00e1fia k\\u00e9pz\\u00e9sek hallgat\\u00f3inak munk\\u00e1i a...<\\\/a><\\\/h3>            <div class=\\\"td-module-meta-info\\\">\\r\\n                                                <span class=\\\"td-post-date\\\"><time class=\\\"entry-date updated td-module-date\\\" datetime=\\\"2026-03-05T15:10:23+02:00\\\" >2026. m\\u00e1rcius 5.<\\\/time><\\\/span>                            <\\\/div>\\r\\n        <\\\/div>\\r\\n\\r\\n        <\\\/div>\\r\\n\\r\\n        \\n\\t<\\\/div> <!-- .\\\/td-block-span12 -->\",\"td_block_id\":\"tdi_45\",\"td_hide_prev\":true,\"td_hide_next\":false}));\r\n                                                    tmpObj = JSON.parse(JSON.stringify(block_tdi_45));\r\n                            tmpObj.is_ajax_running = true;\r\n                            tmpObj.td_current_page = 1;\r\n                            tmpObj.td_filter_value = 100;\r\n                            var currentBlockObjSignature = JSON.stringify(tmpObj);\r\n                            tdLocalCache.set(currentBlockObjSignature, JSON.stringify({\"td_data\":\"\\n\\n\\t<div class=\\\"td-block-span12\\\">\\n\\r\\n        <div class=\\\"td_module_4 td_module_wrap td-animation-stack\\\">\\r\\n            <div class=\\\"td-module-image\\\">\\r\\n                <div class=\\\"td-module-thumb\\\"><a href=\\\"https:\\\/\\\/photonet.hu\\\/online\\\/magazin\\\/fekete-lista\\\/2016-majus-5-en-elloptak\\\/\\\"  rel=\\\"bookmark\\\" class=\\\"td-image-wrap \\\" title=\\\"2016. m\\u00e1jus 5-\\u00e9n ellopt\\u00e1k\\\" ><img width=\\\"324\\\" height=\\\"235\\\" class=\\\"entry-thumb\\\" src=\\\"https:\\\/\\\/photonet.hu\\\/online\\\/wp-content\\\/uploads\\\/2016\\\/03\\\/fekete_lista_elloptak-324x235.jpg\\\"   alt=\\\"Fekete lista\\\" title=\\\"2016. m\\u00e1jus 5-\\u00e9n ellopt\\u00e1k\\\" \\\/><\\\/a><\\\/div>                            <\\\/div>\\r\\n\\r\\n            <h3 class=\\\"entry-title td-module-title\\\"><a href=\\\"https:\\\/\\\/photonet.hu\\\/online\\\/magazin\\\/fekete-lista\\\/2016-majus-5-en-elloptak\\\/\\\"  rel=\\\"bookmark\\\" title=\\\"2016. m\\u00e1jus 5-\\u00e9n ellopt\\u00e1k\\\">2016. m\\u00e1jus 5-\\u00e9n ellopt\\u00e1k<\\\/a><\\\/h3>\\r\\n            <div class=\\\"td-module-meta-info\\\">\\r\\n                <span class=\\\"td-post-author-name\\\"><a href=\\\"https:\\\/\\\/photonet.hu\\\/online\\\/author\\\/photonet\\\/\\\">photonet<\\\/a> <span>-<\\\/span> <\\\/span>                <span class=\\\"td-post-date\\\"><time class=\\\"entry-date updated td-module-date\\\" datetime=\\\"2016-05-06T15:07:55+02:00\\\" >2016. m\\u00e1jus 6.<\\\/time><\\\/span>                <span class=\\\"td-module-comments\\\"><a href=\\\"https:\\\/\\\/photonet.hu\\\/online\\\/magazin\\\/fekete-lista\\\/2016-majus-5-en-elloptak\\\/#respond\\\">0<\\\/a><\\\/span>            <\\\/div>\\r\\n\\r\\n            <div class=\\\"td-excerpt\\\">\\r\\n                Egy Facebook fot\\u00f3s csoportban tett\\u00e9k k\\u00f6zz\\u00e9 az al\\u00e1bbi felh\\u00edv\\u00e1st. Az esetleges nyomravezet\\u0151nek jutalmat aj\\u00e1nlanak.\\r\\n\\r\\nTisztelt csoporttagok!\\r\\n\\r\\nSzeretn\\u00e9m a seg\\u00edts\\u00e9geteket k\\u00e9rni.\\r\\nEgy hete felt\\u00f6rt\\u00e9k egyik j\\u00f3bar\\u00e1tom aut\\u00f3j\\u00e1t (\\u00e9s...            <\\\/div>\\r\\n\\r\\n            \\r\\n        <\\\/div>\\r\\n\\r\\n        \\n\\t<\\\/div> <!-- .\\\/td-block-span12 -->\\n\\n\\t<div class=\\\"td-block-span12\\\">\\n\\r\\n        <div class=\\\"td_module_6 td_module_wrap td-animation-stack\\\">\\r\\n\\r\\n        <div class=\\\"td-module-thumb\\\"><a href=\\\"https:\\\/\\\/photonet.hu\\\/online\\\/magazin\\\/fekete-lista\\\/eltulajdonitott-studiotechnikai-eszkozok\\\/\\\"  rel=\\\"bookmark\\\" class=\\\"td-image-wrap \\\" title=\\\"Eltulajdon\\u00edtott st\\u00fadi\\u00f3technikai eszk\\u00f6z\\u00f6k\\\" ><img width=\\\"100\\\" height=\\\"70\\\" class=\\\"entry-thumb\\\" src=\\\"https:\\\/\\\/photonet.hu\\\/online\\\/wp-content\\\/uploads\\\/2016\\\/03\\\/fekete_lista_elloptak-100x70.jpg\\\"  srcset=\\\"https:\\\/\\\/photonet.hu\\\/online\\\/wp-content\\\/uploads\\\/2016\\\/03\\\/fekete_lista_elloptak-100x70.jpg 100w, https:\\\/\\\/photonet.hu\\\/online\\\/wp-content\\\/uploads\\\/2016\\\/03\\\/fekete_lista_elloptak-218x150.jpg 218w, https:\\\/\\\/photonet.hu\\\/online\\\/wp-content\\\/uploads\\\/2016\\\/03\\\/fekete_lista_elloptak-700x486.jpg 700w\\\" sizes=\\\"(max-width: 100px) 100vw, 100px\\\"  alt=\\\"Fekete lista\\\" title=\\\"Eltulajdon\\u00edtott st\\u00fadi\\u00f3technikai eszk\\u00f6z\\u00f6k\\\" \\\/><\\\/a><\\\/div>\\r\\n        <div class=\\\"item-details\\\">\\r\\n            <h3 class=\\\"entry-title td-module-title\\\"><a href=\\\"https:\\\/\\\/photonet.hu\\\/online\\\/magazin\\\/fekete-lista\\\/eltulajdonitott-studiotechnikai-eszkozok\\\/\\\"  rel=\\\"bookmark\\\" title=\\\"Eltulajdon\\u00edtott st\\u00fadi\\u00f3technikai eszk\\u00f6z\\u00f6k\\\">Eltulajdon\\u00edtott st\\u00fadi\\u00f3technikai eszk\\u00f6z\\u00f6k<\\\/a><\\\/h3>            <div class=\\\"td-module-meta-info\\\">\\r\\n                                                <span class=\\\"td-post-date\\\"><time class=\\\"entry-date updated td-module-date\\\" datetime=\\\"2016-03-24T12:27:48+02:00\\\" >2016. m\\u00e1rcius 24.<\\\/time><\\\/span>                            <\\\/div>\\r\\n        <\\\/div>\\r\\n\\r\\n        <\\\/div>\\r\\n\\r\\n        \\n\\t<\\\/div> <!-- .\\\/td-block-span12 -->\\n\\n\\t<div class=\\\"td-block-span12\\\">\\n\\r\\n        <div class=\\\"td_module_6 td_module_wrap td-animation-stack\\\">\\r\\n\\r\\n        <div class=\\\"td-module-thumb\\\"><a href=\\\"https:\\\/\\\/photonet.hu\\\/online\\\/magazin\\\/fekete-lista\\\/2016-marcius-21-en-elloptak\\\/\\\"  rel=\\\"bookmark\\\" class=\\\"td-image-wrap \\\" title=\\\"2016. m\\u00e1rcius 21-\\u00e9n ellopt\\u00e1k\\\" ><img width=\\\"100\\\" height=\\\"70\\\" class=\\\"entry-thumb\\\" src=\\\"https:\\\/\\\/photonet.hu\\\/online\\\/wp-content\\\/uploads\\\/2016\\\/03\\\/fekete_lista_elloptak-100x70.jpg\\\"  srcset=\\\"https:\\\/\\\/photonet.hu\\\/online\\\/wp-content\\\/uploads\\\/2016\\\/03\\\/fekete_lista_elloptak-100x70.jpg 100w, https:\\\/\\\/photonet.hu\\\/online\\\/wp-content\\\/uploads\\\/2016\\\/03\\\/fekete_lista_elloptak-218x150.jpg 218w, https:\\\/\\\/photonet.hu\\\/online\\\/wp-content\\\/uploads\\\/2016\\\/03\\\/fekete_lista_elloptak-700x486.jpg 700w\\\" sizes=\\\"(max-width: 100px) 100vw, 100px\\\"  alt=\\\"Fekete lista\\\" title=\\\"2016. m\\u00e1rcius 21-\\u00e9n ellopt\\u00e1k\\\" \\\/><\\\/a><\\\/div>\\r\\n        <div class=\\\"item-details\\\">\\r\\n            <h3 class=\\\"entry-title td-module-title\\\"><a href=\\\"https:\\\/\\\/photonet.hu\\\/online\\\/magazin\\\/fekete-lista\\\/2016-marcius-21-en-elloptak\\\/\\\"  rel=\\\"bookmark\\\" title=\\\"2016. m\\u00e1rcius 21-\\u00e9n ellopt\\u00e1k\\\">2016. m\\u00e1rcius 21-\\u00e9n ellopt\\u00e1k<\\\/a><\\\/h3>            <div class=\\\"td-module-meta-info\\\">\\r\\n                                                <span class=\\\"td-post-date\\\"><time class=\\\"entry-date updated td-module-date\\\" datetime=\\\"2016-03-22T15:17:49+02:00\\\" >2016. m\\u00e1rcius 22.<\\\/time><\\\/span>                            <\\\/div>\\r\\n        <\\\/div>\\r\\n\\r\\n        <\\\/div>\\r\\n\\r\\n        \\n\\t<\\\/div> <!-- .\\\/td-block-span12 -->\",\"td_block_id\":\"tdi_45\",\"td_hide_prev\":true,\"td_hide_next\":false}));\r\n                                                    tmpObj = JSON.parse(JSON.stringify(block_tdi_45));\r\n                            tmpObj.is_ajax_running = true;\r\n                            tmpObj.td_current_page = 1;\r\n                            tmpObj.td_filter_value = 101;\r\n                            var currentBlockObjSignature = JSON.stringify(tmpObj);\r\n                            tdLocalCache.set(currentBlockObjSignature, JSON.stringify({\"td_data\":\"\\n\\n\\t<div class=\\\"td-block-span12\\\">\\n\\r\\n        <div class=\\\"td_module_4 td_module_wrap td-animation-stack\\\">\\r\\n            <div class=\\\"td-module-image\\\">\\r\\n                <div class=\\\"td-module-thumb\\\"><a href=\\\"https:\\\/\\\/photonet.hu\\\/online\\\/magazin\\\/felszereles\\\/sony-fe-100-mm-f2-8-macro-gm-oss-objektiv\\\/\\\"  rel=\\\"bookmark\\\" class=\\\"td-image-wrap \\\" title=\\\"Sony FE 100 mm F2.8 Macro GM OSS objekt\\u00edv\\\" ><img width=\\\"324\\\" height=\\\"235\\\" class=\\\"entry-thumb\\\" src=\\\"https:\\\/\\\/photonet.hu\\\/online\\\/wp-content\\\/uploads\\\/2025\\\/11\\\/sony_fe100_mm_f28_macro_gm_oss_objektiv-324x235.jpg\\\"   alt=\\\"Sony FE 100 mm F2.8 Macro GM OSS objekt\\u00edv\\\" title=\\\"Sony FE 100 mm F2.8 Macro GM OSS objekt\\u00edv\\\" \\\/><\\\/a><\\\/div>                            <\\\/div>\\r\\n\\r\\n            <h3 class=\\\"entry-title td-module-title\\\"><a href=\\\"https:\\\/\\\/photonet.hu\\\/online\\\/magazin\\\/felszereles\\\/sony-fe-100-mm-f2-8-macro-gm-oss-objektiv\\\/\\\"  rel=\\\"bookmark\\\" title=\\\"Sony FE 100 mm F2.8 Macro GM OSS objekt\\u00edv\\\">Sony FE 100 mm F2.8 Macro GM OSS objekt\\u00edv<\\\/a><\\\/h3>\\r\\n            <div class=\\\"td-module-meta-info\\\">\\r\\n                <span class=\\\"td-post-author-name\\\"><a href=\\\"https:\\\/\\\/photonet.hu\\\/online\\\/author\\\/photonet\\\/\\\">photonet<\\\/a> <span>-<\\\/span> <\\\/span>                <span class=\\\"td-post-date\\\"><time class=\\\"entry-date updated td-module-date\\\" datetime=\\\"2025-10-01T11:11:36+02:00\\\" >2025. okt\\u00f3ber 1.<\\\/time><\\\/span>                <span class=\\\"td-module-comments\\\"><a href=\\\"https:\\\/\\\/photonet.hu\\\/online\\\/magazin\\\/felszereles\\\/sony-fe-100-mm-f2-8-macro-gm-oss-objektiv\\\/#respond\\\">0<\\\/a><\\\/span>            <\\\/div>\\r\\n\\r\\n            <div class=\\\"td-excerpt\\\">\\r\\n                \\nA Sony bemutatja az \\u00faj makr\\u00f3 objekt\\u00edvj\\u00e9t, mely \\u00faj dimenzi\\u00f3kat nyit a makrofot\\u00f3z\\u00e1s ter\\u00e9n\\n\\n\\n\\n2025 szeptember 30-\\u00e1n a Sony bejelentette leg\\u00fajabb objekt\\u00edvj\\u00e9t, a Sony FE...            <\\\/div>\\r\\n\\r\\n            \\r\\n        <\\\/div>\\r\\n\\r\\n        \\n\\t<\\\/div> <!-- .\\\/td-block-span12 -->\\n\\n\\t<div class=\\\"td-block-span12\\\">\\n\\r\\n        <div class=\\\"td_module_6 td_module_wrap td-animation-stack\\\">\\r\\n\\r\\n        <div class=\\\"td-module-thumb\\\"><a href=\\\"https:\\\/\\\/photonet.hu\\\/online\\\/magazin\\\/felszereles\\\/panasonic-lumix-s-100-500-mm-f5-7-1-o-i-s-objektiv\\\/\\\"  rel=\\\"bookmark\\\" class=\\\"td-image-wrap \\\" title=\\\"Panasonic LUMIX S 100\\u2013500 mm F5\\u20137.1 O.I.S. objekt\\u00edv\\\" ><img width=\\\"100\\\" height=\\\"70\\\" class=\\\"entry-thumb\\\" src=\\\"https:\\\/\\\/photonet.hu\\\/online\\\/wp-content\\\/uploads\\\/2025\\\/11\\\/panasonic_lumix_s100_500mm_f5_71_ois_objektiv-100x70.jpg\\\"  srcset=\\\"https:\\\/\\\/photonet.hu\\\/online\\\/wp-content\\\/uploads\\\/2025\\\/11\\\/panasonic_lumix_s100_500mm_f5_71_ois_objektiv-100x70.jpg 100w, https:\\\/\\\/photonet.hu\\\/online\\\/wp-content\\\/uploads\\\/2025\\\/11\\\/panasonic_lumix_s100_500mm_f5_71_ois_objektiv-218x150.jpg 218w\\\" sizes=\\\"(max-width: 100px) 100vw, 100px\\\"  alt=\\\"Panasonic LUMIX S 100-500 mm F5-7.1 O.I.S objektiv\\\" title=\\\"Panasonic LUMIX S 100\\u2013500 mm F5\\u20137.1 O.I.S. objekt\\u00edv\\\" \\\/><\\\/a><\\\/div>\\r\\n        <div class=\\\"item-details\\\">\\r\\n            <h3 class=\\\"entry-title td-module-title\\\"><a href=\\\"https:\\\/\\\/photonet.hu\\\/online\\\/magazin\\\/felszereles\\\/panasonic-lumix-s-100-500-mm-f5-7-1-o-i-s-objektiv\\\/\\\"  rel=\\\"bookmark\\\" title=\\\"Panasonic LUMIX S 100\\u2013500 mm F5\\u20137.1 O.I.S. objekt\\u00edv\\\">Panasonic LUMIX S 100\\u2013500 mm F5\\u20137.1 O.I.S. objekt\\u00edv<\\\/a><\\\/h3>            <div class=\\\"td-module-meta-info\\\">\\r\\n                                                <span class=\\\"td-post-date\\\"><time class=\\\"entry-date updated td-module-date\\\" datetime=\\\"2025-09-24T17:35:00+02:00\\\" >2025. szeptember 24.<\\\/time><\\\/span>                            <\\\/div>\\r\\n        <\\\/div>\\r\\n\\r\\n        <\\\/div>\\r\\n\\r\\n        \\n\\t<\\\/div> <!-- .\\\/td-block-span12 -->\\n\\n\\t<div class=\\\"td-block-span12\\\">\\n\\r\\n        <div class=\\\"td_module_6 td_module_wrap td-animation-stack\\\">\\r\\n\\r\\n        <div class=\\\"td-module-thumb\\\"><a href=\\\"https:\\\/\\\/photonet.hu\\\/online\\\/magazin\\\/felszereles\\\/uj-sigma-art-28-105mm-f2-8-dg-dn-zoom-objektiv\\\/\\\"  rel=\\\"bookmark\\\" class=\\\"td-image-wrap \\\" title=\\\"\\u00daj Sigma Art 28-105mm F2.8 DG DN zoom objekt\\u00edv\\\" ><img width=\\\"100\\\" height=\\\"70\\\" class=\\\"entry-thumb\\\" src=\\\"https:\\\/\\\/photonet.hu\\\/online\\\/wp-content\\\/uploads\\\/2025\\\/06\\\/sigma_art_24_70_f28_dg_dn_objektiv_foto-100x70.jpg\\\"  srcset=\\\"https:\\\/\\\/photonet.hu\\\/online\\\/wp-content\\\/uploads\\\/2025\\\/06\\\/sigma_art_24_70_f28_dg_dn_objektiv_foto-100x70.jpg 100w, https:\\\/\\\/photonet.hu\\\/online\\\/wp-content\\\/uploads\\\/2025\\\/06\\\/sigma_art_24_70_f28_dg_dn_objektiv_foto-218x150.jpg 218w\\\" sizes=\\\"(max-width: 100px) 100vw, 100px\\\"  alt=\\\"Sigma Art 28-105mm F2.8 DG DN zoom objekt\\u00edv - photonet\\\" title=\\\"\\u00daj Sigma Art 28-105mm F2.8 DG DN zoom objekt\\u00edv\\\" \\\/><\\\/a><\\\/div>\\r\\n        <div class=\\\"item-details\\\">\\r\\n            <h3 class=\\\"entry-title td-module-title\\\"><a href=\\\"https:\\\/\\\/photonet.hu\\\/online\\\/magazin\\\/felszereles\\\/uj-sigma-art-28-105mm-f2-8-dg-dn-zoom-objektiv\\\/\\\"  rel=\\\"bookmark\\\" title=\\\"\\u00daj Sigma Art 28-105mm F2.8 DG DN zoom objekt\\u00edv\\\">\\u00daj Sigma Art 28-105mm F2.8 DG DN zoom objekt\\u00edv<\\\/a><\\\/h3>            <div class=\\\"td-module-meta-info\\\">\\r\\n                                                <span class=\\\"td-post-date\\\"><time class=\\\"entry-date updated td-module-date\\\" datetime=\\\"2025-06-17T16:33:31+02:00\\\" >2025. j\\u00fanius 17.<\\\/time><\\\/span>                            <\\\/div>\\r\\n        <\\\/div>\\r\\n\\r\\n        <\\\/div>\\r\\n\\r\\n        \\n\\t<\\\/div> <!-- .\\\/td-block-span12 -->\",\"td_block_id\":\"tdi_45\",\"td_hide_prev\":true,\"td_hide_next\":false}));\r\n                                                    tmpObj = JSON.parse(JSON.stringify(block_tdi_45));\r\n                            tmpObj.is_ajax_running = true;\r\n                            tmpObj.td_current_page = 1;\r\n                            tmpObj.td_filter_value = 90;\r\n                            var currentBlockObjSignature = JSON.stringify(tmpObj);\r\n                            tdLocalCache.set(currentBlockObjSignature, JSON.stringify({\"td_data\":\"\\n\\n\\t<div class=\\\"td-block-span12\\\">\\n\\r\\n        <div class=\\\"td_module_4 td_module_wrap td-animation-stack\\\">\\r\\n            <div class=\\\"td-module-image\\\">\\r\\n                <div class=\\\"td-module-thumb\\\"><a href=\\\"https:\\\/\\\/photonet.hu\\\/online\\\/fotomuveszet\\\/mult-szazad\\\/robert-capa-a-haditudosito-aki-szemelyes-tortenetkent-fotozta-a-tortenelmet\\\/\\\"  rel=\\\"bookmark\\\" class=\\\"td-image-wrap \\\" title=\\\"Robert Capa: a haditud\\u00f3s\\u00edt\\u00f3, aki szem\\u00e9lyes t\\u00f6rt\\u00e9netk\\u00e9nt fot\\u00f3zta a t\\u00f6rt\\u00e9nelmet\\\" ><img width=\\\"324\\\" height=\\\"235\\\" class=\\\"entry-thumb\\\" src=\\\"https:\\\/\\\/photonet.hu\\\/online\\\/wp-content\\\/uploads\\\/2026\\\/04\\\/robert_capa_photographer_gerda_taro_photography-324x235.webp\\\"   alt=\\\"Robert Capa fotogr\\u00e1fus, haditud\\u00f3s\\u00edt\\u00f3\\\" title=\\\"Robert Capa: a haditud\\u00f3s\\u00edt\\u00f3, aki szem\\u00e9lyes t\\u00f6rt\\u00e9netk\\u00e9nt fot\\u00f3zta a t\\u00f6rt\\u00e9nelmet\\\" \\\/><\\\/a><\\\/div>                            <\\\/div>\\r\\n\\r\\n            <h3 class=\\\"entry-title td-module-title\\\"><a href=\\\"https:\\\/\\\/photonet.hu\\\/online\\\/fotomuveszet\\\/mult-szazad\\\/robert-capa-a-haditudosito-aki-szemelyes-tortenetkent-fotozta-a-tortenelmet\\\/\\\"  rel=\\\"bookmark\\\" title=\\\"Robert Capa: a haditud\\u00f3s\\u00edt\\u00f3, aki szem\\u00e9lyes t\\u00f6rt\\u00e9netk\\u00e9nt fot\\u00f3zta a t\\u00f6rt\\u00e9nelmet\\\">Robert Capa: a haditud\\u00f3s\\u00edt\\u00f3, aki szem\\u00e9lyes t\\u00f6rt\\u00e9netk\\u00e9nt fot\\u00f3zta a t\\u00f6rt\\u00e9nelmet<\\\/a><\\\/h3>\\r\\n            <div class=\\\"td-module-meta-info\\\">\\r\\n                <span class=\\\"td-post-author-name\\\"><a href=\\\"https:\\\/\\\/photonet.hu\\\/online\\\/author\\\/photonet\\\/\\\">photonet<\\\/a> <span>-<\\\/span> <\\\/span>                <span class=\\\"td-post-date\\\"><time class=\\\"entry-date updated td-module-date\\\" datetime=\\\"2026-04-09T13:00:33+02:00\\\" >2026. \\u00e1prilis 9.<\\\/time><\\\/span>                <span class=\\\"td-module-comments\\\"><a href=\\\"https:\\\/\\\/photonet.hu\\\/online\\\/fotomuveszet\\\/mult-szazad\\\/robert-capa-a-haditudosito-aki-szemelyes-tortenetkent-fotozta-a-tortenelmet\\\/#respond\\\">0<\\\/a><\\\/span>            <\\\/div>\\r\\n\\r\\n            <div class=\\\"td-excerpt\\\">\\r\\n                \\nEgy magyar sz\\u00e1rmaz\\u00e1s\\u00fa fotogr\\u00e1fus nemzetk\\u00f6zi p\\u00e1ly\\u00e1ja\\n\\n\\n\\nRobert Capa a 20. sz\\u00e1zadi fot\\u00f3t\\u00f6rt\\u00e9net egyik meghat\\u00e1roz\\u00f3 alakja, aki haditud\\u00f3s\\u00edt\\u00f3k\\u00e9nt v\\u00e1lt vil\\u00e1gh\\u00edr\\u0171v\\u00e9. Polg\\u00e1ri nev\\u00e9n Friedmann Endre 1913-ban sz\\u00fcletett...            <\\\/div>\\r\\n\\r\\n            \\r\\n        <\\\/div>\\r\\n\\r\\n        \\n\\t<\\\/div> <!-- .\\\/td-block-span12 -->\\n\\n\\t<div class=\\\"td-block-span12\\\">\\n\\r\\n        <div class=\\\"td_module_6 td_module_wrap td-animation-stack\\\">\\r\\n\\r\\n        <div class=\\\"td-module-thumb\\\"><a href=\\\"https:\\\/\\\/photonet.hu\\\/online\\\/fotomuveszet\\\/fotoriporter\\\/rene-burri-utopia-modern-epiteszet-es-fotoriport\\\/\\\"  rel=\\\"bookmark\\\" class=\\\"td-image-wrap \\\" title=\\\"Ren\\u00e9 Burri: Ut\\u00f3pia \\u2013 modern \\u00e9p\\u00edt\\u00e9szet \\u00e9s fot\\u00f3riport\\\" ><img width=\\\"100\\\" height=\\\"70\\\" class=\\\"entry-thumb\\\" src=\\\"https:\\\/\\\/photonet.hu\\\/online\\\/wp-content\\\/uploads\\\/2026\\\/03\\\/rene_burri_utopia_photography_exhibition_mucsarnok-100x70.webp\\\"  srcset=\\\"https:\\\/\\\/photonet.hu\\\/online\\\/wp-content\\\/uploads\\\/2026\\\/03\\\/rene_burri_utopia_photography_exhibition_mucsarnok-100x70.webp 100w, https:\\\/\\\/photonet.hu\\\/online\\\/wp-content\\\/uploads\\\/2026\\\/03\\\/rene_burri_utopia_photography_exhibition_mucsarnok-218x150.webp 218w\\\" sizes=\\\"(max-width: 100px) 100vw, 100px\\\"  alt=\\\"Ren\\u00e9 Burri Ut\\u00f3pia ki\\u00e1ll\\u00edt\\u00e1s\\\" title=\\\"Ren\\u00e9 Burri: Ut\\u00f3pia \\u2013 modern \\u00e9p\\u00edt\\u00e9szet \\u00e9s fot\\u00f3riport\\\" \\\/><\\\/a><\\\/div>\\r\\n        <div class=\\\"item-details\\\">\\r\\n            <h3 class=\\\"entry-title td-module-title\\\"><a href=\\\"https:\\\/\\\/photonet.hu\\\/online\\\/fotomuveszet\\\/fotoriporter\\\/rene-burri-utopia-modern-epiteszet-es-fotoriport\\\/\\\"  rel=\\\"bookmark\\\" title=\\\"Ren\\u00e9 Burri: Ut\\u00f3pia \\u2013 modern \\u00e9p\\u00edt\\u00e9szet \\u00e9s fot\\u00f3riport\\\">Ren\\u00e9 Burri: Ut\\u00f3pia \\u2013 modern \\u00e9p\\u00edt\\u00e9szet \\u00e9s fot\\u00f3riport<\\\/a><\\\/h3>            <div class=\\\"td-module-meta-info\\\">\\r\\n                                                <span class=\\\"td-post-date\\\"><time class=\\\"entry-date updated td-module-date\\\" datetime=\\\"2026-03-29T11:35:52+02:00\\\" >2026. m\\u00e1rcius 29.<\\\/time><\\\/span>                            <\\\/div>\\r\\n        <\\\/div>\\r\\n\\r\\n        <\\\/div>\\r\\n\\r\\n        \\n\\t<\\\/div> <!-- .\\\/td-block-span12 -->\\n\\n\\t<div class=\\\"td-block-span12\\\">\\n\\r\\n        <div class=\\\"td_module_6 td_module_wrap td-animation-stack\\\">\\r\\n\\r\\n        <div class=\\\"td-module-thumb\\\"><a href=\\\"https:\\\/\\\/photonet.hu\\\/online\\\/fotomuveszet\\\/divat-reklamfoto\\\/javier-laos-reklamfotografus\\\/\\\"  rel=\\\"bookmark\\\" class=\\\"td-image-wrap \\\" title=\\\"Javier Laos rekl\\u00e1mfotogr\\u00e1fus\\\" ><img width=\\\"100\\\" height=\\\"70\\\" class=\\\"entry-thumb\\\" src=\\\"https:\\\/\\\/photonet.hu\\\/online\\\/wp-content\\\/uploads\\\/2026\\\/03\\\/javier_laos_photographer_divat_reklam_foto-100x70.webp\\\"  srcset=\\\"https:\\\/\\\/photonet.hu\\\/online\\\/wp-content\\\/uploads\\\/2026\\\/03\\\/javier_laos_photographer_divat_reklam_foto-100x70.webp 100w, https:\\\/\\\/photonet.hu\\\/online\\\/wp-content\\\/uploads\\\/2026\\\/03\\\/javier_laos_photographer_divat_reklam_foto-218x150.webp 218w, https:\\\/\\\/photonet.hu\\\/online\\\/wp-content\\\/uploads\\\/2026\\\/03\\\/javier_laos_photographer_divat_reklam_foto-825x580.webp 825w\\\" sizes=\\\"(max-width: 100px) 100vw, 100px\\\"  alt=\\\"Javier Laos photography - divat- \\u00e9s rekl\\u00e1mfot\\u00f3\\\" title=\\\"Javier Laos rekl\\u00e1mfotogr\\u00e1fus\\\" \\\/><\\\/a><\\\/div>\\r\\n        <div class=\\\"item-details\\\">\\r\\n            <h3 class=\\\"entry-title td-module-title\\\"><a href=\\\"https:\\\/\\\/photonet.hu\\\/online\\\/fotomuveszet\\\/divat-reklamfoto\\\/javier-laos-reklamfotografus\\\/\\\"  rel=\\\"bookmark\\\" title=\\\"Javier Laos rekl\\u00e1mfotogr\\u00e1fus\\\">Javier Laos rekl\\u00e1mfotogr\\u00e1fus<\\\/a><\\\/h3>            <div class=\\\"td-module-meta-info\\\">\\r\\n                                                <span class=\\\"td-post-date\\\"><time class=\\\"entry-date updated td-module-date\\\" datetime=\\\"2026-03-16T12:20:09+02:00\\\" >2026. m\\u00e1rcius 16.<\\\/time><\\\/span>                            <\\\/div>\\r\\n        <\\\/div>\\r\\n\\r\\n        <\\\/div>\\r\\n\\r\\n        \\n\\t<\\\/div> <!-- .\\\/td-block-span12 -->\",\"td_block_id\":\"tdi_45\",\"td_hide_prev\":true,\"td_hide_next\":false}));\r\n                                    <\/script>\r\n            <div class=\"td-block-title-wrap\"><h4 class=\"block-title td-block-title\"><span class=\"td-pulldown-size\">H\u00edrek<\/span><\/h4><div class=\"td-pulldown-syle-default td-subcat-filter\" id=\"td_pulldown_tdi_45\"><ul class=\"td-subcat-list\" id=\"td_pulldown_tdi_45_list\"><li class=\"td-subcat-item\"><a class=\"td-subcat-link\" id=\"tdi_46\" data-td_filter_value=\"\" data-td_block_id=\"tdi_45\" href=\"#\">All<\/a><\/li><li class=\"td-subcat-item\"><a class=\"td-subcat-link\" id=\"tdi_47\" data-td_filter_value=\"177\" data-td_block_id=\"tdi_45\" href=\"#\">Arch\u00edvum<\/a><\/li><li class=\"td-subcat-item\"><a class=\"td-subcat-link\" id=\"tdi_48\" data-td_filter_value=\"256\" data-td_block_id=\"tdi_45\" href=\"#\">Divat &amp; Rekl\u00e1mfot\u00f3<\/a><\/li><li class=\"td-subcat-item\"><a class=\"td-subcat-link\" id=\"tdi_49\" data-td_filter_value=\"99\" data-td_block_id=\"tdi_45\" href=\"#\">Esem\u00e9nyek<\/a><\/li><li class=\"td-subcat-item\"><a class=\"td-subcat-link\" id=\"tdi_50\" data-td_filter_value=\"100\" data-td_block_id=\"tdi_45\" href=\"#\">Fekete lista<\/a><\/li><li class=\"td-subcat-item\"><a class=\"td-subcat-link\" id=\"tdi_51\" data-td_filter_value=\"101\" data-td_block_id=\"tdi_45\" href=\"#\">Felszerel\u00e9s<\/a><\/li><li class=\"td-subcat-item\"><a class=\"td-subcat-link\" id=\"tdi_52\" data-td_filter_value=\"90\" data-td_block_id=\"tdi_45\" href=\"#\">Fot\u00f3m\u0171v\u00e9szet<\/a><\/li><li class=\"td-subcat-item\"><a class=\"td-subcat-link\" id=\"tdi_53\" data-td_filter_value=\"102\" data-td_block_id=\"tdi_45\" href=\"#\">Fot\u00f3p\u00e1ly\u00e1zatok<\/a><\/li><li class=\"td-subcat-item\"><a class=\"td-subcat-link\" id=\"tdi_54\" data-td_filter_value=\"91\" data-td_block_id=\"tdi_45\" href=\"#\">Fot\u00f3riporter<\/a><\/li><li class=\"td-subcat-item\"><a class=\"td-subcat-link\" id=\"tdi_55\" data-td_filter_value=\"103\" data-td_block_id=\"tdi_45\" href=\"#\">H\u00edrek<\/a><\/li><li class=\"td-subcat-item\"><a class=\"td-subcat-link\" id=\"tdi_56\" data-td_filter_value=\"104\" data-td_block_id=\"tdi_45\" href=\"#\">K\u00f6nyvaj\u00e1nl\u00f3<\/a><\/li><li class=\"td-subcat-item\"><a class=\"td-subcat-link\" id=\"tdi_57\" data-td_filter_value=\"92\" data-td_block_id=\"tdi_45\" href=\"#\">Magazin<\/a><\/li><li class=\"td-subcat-item\"><a class=\"td-subcat-link\" id=\"tdi_58\" data-td_filter_value=\"93\" data-td_block_id=\"tdi_45\" href=\"#\">M\u00falt sz\u00e1zad<\/a><\/li><li class=\"td-subcat-item\"><a class=\"td-subcat-link\" id=\"tdi_59\" data-td_filter_value=\"94\" data-td_block_id=\"tdi_45\" href=\"#\">Portr\u00e9, emberek<\/a><\/li><li class=\"td-subcat-item\"><a class=\"td-subcat-link\" id=\"tdi_60\" data-td_filter_value=\"180\" data-td_block_id=\"tdi_45\" href=\"#\">T\u00e1jk\u00e9p<\/a><\/li><li class=\"td-subcat-item\"><a class=\"td-subcat-link\" id=\"tdi_61\" data-td_filter_value=\"95\" data-td_block_id=\"tdi_45\" href=\"#\">T\u00e1rgyfot\u00f3<\/a><\/li><li class=\"td-subcat-item\"><a class=\"td-subcat-link\" id=\"tdi_62\" data-td_filter_value=\"96\" data-td_block_id=\"tdi_45\" href=\"#\">Tech<\/a><\/li><li class=\"td-subcat-item\"><a class=\"td-subcat-link\" id=\"tdi_63\" data-td_filter_value=\"97\" data-td_block_id=\"tdi_45\" href=\"#\">Term\u00e9szetfot\u00f3<\/a><\/li><li class=\"td-subcat-item\"><a class=\"td-subcat-link\" id=\"tdi_64\" data-td_filter_value=\"98\" data-td_block_id=\"tdi_45\" href=\"#\">Tippek<\/a><\/li><\/ul><div class=\"td-subcat-dropdown\"><div class=\"td-subcat-more\" aria-haspopup=\"true\"><span>More<\/span><i class=\"td-icon-read-down\"><\/i><\/div><ul class=\"td-pulldown-filter-list\"><\/ul><\/div><\/div><\/div><div id=tdi_45 class=\"td_block_inner\">\n\n\t<div class=\"td-block-span12\">\n\r\n        <div class=\"td_module_4 td_module_wrap td-animation-stack\">\r\n            <div class=\"td-module-image\">\r\n                <div class=\"td-module-thumb\"><a href=\"https:\/\/photonet.hu\/online\/hirek\/kihirdettek-a-sony-world-photography-awards-2026-gyozteseit\/\"  rel=\"bookmark\" class=\"td-image-wrap \" title=\"Kihirdett\u00e9k a Sony World Photography Awards 2026 gy\u0151zteseit\" ><img decoding=\"async\" width=\"324\" height=\"235\" class=\"entry-thumb\" src=\"https:\/\/photonet.hu\/online\/wp-content\/uploads\/2026\/04\/citlali_fabian_mexico_photographer_of_the_year_professional_creative_2026_1-324x235.webp\"   alt=\"\u00a9 Citlali Fabia\u0301n, Mexico, Photographer of the Year, Professional Competition, Creative kateg\u00f3ria gy\u0151ztese\" title=\"Kihirdett\u00e9k a Sony World Photography Awards 2026 gy\u0151zteseit\" \/><\/a><\/div>                            <\/div>\r\n\r\n            <h3 class=\"entry-title td-module-title\"><a href=\"https:\/\/photonet.hu\/online\/hirek\/kihirdettek-a-sony-world-photography-awards-2026-gyozteseit\/\"  rel=\"bookmark\" title=\"Kihirdett\u00e9k a Sony World Photography Awards 2026 gy\u0151zteseit\">Kihirdett\u00e9k a Sony World Photography Awards 2026 gy\u0151zteseit<\/a><\/h3>\r\n            <div class=\"td-module-meta-info\">\r\n                <span class=\"td-post-author-name\"><a href=\"https:\/\/photonet.hu\/online\/author\/photonet\/\">photonet<\/a> <span>-<\/span> <\/span>                <span class=\"td-post-date\"><time class=\"entry-date updated td-module-date\" datetime=\"2026-04-22T19:07:51+02:00\" >2026. \u00e1prilis 22.<\/time><\/span>                <span class=\"td-module-comments\"><a href=\"https:\/\/photonet.hu\/online\/hirek\/kihirdettek-a-sony-world-photography-awards-2026-gyozteseit\/#respond\">0<\/a><\/span>            <\/div>\r\n\r\n            <div class=\"td-excerpt\">\r\n                \nLondoni g\u00e1lam\u0171sor keret\u00e9ben \u00fcnnepelt\u00e9k a 2026-os SWPA verseny\u00e9nek abszol\u00fat nyerteseit\n\n\n\nA Sony World Photography Awards 2026-os kiad\u00e1s\u00e1nak abszol\u00fat nyerteseit londoni g\u00e1lam\u0171sor keret\u00e9ben jelentett\u00e9k be, ahol...            <\/div>\r\n\r\n            \r\n        <\/div>\r\n\r\n        \n\t<\/div> <!-- .\/td-block-span12 -->\n\n\t<div class=\"td-block-span12\">\n\r\n        <div class=\"td_module_6 td_module_wrap td-animation-stack\">\r\n\r\n        <div class=\"td-module-thumb\"><a href=\"https:\/\/photonet.hu\/online\/hirek\/a-termeszetvedelem-fotos-nagykoveteit-unnepeltek-a-biodomban\/\"  rel=\"bookmark\" class=\"td-image-wrap \" title=\"A term\u00e9szetv\u00e9delem fot\u00f3s nagyk\u00f6veteit \u00fcnnepelt\u00e9k a Biod\u00f3mban\" ><img decoding=\"async\" width=\"100\" height=\"70\" class=\"entry-thumb\" src=\"https:\/\/photonet.hu\/online\/wp-content\/uploads\/2026\/03\/magyar_termeszetfoto_nagydij_kiallitas_palyazat_2025-100x70.jpg\"  srcset=\"https:\/\/photonet.hu\/online\/wp-content\/uploads\/2026\/03\/magyar_termeszetfoto_nagydij_kiallitas_palyazat_2025-100x70.jpg 100w, https:\/\/photonet.hu\/online\/wp-content\/uploads\/2026\/03\/magyar_termeszetfoto_nagydij_kiallitas_palyazat_2025-218x150.jpg 218w\" sizes=\"(max-width: 100px) 100vw, 100px\"  alt=\"Magyar Term\u00e9szetfot\u00f3 Nagyd\u00edj d\u00edj\u00e1tad\u00f3 \u00e9s ki\u00e1ll\u00edt\u00e1s\" title=\"A term\u00e9szetv\u00e9delem fot\u00f3s nagyk\u00f6veteit \u00fcnnepelt\u00e9k a Biod\u00f3mban\" \/><\/a><\/div>\r\n        <div class=\"item-details\">\r\n            <h3 class=\"entry-title td-module-title\"><a href=\"https:\/\/photonet.hu\/online\/hirek\/a-termeszetvedelem-fotos-nagykoveteit-unnepeltek-a-biodomban\/\"  rel=\"bookmark\" title=\"A term\u00e9szetv\u00e9delem fot\u00f3s nagyk\u00f6veteit \u00fcnnepelt\u00e9k a Biod\u00f3mban\">A term\u00e9szetv\u00e9delem fot\u00f3s nagyk\u00f6veteit \u00fcnnepelt\u00e9k a Biod\u00f3mban<\/a><\/h3>            <div class=\"td-module-meta-info\">\r\n                                                <span class=\"td-post-date\"><time class=\"entry-date updated td-module-date\" datetime=\"2026-03-03T10:48:59+02:00\" >2026. m\u00e1rcius 3.<\/time><\/span>                            <\/div>\r\n        <\/div>\r\n\r\n        <\/div>\r\n\r\n        \n\t<\/div> <!-- .\/td-block-span12 -->\n\n\t<div class=\"td-block-span12\">\n\r\n        <div class=\"td_module_6 td_module_wrap td-animation-stack\">\r\n\r\n        <div class=\"td-module-thumb\"><a href=\"https:\/\/photonet.hu\/online\/hirek\/a-sony-world-photography-awards-kihirdette-a-2026-os-nyilt-verseny-kategoriagyozteseit-es-dontoseit\/\"  rel=\"bookmark\" class=\"td-image-wrap \" title=\"A Sony World Photography Awards kihirdette a 2026-os Ny\u00edlt verseny kateg\u00f3riagy\u0151zteseit \u00e9s d\u00f6nt\u0151seit\" ><img decoding=\"async\" width=\"100\" height=\"70\" class=\"entry-thumb\" src=\"https:\/\/photonet.hu\/online\/wp-content\/uploads\/2026\/02\/klaus_hellmich_winner_open_competition_natural_world_wildlife_sony_world_photography_awards_2026-100x70.jpg\"  srcset=\"https:\/\/photonet.hu\/online\/wp-content\/uploads\/2026\/02\/klaus_hellmich_winner_open_competition_natural_world_wildlife_sony_world_photography_awards_2026-100x70.jpg 100w, https:\/\/photonet.hu\/online\/wp-content\/uploads\/2026\/02\/klaus_hellmich_winner_open_competition_natural_world_wildlife_sony_world_photography_awards_2026-218x150.jpg 218w\" sizes=\"(max-width: 100px) 100vw, 100px\"  alt=\"TERM\u00c9SZET \u00c9S VADVIL\u00c1G nyertese: Klaus Hellmich (N\u00e9metorsz\u00e1g) - Sony World Photography Awards 2026\" title=\"A Sony World Photography Awards kihirdette a 2026-os Ny\u00edlt verseny kateg\u00f3riagy\u0151zteseit \u00e9s d\u00f6nt\u0151seit\" \/><\/a><\/div>\r\n        <div class=\"item-details\">\r\n            <h3 class=\"entry-title td-module-title\"><a href=\"https:\/\/photonet.hu\/online\/hirek\/a-sony-world-photography-awards-kihirdette-a-2026-os-nyilt-verseny-kategoriagyozteseit-es-dontoseit\/\"  rel=\"bookmark\" title=\"A Sony World Photography Awards kihirdette a 2026-os Ny\u00edlt verseny kateg\u00f3riagy\u0151zteseit \u00e9s d\u00f6nt\u0151seit\">A Sony World Photography Awards kihirdette a 2026-os Ny\u00edlt verseny kateg\u00f3riagy\u0151zteseit...<\/a><\/h3>            <div class=\"td-module-meta-info\">\r\n                                                <span class=\"td-post-date\"><time class=\"entry-date updated td-module-date\" datetime=\"2026-02-18T19:51:16+02:00\" >2026. febru\u00e1r 18.<\/time><\/span>                            <\/div>\r\n        <\/div>\r\n\r\n        <\/div>\r\n\r\n        \n\t<\/div> <!-- .\/td-block-span12 --><\/div><div class=\"td-next-prev-wrap\"><a href=\"#\" class=\"td-ajax-prev-page ajax-page-disabled\" aria-label=\"prev-page\" id=\"prev-page-tdi_45\" data-td_block_id=\"tdi_45\"><i class=\"td-next-prev-icon td-icon-font td-icon-menu-left\"><\/i><\/a><a href=\"#\"  class=\"td-ajax-next-page\" aria-label=\"next-page\" id=\"next-page-tdi_45\" data-td_block_id=\"tdi_45\"><i class=\"td-next-prev-icon td-icon-font td-icon-menu-right\"><\/i><\/a><\/div><\/div> <!-- .\/block --><div class=\"td_block_wrap td_block_21 tdi_65 td_with_ajax_pagination td-pb-border-top td_block_template_1 td_ajax_preloading_preload td-column-1\"  data-td-block-uid=\"tdi_65\" ><script>var block_tdi_65 = new tdBlock();\nblock_tdi_65.id = \"tdi_65\";\nblock_tdi_65.atts = '{\"custom_title\":\"N\\u00e9pszer\\u0171\",\"sort\":\"random_posts\",\"limit\":\"4\",\"td_ajax_filter_type\":\"td_category_ids_filter\",\"td_ajax_filter_ids\":\"\",\"td_ajax_preloading\":\"preload\",\"ajax_pagination\":\"next_prev\",\"category_ids\":\"ex: -177\",\"block_type\":\"td_block_21\",\"separator\":\"\",\"custom_url\":\"\",\"block_template_id\":\"\",\"m16_tl\":\"\",\"m16_el\":\"\",\"post_ids\":\"\",\"category_id\":\"\",\"taxonomies\":\"\",\"in_all_terms\":\"\",\"tag_slug\":\"\",\"autors_id\":\"\",\"installed_post_types\":\"\",\"include_cf_posts\":\"\",\"exclude_cf_posts\":\"\",\"popular_by_date\":\"\",\"linked_posts\":\"\",\"favourite_only\":\"\",\"offset\":\"\",\"open_in_new_window\":\"\",\"show_modified_date\":\"\",\"time_ago\":\"\",\"time_ago_add_txt\":\"ago\",\"time_ago_txt_pos\":\"\",\"review_source\":\"\",\"el_class\":\"\",\"td_filter_default_txt\":\"All\",\"f_header_font_header\":\"\",\"f_header_font_title\":\"Block header\",\"f_header_font_settings\":\"\",\"f_header_font_family\":\"\",\"f_header_font_size\":\"\",\"f_header_font_line_height\":\"\",\"f_header_font_style\":\"\",\"f_header_font_weight\":\"\",\"f_header_font_transform\":\"\",\"f_header_font_spacing\":\"\",\"f_header_\":\"\",\"f_ajax_font_title\":\"Ajax categories\",\"f_ajax_font_settings\":\"\",\"f_ajax_font_family\":\"\",\"f_ajax_font_size\":\"\",\"f_ajax_font_line_height\":\"\",\"f_ajax_font_style\":\"\",\"f_ajax_font_weight\":\"\",\"f_ajax_font_transform\":\"\",\"f_ajax_font_spacing\":\"\",\"f_ajax_\":\"\",\"f_more_font_title\":\"Load more button\",\"f_more_font_settings\":\"\",\"f_more_font_family\":\"\",\"f_more_font_size\":\"\",\"f_more_font_line_height\":\"\",\"f_more_font_style\":\"\",\"f_more_font_weight\":\"\",\"f_more_font_transform\":\"\",\"f_more_font_spacing\":\"\",\"f_more_\":\"\",\"m16f_title_font_header\":\"\",\"m16f_title_font_title\":\"Article title\",\"m16f_title_font_settings\":\"\",\"m16f_title_font_family\":\"\",\"m16f_title_font_size\":\"\",\"m16f_title_font_line_height\":\"\",\"m16f_title_font_style\":\"\",\"m16f_title_font_weight\":\"\",\"m16f_title_font_transform\":\"\",\"m16f_title_font_spacing\":\"\",\"m16f_title_\":\"\",\"m16f_cat_font_title\":\"Article category tag\",\"m16f_cat_font_settings\":\"\",\"m16f_cat_font_family\":\"\",\"m16f_cat_font_size\":\"\",\"m16f_cat_font_line_height\":\"\",\"m16f_cat_font_style\":\"\",\"m16f_cat_font_weight\":\"\",\"m16f_cat_font_transform\":\"\",\"m16f_cat_font_spacing\":\"\",\"m16f_cat_\":\"\",\"m16f_meta_font_title\":\"Article meta info\",\"m16f_meta_font_settings\":\"\",\"m16f_meta_font_family\":\"\",\"m16f_meta_font_size\":\"\",\"m16f_meta_font_line_height\":\"\",\"m16f_meta_font_style\":\"\",\"m16f_meta_font_weight\":\"\",\"m16f_meta_font_transform\":\"\",\"m16f_meta_font_spacing\":\"\",\"m16f_meta_\":\"\",\"m16f_ex_font_title\":\"Article excerpt\",\"m16f_ex_font_settings\":\"\",\"m16f_ex_font_family\":\"\",\"m16f_ex_font_size\":\"\",\"m16f_ex_font_line_height\":\"\",\"m16f_ex_font_style\":\"\",\"m16f_ex_font_weight\":\"\",\"m16f_ex_font_transform\":\"\",\"m16f_ex_font_spacing\":\"\",\"m16f_ex_\":\"\",\"ajax_pagination_next_prev_swipe\":\"\",\"ajax_pagination_infinite_stop\":\"\",\"css\":\"\",\"tdc_css\":\"\",\"td_column_number\":1,\"header_color\":\"\",\"color_preset\":\"\",\"border_top\":\"\",\"class\":\"tdi_65\",\"tdc_css_class\":\"tdi_65\",\"tdc_css_class_style\":\"tdi_65_rand_style\"}';\nblock_tdi_65.td_column_number = \"1\";\nblock_tdi_65.block_type = \"td_block_21\";\nblock_tdi_65.post_count = \"4\";\nblock_tdi_65.found_posts = \"352\";\nblock_tdi_65.header_color = \"\";\nblock_tdi_65.ajax_pagination_infinite_stop = \"\";\nblock_tdi_65.max_num_pages = \"88\";\ntdBlocksArray.push(block_tdi_65);\n<\/script>            <script>\r\n                var tmpObj = JSON.parse(JSON.stringify(block_tdi_65));\r\n                tmpObj.is_ajax_running = true;\r\n                var currentBlockObjSignature = JSON.stringify(tmpObj);\r\n                tdLocalCache.set(currentBlockObjSignature, JSON.stringify({\"td_data\":\"\\r\\n        <div class=\\\"td_module_16 td_module_wrap td-animation-stack\\\">\\r\\n            <div class=\\\"td-module-thumb\\\"><a href=\\\"https:\\\/\\\/photonet.hu\\\/online\\\/magazin\\\/felszereles\\\/olympus-stylus-sh-1-digitalis-fenykepezogep\\\/\\\"  rel=\\\"bookmark\\\" class=\\\"td-image-wrap \\\" title=\\\"Olympus Stylus SH-1 digit\\u00e1lis f\\u00e9nyk\\u00e9pez\\u0151g\\u00e9p\\\" ><img width=\\\"150\\\" height=\\\"150\\\" class=\\\"entry-thumb\\\" src=\\\"https:\\\/\\\/photonet.hu\\\/online\\\/wp-content\\\/uploads\\\/2014\\\/07\\\/olympus_sh1_kompakt_fenykepezogep-150x150.jpg\\\"   alt=\\\"Olympus Stylus SH-1 digit\\u00e1lis kompakt f\\u00e9nyk\\u00e9pez\\u0151g\\u00e9p\\\" title=\\\"Olympus Stylus SH-1 digit\\u00e1lis f\\u00e9nyk\\u00e9pez\\u0151g\\u00e9p\\\" \\\/><\\\/a><\\\/div>\\r\\n            <div class=\\\"item-details\\\">\\r\\n                <h3 class=\\\"entry-title td-module-title\\\"><a href=\\\"https:\\\/\\\/photonet.hu\\\/online\\\/magazin\\\/felszereles\\\/olympus-stylus-sh-1-digitalis-fenykepezogep\\\/\\\"  rel=\\\"bookmark\\\" title=\\\"Olympus Stylus SH-1 digit\\u00e1lis f\\u00e9nyk\\u00e9pez\\u0151g\\u00e9p\\\">Olympus Stylus SH-1 digit\\u00e1lis f\\u00e9nyk\\u00e9pez\\u0151g\\u00e9p<\\\/a><\\\/h3>\\r\\n                <div class=\\\"td-module-meta-info\\\">\\r\\n                                        <span class=\\\"td-post-author-name\\\"><a href=\\\"https:\\\/\\\/photonet.hu\\\/online\\\/author\\\/photonet\\\/\\\">photonet<\\\/a> <span>-<\\\/span> <\\\/span>                    <span class=\\\"td-post-date\\\"><time class=\\\"entry-date updated td-module-date\\\" datetime=\\\"2014-04-02T14:36:13+02:00\\\" >2014. \\u00e1prilis 2.<\\\/time><\\\/span>                    <span class=\\\"td-module-comments\\\"><a href=\\\"https:\\\/\\\/photonet.hu\\\/online\\\/magazin\\\/felszereles\\\/olympus-stylus-sh-1-digitalis-fenykepezogep\\\/#respond\\\">0<\\\/a><\\\/span>                <\\\/div>\\r\\n\\r\\n                <div class=\\\"td-excerpt\\\">\\r\\n                    A gy\\u00f6ny\\u00f6r\\u0171 Olympus SH-1 visszahozza a l\\u00e9legzetel\\u00e1ll\\u00edt\\u00f3 design \\u00e9lm\\u00e9ny\\u00e9t a kompakt f\\u00e9nyk\\u00e9pez\\u0151g\\u00e9pek vil\\u00e1g\\u00e1ba \\u2013 rekorder technol\\u00f3gi\\u00e1ja pedig val\\u00f3di min\\u0151s\\u00e9get biztos\\u00edt t\\u0171\\u00e9les k\\u00e9pek \\u00e9s nagysebess\\u00e9g\\u0171...                <\\\/div>\\r\\n            <\\\/div>\\r\\n\\r\\n        <\\\/div>\\r\\n\\r\\n        \\r\\n        <div class=\\\"td_module_16 td_module_wrap td-animation-stack\\\">\\r\\n            <div class=\\\"td-module-thumb\\\"><a href=\\\"https:\\\/\\\/photonet.hu\\\/online\\\/hirek\\\/megszunt-kodachrome-film\\\/\\\"  rel=\\\"bookmark\\\" class=\\\"td-image-wrap \\\" title=\\\"Megsz\\u0171nt a Kodachrome film\\\" ><img width=\\\"\\\" height=\\\"\\\" class=\\\"entry-thumb\\\" src=\\\"https:\\\/\\\/photonet.hu\\\/online\\\/wp-content\\\/plugins\\\/td-composer\\\/legacy\\\/Newspaper\\\/assets\\\/images\\\/no-thumb\\\/thumbnail.png\\\"  alt=\\\"\\\" \\\/><\\\/a><\\\/div>\\r\\n            <div class=\\\"item-details\\\">\\r\\n                <h3 class=\\\"entry-title td-module-title\\\"><a href=\\\"https:\\\/\\\/photonet.hu\\\/online\\\/hirek\\\/megszunt-kodachrome-film\\\/\\\"  rel=\\\"bookmark\\\" title=\\\"Megsz\\u0171nt a Kodachrome film\\\">Megsz\\u0171nt a Kodachrome film<\\\/a><\\\/h3>\\r\\n                <div class=\\\"td-module-meta-info\\\">\\r\\n                                        <span class=\\\"td-post-author-name\\\"><a href=\\\"https:\\\/\\\/photonet.hu\\\/online\\\/author\\\/photonet\\\/\\\">photonet<\\\/a> <span>-<\\\/span> <\\\/span>                    <span class=\\\"td-post-date\\\"><time class=\\\"entry-date updated td-module-date\\\" datetime=\\\"2011-02-22T18:58:29+02:00\\\" >2011. febru\\u00e1r 22.<\\\/time><\\\/span>                    <span class=\\\"td-module-comments\\\"><a href=\\\"https:\\\/\\\/photonet.hu\\\/online\\\/hirek\\\/megszunt-kodachrome-film\\\/#respond\\\">0<\\\/a><\\\/span>                <\\\/div>\\r\\n\\r\\n                <div class=\\\"td-excerpt\\\">\\r\\n                    <p style=\\\"text-align: justify;\\\">Indiai k\\u00f6z\\u00f6ss\\u00e9gekben fot\\u00f3zta el a h\\u00edres amerikai riportfot\\u00f3s, Steve McCurry a vil\\u00e1g utols\\u00f3 tekercs Kodachrome-j\\u00e1t. A legend\\u00e1s Kodak film, amely 1935-t\\u0151l k\\u00eds\\u00e9rte v\\u00e9gig az amerikai fot\\u00f3t\\u00f6rt\\u00e9nelem nagy pillanatait, az anal\\u00f3g technika egyik jelk\\u00e9pe lett; megsz\\u0171n\\u00e9se egy korszak v\\u00e9g\\u00e9t z\\u00e1rja le szimbolikusan. Amerik\\u00e1ban legenda volt, n\\u00e1lunk luxus. Csak n\\u00e9h\\u00e1ny magyar fotogr\\u00e1fus dolgozhatott vele, \\u0151k is ink\\u00e1bb a rendszerv\\u00e1lt\\u00e1s k\\u00f6zeledt\\u00e9vel \\u00e9s akkor is k\\u00fclf\\u00f6ld\\u00f6n.<\\\/p> <p style=\\\"text-align: center;\\\">&nbsp;<img src=\\\"images\\\/stories\\\/Cikkek\\\/2011\\\/02\\\/megszunt_kodachrome_dia_pozitiv.jpg\\\" alt=\\\"az anal\\u00f3g technika egyik jelk\\u00e9pe\\\" title=\\\"Megsz\\u0171nt Kodachrome film\\\" \\\/><\\\/p>                 <\\\/div>\\r\\n            <\\\/div>\\r\\n\\r\\n        <\\\/div>\\r\\n\\r\\n        \\r\\n        <div class=\\\"td_module_16 td_module_wrap td-animation-stack\\\">\\r\\n            <div class=\\\"td-module-thumb\\\"><a href=\\\"https:\\\/\\\/photonet.hu\\\/online\\\/magazin\\\/fotopalyazatok\\\/iden-mas-lesz-a-karacsony-fotopalyazat\\\/\\\"  rel=\\\"bookmark\\\" class=\\\"td-image-wrap \\\" title=\\\"Id\\u00e9n m\\u00e1s lesz a kar\\u00e1csony fot\\u00f3p\\u00e1ly\\u00e1zat\\\" ><img width=\\\"150\\\" height=\\\"150\\\" class=\\\"entry-thumb\\\" src=\\\"https:\\\/\\\/photonet.hu\\\/online\\\/wp-content\\\/uploads\\\/2014\\\/12\\\/iden_mas_lesz-a-karacsony_streetkitchen-150x150.jpg\\\"   alt=\\\"Street Kitchen Facebook fot\\u00f3p\\u00e1ly\\u00e1zat\\\" title=\\\"Id\\u00e9n m\\u00e1s lesz a kar\\u00e1csony fot\\u00f3p\\u00e1ly\\u00e1zat\\\" \\\/><\\\/a><\\\/div>\\r\\n            <div class=\\\"item-details\\\">\\r\\n                <h3 class=\\\"entry-title td-module-title\\\"><a href=\\\"https:\\\/\\\/photonet.hu\\\/online\\\/magazin\\\/fotopalyazatok\\\/iden-mas-lesz-a-karacsony-fotopalyazat\\\/\\\"  rel=\\\"bookmark\\\" title=\\\"Id\\u00e9n m\\u00e1s lesz a kar\\u00e1csony fot\\u00f3p\\u00e1ly\\u00e1zat\\\">Id\\u00e9n m\\u00e1s lesz a kar\\u00e1csony fot\\u00f3p\\u00e1ly\\u00e1zat<\\\/a><\\\/h3>\\r\\n                <div class=\\\"td-module-meta-info\\\">\\r\\n                                        <span class=\\\"td-post-author-name\\\"><a href=\\\"https:\\\/\\\/photonet.hu\\\/online\\\/author\\\/photonet\\\/\\\">photonet<\\\/a> <span>-<\\\/span> <\\\/span>                    <span class=\\\"td-post-date\\\"><time class=\\\"entry-date updated td-module-date\\\" datetime=\\\"2014-12-08T13:04:18+02:00\\\" >2014. december 8.<\\\/time><\\\/span>                    <span class=\\\"td-module-comments\\\"><a href=\\\"https:\\\/\\\/photonet.hu\\\/online\\\/magazin\\\/fotopalyazatok\\\/iden-mas-lesz-a-karacsony-fotopalyazat\\\/#respond\\\">0<\\\/a><\\\/span>                <\\\/div>\\r\\n\\r\\n                <div class=\\\"td-excerpt\\\">\\r\\n                    A Street Kitchen Facebook oldala fot\\u00f3p\\u00e1ly\\u00e1zatot hirdet &quot;Id\\u00e9n m\\u00e1s lesz a kar\\u00e1csony&quot; c\\u00edmmel.\\r\\n\\r\\nMutasd meg, hogy neked id\\u00e9n mi\\u00e9rt lesz m\\u00e1s a kar\\u00e1csony! A szervez\\u0151k...                <\\\/div>\\r\\n            <\\\/div>\\r\\n\\r\\n        <\\\/div>\\r\\n\\r\\n        \\r\\n        <div class=\\\"td_module_16 td_module_wrap td-animation-stack\\\">\\r\\n            <div class=\\\"td-module-thumb\\\"><a href=\\\"https:\\\/\\\/photonet.hu\\\/online\\\/magazin\\\/fotopalyazatok\\\/mutasd-meg-a-termeszet-arcait-fotopalyazat\\\/\\\"  rel=\\\"bookmark\\\" class=\\\"td-image-wrap \\\" title=\\\"Mutasd meg a term\\u00e9szet arcait! fot\\u00f3p\\u00e1ly\\u00e1zat\\\" ><img width=\\\"150\\\" height=\\\"150\\\" class=\\\"entry-thumb\\\" src=\\\"https:\\\/\\\/photonet.hu\\\/online\\\/wp-content\\\/uploads\\\/2010\\\/05\\\/bayer_fotopalyazat-150x150.jpg\\\"   alt=\\\"Bayer fot\\u00f3p\\u00e1ly\\u00e1zat\\\" title=\\\"Mutasd meg a term\\u00e9szet arcait! fot\\u00f3p\\u00e1ly\\u00e1zat\\\" \\\/><\\\/a><\\\/div>\\r\\n            <div class=\\\"item-details\\\">\\r\\n                <h3 class=\\\"entry-title td-module-title\\\"><a href=\\\"https:\\\/\\\/photonet.hu\\\/online\\\/magazin\\\/fotopalyazatok\\\/mutasd-meg-a-termeszet-arcait-fotopalyazat\\\/\\\"  rel=\\\"bookmark\\\" title=\\\"Mutasd meg a term\\u00e9szet arcait! fot\\u00f3p\\u00e1ly\\u00e1zat\\\">Mutasd meg a term\\u00e9szet arcait! fot\\u00f3p\\u00e1ly\\u00e1zat<\\\/a><\\\/h3>\\r\\n                <div class=\\\"td-module-meta-info\\\">\\r\\n                                        <span class=\\\"td-post-author-name\\\"><a href=\\\"https:\\\/\\\/photonet.hu\\\/online\\\/author\\\/photonet\\\/\\\">photonet<\\\/a> <span>-<\\\/span> <\\\/span>                    <span class=\\\"td-post-date\\\"><time class=\\\"entry-date updated td-module-date\\\" datetime=\\\"2010-05-01T16:31:56+02:00\\\" >2010. m\\u00e1jus 1.<\\\/time><\\\/span>                    <span class=\\\"td-module-comments\\\"><a href=\\\"https:\\\/\\\/photonet.hu\\\/online\\\/magazin\\\/fotopalyazatok\\\/mutasd-meg-a-termeszet-arcait-fotopalyazat\\\/#respond\\\">0<\\\/a><\\\/span>                <\\\/div>\\r\\n\\r\\n                <div class=\\\"td-excerpt\\\">\\r\\n                    <p style=\\\"text-align: justify;\\\">A Bayer Hung\\u00e1ria Kft. \\u00e9s a UNEP (ENSZ K\\u00f6rnyezetv\\u00e9delmi Program)  kl\\u00edmav\\u00e9delmi fot\\u00f3p\\u00e1ly\\u00e1zatot hirdet \\u201eMutasd meg a term\\u00e9szet arcait!\\\" c\\u00edmmel.<\\\/p> <p style=\\\"text-align: center;\\\"><img title=\\\"Mutasd meg a term\\u00e9szet arcait!\\\" alt=\\\"A Bayer Hung\\u00e1ria Kft. \\u00e9s a UNEP  kl\\u00edmav\\u00e9delmi fot\\u00f3p\\u00e1ly\\u00e1zatot hirdet\\\" src=\\\"images\\\/stories\\\/Cikkek\\\/2010\\\/05\\\/bayer_fotopalyazat.jpg\\\" \\\/>&nbsp;<\\\/p>                 <\\\/div>\\r\\n            <\\\/div>\\r\\n\\r\\n        <\\\/div>\\r\\n\\r\\n        \",\"td_block_id\":\"tdi_65\",\"td_hide_prev\":true,\"td_hide_next\":false}));\r\n                                            tmpObj = JSON.parse(JSON.stringify(block_tdi_65));\r\n                            tmpObj.is_ajax_running = true;\r\n                            tmpObj.td_current_page = 1;\r\n                            tmpObj.td_filter_value = 177;\r\n                            var currentBlockObjSignature = JSON.stringify(tmpObj);\r\n                            tdLocalCache.set(currentBlockObjSignature, JSON.stringify({\"td_data\":\"\\r\\n        <div class=\\\"td_module_16 td_module_wrap td-animation-stack\\\">\\r\\n            <div class=\\\"td-module-thumb\\\"><a href=\\\"https:\\\/\\\/photonet.hu\\\/online\\\/archivum\\\/11-eves-pecsi-jozsef-fotografiai-szakkonyvtar\\\/\\\"  rel=\\\"bookmark\\\" class=\\\"td-image-wrap \\\" title=\\\"11 \\u00e9ves a P\\u00e9csi J\\u00f3zsef Fotogr\\u00e1fiai Szakk\\u00f6nyvt\\u00e1r\\\" ><img width=\\\"\\\" height=\\\"\\\" class=\\\"entry-thumb\\\" src=\\\"https:\\\/\\\/photonet.hu\\\/online\\\/wp-content\\\/plugins\\\/td-composer\\\/legacy\\\/Newspaper\\\/assets\\\/images\\\/no-thumb\\\/thumbnail.png\\\"  alt=\\\"\\\" \\\/><\\\/a><\\\/div>\\r\\n            <div class=\\\"item-details\\\">\\r\\n                <h3 class=\\\"entry-title td-module-title\\\"><a href=\\\"https:\\\/\\\/photonet.hu\\\/online\\\/archivum\\\/11-eves-pecsi-jozsef-fotografiai-szakkonyvtar\\\/\\\"  rel=\\\"bookmark\\\" title=\\\"11 \\u00e9ves a P\\u00e9csi J\\u00f3zsef Fotogr\\u00e1fiai Szakk\\u00f6nyvt\\u00e1r\\\">11 \\u00e9ves a P\\u00e9csi J\\u00f3zsef Fotogr\\u00e1fiai Szakk\\u00f6nyvt\\u00e1r<\\\/a><\\\/h3>\\r\\n                <div class=\\\"td-module-meta-info\\\">\\r\\n                                        <span class=\\\"td-post-author-name\\\"><a href=\\\"https:\\\/\\\/photonet.hu\\\/online\\\/author\\\/photonet\\\/\\\">photonet<\\\/a> <span>-<\\\/span> <\\\/span>                    <span class=\\\"td-post-date\\\"><time class=\\\"entry-date updated td-module-date\\\" datetime=\\\"2011-03-14T10:49:20+02:00\\\" >2011. m\\u00e1rcius 14.<\\\/time><\\\/span>                    <span class=\\\"td-module-comments\\\"><a href=\\\"https:\\\/\\\/photonet.hu\\\/online\\\/archivum\\\/11-eves-pecsi-jozsef-fotografiai-szakkonyvtar\\\/#respond\\\">0<\\\/a><\\\/span>                <\\\/div>\\r\\n\\r\\n                <div class=\\\"td-excerpt\\\">\\r\\n                    <p style=\\\"text-align: justify;\\\">Id\\u00e9n 11 \\u00e9ve, 1999. okt\\u00f3ber 15-\\u00e9n nyitotta meg kapuit Budapesten, a Ter\\u00e9zv\\u00e1rosban a Mai Man\\u00f3 H\\u00e1z harmadik emelet\\u00e9n tal\\u00e1lhat\\u00f3 szakk\\u00f6nyvt\\u00e1r, mely n\\u00e9vad\\u00f3j\\u00e1ul P\\u00e9csi J\\u00f3zsefet v\\u00e1lasztotta. P\\u00e9csi J\\u00f3zsef f\\u00e9nyk\\u00e9p\\u00e9sz, fot\\u00f3m\\u0171v\\u00e9sz, szak\\u00edr\\u00f3 \\u00e9s egyben tan\\u00e1r is volt, akinek nev\\u00e9t a rekl\\u00e1mfotogr\\u00e1fia legfontosabb magyar d\\u00edja, egy fiataloknak alap\\u00edtott \\u00e1llami \\u00f6szt\\u00f6nd\\u00edj, valamint a szakk\\u00f6nyvt\\u00e1r \\u0151rzi. Szervezeti fel\\u00e9p\\u00edt\\u00e9s\\u00e9t tekintve a szakk\\u00f6nyvt\\u00e1r  \\u2014 a Mai Man\\u00f3 H\\u00e1zban m\\u0171k\\u00f6d\\u0151 k\\u00f6nyvesbolttal \\u00e9s a ki\\u00e1ll\\u00edt\\u00f3i tev\\u00e9kenys\\u00e9ggel egy\\u00fctt \\u2014 a Magyar Fotogr\\u00e1fusok H\\u00e1za Nonprofit Kft. int\\u00e9zm\\u00e9ny\\u00e9nek r\\u00e9sz\\u00e9t k\\u00e9pezi.<\\\/p> <p style=\\\"text-align: center;\\\"><img title=\\\"11 \\u00e9ves a P\\u00e9csi J\\u00f3zsef Fotogr\\u00e1fiai Szakk\\u00f6nyvt\\u00e1r\\\" alt=\\\"Mai Man\\u00f3 H\\u00e1z - Nagymez\\u0151 utca 20.\\\" src=\\\"images\\\/stories\\\/Cikkek\\\/2011\\\/03\\\/pecsi_jozsef_fotografiai_szakkonyvtar.jpg\\\" \\\/>&nbsp;<\\\/p>                 <\\\/div>\\r\\n            <\\\/div>\\r\\n\\r\\n        <\\\/div>\\r\\n\\r\\n        \\r\\n        <div class=\\\"td_module_16 td_module_wrap td-animation-stack\\\">\\r\\n            <div class=\\\"td-module-thumb\\\"><a href=\\\"https:\\\/\\\/photonet.hu\\\/online\\\/archivum\\\/ujra-indul-koo-adrien-fotos-workshopja\\\/\\\"  rel=\\\"bookmark\\\" class=\\\"td-image-wrap \\\" title=\\\"\\u00dajra indul K\\u00f6\\u0151 Adrien fot\\u00f3s workshopja\\\" ><img width=\\\"150\\\" height=\\\"150\\\" class=\\\"entry-thumb\\\" src=\\\"https:\\\/\\\/photonet.hu\\\/online\\\/wp-content\\\/uploads\\\/2010\\\/05\\\/koo_adrienn_majus_workshop-150x150.jpg\\\"   alt=\\\"\\u00dajra indul K\\u00f6\\u0151 Adrien fot\\u00f3s workshopja\\\" title=\\\"\\u00dajra indul K\\u00f6\\u0151 Adrien fot\\u00f3s workshopja\\\" \\\/><\\\/a><\\\/div>\\r\\n            <div class=\\\"item-details\\\">\\r\\n                <h3 class=\\\"entry-title td-module-title\\\"><a href=\\\"https:\\\/\\\/photonet.hu\\\/online\\\/archivum\\\/ujra-indul-koo-adrien-fotos-workshopja\\\/\\\"  rel=\\\"bookmark\\\" title=\\\"\\u00dajra indul K\\u00f6\\u0151 Adrien fot\\u00f3s workshopja\\\">\\u00dajra indul K\\u00f6\\u0151 Adrien fot\\u00f3s workshopja<\\\/a><\\\/h3>\\r\\n                <div class=\\\"td-module-meta-info\\\">\\r\\n                                        <span class=\\\"td-post-author-name\\\"><a href=\\\"https:\\\/\\\/photonet.hu\\\/online\\\/author\\\/photonet\\\/\\\">photonet<\\\/a> <span>-<\\\/span> <\\\/span>                    <span class=\\\"td-post-date\\\"><time class=\\\"entry-date updated td-module-date\\\" datetime=\\\"2010-05-01T14:48:11+02:00\\\" >2010. m\\u00e1jus 1.<\\\/time><\\\/span>                    <span class=\\\"td-module-comments\\\"><a href=\\\"https:\\\/\\\/photonet.hu\\\/online\\\/archivum\\\/ujra-indul-koo-adrien-fotos-workshopja\\\/#respond\\\">0<\\\/a><\\\/span>                <\\\/div>\\r\\n\\r\\n                <div class=\\\"td-excerpt\\\">\\r\\n                    <p style=\\\"text-align: justify;\\\">Ha T\\u00e9ged nem zavarnak az elmos\\u00f3dott k\\u00e9peid, a f\\u00e9lbev\\u00e1gott felv\\u00e9teleid, vagy \\u00e9ppen az els\\u00f6t\\u00e9t\\u00fclt fot\\u00f3id a h\\u00e1zi arch\\u00edvumodban, akkor most ennek a felh\\u00edv\\u00e1snak csak a h\\u00edr\\u00e9t add tov\\u00e1bb!<\\\/p> <p style=\\\"text-align: center;\\\">&nbsp;<img title=\\\"M\\u00e1jusi Workshop\\\" alt=\\\"\\u00dajra indul K\\u00f6\\u0151 Adrien fot\\u00f3s workshopja\\\" src=\\\"images\\\/stories\\\/Cikkek\\\/2010\\\/05\\\/koo_adrienn_majus_workshop.jpg\\\" \\\/><\\\/p>                 <\\\/div>\\r\\n            <\\\/div>\\r\\n\\r\\n        <\\\/div>\\r\\n\\r\\n        \",\"td_block_id\":\"tdi_65\",\"td_hide_prev\":true,\"td_hide_next\":true}));\r\n                                                    tmpObj = JSON.parse(JSON.stringify(block_tdi_65));\r\n                            tmpObj.is_ajax_running = true;\r\n                            tmpObj.td_current_page = 1;\r\n                            tmpObj.td_filter_value = 256;\r\n                            var currentBlockObjSignature = JSON.stringify(tmpObj);\r\n                            tdLocalCache.set(currentBlockObjSignature, JSON.stringify({\"td_data\":\"\\r\\n        <div class=\\\"td_module_16 td_module_wrap td-animation-stack\\\">\\r\\n            <div class=\\\"td-module-thumb\\\"><a href=\\\"https:\\\/\\\/photonet.hu\\\/online\\\/fotomuveszet\\\/divat-reklamfoto\\\/javier-laos-reklamfotografus\\\/\\\"  rel=\\\"bookmark\\\" class=\\\"td-image-wrap \\\" title=\\\"Javier Laos rekl\\u00e1mfotogr\\u00e1fus\\\" ><img width=\\\"150\\\" height=\\\"150\\\" class=\\\"entry-thumb\\\" src=\\\"https:\\\/\\\/photonet.hu\\\/online\\\/wp-content\\\/uploads\\\/2026\\\/03\\\/javier_laos_photographer_divat_reklam_foto-150x150.webp\\\"  srcset=\\\"https:\\\/\\\/photonet.hu\\\/online\\\/wp-content\\\/uploads\\\/2026\\\/03\\\/javier_laos_photographer_divat_reklam_foto-150x150.webp 150w, https:\\\/\\\/photonet.hu\\\/online\\\/wp-content\\\/uploads\\\/2026\\\/03\\\/javier_laos_photographer_divat_reklam_foto-300x300.webp 300w, https:\\\/\\\/photonet.hu\\\/online\\\/wp-content\\\/uploads\\\/2026\\\/03\\\/javier_laos_photographer_divat_reklam_foto-768x768.webp 768w, https:\\\/\\\/photonet.hu\\\/online\\\/wp-content\\\/uploads\\\/2026\\\/03\\\/javier_laos_photographer_divat_reklam_foto-420x420.webp 420w, https:\\\/\\\/photonet.hu\\\/online\\\/wp-content\\\/uploads\\\/2026\\\/03\\\/javier_laos_photographer_divat_reklam_foto-696x696.webp 696w, https:\\\/\\\/photonet.hu\\\/online\\\/wp-content\\\/uploads\\\/2026\\\/03\\\/javier_laos_photographer_divat_reklam_foto-500x500.webp 500w, https:\\\/\\\/photonet.hu\\\/online\\\/wp-content\\\/uploads\\\/2026\\\/03\\\/javier_laos_photographer_divat_reklam_foto.webp 825w\\\" sizes=\\\"(max-width: 150px) 100vw, 150px\\\"  alt=\\\"Javier Laos photography - divat- \\u00e9s rekl\\u00e1mfot\\u00f3\\\" title=\\\"Javier Laos rekl\\u00e1mfotogr\\u00e1fus\\\" \\\/><\\\/a><\\\/div>\\r\\n            <div class=\\\"item-details\\\">\\r\\n                <h3 class=\\\"entry-title td-module-title\\\"><a href=\\\"https:\\\/\\\/photonet.hu\\\/online\\\/fotomuveszet\\\/divat-reklamfoto\\\/javier-laos-reklamfotografus\\\/\\\"  rel=\\\"bookmark\\\" title=\\\"Javier Laos rekl\\u00e1mfotogr\\u00e1fus\\\">Javier Laos rekl\\u00e1mfotogr\\u00e1fus<\\\/a><\\\/h3>\\r\\n                <div class=\\\"td-module-meta-info\\\">\\r\\n                                        <span class=\\\"td-post-author-name\\\"><a href=\\\"https:\\\/\\\/photonet.hu\\\/online\\\/author\\\/photonet\\\/\\\">photonet<\\\/a> <span>-<\\\/span> <\\\/span>                    <span class=\\\"td-post-date\\\"><time class=\\\"entry-date updated td-module-date\\\" datetime=\\\"2026-03-16T12:20:09+02:00\\\" >2026. m\\u00e1rcius 16.<\\\/time><\\\/span>                    <span class=\\\"td-module-comments\\\"><a href=\\\"https:\\\/\\\/photonet.hu\\\/online\\\/fotomuveszet\\\/divat-reklamfoto\\\/javier-laos-reklamfotografus\\\/#comments\\\">1<\\\/a><\\\/span>                <\\\/div>\\r\\n\\r\\n                <div class=\\\"td-excerpt\\\">\\r\\n                    \\nA San Dieg\\u00f3ban dolgoz\\u00f3 fotogr\\u00e1fus tapasztalatai a kereskedelmi fotogr\\u00e1fia vil\\u00e1g\\u00e1b\\u00f3l\\n\\n\\n\\nA kort\\u00e1rs kereskedelmi fotogr\\u00e1fia egyik saj\\u00e1toss\\u00e1ga, hogy a fotogr\\u00e1fusok munk\\u00e1ja egyre ink\\u00e1bb \\u00f6sszekapcsol\\u00f3dik a vizu\\u00e1lis...                <\\\/div>\\r\\n            <\\\/div>\\r\\n\\r\\n        <\\\/div>\\r\\n\\r\\n        \",\"td_block_id\":\"tdi_65\",\"td_hide_prev\":true,\"td_hide_next\":true}));\r\n                                                    tmpObj = JSON.parse(JSON.stringify(block_tdi_65));\r\n                            tmpObj.is_ajax_running = true;\r\n                            tmpObj.td_current_page = 1;\r\n                            tmpObj.td_filter_value = 99;\r\n                            var currentBlockObjSignature = JSON.stringify(tmpObj);\r\n                            tdLocalCache.set(currentBlockObjSignature, JSON.stringify({\"td_data\":\"\\r\\n        <div class=\\\"td_module_16 td_module_wrap td-animation-stack\\\">\\r\\n            <div class=\\\"td-module-thumb\\\"><a href=\\\"https:\\\/\\\/photonet.hu\\\/online\\\/magazin\\\/esemenyek\\\/kosa-ferenc-fotografiaibol-nyilt-kiallitas-hodmezovasarhelyen\\\/\\\"  rel=\\\"bookmark\\\" class=\\\"td-image-wrap \\\" title=\\\"K\\u00f3sa Ferenc fotogr\\u00e1fi\\u00e1ib\\u00f3l ny\\u00edlt ki\\u00e1ll\\u00edt\\u00e1s H\\u00f3dmez\\u0151v\\u00e1s\\u00e1rhelyen\\\" ><img width=\\\"150\\\" height=\\\"150\\\" class=\\\"entry-thumb\\\" src=\\\"https:\\\/\\\/photonet.hu\\\/online\\\/wp-content\\\/uploads\\\/2015\\\/06\\\/kosa_ferenc_fotokiallitas-150x150.jpg\\\"   alt=\\\"K\\u00f3sa Ferenc fotogr\\u00e1fi\\u00e1ib\\u00f3l ny\\u00edlt ki\\u00e1ll\\u00edt\\u00e1s H\\u00f3dmez\\u0151v\\u00e1s\\u00e1rhelyen\\\" title=\\\"K\\u00f3sa Ferenc fotogr\\u00e1fi\\u00e1ib\\u00f3l ny\\u00edlt ki\\u00e1ll\\u00edt\\u00e1s H\\u00f3dmez\\u0151v\\u00e1s\\u00e1rhelyen\\\" \\\/><\\\/a><\\\/div>\\r\\n            <div class=\\\"item-details\\\">\\r\\n                <h3 class=\\\"entry-title td-module-title\\\"><a href=\\\"https:\\\/\\\/photonet.hu\\\/online\\\/magazin\\\/esemenyek\\\/kosa-ferenc-fotografiaibol-nyilt-kiallitas-hodmezovasarhelyen\\\/\\\"  rel=\\\"bookmark\\\" title=\\\"K\\u00f3sa Ferenc fotogr\\u00e1fi\\u00e1ib\\u00f3l ny\\u00edlt ki\\u00e1ll\\u00edt\\u00e1s H\\u00f3dmez\\u0151v\\u00e1s\\u00e1rhelyen\\\">K\\u00f3sa Ferenc fotogr\\u00e1fi\\u00e1ib\\u00f3l ny\\u00edlt ki\\u00e1ll\\u00edt\\u00e1s H\\u00f3dmez\\u0151v\\u00e1s\\u00e1rhelyen<\\\/a><\\\/h3>\\r\\n                <div class=\\\"td-module-meta-info\\\">\\r\\n                                        <span class=\\\"td-post-author-name\\\"><a href=\\\"https:\\\/\\\/photonet.hu\\\/online\\\/author\\\/photonet\\\/\\\">photonet<\\\/a> <span>-<\\\/span> <\\\/span>                    <span class=\\\"td-post-date\\\"><time class=\\\"entry-date updated td-module-date\\\" datetime=\\\"2015-06-08T17:59:08+02:00\\\" >2015. j\\u00fanius 8.<\\\/time><\\\/span>                    <span class=\\\"td-module-comments\\\"><a href=\\\"https:\\\/\\\/photonet.hu\\\/online\\\/magazin\\\/esemenyek\\\/kosa-ferenc-fotografiaibol-nyilt-kiallitas-hodmezovasarhelyen\\\/#respond\\\">0<\\\/a><\\\/span>                <\\\/div>\\r\\n\\r\\n                <div class=\\\"td-excerpt\\\">\\r\\n                    K\\u00f3sa Ferenc Kossuth- \\u00e9s Bal\\u00e1zs B\\u00e9la-d\\u00edjas filmrendez\\u0151 fotogr\\u00e1fi\\u00e1ib\\u00f3l ny\\u00edlik ki\\u00e1ll\\u00edt\\u00e1s Az id\\u0151 eg\\u00e9sze c\\u00edmmel a h\\u00f3dmez\\u0151v\\u00e1s\\u00e1rhelyi Alf\\u00f6ldi Gal\\u00e9ri\\u00e1ban j\\u00fanius 6-\\u00e1n.\\r\\n\\r\\nA t\\u00e1rlat anyag\\u00e1t bemutat\\u00f3 p\\u00e9nteki...                <\\\/div>\\r\\n            <\\\/div>\\r\\n\\r\\n        <\\\/div>\\r\\n\\r\\n        \\r\\n        <div class=\\\"td_module_16 td_module_wrap td-animation-stack\\\">\\r\\n            <div class=\\\"td-module-thumb\\\"><a href=\\\"https:\\\/\\\/photonet.hu\\\/online\\\/magazin\\\/esemenyek\\\/a-magyar-fotografia-napja-2014\\\/\\\"  rel=\\\"bookmark\\\" class=\\\"td-image-wrap \\\" title=\\\"A Magyar Fotogr\\u00e1fia Napja 2014\\\" ><img width=\\\"150\\\" height=\\\"150\\\" class=\\\"entry-thumb\\\" src=\\\"https:\\\/\\\/photonet.hu\\\/online\\\/wp-content\\\/uploads\\\/2014\\\/08\\\/petofi_sandor_dagerrotipia-150x150.jpg\\\"   alt=\\\"Pet\\u0151fi S\\u00e1ndor dagerrot\\u00edpia\\\" title=\\\"A Magyar Fotogr\\u00e1fia Napja 2014\\\" \\\/><\\\/a><\\\/div>\\r\\n            <div class=\\\"item-details\\\">\\r\\n                <h3 class=\\\"entry-title td-module-title\\\"><a href=\\\"https:\\\/\\\/photonet.hu\\\/online\\\/magazin\\\/esemenyek\\\/a-magyar-fotografia-napja-2014\\\/\\\"  rel=\\\"bookmark\\\" title=\\\"A Magyar Fotogr\\u00e1fia Napja 2014\\\">A Magyar Fotogr\\u00e1fia Napja 2014<\\\/a><\\\/h3>\\r\\n                <div class=\\\"td-module-meta-info\\\">\\r\\n                                        <span class=\\\"td-post-author-name\\\"><a href=\\\"https:\\\/\\\/photonet.hu\\\/online\\\/author\\\/photonet\\\/\\\">photonet<\\\/a> <span>-<\\\/span> <\\\/span>                    <span class=\\\"td-post-date\\\"><time class=\\\"entry-date updated td-module-date\\\" datetime=\\\"2014-08-28T12:52:40+02:00\\\" >2014. augusztus 28.<\\\/time><\\\/span>                    <span class=\\\"td-module-comments\\\"><a href=\\\"https:\\\/\\\/photonet.hu\\\/online\\\/magazin\\\/esemenyek\\\/a-magyar-fotografia-napja-2014\\\/#comments\\\">1<\\\/a><\\\/span>                <\\\/div>\\r\\n\\r\\n                <div class=\\\"td-excerpt\\\">\\r\\n                    Augusztus 29. a magyar fotogr\\u00e1fia napja. Az esem\\u00e9ny kezdem\\u00e9nyez\\u0151je a Magyar Fot\\u00f3m\\u0171v\\u00e9szeti Alkot\\u00f3csoportok Orsz\\u00e1gos Sz\\u00f6vets\\u00e9ge, a Magyar Fot\\u00f3m\\u0171v\\u00e9szek Vil\\u00e1gsz\\u00f6vets\\u00e9g\\u00e9vel, valamint egy\\u00fcttm\\u0171k\\u00f6dve t\\u00f6bb szakmai \\u00e9s...                <\\\/div>\\r\\n            <\\\/div>\\r\\n\\r\\n        <\\\/div>\\r\\n\\r\\n        \\r\\n        <div class=\\\"td_module_16 td_module_wrap td-animation-stack\\\">\\r\\n            <div class=\\\"td-module-thumb\\\"><a href=\\\"https:\\\/\\\/photonet.hu\\\/online\\\/magazin\\\/esemenyek\\\/budapest100-fotokiallitas-az-elmult-evek-kepekben\\\/\\\"  rel=\\\"bookmark\\\" class=\\\"td-image-wrap \\\" title=\\\"Budapest100 fot\\u00f3ki\\u00e1ll\\u00edt\\u00e1s &#8211; Az elm\\u00falt \\u00e9vek k\\u00e9pekben\\\" ><img width=\\\"150\\\" height=\\\"150\\\" class=\\\"entry-thumb\\\" src=\\\"https:\\\/\\\/photonet.hu\\\/online\\\/wp-content\\\/uploads\\\/2015\\\/03\\\/budapest_100_kiallitas-150x150.jpg\\\"   alt=\\\"Budapest100 fot\\u00f3ki\\u00e1ll\\u00edt\\u00e1s - Az elm\\u00falt \\u00e9vek k\\u00e9pekben\\\" title=\\\"Budapest100 fot\\u00f3ki\\u00e1ll\\u00edt\\u00e1s &#8211; Az elm\\u00falt \\u00e9vek k\\u00e9pekben\\\" \\\/><\\\/a><\\\/div>\\r\\n            <div class=\\\"item-details\\\">\\r\\n                <h3 class=\\\"entry-title td-module-title\\\"><a href=\\\"https:\\\/\\\/photonet.hu\\\/online\\\/magazin\\\/esemenyek\\\/budapest100-fotokiallitas-az-elmult-evek-kepekben\\\/\\\"  rel=\\\"bookmark\\\" title=\\\"Budapest100 fot\\u00f3ki\\u00e1ll\\u00edt\\u00e1s &#8211; Az elm\\u00falt \\u00e9vek k\\u00e9pekben\\\">Budapest100 fot\\u00f3ki\\u00e1ll\\u00edt\\u00e1s &#8211; Az elm\\u00falt \\u00e9vek k\\u00e9pekben<\\\/a><\\\/h3>\\r\\n                <div class=\\\"td-module-meta-info\\\">\\r\\n                                        <span class=\\\"td-post-author-name\\\"><a href=\\\"https:\\\/\\\/photonet.hu\\\/online\\\/author\\\/photonet\\\/\\\">photonet<\\\/a> <span>-<\\\/span> <\\\/span>                    <span class=\\\"td-post-date\\\"><time class=\\\"entry-date updated td-module-date\\\" datetime=\\\"2015-03-30T09:37:48+02:00\\\" >2015. m\\u00e1rcius 30.<\\\/time><\\\/span>                    <span class=\\\"td-module-comments\\\"><a href=\\\"https:\\\/\\\/photonet.hu\\\/online\\\/magazin\\\/esemenyek\\\/budapest100-fotokiallitas-az-elmult-evek-kepekben\\\/#respond\\\">0<\\\/a><\\\/span>                <\\\/div>\\r\\n\\r\\n                <div class=\\\"td-excerpt\\\">\\r\\n                    5 \\u00e9ves a Budapest100. K\\u00e9pes k\\u00f6sz\\u00f6net az eddigi r\\u00e9sztvev\\u0151knek, \\u00e9s \\u00e9lm\\u00e9ny a k\\u00edv\\u00e1ncsiaknak: fot\\u00f3ki\\u00e1ll\\u00edt\\u00e1s a f\\u0151v\\u00e1ros legn\\u00e9pszer\\u0171bb civil \\u00fcnnep\\u00e9r\\u0151l.\\r\\n\\r\\n\\u00c1prilis 8-t\\u00f3l l\\u00e1that\\u00f3 a Budapest100 fot\\u00f3ki\\u00e1ll\\u00edt\\u00e1s...                <\\\/div>\\r\\n            <\\\/div>\\r\\n\\r\\n        <\\\/div>\\r\\n\\r\\n        \\r\\n        <div class=\\\"td_module_16 td_module_wrap td-animation-stack\\\">\\r\\n            <div class=\\\"td-module-thumb\\\"><a href=\\\"https:\\\/\\\/photonet.hu\\\/online\\\/magazin\\\/esemenyek\\\/magyar-fotografia-napja\\\/\\\"  rel=\\\"bookmark\\\" class=\\\"td-image-wrap \\\" title=\\\"Magyar Fotogr\\u00e1fia Napja\\\" ><img width=\\\"\\\" height=\\\"\\\" class=\\\"entry-thumb\\\" src=\\\"https:\\\/\\\/photonet.hu\\\/online\\\/wp-content\\\/plugins\\\/td-composer\\\/legacy\\\/Newspaper\\\/assets\\\/images\\\/no-thumb\\\/thumbnail.png\\\"  alt=\\\"\\\" \\\/><\\\/a><\\\/div>\\r\\n            <div class=\\\"item-details\\\">\\r\\n                <h3 class=\\\"entry-title td-module-title\\\"><a href=\\\"https:\\\/\\\/photonet.hu\\\/online\\\/magazin\\\/esemenyek\\\/magyar-fotografia-napja\\\/\\\"  rel=\\\"bookmark\\\" title=\\\"Magyar Fotogr\\u00e1fia Napja\\\">Magyar Fotogr\\u00e1fia Napja<\\\/a><\\\/h3>\\r\\n                <div class=\\\"td-module-meta-info\\\">\\r\\n                                        <span class=\\\"td-post-author-name\\\"><a href=\\\"https:\\\/\\\/photonet.hu\\\/online\\\/author\\\/photonet\\\/\\\">photonet<\\\/a> <span>-<\\\/span> <\\\/span>                    <span class=\\\"td-post-date\\\"><time class=\\\"entry-date updated td-module-date\\\" datetime=\\\"2010-08-16T17:02:59+02:00\\\" >2010. augusztus 16.<\\\/time><\\\/span>                    <span class=\\\"td-module-comments\\\"><a href=\\\"https:\\\/\\\/photonet.hu\\\/online\\\/magazin\\\/esemenyek\\\/magyar-fotografia-napja\\\/#respond\\\">0<\\\/a><\\\/span>                <\\\/div>\\r\\n\\r\\n                <div class=\\\"td-excerpt\\\">\\r\\n                    <p style=\\\"text-align: justify;\\\">Augusztus 29. a Magyar Fotogr\\u00e1fia Napja. Mi\\u00e9rt \\u00e9ppen ez a nap? A Magyar Fot\\u00f3m\\u0171v\\u00e9szeti Alkot\\u00f3csoportok Orsz\\u00e1gos Sz\\u00f6vets\\u00e9ge 108 szakmai, t\\u00e1rsadalmi szervezet (a fotogr\\u00e1fiai k\\u00f6z\\u00e9let k\\u00e9tezer akt\\u00edv szerepl\\u0151je) v\\u00e1lasztotta ki a magyar fotogr\\u00e1fia t\\u00f6rt\\u00e9net\\u00e9b\\u0151l ezt a jeles napot, amely 2003 \\u00f3ta minden esztend\\u0151ben a fot\\u00f3kultur\\u00e1lis nemzeti \\u00f6r\\u00f6ks\\u00e9g \\u00e9s a kort\\u00e1rs fot\\u00f3m\\u0171v\\u00e9szet \\u00e9rt\\u00e9keire ir\\u00e1ny\\u00edtja a t\\u00e1rsadalom figyelm\\u00e9t.<\\\/p> <p style=\\\"text-align: center;\\\">&nbsp;<img title=\\\"A Magyar Fotog\\u00e1rfia Napja\\\" alt=\\\"2010. augusztus 29.\\\" src=\\\"images\\\/stories\\\/Cikkek\\\/2010\\\/08\\\/magyar_fotografia_napja_2010.jpg\\\" \\\/><\\\/p>                 <\\\/div>\\r\\n            <\\\/div>\\r\\n\\r\\n        <\\\/div>\\r\\n\\r\\n        \",\"td_block_id\":\"tdi_65\",\"td_hide_prev\":true,\"td_hide_next\":false}));\r\n                                                    tmpObj = JSON.parse(JSON.stringify(block_tdi_65));\r\n                            tmpObj.is_ajax_running = true;\r\n                            tmpObj.td_current_page = 1;\r\n                            tmpObj.td_filter_value = 100;\r\n                            var currentBlockObjSignature = JSON.stringify(tmpObj);\r\n                            tdLocalCache.set(currentBlockObjSignature, JSON.stringify({\"td_data\":\"\\r\\n        <div class=\\\"td_module_16 td_module_wrap td-animation-stack\\\">\\r\\n            <div class=\\\"td-module-thumb\\\"><a href=\\\"https:\\\/\\\/photonet.hu\\\/online\\\/magazin\\\/fekete-lista\\\/2007-augusztus-16-an-elloptak\\\/\\\"  rel=\\\"bookmark\\\" class=\\\"td-image-wrap \\\" title=\\\"2007. augusztus 16-\\u00e1n ellopt\\u00e1k\\\" ><img width=\\\"\\\" height=\\\"\\\" class=\\\"entry-thumb\\\" src=\\\"https:\\\/\\\/photonet.hu\\\/online\\\/wp-content\\\/plugins\\\/td-composer\\\/legacy\\\/Newspaper\\\/assets\\\/images\\\/no-thumb\\\/thumbnail.png\\\"  alt=\\\"\\\" \\\/><\\\/a><\\\/div>\\r\\n            <div class=\\\"item-details\\\">\\r\\n                <h3 class=\\\"entry-title td-module-title\\\"><a href=\\\"https:\\\/\\\/photonet.hu\\\/online\\\/magazin\\\/fekete-lista\\\/2007-augusztus-16-an-elloptak\\\/\\\"  rel=\\\"bookmark\\\" title=\\\"2007. augusztus 16-\\u00e1n ellopt\\u00e1k\\\">2007. augusztus 16-\\u00e1n ellopt\\u00e1k<\\\/a><\\\/h3>\\r\\n                <div class=\\\"td-module-meta-info\\\">\\r\\n                                        <span class=\\\"td-post-author-name\\\"><a href=\\\"https:\\\/\\\/photonet.hu\\\/online\\\/author\\\/photonet\\\/\\\">photonet<\\\/a> <span>-<\\\/span> <\\\/span>                    <span class=\\\"td-post-date\\\"><time class=\\\"entry-date updated td-module-date\\\" datetime=\\\"2010-04-14T17:39:53+02:00\\\" >2010. \\u00e1prilis 14.<\\\/time><\\\/span>                    <span class=\\\"td-module-comments\\\"><a href=\\\"https:\\\/\\\/photonet.hu\\\/online\\\/magazin\\\/fekete-lista\\\/2007-augusztus-16-an-elloptak\\\/#respond\\\">0<\\\/a><\\\/span>                <\\\/div>\\r\\n\\r\\n                <div class=\\\"td-excerpt\\\">\\r\\n                    <p style=\\\"text-align: justify;\\\">A Budapest, T\\u00e9t\\u00e9nyi \\u00fati k\\u00f3rh\\u00e1zn\\u00e1l bal h\\u00e1ts\\u00f3 ker\\u00e9k kisz\\u00farva, l\\u00e1mp\\u00e1n\\u00e1l, ker\\u00e9kcsere a k\\u00f6vetkez\\u0151 parkol\\u00f3ban - ez id\\u0151 alatt kilopt\\u00e1k az aut\\u00f3b\\u00f3l a t\\u00e1sk\\u00e1t.<\\\/p>                 <\\\/div>\\r\\n            <\\\/div>\\r\\n\\r\\n        <\\\/div>\\r\\n\\r\\n        \\r\\n        <div class=\\\"td_module_16 td_module_wrap td-animation-stack\\\">\\r\\n            <div class=\\\"td-module-thumb\\\"><a href=\\\"https:\\\/\\\/photonet.hu\\\/online\\\/magazin\\\/fekete-lista\\\/2016-majus-5-en-elloptak\\\/\\\"  rel=\\\"bookmark\\\" class=\\\"td-image-wrap \\\" title=\\\"2016. m\\u00e1jus 5-\\u00e9n ellopt\\u00e1k\\\" ><img width=\\\"150\\\" height=\\\"150\\\" class=\\\"entry-thumb\\\" src=\\\"https:\\\/\\\/photonet.hu\\\/online\\\/wp-content\\\/uploads\\\/2016\\\/03\\\/fekete_lista_elloptak-150x150.jpg\\\"  srcset=\\\"https:\\\/\\\/photonet.hu\\\/online\\\/wp-content\\\/uploads\\\/2016\\\/03\\\/fekete_lista_elloptak-150x150.jpg 150w, https:\\\/\\\/photonet.hu\\\/online\\\/wp-content\\\/uploads\\\/2016\\\/03\\\/fekete_lista_elloptak-300x300.jpg 300w, https:\\\/\\\/photonet.hu\\\/online\\\/wp-content\\\/uploads\\\/2016\\\/03\\\/fekete_lista_elloptak-420x420.jpg 420w, https:\\\/\\\/photonet.hu\\\/online\\\/wp-content\\\/uploads\\\/2016\\\/03\\\/fekete_lista_elloptak-696x696.jpg 696w, https:\\\/\\\/photonet.hu\\\/online\\\/wp-content\\\/uploads\\\/2016\\\/03\\\/fekete_lista_elloptak.jpg 700w\\\" sizes=\\\"(max-width: 150px) 100vw, 150px\\\"  alt=\\\"Fekete lista\\\" title=\\\"2016. m\\u00e1jus 5-\\u00e9n ellopt\\u00e1k\\\" \\\/><\\\/a><\\\/div>\\r\\n            <div class=\\\"item-details\\\">\\r\\n                <h3 class=\\\"entry-title td-module-title\\\"><a href=\\\"https:\\\/\\\/photonet.hu\\\/online\\\/magazin\\\/fekete-lista\\\/2016-majus-5-en-elloptak\\\/\\\"  rel=\\\"bookmark\\\" title=\\\"2016. m\\u00e1jus 5-\\u00e9n ellopt\\u00e1k\\\">2016. m\\u00e1jus 5-\\u00e9n ellopt\\u00e1k<\\\/a><\\\/h3>\\r\\n                <div class=\\\"td-module-meta-info\\\">\\r\\n                                        <span class=\\\"td-post-author-name\\\"><a href=\\\"https:\\\/\\\/photonet.hu\\\/online\\\/author\\\/photonet\\\/\\\">photonet<\\\/a> <span>-<\\\/span> <\\\/span>                    <span class=\\\"td-post-date\\\"><time class=\\\"entry-date updated td-module-date\\\" datetime=\\\"2016-05-06T15:07:55+02:00\\\" >2016. m\\u00e1jus 6.<\\\/time><\\\/span>                    <span class=\\\"td-module-comments\\\"><a href=\\\"https:\\\/\\\/photonet.hu\\\/online\\\/magazin\\\/fekete-lista\\\/2016-majus-5-en-elloptak\\\/#respond\\\">0<\\\/a><\\\/span>                <\\\/div>\\r\\n\\r\\n                <div class=\\\"td-excerpt\\\">\\r\\n                    Egy Facebook fot\\u00f3s csoportban tett\\u00e9k k\\u00f6zz\\u00e9 az al\\u00e1bbi felh\\u00edv\\u00e1st. Az esetleges nyomravezet\\u0151nek jutalmat aj\\u00e1nlanak.\\r\\n\\r\\nTisztelt csoporttagok!\\r\\n\\r\\nSzeretn\\u00e9m a seg\\u00edts\\u00e9geteket k\\u00e9rni.\\r\\nEgy hete felt\\u00f6rt\\u00e9k egyik j\\u00f3bar\\u00e1tom aut\\u00f3j\\u00e1t (\\u00e9s...                <\\\/div>\\r\\n            <\\\/div>\\r\\n\\r\\n        <\\\/div>\\r\\n\\r\\n        \\r\\n        <div class=\\\"td_module_16 td_module_wrap td-animation-stack\\\">\\r\\n            <div class=\\\"td-module-thumb\\\"><a href=\\\"https:\\\/\\\/photonet.hu\\\/online\\\/magazin\\\/fekete-lista\\\/eltulajdonitott-studiotechnikai-eszkozok\\\/\\\"  rel=\\\"bookmark\\\" class=\\\"td-image-wrap \\\" title=\\\"Eltulajdon\\u00edtott st\\u00fadi\\u00f3technikai eszk\\u00f6z\\u00f6k\\\" ><img width=\\\"150\\\" height=\\\"150\\\" class=\\\"entry-thumb\\\" src=\\\"https:\\\/\\\/photonet.hu\\\/online\\\/wp-content\\\/uploads\\\/2016\\\/03\\\/fekete_lista_elloptak-150x150.jpg\\\"  srcset=\\\"https:\\\/\\\/photonet.hu\\\/online\\\/wp-content\\\/uploads\\\/2016\\\/03\\\/fekete_lista_elloptak-150x150.jpg 150w, https:\\\/\\\/photonet.hu\\\/online\\\/wp-content\\\/uploads\\\/2016\\\/03\\\/fekete_lista_elloptak-300x300.jpg 300w, https:\\\/\\\/photonet.hu\\\/online\\\/wp-content\\\/uploads\\\/2016\\\/03\\\/fekete_lista_elloptak-420x420.jpg 420w, https:\\\/\\\/photonet.hu\\\/online\\\/wp-content\\\/uploads\\\/2016\\\/03\\\/fekete_lista_elloptak-696x696.jpg 696w, https:\\\/\\\/photonet.hu\\\/online\\\/wp-content\\\/uploads\\\/2016\\\/03\\\/fekete_lista_elloptak.jpg 700w\\\" sizes=\\\"(max-width: 150px) 100vw, 150px\\\"  alt=\\\"Fekete lista\\\" title=\\\"Eltulajdon\\u00edtott st\\u00fadi\\u00f3technikai eszk\\u00f6z\\u00f6k\\\" \\\/><\\\/a><\\\/div>\\r\\n            <div class=\\\"item-details\\\">\\r\\n                <h3 class=\\\"entry-title td-module-title\\\"><a href=\\\"https:\\\/\\\/photonet.hu\\\/online\\\/magazin\\\/fekete-lista\\\/eltulajdonitott-studiotechnikai-eszkozok\\\/\\\"  rel=\\\"bookmark\\\" title=\\\"Eltulajdon\\u00edtott st\\u00fadi\\u00f3technikai eszk\\u00f6z\\u00f6k\\\">Eltulajdon\\u00edtott st\\u00fadi\\u00f3technikai eszk\\u00f6z\\u00f6k<\\\/a><\\\/h3>\\r\\n                <div class=\\\"td-module-meta-info\\\">\\r\\n                                        <span class=\\\"td-post-author-name\\\"><a href=\\\"https:\\\/\\\/photonet.hu\\\/online\\\/author\\\/photonet\\\/\\\">photonet<\\\/a> <span>-<\\\/span> <\\\/span>                    <span class=\\\"td-post-date\\\"><time class=\\\"entry-date updated td-module-date\\\" datetime=\\\"2016-03-24T12:27:48+02:00\\\" >2016. m\\u00e1rcius 24.<\\\/time><\\\/span>                    <span class=\\\"td-module-comments\\\"><a href=\\\"https:\\\/\\\/photonet.hu\\\/online\\\/magazin\\\/fekete-lista\\\/eltulajdonitott-studiotechnikai-eszkozok\\\/#respond\\\">0<\\\/a><\\\/span>                <\\\/div>\\r\\n\\r\\n                <div class=\\\"td-excerpt\\\">\\r\\n                    A Facebookon jelent meg a felh\\u00edv\\u00e1s ellopott st\\u00fadi\\u00f3technikai eszk\\u00f6z\\u00f6kr\\u0151l, melyet v\\u00e1ltoztat\\u00e1s n\\u00e9lk\\u00fcl k\\u00f6zz\\u00e9 adunk.\\r\\n\\r\\n\\r\\n\\r\\nEgyik partnerc\\u00e9g\\u00fcnkt\\u0151l, a Cinematic Studio-t\\u00f3l elloptak eszk\\u00f6z\\u00f6ket.\\r\\n\\r\\nIsmeretlen tettes, Ungi R\\u00f3bert n\\u00e9ven...                <\\\/div>\\r\\n            <\\\/div>\\r\\n\\r\\n        <\\\/div>\\r\\n\\r\\n        \\r\\n        <div class=\\\"td_module_16 td_module_wrap td-animation-stack\\\">\\r\\n            <div class=\\\"td-module-thumb\\\"><a href=\\\"https:\\\/\\\/photonet.hu\\\/online\\\/magazin\\\/fekete-lista\\\/elveszett-nikon-af-s-vr-objektiv\\\/\\\"  rel=\\\"bookmark\\\" class=\\\"td-image-wrap \\\" title=\\\"Elveszett Nikon AF-S VR objekt\\u00edv\\\" ><img width=\\\"150\\\" height=\\\"150\\\" class=\\\"entry-thumb\\\" src=\\\"https:\\\/\\\/photonet.hu\\\/online\\\/wp-content\\\/uploads\\\/2015\\\/04\\\/elveszett_nikon_afs_objektiv-150x150.jpg\\\"   alt=\\\"\\\" title=\\\"Elveszett Nikon AF-S VR objekt\\u00edv\\\" \\\/><\\\/a><\\\/div>\\r\\n            <div class=\\\"item-details\\\">\\r\\n                <h3 class=\\\"entry-title td-module-title\\\"><a href=\\\"https:\\\/\\\/photonet.hu\\\/online\\\/magazin\\\/fekete-lista\\\/elveszett-nikon-af-s-vr-objektiv\\\/\\\"  rel=\\\"bookmark\\\" title=\\\"Elveszett Nikon AF-S VR objekt\\u00edv\\\">Elveszett Nikon AF-S VR objekt\\u00edv<\\\/a><\\\/h3>\\r\\n                <div class=\\\"td-module-meta-info\\\">\\r\\n                                        <span class=\\\"td-post-author-name\\\"><a href=\\\"https:\\\/\\\/photonet.hu\\\/online\\\/author\\\/photonet\\\/\\\">photonet<\\\/a> <span>-<\\\/span> <\\\/span>                    <span class=\\\"td-post-date\\\"><time class=\\\"entry-date updated td-module-date\\\" datetime=\\\"2015-04-03T12:22:47+02:00\\\" >2015. \\u00e1prilis 3.<\\\/time><\\\/span>                    <span class=\\\"td-module-comments\\\"><a href=\\\"https:\\\/\\\/photonet.hu\\\/online\\\/magazin\\\/fekete-lista\\\/elveszett-nikon-af-s-vr-objektiv\\\/#respond\\\">0<\\\/a><\\\/span>                <\\\/div>\\r\\n\\r\\n                <div class=\\\"td-excerpt\\\">\\r\\n                    2015.03.31-\\u00e9n, kedden a 14. ker. Egressy \\u00fati McDonald&#039;s-ban ottfelejtett NIKON AF-S VR-NIKKOR 70-200MM F\\\/2.8G ED objekt\\u00edvemet eltulajdon\\u00edtott\\u00e1k (sorozatsz\\u00e1ma: 393841).\\r\\n\\r\\nA mattfekete ragaszt\\u00f3szalaggal k\\u00f6rbetekert objekt\\u00edv egy...                <\\\/div>\\r\\n            <\\\/div>\\r\\n\\r\\n        <\\\/div>\\r\\n\\r\\n        \",\"td_block_id\":\"tdi_65\",\"td_hide_prev\":true,\"td_hide_next\":false}));\r\n                                                    tmpObj = JSON.parse(JSON.stringify(block_tdi_65));\r\n                            tmpObj.is_ajax_running = true;\r\n                            tmpObj.td_current_page = 1;\r\n                            tmpObj.td_filter_value = 101;\r\n                            var currentBlockObjSignature = JSON.stringify(tmpObj);\r\n                            tdLocalCache.set(currentBlockObjSignature, JSON.stringify({\"td_data\":\"\\r\\n        <div class=\\\"td_module_16 td_module_wrap td-animation-stack\\\">\\r\\n            <div class=\\\"td-module-thumb\\\"><a href=\\\"https:\\\/\\\/photonet.hu\\\/online\\\/magazin\\\/felszereles\\\/panasonic-hx-a1-kamera\\\/\\\"  rel=\\\"bookmark\\\" class=\\\"td-image-wrap \\\" title=\\\"Panasonic HX-A1 kamera\\\" ><img width=\\\"150\\\" height=\\\"150\\\" class=\\\"entry-thumb\\\" src=\\\"https:\\\/\\\/photonet.hu\\\/online\\\/wp-content\\\/uploads\\\/2015\\\/05\\\/panasonic_ax_h1_kamera-150x150.jpg\\\"   alt=\\\"Panasonic HX-A1 kamera\\\" title=\\\"Panasonic HX-A1 kamera\\\" \\\/><\\\/a><\\\/div>\\r\\n            <div class=\\\"item-details\\\">\\r\\n                <h3 class=\\\"entry-title td-module-title\\\"><a href=\\\"https:\\\/\\\/photonet.hu\\\/online\\\/magazin\\\/felszereles\\\/panasonic-hx-a1-kamera\\\/\\\"  rel=\\\"bookmark\\\" title=\\\"Panasonic HX-A1 kamera\\\">Panasonic HX-A1 kamera<\\\/a><\\\/h3>\\r\\n                <div class=\\\"td-module-meta-info\\\">\\r\\n                                        <span class=\\\"td-post-author-name\\\"><a href=\\\"https:\\\/\\\/photonet.hu\\\/online\\\/author\\\/photonet\\\/\\\">photonet<\\\/a> <span>-<\\\/span> <\\\/span>                    <span class=\\\"td-post-date\\\"><time class=\\\"entry-date updated td-module-date\\\" datetime=\\\"2015-04-21T13:17:49+02:00\\\" >2015. \\u00e1prilis 21.<\\\/time><\\\/span>                    <span class=\\\"td-module-comments\\\"><a href=\\\"https:\\\/\\\/photonet.hu\\\/online\\\/magazin\\\/felszereles\\\/panasonic-hx-a1-kamera\\\/#respond\\\">0<\\\/a><\\\/span>                <\\\/div>\\r\\n\\r\\n                <div class=\\\"td-excerpt\\\">\\r\\n                    Rendk\\u00edv\\u00fcl kompakt kialak\\u00edt\\u00e1s, k\\u00f6nny\\u0171 \\u00e9s strapab\\u00edr\\u00f3 konstrukci\\u00f3 - ez az \\u00faj Panasonic HX-A1 kamera, az igazi kalandoroknak sz\\u00e1nt modell. A Panasonic \\u00faj outdoor kamer\\u00e1ja...                <\\\/div>\\r\\n            <\\\/div>\\r\\n\\r\\n        <\\\/div>\\r\\n\\r\\n        \\r\\n        <div class=\\\"td_module_16 td_module_wrap td-animation-stack\\\">\\r\\n            <div class=\\\"td-module-thumb\\\"><a href=\\\"https:\\\/\\\/photonet.hu\\\/online\\\/magazin\\\/felszereles\\\/megujul-kata\\\/\\\"  rel=\\\"bookmark\\\" class=\\\"td-image-wrap \\\" title=\\\"Meg\\u00fajul a Kata\\\" ><img width=\\\"150\\\" height=\\\"150\\\" class=\\\"entry-thumb\\\" src=\\\"https:\\\/\\\/photonet.hu\\\/online\\\/wp-content\\\/uploads\\\/2010\\\/07\\\/kata_fotos_taska-150x150.jpg\\\"   alt=\\\"Kata fot\\u00f3s t\\u00e1sk\\u00e1k\\\" title=\\\"Meg\\u00fajul a Kata\\\" \\\/><\\\/a><\\\/div>\\r\\n            <div class=\\\"item-details\\\">\\r\\n                <h3 class=\\\"entry-title td-module-title\\\"><a href=\\\"https:\\\/\\\/photonet.hu\\\/online\\\/magazin\\\/felszereles\\\/megujul-kata\\\/\\\"  rel=\\\"bookmark\\\" title=\\\"Meg\\u00fajul a Kata\\\">Meg\\u00fajul a Kata<\\\/a><\\\/h3>\\r\\n                <div class=\\\"td-module-meta-info\\\">\\r\\n                                        <span class=\\\"td-post-author-name\\\"><a href=\\\"https:\\\/\\\/photonet.hu\\\/online\\\/author\\\/photonet\\\/\\\">photonet<\\\/a> <span>-<\\\/span> <\\\/span>                    <span class=\\\"td-post-date\\\"><time class=\\\"entry-date updated td-module-date\\\" datetime=\\\"2010-07-26T16:57:41+02:00\\\" >2010. j\\u00falius 26.<\\\/time><\\\/span>                    <span class=\\\"td-module-comments\\\"><a href=\\\"https:\\\/\\\/photonet.hu\\\/online\\\/magazin\\\/felszereles\\\/megujul-kata\\\/#respond\\\">0<\\\/a><\\\/span>                <\\\/div>\\r\\n\\r\\n                <div class=\\\"td-excerpt\\\">\\r\\n                    <p style=\\\"text-align: justify;\\\">A Kata n\\u00e9v az ut\\u00f3bbi \\u00e9vekben egybeforrt sz\\u00e1mos tulajdons\\u00e1ggal, mint p\\u00e9ld\\u00e1ul a magas min\\u0151s\\u00e9ggel, profizmussal, folyamatos technol\\u00f3giai \\u00fajdons\\u00e1gokkal, innov\\u00e1ci\\u00f3val, ergon\\u00f3mi\\u00e1val \\u00e9s a design-nal.<\\\/p> <p style=\\\"text-align: center;\\\">&nbsp;<img title=\\\"Meg\\u00fajul a Kata\\\" alt=\\\"hogy igazodhatn\\u00e1nak a t\\u00e1sk\\u00e1k m\\u00e9g jobban az ig\\u00e9nyekhez\\\" src=\\\"images\\\/stories\\\/Cikkek\\\/2010\\\/05\\\/kata_fotos_taska.jpg\\\" \\\/><\\\/p>                 <\\\/div>\\r\\n            <\\\/div>\\r\\n\\r\\n        <\\\/div>\\r\\n\\r\\n        \\r\\n        <div class=\\\"td_module_16 td_module_wrap td-animation-stack\\\">\\r\\n            <div class=\\\"td-module-thumb\\\"><a href=\\\"https:\\\/\\\/photonet.hu\\\/online\\\/magazin\\\/felszereles\\\/nikon-coolpix-a100-es-a10-kompakt-fenykepezogepek\\\/\\\"  rel=\\\"bookmark\\\" class=\\\"td-image-wrap \\\" title=\\\"Nikon Coolpix A100 \\u00e9s A10 kompakt f\\u00e9nyk\\u00e9pez\\u0151g\\u00e9pek\\\" ><img width=\\\"150\\\" height=\\\"150\\\" class=\\\"entry-thumb\\\" src=\\\"https:\\\/\\\/photonet.hu\\\/online\\\/wp-content\\\/uploads\\\/2016\\\/02\\\/nikon_coolpix_a100_camera-150x150.jpg\\\"   alt=\\\"Nikon Coolpix A100 \\u00e9s A10 kompakt f\\u00e9nyk\\u00e9pez\\u0151g\\u00e9pek\\\" title=\\\"Nikon Coolpix A100 \\u00e9s A10 kompakt f\\u00e9nyk\\u00e9pez\\u0151g\\u00e9pek\\\" \\\/><\\\/a><\\\/div>\\r\\n            <div class=\\\"item-details\\\">\\r\\n                <h3 class=\\\"entry-title td-module-title\\\"><a href=\\\"https:\\\/\\\/photonet.hu\\\/online\\\/magazin\\\/felszereles\\\/nikon-coolpix-a100-es-a10-kompakt-fenykepezogepek\\\/\\\"  rel=\\\"bookmark\\\" title=\\\"Nikon Coolpix A100 \\u00e9s A10 kompakt f\\u00e9nyk\\u00e9pez\\u0151g\\u00e9pek\\\">Nikon Coolpix A100 \\u00e9s A10 kompakt f\\u00e9nyk\\u00e9pez\\u0151g\\u00e9pek<\\\/a><\\\/h3>\\r\\n                <div class=\\\"td-module-meta-info\\\">\\r\\n                                        <span class=\\\"td-post-author-name\\\"><a href=\\\"https:\\\/\\\/photonet.hu\\\/online\\\/author\\\/photonet\\\/\\\">photonet<\\\/a> <span>-<\\\/span> <\\\/span>                    <span class=\\\"td-post-date\\\"><time class=\\\"entry-date updated td-module-date\\\" datetime=\\\"2016-01-15T13:33:29+02:00\\\" >2016. janu\\u00e1r 15.<\\\/time><\\\/span>                    <span class=\\\"td-module-comments\\\"><a href=\\\"https:\\\/\\\/photonet.hu\\\/online\\\/magazin\\\/felszereles\\\/nikon-coolpix-a100-es-a10-kompakt-fenykepezogepek\\\/#respond\\\">0<\\\/a><\\\/span>                <\\\/div>\\r\\n\\r\\n                <div class=\\\"td-excerpt\\\">\\r\\n                    A Nikon COOLPIX kompaktf\\u00e9nyk\\u00e9pez\\u0151g\\u00e9p-csal\\u00e1dja k\\u00e9t \\u00fajabb taggal gazdagodott, amelyek tervez\\u00e9s\\u00e9n\\u00e9l az egyszer\\u0171s\\u00e9g volt a vez\\u00e9relv\\u00fcnk \\u2013 az eleg\\u00e1ns, 20,1 megapixeles, k\\u00f6nnyen hordozhat\\u00f3, karcs\\u00fa v\\u00e1z\\u00fa...                <\\\/div>\\r\\n            <\\\/div>\\r\\n\\r\\n        <\\\/div>\\r\\n\\r\\n        \\r\\n        <div class=\\\"td_module_16 td_module_wrap td-animation-stack\\\">\\r\\n            <div class=\\\"td-module-thumb\\\"><a href=\\\"https:\\\/\\\/photonet.hu\\\/online\\\/magazin\\\/felszereles\\\/panasonic-lumix-s1ii-es-s1iie-digitalis-fenykepezogep-bemutato\\\/\\\"  rel=\\\"bookmark\\\" class=\\\"td-image-wrap \\\" title=\\\"Panasonic LUMIX S1II \\u00e9s S1IIE digit\\u00e1lis f\\u00e9nyk\\u00e9pez\\u0151g\\u00e9p bemutat\\u00f3\\\" ><img width=\\\"150\\\" height=\\\"150\\\" class=\\\"entry-thumb\\\" src=\\\"https:\\\/\\\/photonet.hu\\\/online\\\/wp-content\\\/uploads\\\/2025\\\/05\\\/panasonic_lumix_s1ii_s1iie_digitalis_fenykepezogep_002-150x150.jpg\\\"   alt=\\\"Panasonic LUMIX S1II \\u00e9s S1IIE digit\\u00e1lis f\\u00e9nyk\\u00e9pez\\u0151g\\u00e9p - photonet\\\" title=\\\"Panasonic LUMIX S1II \\u00e9s S1IIE digit\\u00e1lis f\\u00e9nyk\\u00e9pez\\u0151g\\u00e9p bemutat\\u00f3\\\" \\\/><\\\/a><\\\/div>\\r\\n            <div class=\\\"item-details\\\">\\r\\n                <h3 class=\\\"entry-title td-module-title\\\"><a href=\\\"https:\\\/\\\/photonet.hu\\\/online\\\/magazin\\\/felszereles\\\/panasonic-lumix-s1ii-es-s1iie-digitalis-fenykepezogep-bemutato\\\/\\\"  rel=\\\"bookmark\\\" title=\\\"Panasonic LUMIX S1II \\u00e9s S1IIE digit\\u00e1lis f\\u00e9nyk\\u00e9pez\\u0151g\\u00e9p bemutat\\u00f3\\\">Panasonic LUMIX S1II \\u00e9s S1IIE digit\\u00e1lis f\\u00e9nyk\\u00e9pez\\u0151g\\u00e9p bemutat\\u00f3<\\\/a><\\\/h3>\\r\\n                <div class=\\\"td-module-meta-info\\\">\\r\\n                                        <span class=\\\"td-post-author-name\\\"><a href=\\\"https:\\\/\\\/photonet.hu\\\/online\\\/author\\\/photonet\\\/\\\">photonet<\\\/a> <span>-<\\\/span> <\\\/span>                    <span class=\\\"td-post-date\\\"><time class=\\\"entry-date updated td-module-date\\\" datetime=\\\"2025-05-13T16:58:06+02:00\\\" >2025. m\\u00e1jus 13.<\\\/time><\\\/span>                    <span class=\\\"td-module-comments\\\"><a href=\\\"https:\\\/\\\/photonet.hu\\\/online\\\/magazin\\\/felszereles\\\/panasonic-lumix-s1ii-es-s1iie-digitalis-fenykepezogep-bemutato\\\/#respond\\\">0<\\\/a><\\\/span>                <\\\/div>\\r\\n\\r\\n                <div class=\\\"td-excerpt\\\">\\r\\n                    \\nK\\u00e9t \\u00faj full-frame f\\u00e9nyk\\u00e9pez\\u0151g\\u00e9pet mutattak be professzion\\u00e1lis fot\\u00f3z\\u00e1shoz \\u00e9s vide\\u00f3z\\u00e1shoz\\n\\n\\n\\nA Panasonic \\u00fajabb l\\u00e9p\\u00e9st tett a professzion\\u00e1lis k\\u00e9palkot\\u00e1s vil\\u00e1g\\u00e1ban: bejelentette a LUMIX S1II \\u00e9s LUMIX...                <\\\/div>\\r\\n            <\\\/div>\\r\\n\\r\\n        <\\\/div>\\r\\n\\r\\n        \",\"td_block_id\":\"tdi_65\",\"td_hide_prev\":true,\"td_hide_next\":false}));\r\n                                                    tmpObj = JSON.parse(JSON.stringify(block_tdi_65));\r\n                            tmpObj.is_ajax_running = true;\r\n                            tmpObj.td_current_page = 1;\r\n                            tmpObj.td_filter_value = 90;\r\n                            var currentBlockObjSignature = JSON.stringify(tmpObj);\r\n                            tdLocalCache.set(currentBlockObjSignature, JSON.stringify({\"td_data\":\"\\r\\n        <div class=\\\"td_module_16 td_module_wrap td-animation-stack\\\">\\r\\n            <div class=\\\"td-module-thumb\\\"><a href=\\\"https:\\\/\\\/photonet.hu\\\/online\\\/fotomuveszet\\\/tajkep\\\/pien-wilbrink\\\/\\\"  rel=\\\"bookmark\\\" class=\\\"td-image-wrap \\\" title=\\\"Pien Wilbrink\\\" ><img width=\\\"150\\\" height=\\\"150\\\" class=\\\"entry-thumb\\\" src=\\\"https:\\\/\\\/photonet.hu\\\/online\\\/wp-content\\\/uploads\\\/2014\\\/11\\\/pien_kerites-150x150.jpg\\\"   alt=\\\"Pien Wilbrink - utcai fot\\u00f3z\\u00e1s\\\" title=\\\"Pien Wilbrink\\\" \\\/><\\\/a><\\\/div>\\r\\n            <div class=\\\"item-details\\\">\\r\\n                <h3 class=\\\"entry-title td-module-title\\\"><a href=\\\"https:\\\/\\\/photonet.hu\\\/online\\\/fotomuveszet\\\/tajkep\\\/pien-wilbrink\\\/\\\"  rel=\\\"bookmark\\\" title=\\\"Pien Wilbrink\\\">Pien Wilbrink<\\\/a><\\\/h3>\\r\\n                <div class=\\\"td-module-meta-info\\\">\\r\\n                                        <span class=\\\"td-post-author-name\\\"><a href=\\\"https:\\\/\\\/photonet.hu\\\/online\\\/author\\\/photonet\\\/\\\">photonet<\\\/a> <span>-<\\\/span> <\\\/span>                    <span class=\\\"td-post-date\\\"><time class=\\\"entry-date updated td-module-date\\\" datetime=\\\"2014-11-14T18:14:39+02:00\\\" >2014. november 14.<\\\/time><\\\/span>                    <span class=\\\"td-module-comments\\\"><a href=\\\"https:\\\/\\\/photonet.hu\\\/online\\\/fotomuveszet\\\/tajkep\\\/pien-wilbrink\\\/#respond\\\">0<\\\/a><\\\/span>                <\\\/div>\\r\\n\\r\\n                <div class=\\\"td-excerpt\\\">\\r\\n                    Pien Wilbrink holland fotogr\\u00e1fus az utcai fot\\u00f3z\\u00e1sban (street photography) sokkal ink\\u00e1bb a r\\u00e9szletekre f\\u00f3kusz\\u00e1l, mint a m\\u0171fajban jobban elterjedt nagyobb l\\u00e1t\\u00f3sz\\u00f6gt\\u0151l.\\r\\n\\r\\nA legt\\u00f6bb fot\\u00f3ja a...                <\\\/div>\\r\\n            <\\\/div>\\r\\n\\r\\n        <\\\/div>\\r\\n\\r\\n        \\r\\n        <div class=\\\"td_module_16 td_module_wrap td-animation-stack\\\">\\r\\n            <div class=\\\"td-module-thumb\\\"><a href=\\\"https:\\\/\\\/photonet.hu\\\/online\\\/fotomuveszet\\\/mult-szazad\\\/escher-karoly\\\/\\\"  rel=\\\"bookmark\\\" class=\\\"td-image-wrap \\\" title=\\\"Escher K\\u00e1roly\\\" ><img width=\\\"150\\\" height=\\\"150\\\" class=\\\"entry-thumb\\\" src=\\\"https:\\\/\\\/photonet.hu\\\/online\\\/wp-content\\\/uploads\\\/2010\\\/10\\\/escher_karoly_fotomuvesz-150x150.jpg\\\"   alt=\\\"Escher K\\u00e1roly fot\\u00f3m\\u0171v\\u00e9sz\\\" title=\\\"Escher K\\u00e1roly\\\" \\\/><\\\/a><\\\/div>\\r\\n            <div class=\\\"item-details\\\">\\r\\n                <h3 class=\\\"entry-title td-module-title\\\"><a href=\\\"https:\\\/\\\/photonet.hu\\\/online\\\/fotomuveszet\\\/mult-szazad\\\/escher-karoly\\\/\\\"  rel=\\\"bookmark\\\" title=\\\"Escher K\\u00e1roly\\\">Escher K\\u00e1roly<\\\/a><\\\/h3>\\r\\n                <div class=\\\"td-module-meta-info\\\">\\r\\n                                        <span class=\\\"td-post-author-name\\\"><a href=\\\"https:\\\/\\\/photonet.hu\\\/online\\\/author\\\/photonet\\\/\\\">photonet<\\\/a> <span>-<\\\/span> <\\\/span>                    <span class=\\\"td-post-date\\\"><time class=\\\"entry-date updated td-module-date\\\" datetime=\\\"2010-10-19T17:16:07+02:00\\\" >2010. okt\\u00f3ber 19.<\\\/time><\\\/span>                    <span class=\\\"td-module-comments\\\"><a href=\\\"https:\\\/\\\/photonet.hu\\\/online\\\/fotomuveszet\\\/mult-szazad\\\/escher-karoly\\\/#respond\\\">0<\\\/a><\\\/span>                <\\\/div>\\r\\n\\r\\n                <div class=\\\"td-excerpt\\\">\\r\\n                    <p>\\u00c1ltal\\u00e1nosan elterjedt t\\u00e9vhit, hogy Magyarorsz\\u00e1gr\\u00f3l a k\\u00e9t vil\\u00e1gh\\u00e1bor\\u00fa k\\u00f6z\\u00f6tt a legnagyobb fot\\u00f3sok (Andr\\u00e9 Kert\\u00e9sz, Brassai, Moholy-Nagy, Martin Munk\\u00e1csi, Robert Capa) kiv\\u00e9tel n\\u00e9lk\\u00fcl mind elmentek, hogy azt\\u00e1n a fot\\u00f3t\\u00f6rt\\u00e9net \\u00f3ri\\u00e1saiv\\u00e1 v\\u00e1ljanak m\\u00e1s orsz\\u00e1gokban. Escher K\\u00e1roly (1890-1966) azok k\\u00f6z\\u00e9 tartozik, akik itthon maradtak, de mindannyian tudjuk, hogy \\u00e9letm\\u0171ve megker\\u00fclhetetlen, hiszen k\\u00e9peinek sz\\u00ednvonala \\u0151t is az eml\\u00edtett legnagyobban k\\u00f6z\\u00e9 emeli.<\\\/p> <p align=\\\"center\\\"><img src=\\\"images\\\/stories\\\/Cikkek\\\/2010\\\/10\\\/escher_karoly_budapest_margitsziget.jpg\\\" alt=\\\"Escher K\\u00e1roly\\\" title=\\\"Budapest,  Margitsziget, 1938\\\" \\\/><\\\/p>                 <\\\/div>\\r\\n            <\\\/div>\\r\\n\\r\\n        <\\\/div>\\r\\n\\r\\n        \\r\\n        <div class=\\\"td_module_16 td_module_wrap td-animation-stack\\\">\\r\\n            <div class=\\\"td-module-thumb\\\"><a href=\\\"https:\\\/\\\/photonet.hu\\\/online\\\/fotomuveszet\\\/portre-emberek\\\/fedor-gabcan\\\/\\\"  rel=\\\"bookmark\\\" class=\\\"td-image-wrap \\\" title=\\\"Fedor Gab\\u010dan\\\" ><img width=\\\"150\\\" height=\\\"150\\\" class=\\\"entry-thumb\\\" src=\\\"https:\\\/\\\/photonet.hu\\\/online\\\/wp-content\\\/uploads\\\/2014\\\/07\\\/fedor_gabcan_depresszio_2010_2013_bromlenyomat-150x150.jpg\\\"   alt=\\\"Fedor Gab\\u010dan: Depresszi\\u00f3, 2010\\\/2013. br\\u00f3molajnyomat\\\" title=\\\"Fedor Gab\\u010dan\\\" \\\/><\\\/a><\\\/div>\\r\\n            <div class=\\\"item-details\\\">\\r\\n                <h3 class=\\\"entry-title td-module-title\\\"><a href=\\\"https:\\\/\\\/photonet.hu\\\/online\\\/fotomuveszet\\\/portre-emberek\\\/fedor-gabcan\\\/\\\"  rel=\\\"bookmark\\\" title=\\\"Fedor Gab\\u010dan\\\">Fedor Gab\\u010dan<\\\/a><\\\/h3>\\r\\n                <div class=\\\"td-module-meta-info\\\">\\r\\n                                        <span class=\\\"td-post-author-name\\\"><a href=\\\"https:\\\/\\\/photonet.hu\\\/online\\\/author\\\/photonet\\\/\\\">photonet<\\\/a> <span>-<\\\/span> <\\\/span>                    <span class=\\\"td-post-date\\\"><time class=\\\"entry-date updated td-module-date\\\" datetime=\\\"2014-07-28T11:38:28+02:00\\\" >2014. j\\u00falius 28.<\\\/time><\\\/span>                    <span class=\\\"td-module-comments\\\"><a href=\\\"https:\\\/\\\/photonet.hu\\\/online\\\/fotomuveszet\\\/portre-emberek\\\/fedor-gabcan\\\/#comments\\\">1<\\\/a><\\\/span>                <\\\/div>\\r\\n\\r\\n                <div class=\\\"td-excerpt\\\">\\r\\n                    Fedor Gab\\u010dan 1940. j\\u00falius 22-\\u00e9n sz\\u00fcletett egy fest\\u0151i szlov\\u00e1k falucsk\\u00e1ban, J\\u00f3k\\u00faton (K\\u00faty). A h\\u00e1bor\\u00fa ut\\u00e1n meg\\u00f6zvegy\\u00fclt \\u00e9desapj\\u00e1val R\\u00e9vkom\\u00e1romba (Kom\\u00e1rno) k\\u00f6lt\\u00f6ztek, akit ide helyezt\\u00e9k \\u00e1t,...                <\\\/div>\\r\\n            <\\\/div>\\r\\n\\r\\n        <\\\/div>\\r\\n\\r\\n        \\r\\n        <div class=\\\"td_module_16 td_module_wrap td-animation-stack\\\">\\r\\n            <div class=\\\"td-module-thumb\\\"><a href=\\\"https:\\\/\\\/photonet.hu\\\/online\\\/fotomuveszet\\\/mult-szazad\\\/robert-capa-a-haditudosito-aki-szemelyes-tortenetkent-fotozta-a-tortenelmet\\\/\\\"  rel=\\\"bookmark\\\" class=\\\"td-image-wrap \\\" title=\\\"Robert Capa: a haditud\\u00f3s\\u00edt\\u00f3, aki szem\\u00e9lyes t\\u00f6rt\\u00e9netk\\u00e9nt fot\\u00f3zta a t\\u00f6rt\\u00e9nelmet\\\" ><img width=\\\"150\\\" height=\\\"150\\\" class=\\\"entry-thumb\\\" src=\\\"https:\\\/\\\/photonet.hu\\\/online\\\/wp-content\\\/uploads\\\/2026\\\/04\\\/robert_capa_photographer_gerda_taro_photography-150x150.webp\\\"   alt=\\\"Robert Capa fotogr\\u00e1fus, haditud\\u00f3s\\u00edt\\u00f3\\\" title=\\\"Robert Capa: a haditud\\u00f3s\\u00edt\\u00f3, aki szem\\u00e9lyes t\\u00f6rt\\u00e9netk\\u00e9nt fot\\u00f3zta a t\\u00f6rt\\u00e9nelmet\\\" \\\/><\\\/a><\\\/div>\\r\\n            <div class=\\\"item-details\\\">\\r\\n                <h3 class=\\\"entry-title td-module-title\\\"><a href=\\\"https:\\\/\\\/photonet.hu\\\/online\\\/fotomuveszet\\\/mult-szazad\\\/robert-capa-a-haditudosito-aki-szemelyes-tortenetkent-fotozta-a-tortenelmet\\\/\\\"  rel=\\\"bookmark\\\" title=\\\"Robert Capa: a haditud\\u00f3s\\u00edt\\u00f3, aki szem\\u00e9lyes t\\u00f6rt\\u00e9netk\\u00e9nt fot\\u00f3zta a t\\u00f6rt\\u00e9nelmet\\\">Robert Capa: a haditud\\u00f3s\\u00edt\\u00f3, aki szem\\u00e9lyes t\\u00f6rt\\u00e9netk\\u00e9nt fot\\u00f3zta a t\\u00f6rt\\u00e9nelmet<\\\/a><\\\/h3>\\r\\n                <div class=\\\"td-module-meta-info\\\">\\r\\n                                        <span class=\\\"td-post-author-name\\\"><a href=\\\"https:\\\/\\\/photonet.hu\\\/online\\\/author\\\/photonet\\\/\\\">photonet<\\\/a> <span>-<\\\/span> <\\\/span>                    <span class=\\\"td-post-date\\\"><time class=\\\"entry-date updated td-module-date\\\" datetime=\\\"2026-04-09T13:00:33+02:00\\\" >2026. \\u00e1prilis 9.<\\\/time><\\\/span>                    <span class=\\\"td-module-comments\\\"><a href=\\\"https:\\\/\\\/photonet.hu\\\/online\\\/fotomuveszet\\\/mult-szazad\\\/robert-capa-a-haditudosito-aki-szemelyes-tortenetkent-fotozta-a-tortenelmet\\\/#respond\\\">0<\\\/a><\\\/span>                <\\\/div>\\r\\n\\r\\n                <div class=\\\"td-excerpt\\\">\\r\\n                    \\nEgy magyar sz\\u00e1rmaz\\u00e1s\\u00fa fotogr\\u00e1fus nemzetk\\u00f6zi p\\u00e1ly\\u00e1ja\\n\\n\\n\\nRobert Capa a 20. sz\\u00e1zadi fot\\u00f3t\\u00f6rt\\u00e9net egyik meghat\\u00e1roz\\u00f3 alakja, aki haditud\\u00f3s\\u00edt\\u00f3k\\u00e9nt v\\u00e1lt vil\\u00e1gh\\u00edr\\u0171v\\u00e9. Polg\\u00e1ri nev\\u00e9n Friedmann Endre 1913-ban sz\\u00fcletett...                <\\\/div>\\r\\n            <\\\/div>\\r\\n\\r\\n        <\\\/div>\\r\\n\\r\\n        \",\"td_block_id\":\"tdi_65\",\"td_hide_prev\":true,\"td_hide_next\":false}));\r\n                                    <\/script>\r\n            <div class=\"td-block-title-wrap\"><h4 class=\"block-title td-block-title\"><span class=\"td-pulldown-size\">N\u00e9pszer\u0171<\/span><\/h4><div class=\"td-pulldown-syle-default td-subcat-filter\" id=\"td_pulldown_tdi_65\"><ul class=\"td-subcat-list\" id=\"td_pulldown_tdi_65_list\"><li class=\"td-subcat-item\"><a class=\"td-subcat-link\" id=\"tdi_66\" data-td_filter_value=\"\" data-td_block_id=\"tdi_65\" href=\"#\">All<\/a><\/li><li class=\"td-subcat-item\"><a class=\"td-subcat-link\" id=\"tdi_67\" data-td_filter_value=\"177\" data-td_block_id=\"tdi_65\" href=\"#\">Arch\u00edvum<\/a><\/li><li class=\"td-subcat-item\"><a class=\"td-subcat-link\" id=\"tdi_68\" data-td_filter_value=\"256\" data-td_block_id=\"tdi_65\" href=\"#\">Divat &amp; Rekl\u00e1mfot\u00f3<\/a><\/li><li class=\"td-subcat-item\"><a class=\"td-subcat-link\" id=\"tdi_69\" data-td_filter_value=\"99\" data-td_block_id=\"tdi_65\" href=\"#\">Esem\u00e9nyek<\/a><\/li><li class=\"td-subcat-item\"><a class=\"td-subcat-link\" id=\"tdi_70\" data-td_filter_value=\"100\" data-td_block_id=\"tdi_65\" href=\"#\">Fekete lista<\/a><\/li><li class=\"td-subcat-item\"><a class=\"td-subcat-link\" id=\"tdi_71\" data-td_filter_value=\"101\" data-td_block_id=\"tdi_65\" href=\"#\">Felszerel\u00e9s<\/a><\/li><li class=\"td-subcat-item\"><a class=\"td-subcat-link\" id=\"tdi_72\" data-td_filter_value=\"90\" data-td_block_id=\"tdi_65\" href=\"#\">Fot\u00f3m\u0171v\u00e9szet<\/a><\/li><li class=\"td-subcat-item\"><a class=\"td-subcat-link\" id=\"tdi_73\" data-td_filter_value=\"102\" data-td_block_id=\"tdi_65\" href=\"#\">Fot\u00f3p\u00e1ly\u00e1zatok<\/a><\/li><li class=\"td-subcat-item\"><a class=\"td-subcat-link\" id=\"tdi_74\" data-td_filter_value=\"91\" data-td_block_id=\"tdi_65\" href=\"#\">Fot\u00f3riporter<\/a><\/li><li class=\"td-subcat-item\"><a class=\"td-subcat-link\" id=\"tdi_75\" data-td_filter_value=\"103\" data-td_block_id=\"tdi_65\" href=\"#\">H\u00edrek<\/a><\/li><li class=\"td-subcat-item\"><a class=\"td-subcat-link\" id=\"tdi_76\" data-td_filter_value=\"104\" data-td_block_id=\"tdi_65\" href=\"#\">K\u00f6nyvaj\u00e1nl\u00f3<\/a><\/li><li class=\"td-subcat-item\"><a class=\"td-subcat-link\" id=\"tdi_77\" data-td_filter_value=\"92\" data-td_block_id=\"tdi_65\" href=\"#\">Magazin<\/a><\/li><li class=\"td-subcat-item\"><a class=\"td-subcat-link\" id=\"tdi_78\" data-td_filter_value=\"93\" data-td_block_id=\"tdi_65\" href=\"#\">M\u00falt sz\u00e1zad<\/a><\/li><li class=\"td-subcat-item\"><a class=\"td-subcat-link\" id=\"tdi_79\" data-td_filter_value=\"94\" data-td_block_id=\"tdi_65\" href=\"#\">Portr\u00e9, emberek<\/a><\/li><li class=\"td-subcat-item\"><a class=\"td-subcat-link\" id=\"tdi_80\" data-td_filter_value=\"180\" data-td_block_id=\"tdi_65\" href=\"#\">T\u00e1jk\u00e9p<\/a><\/li><li class=\"td-subcat-item\"><a class=\"td-subcat-link\" id=\"tdi_81\" data-td_filter_value=\"95\" data-td_block_id=\"tdi_65\" href=\"#\">T\u00e1rgyfot\u00f3<\/a><\/li><li class=\"td-subcat-item\"><a class=\"td-subcat-link\" id=\"tdi_82\" data-td_filter_value=\"96\" data-td_block_id=\"tdi_65\" href=\"#\">Tech<\/a><\/li><li class=\"td-subcat-item\"><a class=\"td-subcat-link\" id=\"tdi_83\" data-td_filter_value=\"97\" data-td_block_id=\"tdi_65\" href=\"#\">Term\u00e9szetfot\u00f3<\/a><\/li><li class=\"td-subcat-item\"><a class=\"td-subcat-link\" id=\"tdi_84\" data-td_filter_value=\"98\" data-td_block_id=\"tdi_65\" href=\"#\">Tippek<\/a><\/li><\/ul><div class=\"td-subcat-dropdown\"><div class=\"td-subcat-more\" aria-haspopup=\"true\"><span>More<\/span><i class=\"td-icon-read-down\"><\/i><\/div><ul class=\"td-pulldown-filter-list\"><\/ul><\/div><\/div><\/div><div id=tdi_65 class=\"td_block_inner\">\r\n        <div class=\"td_module_16 td_module_wrap td-animation-stack\">\r\n            <div class=\"td-module-thumb\"><a href=\"https:\/\/photonet.hu\/online\/magazin\/felszereles\/olympus-stylus-sh-1-digitalis-fenykepezogep\/\"  rel=\"bookmark\" class=\"td-image-wrap \" title=\"Olympus Stylus SH-1 digit\u00e1lis f\u00e9nyk\u00e9pez\u0151g\u00e9p\" ><img decoding=\"async\" width=\"150\" height=\"150\" class=\"entry-thumb\" src=\"https:\/\/photonet.hu\/online\/wp-content\/uploads\/2014\/07\/olympus_sh1_kompakt_fenykepezogep-150x150.jpg\"   alt=\"Olympus Stylus SH-1 digit\u00e1lis kompakt f\u00e9nyk\u00e9pez\u0151g\u00e9p\" title=\"Olympus Stylus SH-1 digit\u00e1lis f\u00e9nyk\u00e9pez\u0151g\u00e9p\" \/><\/a><\/div>\r\n            <div class=\"item-details\">\r\n                <h3 class=\"entry-title td-module-title\"><a href=\"https:\/\/photonet.hu\/online\/magazin\/felszereles\/olympus-stylus-sh-1-digitalis-fenykepezogep\/\"  rel=\"bookmark\" title=\"Olympus Stylus SH-1 digit\u00e1lis f\u00e9nyk\u00e9pez\u0151g\u00e9p\">Olympus Stylus SH-1 digit\u00e1lis f\u00e9nyk\u00e9pez\u0151g\u00e9p<\/a><\/h3>\r\n                <div class=\"td-module-meta-info\">\r\n                                        <span class=\"td-post-author-name\"><a href=\"https:\/\/photonet.hu\/online\/author\/photonet\/\">photonet<\/a> <span>-<\/span> <\/span>                    <span class=\"td-post-date\"><time class=\"entry-date updated td-module-date\" datetime=\"2014-04-02T14:36:13+02:00\" >2014. \u00e1prilis 2.<\/time><\/span>                    <span class=\"td-module-comments\"><a href=\"https:\/\/photonet.hu\/online\/magazin\/felszereles\/olympus-stylus-sh-1-digitalis-fenykepezogep\/#respond\">0<\/a><\/span>                <\/div>\r\n\r\n                <div class=\"td-excerpt\">\r\n                    A gy\u00f6ny\u00f6r\u0171 Olympus SH-1 visszahozza a l\u00e9legzetel\u00e1ll\u00edt\u00f3 design \u00e9lm\u00e9ny\u00e9t a kompakt f\u00e9nyk\u00e9pez\u0151g\u00e9pek vil\u00e1g\u00e1ba \u2013 rekorder technol\u00f3gi\u00e1ja pedig val\u00f3di min\u0151s\u00e9get biztos\u00edt t\u0171\u00e9les k\u00e9pek \u00e9s nagysebess\u00e9g\u0171...                <\/div>\r\n            <\/div>\r\n\r\n        <\/div>\r\n\r\n        \r\n        <div class=\"td_module_16 td_module_wrap td-animation-stack\">\r\n            <div class=\"td-module-thumb\"><a href=\"https:\/\/photonet.hu\/online\/hirek\/megszunt-kodachrome-film\/\"  rel=\"bookmark\" class=\"td-image-wrap \" title=\"Megsz\u0171nt a Kodachrome film\" ><img decoding=\"async\" width=\"\" height=\"\" class=\"entry-thumb\" src=\"https:\/\/photonet.hu\/online\/wp-content\/plugins\/td-composer\/legacy\/Newspaper\/assets\/images\/no-thumb\/thumbnail.png\"  alt=\"\" \/><\/a><\/div>\r\n            <div class=\"item-details\">\r\n                <h3 class=\"entry-title td-module-title\"><a href=\"https:\/\/photonet.hu\/online\/hirek\/megszunt-kodachrome-film\/\"  rel=\"bookmark\" title=\"Megsz\u0171nt a Kodachrome film\">Megsz\u0171nt a Kodachrome film<\/a><\/h3>\r\n                <div class=\"td-module-meta-info\">\r\n                                        <span class=\"td-post-author-name\"><a href=\"https:\/\/photonet.hu\/online\/author\/photonet\/\">photonet<\/a> <span>-<\/span> <\/span>                    <span class=\"td-post-date\"><time class=\"entry-date updated td-module-date\" datetime=\"2011-02-22T18:58:29+02:00\" >2011. febru\u00e1r 22.<\/time><\/span>                    <span class=\"td-module-comments\"><a href=\"https:\/\/photonet.hu\/online\/hirek\/megszunt-kodachrome-film\/#respond\">0<\/a><\/span>                <\/div>\r\n\r\n                <div class=\"td-excerpt\">\r\n                    <p style=\"text-align: justify;\">Indiai k\u00f6z\u00f6ss\u00e9gekben fot\u00f3zta el a h\u00edres amerikai riportfot\u00f3s, Steve McCurry a vil\u00e1g utols\u00f3 tekercs Kodachrome-j\u00e1t. A legend\u00e1s Kodak film, amely 1935-t\u0151l k\u00eds\u00e9rte v\u00e9gig az amerikai fot\u00f3t\u00f6rt\u00e9nelem nagy pillanatait, az anal\u00f3g technika egyik jelk\u00e9pe lett; megsz\u0171n\u00e9se egy korszak v\u00e9g\u00e9t z\u00e1rja le szimbolikusan. Amerik\u00e1ban legenda volt, n\u00e1lunk luxus. Csak n\u00e9h\u00e1ny magyar fotogr\u00e1fus dolgozhatott vele, \u0151k is ink\u00e1bb a rendszerv\u00e1lt\u00e1s k\u00f6zeledt\u00e9vel \u00e9s akkor is k\u00fclf\u00f6ld\u00f6n.<\/p> <p style=\"text-align: center;\">&nbsp;<img decoding=\"async\" src=\"images\/stories\/Cikkek\/2011\/02\/megszunt_kodachrome_dia_pozitiv.jpg\" alt=\"az anal\u00f3g technika egyik jelk\u00e9pe\" title=\"Megsz\u0171nt Kodachrome film\" \/><\/p>                 <\/div>\r\n            <\/div>\r\n\r\n        <\/div>\r\n\r\n        \r\n        <div class=\"td_module_16 td_module_wrap td-animation-stack\">\r\n            <div class=\"td-module-thumb\"><a href=\"https:\/\/photonet.hu\/online\/magazin\/fotopalyazatok\/iden-mas-lesz-a-karacsony-fotopalyazat\/\"  rel=\"bookmark\" class=\"td-image-wrap \" title=\"Id\u00e9n m\u00e1s lesz a kar\u00e1csony fot\u00f3p\u00e1ly\u00e1zat\" ><img decoding=\"async\" width=\"150\" height=\"150\" class=\"entry-thumb\" src=\"https:\/\/photonet.hu\/online\/wp-content\/uploads\/2014\/12\/iden_mas_lesz-a-karacsony_streetkitchen-150x150.jpg\"   alt=\"Street Kitchen Facebook fot\u00f3p\u00e1ly\u00e1zat\" title=\"Id\u00e9n m\u00e1s lesz a kar\u00e1csony fot\u00f3p\u00e1ly\u00e1zat\" \/><\/a><\/div>\r\n            <div class=\"item-details\">\r\n                <h3 class=\"entry-title td-module-title\"><a href=\"https:\/\/photonet.hu\/online\/magazin\/fotopalyazatok\/iden-mas-lesz-a-karacsony-fotopalyazat\/\"  rel=\"bookmark\" title=\"Id\u00e9n m\u00e1s lesz a kar\u00e1csony fot\u00f3p\u00e1ly\u00e1zat\">Id\u00e9n m\u00e1s lesz a kar\u00e1csony fot\u00f3p\u00e1ly\u00e1zat<\/a><\/h3>\r\n                <div class=\"td-module-meta-info\">\r\n                                        <span class=\"td-post-author-name\"><a href=\"https:\/\/photonet.hu\/online\/author\/photonet\/\">photonet<\/a> <span>-<\/span> <\/span>                    <span class=\"td-post-date\"><time class=\"entry-date updated td-module-date\" datetime=\"2014-12-08T13:04:18+02:00\" >2014. december 8.<\/time><\/span>                    <span class=\"td-module-comments\"><a href=\"https:\/\/photonet.hu\/online\/magazin\/fotopalyazatok\/iden-mas-lesz-a-karacsony-fotopalyazat\/#respond\">0<\/a><\/span>                <\/div>\r\n\r\n                <div class=\"td-excerpt\">\r\n                    A Street Kitchen Facebook oldala fot\u00f3p\u00e1ly\u00e1zatot hirdet &quot;Id\u00e9n m\u00e1s lesz a kar\u00e1csony&quot; c\u00edmmel.\r\n\r\nMutasd meg, hogy neked id\u00e9n mi\u00e9rt lesz m\u00e1s a kar\u00e1csony! A szervez\u0151k...                <\/div>\r\n            <\/div>\r\n\r\n        <\/div>\r\n\r\n        \r\n        <div class=\"td_module_16 td_module_wrap td-animation-stack\">\r\n            <div class=\"td-module-thumb\"><a href=\"https:\/\/photonet.hu\/online\/magazin\/fotopalyazatok\/mutasd-meg-a-termeszet-arcait-fotopalyazat\/\"  rel=\"bookmark\" class=\"td-image-wrap \" title=\"Mutasd meg a term\u00e9szet arcait! fot\u00f3p\u00e1ly\u00e1zat\" ><img decoding=\"async\" width=\"150\" height=\"150\" class=\"entry-thumb\" src=\"https:\/\/photonet.hu\/online\/wp-content\/uploads\/2010\/05\/bayer_fotopalyazat-150x150.jpg\"   alt=\"Bayer fot\u00f3p\u00e1ly\u00e1zat\" title=\"Mutasd meg a term\u00e9szet arcait! fot\u00f3p\u00e1ly\u00e1zat\" \/><\/a><\/div>\r\n            <div class=\"item-details\">\r\n                <h3 class=\"entry-title td-module-title\"><a href=\"https:\/\/photonet.hu\/online\/magazin\/fotopalyazatok\/mutasd-meg-a-termeszet-arcait-fotopalyazat\/\"  rel=\"bookmark\" title=\"Mutasd meg a term\u00e9szet arcait! fot\u00f3p\u00e1ly\u00e1zat\">Mutasd meg a term\u00e9szet arcait! fot\u00f3p\u00e1ly\u00e1zat<\/a><\/h3>\r\n                <div class=\"td-module-meta-info\">\r\n                                        <span class=\"td-post-author-name\"><a href=\"https:\/\/photonet.hu\/online\/author\/photonet\/\">photonet<\/a> <span>-<\/span> <\/span>                    <span class=\"td-post-date\"><time class=\"entry-date updated td-module-date\" datetime=\"2010-05-01T16:31:56+02:00\" >2010. m\u00e1jus 1.<\/time><\/span>                    <span class=\"td-module-comments\"><a href=\"https:\/\/photonet.hu\/online\/magazin\/fotopalyazatok\/mutasd-meg-a-termeszet-arcait-fotopalyazat\/#respond\">0<\/a><\/span>                <\/div>\r\n\r\n                <div class=\"td-excerpt\">\r\n                    <p style=\"text-align: justify;\">A Bayer Hung\u00e1ria Kft. \u00e9s a UNEP (ENSZ K\u00f6rnyezetv\u00e9delmi Program)  kl\u00edmav\u00e9delmi fot\u00f3p\u00e1ly\u00e1zatot hirdet \u201eMutasd meg a term\u00e9szet arcait!\" c\u00edmmel.<\/p> <p style=\"text-align: center;\"><img decoding=\"async\" title=\"Mutasd meg a term\u00e9szet arcait!\" alt=\"A Bayer Hung\u00e1ria Kft. \u00e9s a UNEP  kl\u00edmav\u00e9delmi fot\u00f3p\u00e1ly\u00e1zatot hirdet\" src=\"images\/stories\/Cikkek\/2010\/05\/bayer_fotopalyazat.jpg\" \/>&nbsp;<\/p>                 <\/div>\r\n            <\/div>\r\n\r\n        <\/div>\r\n\r\n        <\/div><div class=\"td-next-prev-wrap\"><a href=\"#\" class=\"td-ajax-prev-page ajax-page-disabled\" aria-label=\"prev-page\" id=\"prev-page-tdi_65\" data-td_block_id=\"tdi_65\"><i class=\"td-next-prev-icon td-icon-font td-icon-menu-left\"><\/i><\/a><a href=\"#\"  class=\"td-ajax-next-page\" aria-label=\"next-page\" id=\"next-page-tdi_65\" data-td_block_id=\"tdi_65\"><i class=\"td-next-prev-icon td-icon-font td-icon-menu-right\"><\/i><\/a><\/div><\/div> <!-- .\/block --><\/div><\/div><\/div><\/div><div id=\"tdi_85\" class=\"tdc-row stretch_row_content td-stretch-content\"><div class=\"vc_row tdi_86  wpb_row td-pb-row\" >\n<style scoped>\n\/* custom css - generated by TagDiv Composer *\/\n\n\/* custom css - generated by TagDiv Composer *\/\n.tdi_86,\r\n                .tdi_86 .tdc-columns{\r\n                    min-height: 0;\r\n                }.tdi_86,\r\n\t\t\t\t.tdi_86 .tdc-columns{\r\n\t\t\t\t    display: block;\r\n\t\t\t\t}.tdi_86 .tdc-columns{\r\n\t\t\t\t    width: 100%;\r\n\t\t\t\t}.tdi_86:before,\r\n\t\t\t\t.tdi_86:after{\r\n\t\t\t\t    display: table;\r\n\t\t\t\t}\n<\/style><div class=\"vc_column tdi_88  wpb_column vc_column_container tdc-column td-pb-span12\">\n<style scoped>\n\/* custom css - generated by TagDiv Composer *\/\n\n\/* custom css - generated by TagDiv Composer *\/\n.tdi_88{\r\n                    vertical-align: baseline;\r\n                }.tdi_88 > .wpb_wrapper,\r\n\t\t\t\t.tdi_88 > .wpb_wrapper > .tdc-elements{\r\n\t\t\t\t    display: block;\r\n\t\t\t\t}.tdi_88 > .wpb_wrapper > .tdc-elements{\r\n\t\t\t\t    width: 100%;\r\n\t\t\t\t}.tdi_88 > .wpb_wrapper > .vc_row_inner{\r\n\t\t\t\t    width: auto;\r\n\t\t\t\t}.tdi_88 > .wpb_wrapper{\r\n\t\t\t\t    width: auto;\r\n\t\t\t\t    height: auto;\r\n\t\t\t\t}\n<\/style><div class=\"wpb_wrapper\" ><div class=\"td_block_wrap td_block_big_grid_fl_4 tdi_89 td-grid-style-6 td-hover-1 td-big-grids-fl td-big-grids-scroll td-big-grids-margin td-pb-border-top td_block_template_1\"  data-td-block-uid=\"tdi_89\" ><div id=tdi_89 class=\"td_block_inner\"><div class=\"td-big-grid-wrapper td-posts-4\">\r\n        <div class=\"td_module_mx21 td_module_wrap td-animation-stack td-big-grid-post-0 td-big-grid-post td-mx-17\">\r\n            <div class=\"td-module-image\">\r\n                <div class=\"td-module-thumb\"><a href=\"https:\/\/photonet.hu\/online\/magazin\/tech\/megjelent-capture-one-5-2\/\"  rel=\"bookmark\" class=\"td-image-wrap \" title=\"Megjelent a Capture One 5.2\" ><span class=\"entry-thumb td-thumb-css\" data-type=\"css_image\" data-img-url=\"https:\/\/photonet.hu\/online\/wp-content\/plugins\/td-standard-pack\/Newspaper\/assets\/images\/no-thumb\/td_534x462.png\"  ><\/span><\/a><\/div>            <\/div>\r\n\r\n            <div class=\"td-meta-info-container\">\r\n                <div class=\"td-meta-align\">\r\n                    <div class=\"td-big-grid-meta\">\r\n                                                <h3 class=\"entry-title td-module-title\"><a href=\"https:\/\/photonet.hu\/online\/magazin\/tech\/megjelent-capture-one-5-2\/\"  rel=\"bookmark\" title=\"Megjelent a Capture One 5.2\">Megjelent a Capture One 5.2<\/a><\/h3>                    <\/div>\r\n\r\n                    <div class=\"td-module-meta-info\">\r\n                        <span class=\"td-post-author-name\"><a href=\"https:\/\/photonet.hu\/online\/author\/photonet\/\">photonet<\/a> <span>-<\/span> <\/span>                        <span class=\"td-post-date\"><time class=\"entry-date updated td-module-date\" datetime=\"2010-10-19T15:57:52+02:00\" >2010. okt\u00f3ber 19.<\/time><\/span>                    <\/div>\r\n                <\/div>\r\n            <\/div>\r\n        <\/div>\r\n\r\n        <div class=\"td-big-grid-scroll\">\r\n        <div class=\"td_module_mx21 td_module_wrap td-animation-stack td-big-grid-post-1 td-big-grid-post td-mx-17\">\r\n            <div class=\"td-module-image\">\r\n                <div class=\"td-module-thumb\"><a href=\"https:\/\/photonet.hu\/online\/magazin\/felszereles\/leica-m-p-edition-safari-a-testre-szabott-kalandor\/\"  rel=\"bookmark\" class=\"td-image-wrap \" title=\"Leica M-P Edition &#8216;Safari&#8217; a testre szabott kalandor\" ><span class=\"entry-thumb td-thumb-css\" data-type=\"css_image\" data-img-url=\"https:\/\/photonet.hu\/online\/wp-content\/uploads\/2015\/03\/leica_mp_safari_limited-534x462.jpg\"  ><\/span><\/a><\/div>            <\/div>\r\n\r\n            <div class=\"td-meta-info-container\">\r\n                <div class=\"td-meta-align\">\r\n                    <div class=\"td-big-grid-meta\">\r\n                                                <h3 class=\"entry-title td-module-title\"><a href=\"https:\/\/photonet.hu\/online\/magazin\/felszereles\/leica-m-p-edition-safari-a-testre-szabott-kalandor\/\"  rel=\"bookmark\" title=\"Leica M-P Edition &#8216;Safari&#8217; a testre szabott kalandor\">Leica M-P Edition &#8216;Safari&#8217; a testre szabott kalandor<\/a><\/h3>                    <\/div>\r\n\r\n                    <div class=\"td-module-meta-info\">\r\n                        <span class=\"td-post-author-name\"><a href=\"https:\/\/photonet.hu\/online\/author\/photonet\/\">photonet<\/a> <span>-<\/span> <\/span>                        <span class=\"td-post-date\"><time class=\"entry-date updated td-module-date\" datetime=\"2015-03-02T11:11:21+02:00\" >2015. m\u00e1rcius 2.<\/time><\/span>                    <\/div>\r\n                <\/div>\r\n            <\/div>\r\n        <\/div>\r\n\r\n        \r\n        <div class=\"td_module_mx21 td_module_wrap td-animation-stack td-big-grid-post-2 td-big-grid-post td-mx-17\">\r\n            <div class=\"td-module-image\">\r\n                <div class=\"td-module-thumb\"><a href=\"https:\/\/photonet.hu\/online\/magazin\/felszereles\/panasonic-lumix-s1ii-es-s1iie-digitalis-fenykepezogep-bemutato\/\"  rel=\"bookmark\" class=\"td-image-wrap \" title=\"Panasonic LUMIX S1II \u00e9s S1IIE digit\u00e1lis f\u00e9nyk\u00e9pez\u0151g\u00e9p bemutat\u00f3\" ><span class=\"entry-thumb td-thumb-css\" data-type=\"css_image\" data-img-url=\"https:\/\/photonet.hu\/online\/wp-content\/uploads\/2025\/05\/panasonic_lumix_s1ii_s1iie_digitalis_fenykepezogep_002-534x462.jpg\"  ><\/span><\/a><\/div>            <\/div>\r\n\r\n            <div class=\"td-meta-info-container\">\r\n                <div class=\"td-meta-align\">\r\n                    <div class=\"td-big-grid-meta\">\r\n                                                <h3 class=\"entry-title td-module-title\"><a href=\"https:\/\/photonet.hu\/online\/magazin\/felszereles\/panasonic-lumix-s1ii-es-s1iie-digitalis-fenykepezogep-bemutato\/\"  rel=\"bookmark\" title=\"Panasonic LUMIX S1II \u00e9s S1IIE digit\u00e1lis f\u00e9nyk\u00e9pez\u0151g\u00e9p bemutat\u00f3\">Panasonic LUMIX S1II \u00e9s S1IIE digit\u00e1lis f\u00e9nyk\u00e9pez\u0151g\u00e9p bemutat\u00f3<\/a><\/h3>                    <\/div>\r\n\r\n                    <div class=\"td-module-meta-info\">\r\n                        <span class=\"td-post-author-name\"><a href=\"https:\/\/photonet.hu\/online\/author\/photonet\/\">photonet<\/a> <span>-<\/span> <\/span>                        <span class=\"td-post-date\"><time class=\"entry-date updated td-module-date\" datetime=\"2025-05-13T16:58:06+02:00\" >2025. m\u00e1jus 13.<\/time><\/span>                    <\/div>\r\n                <\/div>\r\n            <\/div>\r\n        <\/div>\r\n\r\n        \r\n        <div class=\"td_module_mx21 td_module_wrap td-animation-stack td-big-grid-post-3 td-big-grid-post td-mx-17\">\r\n            <div class=\"td-module-image\">\r\n                <div class=\"td-module-thumb\"><a href=\"https:\/\/photonet.hu\/online\/hirek\/tipa-innovacios-dij-2011\/\"  rel=\"bookmark\" class=\"td-image-wrap \" title=\"TIPA Innov\u00e1ci\u00f3s D\u00edj 2011\" ><span class=\"entry-thumb td-thumb-css\" data-type=\"css_image\" data-img-url=\"https:\/\/photonet.hu\/online\/wp-content\/plugins\/td-standard-pack\/Newspaper\/assets\/images\/no-thumb\/td_534x462.png\"  ><\/span><\/a><\/div>            <\/div>\r\n\r\n            <div class=\"td-meta-info-container\">\r\n                <div class=\"td-meta-align\">\r\n                    <div class=\"td-big-grid-meta\">\r\n                                                <h3 class=\"entry-title td-module-title\"><a href=\"https:\/\/photonet.hu\/online\/hirek\/tipa-innovacios-dij-2011\/\"  rel=\"bookmark\" title=\"TIPA Innov\u00e1ci\u00f3s D\u00edj 2011\">TIPA Innov\u00e1ci\u00f3s D\u00edj 2011<\/a><\/h3>                    <\/div>\r\n\r\n                    <div class=\"td-module-meta-info\">\r\n                        <span class=\"td-post-author-name\"><a href=\"https:\/\/photonet.hu\/online\/author\/photonet\/\">photonet<\/a> <span>-<\/span> <\/span>                        <span class=\"td-post-date\"><time class=\"entry-date updated td-module-date\" datetime=\"2011-04-22T01:00:00+02:00\" >2011. \u00e1prilis 21.<\/time><\/span>                    <\/div>\r\n                <\/div>\r\n            <\/div>\r\n        <\/div>\r\n\r\n        <\/div><div class=\"clearfix\"><\/div><\/div><\/div><\/div> <!-- .\/block --><\/div><\/div><\/div><\/div><div id=\"tdi_90\" class=\"tdc-row\"><div class=\"vc_row tdi_91 td-ss-row wpb_row td-pb-row\" >\n<style scoped>\n\/* custom css - generated by TagDiv Composer *\/\n\n\/* custom css - generated by TagDiv Composer *\/\n.tdi_91,\r\n                .tdi_91 .tdc-columns{\r\n                    min-height: 0;\r\n                }.tdi_91,\r\n\t\t\t\t.tdi_91 .tdc-columns{\r\n\t\t\t\t    display: block;\r\n\t\t\t\t}.tdi_91 .tdc-columns{\r\n\t\t\t\t    width: 100%;\r\n\t\t\t\t}.tdi_91:before,\r\n\t\t\t\t.tdi_91:after{\r\n\t\t\t\t    display: table;\r\n\t\t\t\t}\n<\/style><div class=\"vc_column tdi_93  wpb_column vc_column_container tdc-column td-pb-span8\">\n<style scoped>\n\/* custom css - generated by TagDiv Composer *\/\n\n\/* custom css - generated by TagDiv Composer *\/\n.tdi_93{\r\n                    vertical-align: baseline;\r\n                }.tdi_93 > .wpb_wrapper,\r\n\t\t\t\t.tdi_93 > .wpb_wrapper > .tdc-elements{\r\n\t\t\t\t    display: block;\r\n\t\t\t\t}.tdi_93 > .wpb_wrapper > .tdc-elements{\r\n\t\t\t\t    width: 100%;\r\n\t\t\t\t}.tdi_93 > .wpb_wrapper > .vc_row_inner{\r\n\t\t\t\t    width: auto;\r\n\t\t\t\t}.tdi_93 > .wpb_wrapper{\r\n\t\t\t\t    width: auto;\r\n\t\t\t\t    height: auto;\r\n\t\t\t\t}\n<\/style><div class=\"wpb_wrapper\" ><div class=\"td_block_wrap td_block_11 tdi_94 td-pb-border-top td_block_template_1 td-column-2\"  data-td-block-uid=\"tdi_94\" >\n<style>\n.td-theme-wrap .tdi_94 .td-pulldown-filter-link:hover,\r\n            .td-theme-wrap .tdi_94 .td-subcat-item a:hover,\r\n            .td-theme-wrap .tdi_94 .td-subcat-item .td-cur-simple-item {\r\n                color: #66bb6a;\r\n            }\r\n\r\n            .td-theme-wrap .tdi_94 .block-title > *,\r\n            .td-theme-wrap .tdi_94 .td-subcat-dropdown:hover .td-subcat-more {\r\n                background-color: #66bb6a;\r\n            }\r\n            .td-theme-wrap .td-footer-wrapper .tdi_94 .block-title > * {\r\n                padding: 6px 7px 5px;\r\n                line-height: 1;\r\n            }\r\n\r\n            .td-theme-wrap .tdi_94 .block-title {\r\n                border-color: #66bb6a;\r\n            }\r\n\r\n            \r\n            .td-theme-wrap .tdi_94 .td_module_wrap:hover .entry-title a,\r\n            .td-theme-wrap .tdi_94 .td_quote_on_blocks,\r\n            .td-theme-wrap .tdi_94 .td-opacity-cat .td-post-category:hover,\r\n            .td-theme-wrap .tdi_94 .td-opacity-read .td-read-more a:hover,\r\n            .td-theme-wrap .tdi_94 .td-opacity-author .td-post-author-name a:hover,\r\n            .td-theme-wrap .tdi_94 .td-instagram-user a {\r\n                color: #66bb6a;\r\n            }\r\n\r\n            .td-theme-wrap .tdi_94 .td-next-prev-wrap a:hover,\r\n            .td-theme-wrap .tdi_94 .td-load-more-wrap a:hover {\r\n                background-color: #66bb6a;\r\n                border-color: #66bb6a;\r\n            }\r\n\r\n            .td-theme-wrap .tdi_94 .td-read-more a,\r\n            .td-theme-wrap .tdi_94 .td-weather-information:before,\r\n            .td-theme-wrap .tdi_94 .td-weather-week:before,\r\n            .td-theme-wrap .tdi_94 .td-exchange-header:before,\r\n            .td-theme-wrap .td-footer-wrapper .tdi_94 .td-post-category,\r\n            .td-theme-wrap .tdi_94 .td-post-category:hover {\r\n                background-color: #66bb6a;\r\n            }\n<\/style><script>var block_tdi_94 = new tdBlock();\nblock_tdi_94.id = \"tdi_94\";\nblock_tdi_94.atts = '{\"custom_title\":\"Tippek\",\"header_color\":\"#66bb6a\",\"category_id\":\"98\",\"sort\":\"random_posts\",\"custom_url\":\"https:\\\/\\\/photonet.hu\\\/online\\\/magazin\\\/tippek\\\/\",\"block_type\":\"td_block_11\",\"separator\":\"\",\"block_template_id\":\"\",\"m10_tl\":\"\",\"m10_el\":\"\",\"post_ids\":\"\",\"taxonomies\":\"\",\"category_ids\":\"\",\"in_all_terms\":\"\",\"tag_slug\":\"\",\"autors_id\":\"\",\"installed_post_types\":\"\",\"include_cf_posts\":\"\",\"exclude_cf_posts\":\"\",\"popular_by_date\":\"\",\"linked_posts\":\"\",\"favourite_only\":\"\",\"limit\":\"5\",\"offset\":\"\",\"open_in_new_window\":\"\",\"show_modified_date\":\"\",\"time_ago\":\"\",\"time_ago_add_txt\":\"ago\",\"time_ago_txt_pos\":\"\",\"review_source\":\"\",\"el_class\":\"\",\"td_ajax_filter_type\":\"\",\"td_ajax_filter_ids\":\"\",\"td_filter_default_txt\":\"All\",\"td_ajax_preloading\":\"\",\"f_header_font_header\":\"\",\"f_header_font_title\":\"Block header\",\"f_header_font_settings\":\"\",\"f_header_font_family\":\"\",\"f_header_font_size\":\"\",\"f_header_font_line_height\":\"\",\"f_header_font_style\":\"\",\"f_header_font_weight\":\"\",\"f_header_font_transform\":\"\",\"f_header_font_spacing\":\"\",\"f_header_\":\"\",\"f_ajax_font_title\":\"Ajax categories\",\"f_ajax_font_settings\":\"\",\"f_ajax_font_family\":\"\",\"f_ajax_font_size\":\"\",\"f_ajax_font_line_height\":\"\",\"f_ajax_font_style\":\"\",\"f_ajax_font_weight\":\"\",\"f_ajax_font_transform\":\"\",\"f_ajax_font_spacing\":\"\",\"f_ajax_\":\"\",\"f_more_font_title\":\"Load more button\",\"f_more_font_settings\":\"\",\"f_more_font_family\":\"\",\"f_more_font_size\":\"\",\"f_more_font_line_height\":\"\",\"f_more_font_style\":\"\",\"f_more_font_weight\":\"\",\"f_more_font_transform\":\"\",\"f_more_font_spacing\":\"\",\"f_more_\":\"\",\"m10f_title_font_header\":\"\",\"m10f_title_font_title\":\"Article title\",\"m10f_title_font_settings\":\"\",\"m10f_title_font_family\":\"\",\"m10f_title_font_size\":\"\",\"m10f_title_font_line_height\":\"\",\"m10f_title_font_style\":\"\",\"m10f_title_font_weight\":\"\",\"m10f_title_font_transform\":\"\",\"m10f_title_font_spacing\":\"\",\"m10f_title_\":\"\",\"m10f_cat_font_title\":\"Article category tag\",\"m10f_cat_font_settings\":\"\",\"m10f_cat_font_family\":\"\",\"m10f_cat_font_size\":\"\",\"m10f_cat_font_line_height\":\"\",\"m10f_cat_font_style\":\"\",\"m10f_cat_font_weight\":\"\",\"m10f_cat_font_transform\":\"\",\"m10f_cat_font_spacing\":\"\",\"m10f_cat_\":\"\",\"m10f_meta_font_title\":\"Article meta info\",\"m10f_meta_font_settings\":\"\",\"m10f_meta_font_family\":\"\",\"m10f_meta_font_size\":\"\",\"m10f_meta_font_line_height\":\"\",\"m10f_meta_font_style\":\"\",\"m10f_meta_font_weight\":\"\",\"m10f_meta_font_transform\":\"\",\"m10f_meta_font_spacing\":\"\",\"m10f_meta_\":\"\",\"m10f_ex_font_title\":\"Article excerpt\",\"m10f_ex_font_settings\":\"\",\"m10f_ex_font_family\":\"\",\"m10f_ex_font_size\":\"\",\"m10f_ex_font_line_height\":\"\",\"m10f_ex_font_style\":\"\",\"m10f_ex_font_weight\":\"\",\"m10f_ex_font_transform\":\"\",\"m10f_ex_font_spacing\":\"\",\"m10f_ex_\":\"\",\"ajax_pagination\":\"\",\"ajax_pagination_next_prev_swipe\":\"\",\"ajax_pagination_infinite_stop\":\"\",\"css\":\"\",\"tdc_css\":\"\",\"td_column_number\":2,\"color_preset\":\"\",\"border_top\":\"\",\"class\":\"tdi_94\",\"tdc_css_class\":\"tdi_94\",\"tdc_css_class_style\":\"tdi_94_rand_style\"}';\nblock_tdi_94.td_column_number = \"2\";\nblock_tdi_94.block_type = \"td_block_11\";\nblock_tdi_94.post_count = \"5\";\nblock_tdi_94.found_posts = \"23\";\nblock_tdi_94.header_color = \"#66bb6a\";\nblock_tdi_94.ajax_pagination_infinite_stop = \"\";\nblock_tdi_94.max_num_pages = \"5\";\ntdBlocksArray.push(block_tdi_94);\n<\/script><div class=\"td-block-title-wrap\"><h4 class=\"block-title td-block-title\"><a href=\"https:\/\/photonet.hu\/online\/magazin\/tippek\/\" class=\"td-pulldown-size\">Tippek<\/a><\/h4><\/div><div id=tdi_94 class=\"td_block_inner\">\n\n\t<div class=\"td-block-span12\">\n\r\n        <div class=\"td_module_10 td_module_wrap td-animation-stack\">\r\n            <div class=\"td-module-thumb\"><a href=\"https:\/\/photonet.hu\/online\/magazin\/tippek\/felejthetetlen-csoportkepek\/\"  rel=\"bookmark\" class=\"td-image-wrap \" title=\"Felejthetetlen csoportk\u00e9pek\" ><img decoding=\"async\" class=\"entry-thumb\" src=\"data:image\/png;base64,iVBORw0KGgoAAAANSUhEUgAAANoAAACWAQMAAACCSQSPAAAAA1BMVEWurq51dlI4AAAAAXRSTlMmkutdmwAAABpJREFUWMPtwQENAAAAwiD7p7bHBwwAAAAg7RD+AAGXD7BoAAAAAElFTkSuQmCC\" alt=\"Felejthetetlen csoportk\u00e9pek - fot\u00f3s tippek\" title=\"Felejthetetlen csoportk\u00e9pek\" data-type=\"image_tag\" data-img-url=\"https:\/\/photonet.hu\/online\/wp-content\/uploads\/2014\/08\/felejthetetlen_csoportkep_foto_tipp-218x150.jpg\"  width=\"218\" height=\"150\" \/><\/a><\/div>\r\n            <div class=\"item-details\">\r\n            <h3 class=\"entry-title td-module-title\"><a href=\"https:\/\/photonet.hu\/online\/magazin\/tippek\/felejthetetlen-csoportkepek\/\"  rel=\"bookmark\" title=\"Felejthetetlen csoportk\u00e9pek\">Felejthetetlen csoportk\u00e9pek<\/a><\/h3>\r\n                <div class=\"td-module-meta-info\">\r\n                                            <span class=\"td-post-author-name\"><a href=\"https:\/\/photonet.hu\/online\/author\/photonet\/\">photonet<\/a> <span>-<\/span> <\/span>                        <span class=\"td-post-date\"><time class=\"entry-date updated td-module-date\" datetime=\"2014-08-12T17:24:39+02:00\" >2014. augusztus 12.<\/time><\/span>                        <span class=\"td-module-comments\"><a href=\"https:\/\/photonet.hu\/online\/magazin\/tippek\/felejthetetlen-csoportkepek\/#respond\">0<\/a><\/span>                <\/div>\r\n\r\n                <div class=\"td-excerpt\">\r\n                    A csoportk\u00e9pek az emberi \u00e9let\u00fat legeml\u00e9kezetesebb m\u00e9rf\u00f6ldk\u00f6veit \u00f6r\u00f6k\u00edtik meg: fontos csal\u00e1di esem\u00e9nyeket, sportversenyeket, diplomaoszt\u00f3kat. Mi az oka annak, hogy gyakran m\u00e9gis ezek a f\u00e9nyk\u00e9palbumok...                <\/div>\r\n            <\/div>\r\n\r\n        <\/div>\r\n\r\n        \n\t<\/div> <!-- .\/td-block-span12 -->\n\n\t<div class=\"td-block-span12\">\n\r\n        <div class=\"td_module_10 td_module_wrap td-animation-stack\">\r\n            <div class=\"td-module-thumb\"><a href=\"https:\/\/photonet.hu\/online\/magazin\/tippek\/oszd-meg-a-fotokat-egyszeruen-azokkal-akik-igazan-fontosak\/\"  rel=\"bookmark\" class=\"td-image-wrap \" title=\"Oszd meg a fot\u00f3kat egyszer\u0171en, azokkal, akik igaz\u00e1n fontosak\" ><img decoding=\"async\" class=\"entry-thumb\" src=\"data:image\/png;base64,iVBORw0KGgoAAAANSUhEUgAAANoAAACWAQMAAACCSQSPAAAAA1BMVEWurq51dlI4AAAAAXRSTlMmkutdmwAAABpJREFUWMPtwQENAAAAwiD7p7bHBwwAAAAg7RD+AAGXD7BoAAAAAElFTkSuQmCC\" alt=\"Oszd meg a fot\u00f3kat egyszer\u0171en\" title=\"Oszd meg a fot\u00f3kat egyszer\u0171en, azokkal, akik igaz\u00e1n fontosak\" data-type=\"image_tag\" data-img-url=\"https:\/\/photonet.hu\/online\/wp-content\/uploads\/2014\/07\/foto_megosztas_kamerabol-218x150.jpg\"  width=\"218\" height=\"150\" \/><\/a><\/div>\r\n            <div class=\"item-details\">\r\n            <h3 class=\"entry-title td-module-title\"><a href=\"https:\/\/photonet.hu\/online\/magazin\/tippek\/oszd-meg-a-fotokat-egyszeruen-azokkal-akik-igazan-fontosak\/\"  rel=\"bookmark\" title=\"Oszd meg a fot\u00f3kat egyszer\u0171en, azokkal, akik igaz\u00e1n fontosak\">Oszd meg a fot\u00f3kat egyszer\u0171en, azokkal, akik igaz\u00e1n fontosak<\/a><\/h3>\r\n                <div class=\"td-module-meta-info\">\r\n                                            <span class=\"td-post-author-name\"><a href=\"https:\/\/photonet.hu\/online\/author\/photonet\/\">photonet<\/a> <span>-<\/span> <\/span>                        <span class=\"td-post-date\"><time class=\"entry-date updated td-module-date\" datetime=\"2014-07-16T15:03:05+02:00\" >2014. j\u00falius 16.<\/time><\/span>                        <span class=\"td-module-comments\"><a href=\"https:\/\/photonet.hu\/online\/magazin\/tippek\/oszd-meg-a-fotokat-egyszeruen-azokkal-akik-igazan-fontosak\/#respond\">0<\/a><\/span>                <\/div>\r\n\r\n                <div class=\"td-excerpt\">\r\n                    A digit\u00e1lis f\u00e9nyk\u00e9pez\u0151g\u00e9pek \u00e9s okostelefonok, valamint a f\u00e9nyk\u00e9pmegoszt\u00f3 \u00e9s k\u00f6z\u00f6ss\u00e9gi oldalak elterjed\u00e9s\u00e9vel minden eddigin\u00e9l k\u00f6nnyebben lehet k\u00e9peket k\u00e9sz\u00edteni \u00e9s megosztani azokat a t\u00e1voli csal\u00e1ddal...                <\/div>\r\n            <\/div>\r\n\r\n        <\/div>\r\n\r\n        \n\t<\/div> <!-- .\/td-block-span12 -->\n\n\t<div class=\"td-block-span12\">\n\r\n        <div class=\"td_module_10 td_module_wrap td-animation-stack\">\r\n            <div class=\"td-module-thumb\"><a href=\"https:\/\/photonet.hu\/online\/magazin\/tippek\/obi-van\/\"  rel=\"bookmark\" class=\"td-image-wrap \" title=\"Obi van\" ><img decoding=\"async\" class=\"entry-thumb\" src=\"data:image\/png;base64,iVBORw0KGgoAAAANSUhEUgAAANoAAACWAQMAAACCSQSPAAAAA1BMVEWurq51dlI4AAAAAXRSTlMmkutdmwAAABpJREFUWMPtwQENAAAAwiD7p7bHBwwAAAAg7RD+AAGXD7BoAAAAAElFTkSuQmCC\" alt=\"Hogyan v\u00e1lasszuk ki a t\u00e9m\u00e1hoz legmegfelel\u0151bb optik\u00e1t?\" title=\"Obi van\" data-type=\"image_tag\" data-img-url=\"https:\/\/photonet.hu\/online\/wp-content\/uploads\/2014\/09\/obi_van_1sorozat_002-218x150.jpg\"  width=\"218\" height=\"150\" \/><\/a><\/div>\r\n            <div class=\"item-details\">\r\n            <h3 class=\"entry-title td-module-title\"><a href=\"https:\/\/photonet.hu\/online\/magazin\/tippek\/obi-van\/\"  rel=\"bookmark\" title=\"Obi van\">Obi van<\/a><\/h3>\r\n                <div class=\"td-module-meta-info\">\r\n                                            <span class=\"td-post-author-name\"><a href=\"https:\/\/photonet.hu\/online\/author\/steinerg\/\">Steiner G\u00e1bor<\/a> <span>-<\/span> <\/span>                        <span class=\"td-post-date\"><time class=\"entry-date updated td-module-date\" datetime=\"2014-09-08T14:15:41+02:00\" >2014. szeptember 8.<\/time><\/span>                        <span class=\"td-module-comments\"><a href=\"https:\/\/photonet.hu\/online\/magazin\/tippek\/obi-van\/#respond\">0<\/a><\/span>                <\/div>\r\n\r\n                <div class=\"td-excerpt\">\r\n                    Hogyan v\u00e1lasszuk ki a t\u00e9m\u00e1hoz legmegfelel\u0151bb optik\u00e1t?\r\nAzt, hogy milyen objekt\u00edvet v\u00e1lasztunk a felv\u00e9tel elk\u00e9sz\u00edt\u00e9s\u00e9hez, f\u0151k\u00e9pp az hat\u00e1rozza meg, hogyan is szeretn\u00e9nk megkompon\u00e1lni k\u00e9p\u00fcnket, mit...                <\/div>\r\n            <\/div>\r\n\r\n        <\/div>\r\n\r\n        \n\t<\/div> <!-- .\/td-block-span12 -->\n\n\t<div class=\"td-block-span12\">\n\r\n        <div class=\"td_module_10 td_module_wrap td-animation-stack\">\r\n            <div class=\"td-module-thumb\"><a href=\"https:\/\/photonet.hu\/online\/magazin\/tippek\/fotos-tippek-sportfotozas\/\"  rel=\"bookmark\" class=\"td-image-wrap \" title=\"Fot\u00f3s tippek &#8211; Sportfot\u00f3z\u00e1s\" ><img decoding=\"async\" class=\"entry-thumb\" src=\"data:image\/png;base64,iVBORw0KGgoAAAANSUhEUgAAANoAAACWAQMAAACCSQSPAAAAA1BMVEWurq51dlI4AAAAAXRSTlMmkutdmwAAABpJREFUWMPtwQENAAAAwiD7p7bHBwwAAAAg7RD+AAGXD7BoAAAAAElFTkSuQmCC\"alt=\"\" data-type=\"image_tag\" data-img-url=\"https:\/\/photonet.hu\/online\/wp-content\/plugins\/td-composer\/legacy\/Newspaper\/assets\/images\/no-thumb\/td_218x150.png\"  width=\"218\" height=\"150\" \/><\/a><\/div>\r\n            <div class=\"item-details\">\r\n            <h3 class=\"entry-title td-module-title\"><a href=\"https:\/\/photonet.hu\/online\/magazin\/tippek\/fotos-tippek-sportfotozas\/\"  rel=\"bookmark\" title=\"Fot\u00f3s tippek &#8211; Sportfot\u00f3z\u00e1s\">Fot\u00f3s tippek &#8211; Sportfot\u00f3z\u00e1s<\/a><\/h3>\r\n                <div class=\"td-module-meta-info\">\r\n                                            <span class=\"td-post-author-name\"><a href=\"https:\/\/photonet.hu\/online\/author\/photonet\/\">photonet<\/a> <span>-<\/span> <\/span>                        <span class=\"td-post-date\"><time class=\"entry-date updated td-module-date\" datetime=\"2010-09-29T20:31:06+02:00\" >2010. szeptember 29.<\/time><\/span>                        <span class=\"td-module-comments\"><a href=\"https:\/\/photonet.hu\/online\/magazin\/tippek\/fotos-tippek-sportfotozas\/#respond\">0<\/a><\/span>                <\/div>\r\n\r\n                <div class=\"td-excerpt\">\r\n                    <p style=\"text-align: justify;\">A sportesem\u00e9nyek tele vannak eml\u00e9kezetes pillanatokkal, legyen az a gyermek\u00fcnk iskolai sport rendezv\u00e9nye, vagy profi sportesem\u00e9ny. Ugyanakkor a gyors mozg\u00e1sok meg\u00f6r\u00f6k\u00edt\u00e9se kih\u00edv\u00e1st is jelent a fot\u00f3z\u00e1s szempontj\u00e1b\u00f3l. Mire figyelj\u00fcnk oda, amikor a f\u00e9nyk\u00e9pez\u00e9s t\u00e1rgya egy mozg\u00f3 szem\u00e9ly, vagy t\u00e1rgy.<\/p> <p style=\"text-align: center;\">&nbsp;<img decoding=\"async\" title=\"Fot\u00f3s tippek - Sportfot\u00f3z\u00e1s\" alt=\"Forma 1 aut\u00f3verseny\" src=\"images\/stories\/Cikkek\/2010\/09\/sportfoto_tipp_forma1.jpg\" \/><\/p>                 <\/div>\r\n            <\/div>\r\n\r\n        <\/div>\r\n\r\n        \n\t<\/div> <!-- .\/td-block-span12 -->\n\n\t<div class=\"td-block-span12\">\n\r\n        <div class=\"td_module_10 td_module_wrap td-animation-stack\">\r\n            <div class=\"td-module-thumb\"><a href=\"https:\/\/photonet.hu\/online\/magazin\/tippek\/digitalis-kamerak-melyiket-valasszam\/\"  rel=\"bookmark\" class=\"td-image-wrap \" title=\"Digit\u00e1lis kamer\u00e1k &#8211; melyiket v\u00e1lasszam?\" ><img decoding=\"async\" class=\"entry-thumb\" src=\"data:image\/png;base64,iVBORw0KGgoAAAANSUhEUgAAANoAAACWAQMAAACCSQSPAAAAA1BMVEWurq51dlI4AAAAAXRSTlMmkutdmwAAABpJREFUWMPtwQENAAAAwiD7p7bHBwwAAAAg7RD+AAGXD7BoAAAAAElFTkSuQmCC\" alt=\"Digit\u00e1lis kamer\u00e1k - melyiket v\u00e1lasszam?\" title=\"Digit\u00e1lis kamer\u00e1k &#8211; melyiket v\u00e1lasszam?\" data-type=\"image_tag\" data-img-url=\"https:\/\/photonet.hu\/online\/wp-content\/uploads\/2010\/04\/digitalis_fenykepezogep_vasarlas-218x150.jpg\"  width=\"218\" height=\"150\" \/><\/a><\/div>\r\n            <div class=\"item-details\">\r\n            <h3 class=\"entry-title td-module-title\"><a href=\"https:\/\/photonet.hu\/online\/magazin\/tippek\/digitalis-kamerak-melyiket-valasszam\/\"  rel=\"bookmark\" title=\"Digit\u00e1lis kamer\u00e1k &#8211; melyiket v\u00e1lasszam?\">Digit\u00e1lis kamer\u00e1k &#8211; melyiket v\u00e1lasszam?<\/a><\/h3>\r\n                <div class=\"td-module-meta-info\">\r\n                                            <span class=\"td-post-author-name\"><a href=\"https:\/\/photonet.hu\/online\/author\/photonet\/\">photonet<\/a> <span>-<\/span> <\/span>                        <span class=\"td-post-date\"><time class=\"entry-date updated td-module-date\" datetime=\"2010-04-14T16:25:00+02:00\" >2010. \u00e1prilis 14.<\/time><\/span>                        <span class=\"td-module-comments\"><a href=\"https:\/\/photonet.hu\/online\/magazin\/tippek\/digitalis-kamerak-melyiket-valasszam\/#respond\">0<\/a><\/span>                <\/div>\r\n\r\n                <div class=\"td-excerpt\">\r\n                    <p style=\"text-align: justify;\">Azoknak pr\u00f3b\u00e1lunk meg egy kis seg\u00edts\u00e9get ny\u00fajtani, akik r\u00e9g\u00f3ta kacsingatnak a digit\u00e1lis fot\u00f3z\u00e1s fel\u00e9, de m\u00e9g nem siker\u00fclt a kezdeti l\u00e9p\u00e9st megtenni\u00fck, az adat\u00e1radat \u00e9s az eddig - a fot\u00f3z\u00e1s szempontj\u00e1b\u00f3l - ismeretlen technikai \u00fajdons\u00e1gok miatt, melyeket a prospektusok, rekl\u00e1mok z\u00fad\u00edtanak r\u00e1nk. Nem kell k\u00e9ts\u00e9gbe esni, mert m\u00e9g mindig fot\u00f3z\u00e1sr\u00f3l van sz\u00f3. Vannak ugyan l\u00e9nyegi elt\u00e9r\u00e9sek, de a digit\u00e1lis f\u00e9nyk\u00e9pez\u00f6g\u00e9peken is az objekt\u00edven kereszt\u00fcl jut a f\u00e9ny a kamer\u00e1ba, van egy \"eleme\" ami ezt a f\u00e9nyt r\u00f6gz\u00edti \u00e9s mindezt a kiold\u00f3 lenyom\u00e1s\u00e1val hozzuk m\u0171k\u00f6d\u00e9sbe.<\/p> <p style=\"text-align: center;\"><img decoding=\"async\" src=\"images\/stories\/Cikkek\/2010\/04\/digitalis_fenykepezogep_vasarlas.jpg\" alt=\"Digit\u00e1lis f\u00e9nyk\u00e9pez\u0151g\u00e9p v\u00e1s\u00e1rl\u00e1si tan\u00e1csad\u00f3\" title=\"Digit\u00e1lis kamer\u00e1k - melyiket v\u00e1lasszam?\" \/><\/p>                 <\/div>\r\n            <\/div>\r\n\r\n        <\/div>\r\n\r\n        \n\t<\/div> <!-- .\/td-block-span12 --><\/div><\/div> <!-- .\/block --><\/div><\/div><div class=\"vc_column tdi_96  wpb_column vc_column_container tdc-column td-pb-span4\">\n<style scoped>\n\/* custom css - generated by TagDiv Composer *\/\n\n\/* custom css - generated by TagDiv Composer *\/\n.tdi_96{\r\n                    vertical-align: baseline;\r\n                }.tdi_96 > .wpb_wrapper,\r\n\t\t\t\t.tdi_96 > .wpb_wrapper > .tdc-elements{\r\n\t\t\t\t    display: block;\r\n\t\t\t\t}.tdi_96 > .wpb_wrapper > .tdc-elements{\r\n\t\t\t\t    width: 100%;\r\n\t\t\t\t}.tdi_96 > .wpb_wrapper > .vc_row_inner{\r\n\t\t\t\t    width: auto;\r\n\t\t\t\t}.tdi_96 > .wpb_wrapper{\r\n\t\t\t\t    width: auto;\r\n\t\t\t\t    height: auto;\r\n\t\t\t\t}\n<\/style><div class=\"wpb_wrapper\" ><div class=\"td_block_wrap td_block_1 tdi_97 td_with_ajax_pagination td-pb-border-top td_block_template_1 td-column-1\"  data-td-block-uid=\"tdi_97\" >\n<style>\n.td-theme-wrap .tdi_97 .td-pulldown-filter-link:hover,\r\n            .td-theme-wrap .tdi_97 .td-subcat-item a:hover,\r\n            .td-theme-wrap .tdi_97 .td-subcat-item .td-cur-simple-item {\r\n                color: #e91e63;\r\n            }\r\n\r\n            .td-theme-wrap .tdi_97 .block-title > *,\r\n            .td-theme-wrap .tdi_97 .td-subcat-dropdown:hover .td-subcat-more {\r\n                background-color: #e91e63;\r\n            }\r\n            .td-theme-wrap .td-footer-wrapper .tdi_97 .block-title > * {\r\n                padding: 6px 7px 5px;\r\n                line-height: 1;\r\n            }\r\n\r\n            .td-theme-wrap .tdi_97 .block-title {\r\n                border-color: #e91e63;\r\n            }\r\n\r\n            \r\n            .td-theme-wrap .tdi_97 .td_module_wrap:hover .entry-title a,\r\n            .td-theme-wrap .tdi_97 .td_quote_on_blocks,\r\n            .td-theme-wrap .tdi_97 .td-opacity-cat .td-post-category:hover,\r\n            .td-theme-wrap .tdi_97 .td-opacity-read .td-read-more a:hover,\r\n            .td-theme-wrap .tdi_97 .td-opacity-author .td-post-author-name a:hover,\r\n            .td-theme-wrap .tdi_97 .td-instagram-user a {\r\n                color: #e91e63;\r\n            }\r\n\r\n            .td-theme-wrap .tdi_97 .td-next-prev-wrap a:hover,\r\n            .td-theme-wrap .tdi_97 .td-load-more-wrap a:hover {\r\n                background-color: #e91e63;\r\n                border-color: #e91e63;\r\n            }\r\n\r\n            .td-theme-wrap .tdi_97 .td-read-more a,\r\n            .td-theme-wrap .tdi_97 .td-weather-information:before,\r\n            .td-theme-wrap .tdi_97 .td-weather-week:before,\r\n            .td-theme-wrap .tdi_97 .td-exchange-header:before,\r\n            .td-theme-wrap .td-footer-wrapper .tdi_97 .td-post-category,\r\n            .td-theme-wrap .tdi_97 .td-post-category:hover {\r\n                background-color: #e91e63;\r\n            }\n<\/style><script>var block_tdi_97 = new tdBlock();\nblock_tdi_97.id = \"tdi_97\";\nblock_tdi_97.atts = '{\"custom_title\":\"P\\u00e1ly\\u00e1zatok\",\"header_color\":\"#e91e63\",\"category_id\":\"102\",\"limit\":\"3\",\"ajax_pagination\":\"next_prev\",\"sort\":\"\",\"custom_url\":\"https:\\\/\\\/photonet.hu\\\/online\\\/magazin\\\/fotopalyazatok\\\/\",\"block_type\":\"td_block_1\",\"separator\":\"\",\"block_template_id\":\"\",\"m4_tl\":\"\",\"m4_el\":\"\",\"m6_tl\":\"\",\"post_ids\":\"\",\"taxonomies\":\"\",\"category_ids\":\"\",\"in_all_terms\":\"\",\"tag_slug\":\"\",\"autors_id\":\"\",\"installed_post_types\":\"\",\"include_cf_posts\":\"\",\"exclude_cf_posts\":\"\",\"popular_by_date\":\"\",\"linked_posts\":\"\",\"favourite_only\":\"\",\"offset\":\"\",\"open_in_new_window\":\"\",\"show_modified_date\":\"\",\"time_ago\":\"\",\"time_ago_add_txt\":\"ago\",\"time_ago_txt_pos\":\"\",\"review_source\":\"\",\"el_class\":\"\",\"td_ajax_filter_type\":\"\",\"td_ajax_filter_ids\":\"\",\"td_filter_default_txt\":\"All\",\"td_ajax_preloading\":\"\",\"f_header_font_header\":\"\",\"f_header_font_title\":\"Block header\",\"f_header_font_settings\":\"\",\"f_header_font_family\":\"\",\"f_header_font_size\":\"\",\"f_header_font_line_height\":\"\",\"f_header_font_style\":\"\",\"f_header_font_weight\":\"\",\"f_header_font_transform\":\"\",\"f_header_font_spacing\":\"\",\"f_header_\":\"\",\"f_ajax_font_title\":\"Ajax categories\",\"f_ajax_font_settings\":\"\",\"f_ajax_font_family\":\"\",\"f_ajax_font_size\":\"\",\"f_ajax_font_line_height\":\"\",\"f_ajax_font_style\":\"\",\"f_ajax_font_weight\":\"\",\"f_ajax_font_transform\":\"\",\"f_ajax_font_spacing\":\"\",\"f_ajax_\":\"\",\"f_more_font_title\":\"Load more button\",\"f_more_font_settings\":\"\",\"f_more_font_family\":\"\",\"f_more_font_size\":\"\",\"f_more_font_line_height\":\"\",\"f_more_font_style\":\"\",\"f_more_font_weight\":\"\",\"f_more_font_transform\":\"\",\"f_more_font_spacing\":\"\",\"f_more_\":\"\",\"m4f_title_font_header\":\"\",\"m4f_title_font_title\":\"Article title\",\"m4f_title_font_settings\":\"\",\"m4f_title_font_family\":\"\",\"m4f_title_font_size\":\"\",\"m4f_title_font_line_height\":\"\",\"m4f_title_font_style\":\"\",\"m4f_title_font_weight\":\"\",\"m4f_title_font_transform\":\"\",\"m4f_title_font_spacing\":\"\",\"m4f_title_\":\"\",\"m4f_cat_font_title\":\"Article category tag\",\"m4f_cat_font_settings\":\"\",\"m4f_cat_font_family\":\"\",\"m4f_cat_font_size\":\"\",\"m4f_cat_font_line_height\":\"\",\"m4f_cat_font_style\":\"\",\"m4f_cat_font_weight\":\"\",\"m4f_cat_font_transform\":\"\",\"m4f_cat_font_spacing\":\"\",\"m4f_cat_\":\"\",\"m4f_meta_font_title\":\"Article meta info\",\"m4f_meta_font_settings\":\"\",\"m4f_meta_font_family\":\"\",\"m4f_meta_font_size\":\"\",\"m4f_meta_font_line_height\":\"\",\"m4f_meta_font_style\":\"\",\"m4f_meta_font_weight\":\"\",\"m4f_meta_font_transform\":\"\",\"m4f_meta_font_spacing\":\"\",\"m4f_meta_\":\"\",\"m4f_ex_font_title\":\"Article excerpt\",\"m4f_ex_font_settings\":\"\",\"m4f_ex_font_family\":\"\",\"m4f_ex_font_size\":\"\",\"m4f_ex_font_line_height\":\"\",\"m4f_ex_font_style\":\"\",\"m4f_ex_font_weight\":\"\",\"m4f_ex_font_transform\":\"\",\"m4f_ex_font_spacing\":\"\",\"m4f_ex_\":\"\",\"m6f_title_font_header\":\"\",\"m6f_title_font_title\":\"Article title\",\"m6f_title_font_settings\":\"\",\"m6f_title_font_family\":\"\",\"m6f_title_font_size\":\"\",\"m6f_title_font_line_height\":\"\",\"m6f_title_font_style\":\"\",\"m6f_title_font_weight\":\"\",\"m6f_title_font_transform\":\"\",\"m6f_title_font_spacing\":\"\",\"m6f_title_\":\"\",\"m6f_cat_font_title\":\"Article category tag\",\"m6f_cat_font_settings\":\"\",\"m6f_cat_font_family\":\"\",\"m6f_cat_font_size\":\"\",\"m6f_cat_font_line_height\":\"\",\"m6f_cat_font_style\":\"\",\"m6f_cat_font_weight\":\"\",\"m6f_cat_font_transform\":\"\",\"m6f_cat_font_spacing\":\"\",\"m6f_cat_\":\"\",\"m6f_meta_font_title\":\"Article meta info\",\"m6f_meta_font_settings\":\"\",\"m6f_meta_font_family\":\"\",\"m6f_meta_font_size\":\"\",\"m6f_meta_font_line_height\":\"\",\"m6f_meta_font_style\":\"\",\"m6f_meta_font_weight\":\"\",\"m6f_meta_font_transform\":\"\",\"m6f_meta_font_spacing\":\"\",\"m6f_meta_\":\"\",\"ajax_pagination_next_prev_swipe\":\"\",\"ajax_pagination_infinite_stop\":\"\",\"css\":\"\",\"tdc_css\":\"\",\"td_column_number\":1,\"color_preset\":\"\",\"border_top\":\"\",\"class\":\"tdi_97\",\"tdc_css_class\":\"tdi_97\",\"tdc_css_class_style\":\"tdi_97_rand_style\"}';\nblock_tdi_97.td_column_number = \"1\";\nblock_tdi_97.block_type = \"td_block_1\";\nblock_tdi_97.post_count = \"3\";\nblock_tdi_97.found_posts = \"50\";\nblock_tdi_97.header_color = \"#e91e63\";\nblock_tdi_97.ajax_pagination_infinite_stop = \"\";\nblock_tdi_97.max_num_pages = \"17\";\ntdBlocksArray.push(block_tdi_97);\n<\/script><div class=\"td-block-title-wrap\"><h4 class=\"block-title td-block-title\"><a href=\"https:\/\/photonet.hu\/online\/magazin\/fotopalyazatok\/\" class=\"td-pulldown-size\">P\u00e1ly\u00e1zatok<\/a><\/h4><\/div><div id=tdi_97 class=\"td_block_inner\">\n\n\t<div class=\"td-block-span12\">\n\r\n        <div class=\"td_module_4 td_module_wrap td-animation-stack\">\r\n            <div class=\"td-module-image\">\r\n                <div class=\"td-module-thumb\"><a href=\"https:\/\/photonet.hu\/online\/magazin\/fotopalyazatok\/capa-nagydij-2026-palyazat\/\"  rel=\"bookmark\" class=\"td-image-wrap \" title=\"Capa-nagyd\u00edj 2026 p\u00e1ly\u00e1zat\" ><img decoding=\"async\" class=\"entry-thumb\" src=\"data:image\/png;base64,iVBORw0KGgoAAAANSUhEUgAAAUQAAADrAQMAAAArGX0KAAAAA1BMVEWurq51dlI4AAAAAXRSTlMmkutdmwAAACBJREFUaN7twTEBAAAAwiD7pzbEXmAAAAAAAAAAAACQHSaOAAGSp1GBAAAAAElFTkSuQmCC\" alt=\"Capa-nagyd\u00edj 2026 fot\u00f3p\u00e1ly\u00e1zat\" title=\"Capa-nagyd\u00edj 2026 p\u00e1ly\u00e1zat\" data-type=\"image_tag\" data-img-url=\"https:\/\/photonet.hu\/online\/wp-content\/uploads\/2026\/04\/capa_nagydij_foto_palyazat-324x235.webp\"  width=\"324\" height=\"235\" \/><\/a><\/div>                            <\/div>\r\n\r\n            <h3 class=\"entry-title td-module-title\"><a href=\"https:\/\/photonet.hu\/online\/magazin\/fotopalyazatok\/capa-nagydij-2026-palyazat\/\"  rel=\"bookmark\" title=\"Capa-nagyd\u00edj 2026 p\u00e1ly\u00e1zat\">Capa-nagyd\u00edj 2026 p\u00e1ly\u00e1zat<\/a><\/h3>\r\n            <div class=\"td-module-meta-info\">\r\n                <span class=\"td-post-author-name\"><a href=\"https:\/\/photonet.hu\/online\/author\/photonet\/\">photonet<\/a> <span>-<\/span> <\/span>                <span class=\"td-post-date\"><time class=\"entry-date updated td-module-date\" datetime=\"2026-04-21T16:04:58+02:00\" >2026. \u00e1prilis 21.<\/time><\/span>                <span class=\"td-module-comments\"><a href=\"https:\/\/photonet.hu\/online\/magazin\/fotopalyazatok\/capa-nagydij-2026-palyazat\/#respond\">0<\/a><\/span>            <\/div>\r\n\r\n            <div class=\"td-excerpt\">\r\n                \n\u00daj lehet\u0151s\u00e9g a k\u00f6z\u00e9pgener\u00e1ci\u00f3s fotogr\u00e1fusok sz\u00e1m\u00e1ra\n\n\n\nA Robert Capa Kort\u00e1rs Fotogr\u00e1fiai K\u00f6zpont meghirdette a 2026. \u00e9vi Capa-nagyd\u00edj p\u00e1ly\u00e1zat\u00e1t, amely a magyar fotogr\u00e1fiai szc\u00e9na egyik meghat\u00e1roz\u00f3...            <\/div>\r\n\r\n            \r\n        <\/div>\r\n\r\n        \n\t<\/div> <!-- .\/td-block-span12 -->\n\n\t<div class=\"td-block-span12\">\n\r\n        <div class=\"td_module_6 td_module_wrap td-animation-stack\">\r\n\r\n        <div class=\"td-module-thumb\"><a href=\"https:\/\/photonet.hu\/online\/magazin\/fotopalyazatok\/csodas-termeszet-a-termeszet-csodai-fotopalyazat-2026\/\"  rel=\"bookmark\" class=\"td-image-wrap \" title=\"Csod\u00e1s term\u00e9szet, a term\u00e9szet csod\u00e1i fot\u00f3p\u00e1ly\u00e1zat 2026\" ><img decoding=\"async\" class=\"entry-thumb\" src=\"data:image\/png;base64,iVBORw0KGgoAAAANSUhEUgAAAGQAAABGAQMAAAAASKMqAAAAA1BMVEWurq51dlI4AAAAAXRSTlMmkutdmwAAABBJREFUKM9jGAWjYBQMKwAAA9QAAQWBn6cAAAAASUVORK5CYII=\" alt=\"Csod\u00e1s term\u00e9szet, a term\u00e9szet csod\u00e1i fot\u00f3p\u00e1ly\u00e1zat 2026\" title=\"Csod\u00e1s term\u00e9szet, a term\u00e9szet csod\u00e1i fot\u00f3p\u00e1ly\u00e1zat 2026\" data-type=\"image_tag\" data-img-url=\"https:\/\/photonet.hu\/online\/wp-content\/uploads\/2026\/04\/akademia_csodas_termeszet_termeszet_csodai_fotopalyazat_2026-100x70.webp\"  width=\"100\" height=\"70\" \/><\/a><\/div>\r\n        <div class=\"item-details\">\r\n            <h3 class=\"entry-title td-module-title\"><a href=\"https:\/\/photonet.hu\/online\/magazin\/fotopalyazatok\/csodas-termeszet-a-termeszet-csodai-fotopalyazat-2026\/\"  rel=\"bookmark\" title=\"Csod\u00e1s term\u00e9szet, a term\u00e9szet csod\u00e1i fot\u00f3p\u00e1ly\u00e1zat 2026\">Csod\u00e1s term\u00e9szet, a term\u00e9szet csod\u00e1i fot\u00f3p\u00e1ly\u00e1zat 2026<\/a><\/h3>            <div class=\"td-module-meta-info\">\r\n                                                <span class=\"td-post-date\"><time class=\"entry-date updated td-module-date\" datetime=\"2026-04-02T16:50:33+02:00\" >2026. \u00e1prilis 2.<\/time><\/span>                            <\/div>\r\n        <\/div>\r\n\r\n        <\/div>\r\n\r\n        \n\t<\/div> <!-- .\/td-block-span12 -->\n\n\t<div class=\"td-block-span12\">\n\r\n        <div class=\"td_module_6 td_module_wrap td-animation-stack\">\r\n\r\n        <div class=\"td-module-thumb\"><a href=\"https:\/\/photonet.hu\/online\/magazin\/fotopalyazatok\/huawei-xmage-awards-2026-fotopalyazat\/\"  rel=\"bookmark\" class=\"td-image-wrap \" title=\"HUAWEI XMAGE Awards 2026 fot\u00f3p\u00e1ly\u00e1zat\" ><img decoding=\"async\" class=\"entry-thumb\" src=\"data:image\/png;base64,iVBORw0KGgoAAAANSUhEUgAAAGQAAABGAQMAAAAASKMqAAAAA1BMVEWurq51dlI4AAAAAXRSTlMmkutdmwAAABBJREFUKM9jGAWjYBQMKwAAA9QAAQWBn6cAAAAASUVORK5CYII=\" alt=\"Huawei fot\u00f3p\u00e1ly\u00e1zat 2026 - HUAWEI XMAGE\" title=\"HUAWEI XMAGE Awards 2026 fot\u00f3p\u00e1ly\u00e1zat\" data-type=\"image_tag\" data-img-url=\"https:\/\/photonet.hu\/online\/wp-content\/uploads\/2026\/03\/huaweii_xmage_2026_fotopalyazat-100x70.webp\"  width=\"100\" height=\"70\" \/><\/a><\/div>\r\n        <div class=\"item-details\">\r\n            <h3 class=\"entry-title td-module-title\"><a href=\"https:\/\/photonet.hu\/online\/magazin\/fotopalyazatok\/huawei-xmage-awards-2026-fotopalyazat\/\"  rel=\"bookmark\" title=\"HUAWEI XMAGE Awards 2026 fot\u00f3p\u00e1ly\u00e1zat\">HUAWEI XMAGE Awards 2026 fot\u00f3p\u00e1ly\u00e1zat<\/a><\/h3>            <div class=\"td-module-meta-info\">\r\n                                                <span class=\"td-post-date\"><time class=\"entry-date updated td-module-date\" datetime=\"2026-03-25T13:00:00+02:00\" >2026. m\u00e1rcius 25.<\/time><\/span>                            <\/div>\r\n        <\/div>\r\n\r\n        <\/div>\r\n\r\n        \n\t<\/div> <!-- .\/td-block-span12 --><\/div><div class=\"td-next-prev-wrap\"><a href=\"#\" class=\"td-ajax-prev-page ajax-page-disabled\" aria-label=\"prev-page\" id=\"prev-page-tdi_97\" data-td_block_id=\"tdi_97\"><i class=\"td-next-prev-icon td-icon-font td-icon-menu-left\"><\/i><\/a><a href=\"#\"  class=\"td-ajax-next-page\" aria-label=\"next-page\" id=\"next-page-tdi_97\" data-td_block_id=\"tdi_97\"><i class=\"td-next-prev-icon td-icon-font td-icon-menu-right\"><\/i><\/a><\/div><\/div> <!-- .\/block --><\/div><\/div><\/div><\/div><div id=\"tdi_98\" class=\"tdc-row\"><div class=\"vc_row tdi_99  wpb_row td-pb-row\" >\n<style scoped>\n\/* custom css - generated by TagDiv Composer *\/\n\n\/* custom css - generated by TagDiv Composer *\/\n.tdi_99,\r\n                .tdi_99 .tdc-columns{\r\n                    min-height: 0;\r\n                }.tdi_99,\r\n\t\t\t\t.tdi_99 .tdc-columns{\r\n\t\t\t\t    display: block;\r\n\t\t\t\t}.tdi_99 .tdc-columns{\r\n\t\t\t\t    width: 100%;\r\n\t\t\t\t}.tdi_99:before,\r\n\t\t\t\t.tdi_99:after{\r\n\t\t\t\t    display: table;\r\n\t\t\t\t}\n<\/style><div class=\"vc_column tdi_101  wpb_column vc_column_container tdc-column td-pb-span12\">\n<style scoped>\n\/* custom css - generated by TagDiv Composer *\/\n\n\/* custom css - generated by TagDiv Composer *\/\n.tdi_101{\r\n                    vertical-align: baseline;\r\n                }.tdi_101 > .wpb_wrapper,\r\n\t\t\t\t.tdi_101 > .wpb_wrapper > .tdc-elements{\r\n\t\t\t\t    display: block;\r\n\t\t\t\t}.tdi_101 > .wpb_wrapper > .tdc-elements{\r\n\t\t\t\t    width: 100%;\r\n\t\t\t\t}.tdi_101 > .wpb_wrapper > .vc_row_inner{\r\n\t\t\t\t    width: auto;\r\n\t\t\t\t}.tdi_101 > .wpb_wrapper{\r\n\t\t\t\t    width: auto;\r\n\t\t\t\t    height: auto;\r\n\t\t\t\t}\n<\/style><div class=\"wpb_wrapper\" ><div class=\"td-block td-a-rec td-a-rec-id-custom-spot tdi_102 td_block_template_1\">\n<style>\n\n\/* inline tdc_css att - generated by TagDiv Composer *\/\n\n.tdi_102{\nmargin-bottom:20px !important;\npadding-top:10px !important;\npadding-bottom:10px !important;\n}\n\n<\/style>\n<style>\n\/* custom css - generated by TagDiv Composer *\/\n.tdi_102.td-a-rec{\r\n\t\t\t\t\ttext-align: center;\r\n\t\t\t\t}.tdi_102.td-a-rec:not(.td-a-rec-no-translate){\r\n\t\t\t\t    transform: translateZ(0);\r\n\t\t\t\t}.tdi_102 .td-element-style{\r\n\t\t\t\t\tz-index: -1;\r\n\t\t\t\t}.tdi_102 .td_spot_img_all img,\r\n\t\t\t\t.tdi_102 .td_spot_img_tl img,\r\n\t\t\t\t.tdi_102 .td_spot_img_tp img,\r\n\t\t\t\t.tdi_102 .td_spot_img_mob img{\r\n\t\t\t\t    border-style: solid;\r\n\t\t\t\t}\n<\/style><center><script async src=\"https:\/\/pagead2.googlesyndication.com\/pagead\/js\/adsbygoogle.js?client=ca-pub-9439316375194758\"\n     crossorigin=\"anonymous\"><\/script>\n<!-- Photonet home middle adaptiv -->\n<ins class=\"adsbygoogle\"\n     style=\"display:block\"\n     data-ad-client=\"ca-pub-9439316375194758\"\n     data-ad-slot=\"4337380816\"\n     data-ad-format=\"auto\"\n     data-full-width-responsive=\"true\"><\/ins>\n<script>\n     (adsbygoogle = window.adsbygoogle || []).push({});\n<\/script>\n<\/center><\/div><\/div><\/div><\/div><\/div><\/div><\/div>","protected":false},"excerpt":{"rendered":"","protected":false},"author":1,"featured_media":0,"parent":0,"menu_order":0,"comment_status":"open","ping_status":"closed","template":"page-pagebuilder-latest.php","meta":{"footnotes":""},"class_list":["post-1441","page","type-page","status-publish"],"yoast_head":"<!-- This site is optimized with the Yoast SEO plugin v27.4 - https:\/\/yoast.com\/product\/yoast-seo-wordpress\/ -->\n<title>Home - Photonet<\/title>\n<meta name=\"robots\" content=\"index, follow, max-snippet:-1, max-image-preview:large, max-video-preview:-1\" \/>\n<link rel=\"canonical\" href=\"https:\/\/photonet.hu\/online\/\" \/>\n<meta property=\"og:locale\" content=\"hu_HU\" \/>\n<meta property=\"og:type\" content=\"article\" \/>\n<meta property=\"og:title\" content=\"Home - Photonet\" \/>\n<meta property=\"og:url\" content=\"https:\/\/photonet.hu\/online\/\" \/>\n<meta property=\"og:site_name\" content=\"Photonet\" \/>\n<meta property=\"article:publisher\" content=\"https:\/\/www.facebook.com\/photonet.hu\" \/>\n<meta property=\"article:modified_time\" content=\"2026-04-09T11:14:28+00:00\" \/>\n<meta name=\"twitter:card\" content=\"summary_large_image\" \/>\n<meta name=\"twitter:site\" content=\"@photonethu\" \/>\n<meta name=\"twitter:label1\" content=\"Becs\u00fclt olvas\u00e1si id\u0151\" \/>\n\t<meta name=\"twitter:data1\" content=\"14 perc\" \/>\n<script type=\"application\/ld+json\" class=\"yoast-schema-graph\">{\"@context\":\"https:\\\/\\\/schema.org\",\"@graph\":[{\"@type\":\"WebPage\",\"@id\":\"https:\\\/\\\/photonet.hu\\\/online\\\/\",\"url\":\"https:\\\/\\\/photonet.hu\\\/online\\\/\",\"name\":\"Home - Photonet\",\"isPartOf\":{\"@id\":\"\\\/#website\"},\"datePublished\":\"2025-03-21T19:00:12+00:00\",\"dateModified\":\"2026-04-09T11:14:28+00:00\",\"breadcrumb\":{\"@id\":\"https:\\\/\\\/photonet.hu\\\/online\\\/#breadcrumb\"},\"inLanguage\":\"hu\",\"potentialAction\":[{\"@type\":\"ReadAction\",\"target\":[\"https:\\\/\\\/photonet.hu\\\/online\\\/\"]}]},{\"@type\":\"BreadcrumbList\",\"@id\":\"https:\\\/\\\/photonet.hu\\\/online\\\/#breadcrumb\",\"itemListElement\":[{\"@type\":\"ListItem\",\"position\":1,\"name\":\"Kezd\u0151lap\",\"item\":\"https:\\\/\\\/photonet.hu\\\/online\\\/\"},{\"@type\":\"ListItem\",\"position\":2,\"name\":\"Home\"}]},{\"@type\":\"WebSite\",\"@id\":\"\\\/#website\",\"url\":\"\\\/\",\"name\":\"Photonet\",\"description\":\"Photonet - online fot\u00f3s magazin\",\"publisher\":{\"@id\":\"\\\/#organization\"},\"potentialAction\":[{\"@type\":\"SearchAction\",\"target\":{\"@type\":\"EntryPoint\",\"urlTemplate\":\"\\\/?s={search_term_string}\"},\"query-input\":{\"@type\":\"PropertyValueSpecification\",\"valueRequired\":true,\"valueName\":\"search_term_string\"}}],\"inLanguage\":\"hu\"},{\"@type\":\"Organization\",\"@id\":\"\\\/#organization\",\"name\":\"Photonet\",\"url\":\"\\\/\",\"logo\":{\"@type\":\"ImageObject\",\"inLanguage\":\"hu\",\"@id\":\"\\\/#\\\/schema\\\/logo\\\/image\\\/\",\"url\":\"https:\\\/\\\/photonet.hu\\\/online\\\/wp-content\\\/uploads\\\/2026\\\/02\\\/photonet_lens_shutter_512.png\",\"contentUrl\":\"https:\\\/\\\/photonet.hu\\\/online\\\/wp-content\\\/uploads\\\/2026\\\/02\\\/photonet_lens_shutter_512.png\",\"width\":512,\"height\":512,\"caption\":\"Photonet\"},\"image\":{\"@id\":\"\\\/#\\\/schema\\\/logo\\\/image\\\/\"},\"sameAs\":[\"https:\\\/\\\/www.facebook.com\\\/photonet.hu\",\"https:\\\/\\\/x.com\\\/photonethu\",\"https:\\\/\\\/www.pinterest.com\\\/acsienator\\\/photography\\\/\"]}]}<\/script>\n<!-- \/ Yoast SEO plugin. -->","yoast_head_json":{"title":"Home - Photonet","robots":{"index":"index","follow":"follow","max-snippet":"max-snippet:-1","max-image-preview":"max-image-preview:large","max-video-preview":"max-video-preview:-1"},"canonical":"https:\/\/photonet.hu\/online\/","og_locale":"hu_HU","og_type":"article","og_title":"Home - Photonet","og_url":"https:\/\/photonet.hu\/online\/","og_site_name":"Photonet","article_publisher":"https:\/\/www.facebook.com\/photonet.hu","article_modified_time":"2026-04-09T11:14:28+00:00","twitter_card":"summary_large_image","twitter_site":"@photonethu","twitter_misc":{"Becs\u00fclt olvas\u00e1si id\u0151":"14 perc"},"schema":{"@context":"https:\/\/schema.org","@graph":[{"@type":"WebPage","@id":"https:\/\/photonet.hu\/online\/","url":"https:\/\/photonet.hu\/online\/","name":"Home - Photonet","isPartOf":{"@id":"\/#website"},"datePublished":"2025-03-21T19:00:12+00:00","dateModified":"2026-04-09T11:14:28+00:00","breadcrumb":{"@id":"https:\/\/photonet.hu\/online\/#breadcrumb"},"inLanguage":"hu","potentialAction":[{"@type":"ReadAction","target":["https:\/\/photonet.hu\/online\/"]}]},{"@type":"BreadcrumbList","@id":"https:\/\/photonet.hu\/online\/#breadcrumb","itemListElement":[{"@type":"ListItem","position":1,"name":"Kezd\u0151lap","item":"https:\/\/photonet.hu\/online\/"},{"@type":"ListItem","position":2,"name":"Home"}]},{"@type":"WebSite","@id":"\/#website","url":"\/","name":"Photonet","description":"Photonet - online fot\u00f3s magazin","publisher":{"@id":"\/#organization"},"potentialAction":[{"@type":"SearchAction","target":{"@type":"EntryPoint","urlTemplate":"\/?s={search_term_string}"},"query-input":{"@type":"PropertyValueSpecification","valueRequired":true,"valueName":"search_term_string"}}],"inLanguage":"hu"},{"@type":"Organization","@id":"\/#organization","name":"Photonet","url":"\/","logo":{"@type":"ImageObject","inLanguage":"hu","@id":"\/#\/schema\/logo\/image\/","url":"https:\/\/photonet.hu\/online\/wp-content\/uploads\/2026\/02\/photonet_lens_shutter_512.png","contentUrl":"https:\/\/photonet.hu\/online\/wp-content\/uploads\/2026\/02\/photonet_lens_shutter_512.png","width":512,"height":512,"caption":"Photonet"},"image":{"@id":"\/#\/schema\/logo\/image\/"},"sameAs":["https:\/\/www.facebook.com\/photonet.hu","https:\/\/x.com\/photonethu","https:\/\/www.pinterest.com\/acsienator\/photography\/"]}]}},"_links":{"self":[{"href":"https:\/\/photonet.hu\/online\/wp-json\/wp\/v2\/pages\/1441","targetHints":{"allow":["GET"]}}],"collection":[{"href":"https:\/\/photonet.hu\/online\/wp-json\/wp\/v2\/pages"}],"about":[{"href":"https:\/\/photonet.hu\/online\/wp-json\/wp\/v2\/types\/page"}],"author":[{"embeddable":true,"href":"https:\/\/photonet.hu\/online\/wp-json\/wp\/v2\/users\/1"}],"replies":[{"embeddable":true,"href":"https:\/\/photonet.hu\/online\/wp-json\/wp\/v2\/comments?post=1441"}],"version-history":[{"count":1,"href":"https:\/\/photonet.hu\/online\/wp-json\/wp\/v2\/pages\/1441\/revisions"}],"predecessor-version":[{"id":1854,"href":"https:\/\/photonet.hu\/online\/wp-json\/wp\/v2\/pages\/1441\/revisions\/1854"}],"wp:attachment":[{"href":"https:\/\/photonet.hu\/online\/wp-json\/wp\/v2\/media?parent=1441"}],"curies":[{"name":"wp","href":"https:\/\/api.w.org\/{rel}","templated":true}]}}